{"id":9835,"date":"2020-06-11T14:31:32","date_gmt":"2020-06-11T12:31:32","guid":{"rendered":"https:\/\/www.laudinella.ch\/events\/die-grand-hotels-von-st-moritz-bad-2\/"},"modified":"2020-08-07T16:40:07","modified_gmt":"2020-08-07T14:40:07","slug":"the-grand-hotels-of-st-moritz-bad-2","status":"publish","type":"ajde_events","link":"https:\/\/www.laudinella.ch\/en\/events\/die-grand-hotels-von-st-moritz-bad-2\/","title":{"rendered":"The grand hotels of St. Moritz Bad"},"content":{"rendered":"<p>The Hotel Reine Victoria, built in 1875 during the thriving spa tourism on the Inn plateau near St. Moritz, is one of the art-historically most important hotel buildings in Graub\u00fcnden thanks to the existing original substance. On a tour of the public rooms, we immerse ourselves in the fascinating world of St. Moritz Grand Hotels.<\/p>\n<p>Guided tour by Peter Hechelhammer and Thomas Ingold, Graub\u00fcnden Monument Preservation<\/p>\n<p>Duration: max. 90 minutes<br \/>\nfree entry<\/p>\n<p>Registration requested. The number of participants per tour is limited to 30 people.<br \/>\nReservation: kultur@laudinella.ch or +41 81 836 06 02<\/p>\n<p>Hotel Reine Victoria, Via Rosatsch 18, 7500 St Moritz,<br \/>\nMeeting point: in front of the main entrance<\/p>\n<p>An event organized by the preservation of monuments in Gaub\u00fcnden on the European Day of Monuments<\/p>\n<p><span style=\"color: #ff0000;\"><a style=\"color: #ff0000;\" href=\"https:\/\/www.laudinella.ch\/wp-content\/uploads\/2020\/06\/2020_schutzkonzept-europische-tage-des-denkmals_d.pdf\" target=\"_blank\" rel=\"noopener noreferrer\">Protection concept European Heritage Days<\/a><\/span><\/p>","protected":false},"author":12,"featured_media":3458,"menu_order":0,"comment_status":"closed","ping_status":"closed","template":"","meta":[],"tags":[207,206,205],"event_type":[43],"event_type_2":[],"class_list":["post-9835","ajde_events","type-ajde_events","status-publish","has-post-thumbnail","hentry","tag-gala-2","tag-torriani-2","tag-vico-2","event_location-hotel-reine-victoria","event_type-veranstaltung"],"yoast_head":"<!-- This site is optimized with the Yoast SEO plugin v27.5 - https:\/\/yoast.com\/product\/yoast-seo-wordpress\/ -->\n<title>Die Grand Hotels von St. Moritz Bad - Laudinella Group St. Moritz<\/title>\n<meta name=\"robots\" content=\"index, follow, max-snippet:-1, max-image-preview:large, max-video-preview:-1\" \/>\n<link rel=\"canonical\" href=\"https:\/\/www.laudinella.ch\/en\/events\/the-grand-hotels-of-st-moritz-bad-2\/\" \/>\n<meta property=\"og:locale\" content=\"en_GB\" \/>\n<meta property=\"og:type\" content=\"article\" \/>\n<meta property=\"og:title\" content=\"Die Grand Hotels von St. Moritz Bad - Laudinella Group St. Moritz\" \/>\n<meta property=\"og:description\" content=\"Das w\u00e4hrend des aufbl\u00fchenden B\u00e4dertourismus auf der Innebene bei St. Moritz 1875 errichtete Hotel Reine Victoria z\u00e4hlt dank der vorhandenen Originalsubstanz zu den kunsthistorisch bedeutendsten Hotelbauten in Graub\u00fcnden. Auf einem Rundgang durch die \u00f6ffentlichen R\u00e4ume tauchen wir ein in die faszinierende Welt der St. Moritzer Grand Hotels. F\u00fchrung durch Peter Hechelhammer [...]\" \/>\n<meta property=\"og:url\" content=\"https:\/\/www.laudinella.ch\/en\/events\/the-grand-hotels-of-st-moritz-bad-2\/\" \/>\n<meta property=\"og:site_name\" content=\"Laudinella Group St. Moritz\" \/>\n<meta property=\"article:modified_time\" content=\"2020-08-07T14:40:07+00:00\" \/>\n<meta property=\"og:image\" content=\"https:\/\/www.laudinella.ch\/wp-content\/uploads\/2018\/11\/hotel-reine-victoria-geschichte-header.jpg\" \/>\n\t<meta property=\"og:image:width\" content=\"1920\" \/>\n\t<meta property=\"og:image:height\" content=\"1200\" \/>\n\t<meta property=\"og:image:type\" content=\"image\/jpeg\" \/>\n<meta name=\"twitter:card\" content=\"summary_large_image\" \/>\n<script type=\"application\/ld+json\" class=\"yoast-schema-graph\">{\"@context\":\"https:\\\/\\\/schema.org\",\"@graph\":[{\"@type\":\"NewsArticle\",\"@id\":\"https:\\\/\\\/www.laudinella.ch\\\/events\\\/die-grand-hotels-von-st-moritz-bad-2\\\/#article\",\"isPartOf\":{\"@id\":\"https:\\\/\\\/www.laudinella.ch\\\/events\\\/die-grand-hotels-von-st-moritz-bad-2\\\/\"},\"author\":{\"name\":\"Nathalie Hanslin\",\"@id\":\"https:\\\/\\\/www.laudinella.ch\\\/en\\\/#\\\/schema\\\/person\\\/8569af0b77879b92e2025ff32181c929\"},\"headline\":\"Die Grand Hotels von St. Moritz Bad\",\"datePublished\":\"2020-06-11T12:31:32+00:00\",\"dateModified\":\"2020-08-07T14:40:07+00:00\",\"mainEntityOfPage\":{\"@id\":\"https:\\\/\\\/www.laudinella.ch\\\/events\\\/die-grand-hotels-von-st-moritz-bad-2\\\/\"},\"wordCount\":119,\"publisher\":{\"@id\":\"https:\\\/\\\/www.laudinella.ch\\\/en\\\/#organization\"},\"image\":{\"@id\":\"https:\\\/\\\/www.laudinella.ch\\\/events\\\/die-grand-hotels-von-st-moritz-bad-2\\\/#primaryimage\"},\"thumbnailUrl\":\"https:\\\/\\\/www.laudinella.ch\\\/wp-content\\\/uploads\\\/2018\\\/11\\\/hotel-reine-victoria-geschichte-header.jpg\",\"keywords\":[\"gala\",\"torriani\",\"vico\"],\"inLanguage\":\"en-GB\"},{\"@type\":[\"WebPage\",\"ItemPage\"],\"@id\":\"https:\\\/\\\/www.laudinella.ch\\\/events\\\/die-grand-hotels-von-st-moritz-bad-2\\\/\",\"url\":\"https:\\\/\\\/www.laudinella.ch\\\/events\\\/die-grand-hotels-von-st-moritz-bad-2\\\/\",\"name\":\"Die Grand Hotels von St. Moritz Bad - Laudinella Group St. Moritz\",\"isPartOf\":{\"@id\":\"https:\\\/\\\/www.laudinella.ch\\\/en\\\/#website\"},\"primaryImageOfPage\":{\"@id\":\"https:\\\/\\\/www.laudinella.ch\\\/events\\\/die-grand-hotels-von-st-moritz-bad-2\\\/#primaryimage\"},\"image\":{\"@id\":\"https:\\\/\\\/www.laudinella.ch\\\/events\\\/die-grand-hotels-von-st-moritz-bad-2\\\/#primaryimage\"},\"thumbnailUrl\":\"https:\\\/\\\/www.laudinella.ch\\\/wp-content\\\/uploads\\\/2018\\\/11\\\/hotel-reine-victoria-geschichte-header.jpg\",\"datePublished\":\"2020-06-11T12:31:32+00:00\",\"dateModified\":\"2020-08-07T14:40:07+00:00\",\"breadcrumb\":{\"@id\":\"https:\\\/\\\/www.laudinella.ch\\\/events\\\/die-grand-hotels-von-st-moritz-bad-2\\\/#breadcrumb\"},\"inLanguage\":\"en-GB\",\"potentialAction\":[{\"@type\":\"ReadAction\",\"target\":[\"https:\\\/\\\/www.laudinella.ch\\\/events\\\/die-grand-hotels-von-st-moritz-bad-2\\\/\"]}]},{\"@type\":\"ImageObject\",\"inLanguage\":\"en-GB\",\"@id\":\"https:\\\/\\\/www.laudinella.ch\\\/events\\\/die-grand-hotels-von-st-moritz-bad-2\\\/#primaryimage\",\"url\":\"https:\\\/\\\/www.laudinella.ch\\\/wp-content\\\/uploads\\\/2018\\\/11\\\/hotel-reine-victoria-geschichte-header.jpg\",\"contentUrl\":\"https:\\\/\\\/www.laudinella.ch\\\/wp-content\\\/uploads\\\/2018\\\/11\\\/hotel-reine-victoria-geschichte-header.jpg\",\"width\":1920,\"height\":1200},{\"@type\":\"BreadcrumbList\",\"@id\":\"https:\\\/\\\/www.laudinella.ch\\\/events\\\/die-grand-hotels-von-st-moritz-bad-2\\\/#breadcrumb\",\"itemListElement\":[{\"@type\":\"ListItem\",\"position\":1,\"name\":\"Startseite\",\"item\":\"https:\\\/\\\/www.laudinella.ch\\\/\"},{\"@type\":\"ListItem\",\"position\":2,\"name\":\"Events\",\"item\":\"https:\\\/\\\/www.laudinella.ch\\\/events\\\/\"},{\"@type\":\"ListItem\",\"position\":3,\"name\":\"Hotel Reine Victoria\",\"item\":\"https:\\\/\\\/www.laudinella.ch\\\/event-location\\\/hotel-reine-victoria\\\/\"},{\"@type\":\"ListItem\",\"position\":4,\"name\":\"Die Grand Hotels von St. Moritz Bad\"}]},{\"@type\":\"WebSite\",\"@id\":\"https:\\\/\\\/www.laudinella.ch\\\/en\\\/#website\",\"url\":\"https:\\\/\\\/www.laudinella.ch\\\/en\\\/\",\"name\":\"Laudinella St. Moritz\",\"description\":\"Sport, Kultur, Kulinarik, Kongresse, Kurse und Natur erleben.\",\"publisher\":{\"@id\":\"https:\\\/\\\/www.laudinella.ch\\\/en\\\/#organization\"},\"potentialAction\":[{\"@type\":\"SearchAction\",\"target\":{\"@type\":\"EntryPoint\",\"urlTemplate\":\"https:\\\/\\\/www.laudinella.ch\\\/en\\\/?s={search_term_string}\"},\"query-input\":{\"@type\":\"PropertyValueSpecification\",\"valueRequired\":true,\"valueName\":\"search_term_string\"}}],\"inLanguage\":\"en-GB\"},{\"@type\":\"Organization\",\"@id\":\"https:\\\/\\\/www.laudinella.ch\\\/en\\\/#organization\",\"name\":\"Laudinella St. Moritz\",\"url\":\"https:\\\/\\\/www.laudinella.ch\\\/en\\\/\",\"logo\":{\"@type\":\"ImageObject\",\"inLanguage\":\"en-GB\",\"@id\":\"https:\\\/\\\/www.laudinella.ch\\\/en\\\/#\\\/schema\\\/logo\\\/image\\\/\",\"url\":\"https:\\\/\\\/www.laudinella.ch\\\/wp-content\\\/uploads\\\/2021\\\/10\\\/laudinella_hotel-group_fav-icon.png\",\"contentUrl\":\"https:\\\/\\\/www.laudinella.ch\\\/wp-content\\\/uploads\\\/2021\\\/10\\\/laudinella_hotel-group_fav-icon.png\",\"width\":512,\"height\":512,\"caption\":\"Laudinella St. Moritz\"},\"image\":{\"@id\":\"https:\\\/\\\/www.laudinella.ch\\\/en\\\/#\\\/schema\\\/logo\\\/image\\\/\"}},{\"@type\":\"Person\",\"@id\":\"https:\\\/\\\/www.laudinella.ch\\\/en\\\/#\\\/schema\\\/person\\\/8569af0b77879b92e2025ff32181c929\",\"name\":\"Nathalie Hanslin\",\"image\":{\"@type\":\"ImageObject\",\"inLanguage\":\"en-GB\",\"@id\":\"https:\\\/\\\/secure.gravatar.com\\\/avatar\\\/026026d755167daa4175498d7a4c71ef1bcfad3a454c2fd3f70377f51a6b80bd?s=96&d=mm&r=g\",\"url\":\"https:\\\/\\\/secure.gravatar.com\\\/avatar\\\/026026d755167daa4175498d7a4c71ef1bcfad3a454c2fd3f70377f51a6b80bd?s=96&d=mm&r=g\",\"contentUrl\":\"https:\\\/\\\/secure.gravatar.com\\\/avatar\\\/026026d755167daa4175498d7a4c71ef1bcfad3a454c2fd3f70377f51a6b80bd?s=96&d=mm&r=g\",\"caption\":\"Nathalie Hanslin\"}}]}<\/script>\n<!-- \/ Yoast SEO plugin. -->","yoast_head_json":{"title":"The Grand Hotels of St. Moritz Bad - Laudinella Group St. Moritz","robots":{"index":"index","follow":"follow","max-snippet":"max-snippet:-1","max-image-preview":"max-image-preview:large","max-video-preview":"max-video-preview:-1"},"canonical":"https:\/\/www.laudinella.ch\/en\/events\/the-grand-hotels-of-st-moritz-bad-2\/","og_locale":"en_GB","og_type":"article","og_title":"Die Grand Hotels von St. Moritz Bad - Laudinella Group St. Moritz","og_description":"Das w\u00e4hrend des aufbl\u00fchenden B\u00e4dertourismus auf der Innebene bei St. Moritz 1875 errichtete Hotel Reine Victoria z\u00e4hlt dank der vorhandenen Originalsubstanz zu den kunsthistorisch bedeutendsten Hotelbauten in Graub\u00fcnden. Auf einem Rundgang durch die \u00f6ffentlichen R\u00e4ume tauchen wir ein in die faszinierende Welt der St. Moritzer Grand Hotels. F\u00fchrung durch Peter Hechelhammer [...]","og_url":"https:\/\/www.laudinella.ch\/en\/events\/the-grand-hotels-of-st-moritz-bad-2\/","og_site_name":"Laudinella Group St. Moritz","article_modified_time":"2020-08-07T14:40:07+00:00","og_image":[{"width":1920,"height":1200,"url":"https:\/\/www.laudinella.ch\/wp-content\/uploads\/2018\/11\/hotel-reine-victoria-geschichte-header.jpg","type":"image\/jpeg"}],"twitter_card":"summary_large_image","schema":{"@context":"https:\/\/schema.org","@graph":[{"@type":"NewsArticle","@id":"https:\/\/www.laudinella.ch\/events\/die-grand-hotels-von-st-moritz-bad-2\/#article","isPartOf":{"@id":"https:\/\/www.laudinella.ch\/events\/die-grand-hotels-von-st-moritz-bad-2\/"},"author":{"name":"Nathalie Hanslin","@id":"https:\/\/www.laudinella.ch\/en\/#\/schema\/person\/8569af0b77879b92e2025ff32181c929"},"headline":"Die Grand Hotels von St. Moritz Bad","datePublished":"2020-06-11T12:31:32+00:00","dateModified":"2020-08-07T14:40:07+00:00","mainEntityOfPage":{"@id":"https:\/\/www.laudinella.ch\/events\/die-grand-hotels-von-st-moritz-bad-2\/"},"wordCount":119,"publisher":{"@id":"https:\/\/www.laudinella.ch\/en\/#organization"},"image":{"@id":"https:\/\/www.laudinella.ch\/events\/die-grand-hotels-von-st-moritz-bad-2\/#primaryimage"},"thumbnailUrl":"https:\/\/www.laudinella.ch\/wp-content\/uploads\/2018\/11\/hotel-reine-victoria-geschichte-header.jpg","keywords":["gala","torriani","vico"],"inLanguage":"en-GB"},{"@type":["WebPage","ItemPage"],"@id":"https:\/\/www.laudinella.ch\/events\/die-grand-hotels-von-st-moritz-bad-2\/","url":"https:\/\/www.laudinella.ch\/events\/die-grand-hotels-von-st-moritz-bad-2\/","name":"The Grand Hotels of St. Moritz Bad - Laudinella Group St. Moritz","isPartOf":{"@id":"https:\/\/www.laudinella.ch\/en\/#website"},"primaryImageOfPage":{"@id":"https:\/\/www.laudinella.ch\/events\/die-grand-hotels-von-st-moritz-bad-2\/#primaryimage"},"image":{"@id":"https:\/\/www.laudinella.ch\/events\/die-grand-hotels-von-st-moritz-bad-2\/#primaryimage"},"thumbnailUrl":"https:\/\/www.laudinella.ch\/wp-content\/uploads\/2018\/11\/hotel-reine-victoria-geschichte-header.jpg","datePublished":"2020-06-11T12:31:32+00:00","dateModified":"2020-08-07T14:40:07+00:00","breadcrumb":{"@id":"https:\/\/www.laudinella.ch\/events\/die-grand-hotels-von-st-moritz-bad-2\/#breadcrumb"},"inLanguage":"en-GB","potentialAction":[{"@type":"ReadAction","target":["https:\/\/www.laudinella.ch\/events\/die-grand-hotels-von-st-moritz-bad-2\/"]}]},{"@type":"ImageObject","inLanguage":"en-GB","@id":"https:\/\/www.laudinella.ch\/events\/die-grand-hotels-von-st-moritz-bad-2\/#primaryimage","url":"https:\/\/www.laudinella.ch\/wp-content\/uploads\/2018\/11\/hotel-reine-victoria-geschichte-header.jpg","contentUrl":"https:\/\/www.laudinella.ch\/wp-content\/uploads\/2018\/11\/hotel-reine-victoria-geschichte-header.jpg","width":1920,"height":1200},{"@type":"BreadcrumbList","@id":"https:\/\/www.laudinella.ch\/events\/die-grand-hotels-von-st-moritz-bad-2\/#breadcrumb","itemListElement":[{"@type":"ListItem","position":1,"name":"Startseite","item":"https:\/\/www.laudinella.ch\/"},{"@type":"ListItem","position":2,"name":"Events","item":"https:\/\/www.laudinella.ch\/events\/"},{"@type":"ListItem","position":3,"name":"Hotel Reine Victoria","item":"https:\/\/www.laudinella.ch\/event-location\/hotel-reine-victoria\/"},{"@type":"ListItem","position":4,"name":"Die Grand Hotels von St. Moritz Bad"}]},{"@type":"WebSite","@id":"https:\/\/www.laudinella.ch\/en\/#website","url":"https:\/\/www.laudinella.ch\/en\/","name":"Laudinella St. Moritz","description":"Experience sport, culture, cuisine, congresses, courses and nature.","publisher":{"@id":"https:\/\/www.laudinella.ch\/en\/#organization"},"potentialAction":[{"@type":"SearchAction","target":{"@type":"EntryPoint","urlTemplate":"https:\/\/www.laudinella.ch\/en\/?s={search_term_string}"},"query-input":{"@type":"PropertyValueSpecification","valueRequired":true,"valueName":"search_term_string"}}],"inLanguage":"en-GB"},{"@type":"Organization","@id":"https:\/\/www.laudinella.ch\/en\/#organization","name":"Laudinella St. Moritz","url":"https:\/\/www.laudinella.ch\/en\/","logo":{"@type":"ImageObject","inLanguage":"en-GB","@id":"https:\/\/www.laudinella.ch\/en\/#\/schema\/logo\/image\/","url":"https:\/\/www.laudinella.ch\/wp-content\/uploads\/2021\/10\/laudinella_hotel-group_fav-icon.png","contentUrl":"https:\/\/www.laudinella.ch\/wp-content\/uploads\/2021\/10\/laudinella_hotel-group_fav-icon.png","width":512,"height":512,"caption":"Laudinella St. Moritz"},"image":{"@id":"https:\/\/www.laudinella.ch\/en\/#\/schema\/logo\/image\/"}},{"@type":"Person","@id":"https:\/\/www.laudinella.ch\/en\/#\/schema\/person\/8569af0b77879b92e2025ff32181c929","name":"Nathalie Hanslin","image":{"@type":"ImageObject","inLanguage":"en-GB","@id":"https:\/\/secure.gravatar.com\/avatar\/026026d755167daa4175498d7a4c71ef1bcfad3a454c2fd3f70377f51a6b80bd?s=96&d=mm&r=g","url":"https:\/\/secure.gravatar.com\/avatar\/026026d755167daa4175498d7a4c71ef1bcfad3a454c2fd3f70377f51a6b80bd?s=96&d=mm&r=g","contentUrl":"https:\/\/secure.gravatar.com\/avatar\/026026d755167daa4175498d7a4c71ef1bcfad3a454c2fd3f70377f51a6b80bd?s=96&d=mm&r=g","caption":"Nathalie Hanslin"}}]}},"_links":{"self":[{"href":"https:\/\/www.laudinella.ch\/en\/wp-json\/wp\/v2\/ajde_events\/9835","targetHints":{"allow":["GET"]}}],"collection":[{"href":"https:\/\/www.laudinella.ch\/en\/wp-json\/wp\/v2\/ajde_events"}],"about":[{"href":"https:\/\/www.laudinella.ch\/en\/wp-json\/wp\/v2\/types\/ajde_events"}],"author":[{"embeddable":true,"href":"https:\/\/www.laudinella.ch\/en\/wp-json\/wp\/v2\/users\/12"}],"replies":[{"embeddable":true,"href":"https:\/\/www.laudinella.ch\/en\/wp-json\/wp\/v2\/comments?post=9835"}],"wp:featuredmedia":[{"embeddable":true,"href":"https:\/\/www.laudinella.ch\/en\/wp-json\/wp\/v2\/media\/3458"}],"wp:attachment":[{"href":"https:\/\/www.laudinella.ch\/en\/wp-json\/wp\/v2\/media?parent=9835"}],"wp:term":[{"taxonomy":"post_tag","embeddable":true,"href":"https:\/\/www.laudinella.ch\/en\/wp-json\/wp\/v2\/tags?post=9835"},{"taxonomy":"event_type","embeddable":true,"href":"https:\/\/www.laudinella.ch\/en\/wp-json\/wp\/v2\/event_type?post=9835"},{"taxonomy":"event_type_2","embeddable":true,"href":"https:\/\/www.laudinella.ch\/en\/wp-json\/wp\/v2\/event_type_2?post=9835"}],"curies":[{"name":"wp","href":"https:\/\/api.w.org\/{rel}","templated":true}]}}