{"id":9790,"date":"2020-06-09T17:13:14","date_gmt":"2020-06-09T15:13:14","guid":{"rendered":"https:\/\/www.laudinella.ch\/?post_type=ajde_events&#038;p=9790"},"modified":"2020-07-09T14:05:49","modified_gmt":"2020-07-09T12:05:49","slug":"festival-da-jazz-klaus-doldingers-passport-2","status":"publish","type":"ajde_events","link":"https:\/\/www.laudinella.ch\/en\/events\/festival-da-jazz-klaus-doldingers-passport-2\/","title":{"rendered":"Festival da Jazz: Klaus Doldinger&#039;s Passport"},"content":{"rendered":"<div class=\"field field--name-jf-preamble field--type-entity-reference-revisions field--label-hidden\">\n<div class=\"field field--name-jf-preamble field--type-entity-reference-revisions field--label-hidden\">\n<div class=\"field__items\">\n<div class=\"field__item\">\n<div class=\"paragraph paragraph--type--text paragraph--view-mode--default\">\n<div class=\"field field--name-field-text field--type-text-long field--label-hidden container rhythm--double\">\n<div class=\"row\">\n<div class=\"field__items col-md-8 col-md-offset-2 nomargin--last-p\">\n<div class=\"field__item\">\n<p>Half a century ago, Klaus Doldinger founded the band The Motherhood, which can be considered the blueprint for his legendary jazz-rock formation Passport. Now Doldinger is reviving the Motherhood pieces in a contemporary manner in the current Passport style. Doldinger reports on the short but important motherhood phase: \u201cIt was an exciting time. At that time, rock music was opening up to jazz and the forms that are now known as world music. Soul became increasingly sophisticated. And I was right in the middle of it, coming from jazz.\u201d And Doldinger is still right in the middle \u2013 and that at the age of 84.<\/p>\n<p>Entry: CHF 175.00<\/p>\n<p><a href=\"https:\/\/festivaldajazz2020.ticketino.com\/en\/shopbasket\" target=\"_blank\" rel=\"noopener noreferrer\"><strong>buy tickets<\/strong><\/a><\/p>\n<p><strong>La Brasserie: <\/strong>Let yourself be enchanted by international creations, seasoned with creative swing and prepared from fine regional ingredients. From a snack to a multi-course menu, there is something for every (jazz) lover. Reservation: events @ laudinella, T +41 81 836 06 10<\/p>\n<p><img decoding=\"async\" class=\"alignnone wp-image-10107\" src=\"https:\/\/www.laudinella.ch\/wp-content\/uploads\/2020\/06\/labrasserie.jpg\" alt=\"\" width=\"115\" height=\"115\" \/><\/p>\n<\/div>\n<\/div>\n<\/div>\n<\/div>\n<\/div>\n<\/div>\n<\/div>\n<\/div>\n<\/div>","protected":false},"author":12,"featured_media":9786,"menu_order":0,"comment_status":"closed","ping_status":"closed","template":"","meta":[],"tags":[],"event_type":[43],"event_type_2":[],"class_list":["post-9790","ajde_events","type-ajde_events","status-publish","has-post-thumbnail","hentry","event_location-hotel-reine-victoria","event_type-veranstaltung"],"yoast_head":"<!-- This site is optimized with the Yoast SEO plugin v27.5 - https:\/\/yoast.com\/product\/yoast-seo-wordpress\/ -->\n<title>Festival da Jazz: Klaus Doldinger&#039;s Passport - Laudinella Group St. Moritz<\/title>\n<meta name=\"robots\" content=\"index, follow, max-snippet:-1, max-image-preview:large, max-video-preview:-1\" \/>\n<link rel=\"canonical\" href=\"https:\/\/www.laudinella.ch\/en\/events\/festival-da-jazz-klaus-doldingers-passport-2\/\" \/>\n<meta property=\"og:locale\" content=\"en_GB\" \/>\n<meta property=\"og:type\" content=\"article\" \/>\n<meta property=\"og:title\" content=\"Festival da Jazz: Klaus Doldinger&#039;s Passport - Laudinella Group St. Moritz\" \/>\n<meta property=\"og:description\" content=\"Vor einem halben Jahrhundert rief Klaus Doldinger die Band The Motherhood ins Leben, die als Blaupause f\u00fcr seine legend\u00e4re Jazzrock-Formation Passport gelten darf. Nun l\u00e4sst Doldinger die Motherhood-St\u00fccke in zeitgem\u00e4sser Manier im aktuellen Passport-Stil wieder aufleben. \u00dcber die kurze, aber wichtige Motherhood-Phase berichtet Doldinger: \u00abEs war eine spannende Zeit. Die [...]\" \/>\n<meta property=\"og:url\" content=\"https:\/\/www.laudinella.ch\/en\/events\/festival-da-jazz-klaus-doldingers-passport-2\/\" \/>\n<meta property=\"og:site_name\" content=\"Laudinella Group St. Moritz\" \/>\n<meta property=\"article:modified_time\" content=\"2020-07-09T12:05:49+00:00\" \/>\n<meta property=\"og:image\" content=\"https:\/\/www.laudinella.ch\/wp-content\/uploads\/2020\/06\/klaus-doldingers_webformat.jpg\" \/>\n\t<meta property=\"og:image:width\" content=\"1920\" \/>\n\t<meta property=\"og:image:height\" content=\"1200\" \/>\n\t<meta property=\"og:image:type\" content=\"image\/jpeg\" \/>\n<meta name=\"twitter:card\" content=\"summary_large_image\" \/>\n<script type=\"application\/ld+json\" class=\"yoast-schema-graph\">{\"@context\":\"https:\\\/\\\/schema.org\",\"@graph\":[{\"@type\":\"NewsArticle\",\"@id\":\"https:\\\/\\\/www.laudinella.ch\\\/events\\\/festival-da-jazz-klaus-doldingers-passport-2\\\/#article\",\"isPartOf\":{\"@id\":\"https:\\\/\\\/www.laudinella.ch\\\/events\\\/festival-da-jazz-klaus-doldingers-passport-2\\\/\"},\"author\":{\"name\":\"Nathalie Hanslin\",\"@id\":\"https:\\\/\\\/www.laudinella.ch\\\/en\\\/#\\\/schema\\\/person\\\/8569af0b77879b92e2025ff32181c929\"},\"headline\":\"Festival da Jazz: Klaus Doldinger&#8217;s Passport\",\"datePublished\":\"2020-06-09T15:13:14+00:00\",\"dateModified\":\"2020-07-09T12:05:49+00:00\",\"mainEntityOfPage\":{\"@id\":\"https:\\\/\\\/www.laudinella.ch\\\/events\\\/festival-da-jazz-klaus-doldingers-passport-2\\\/\"},\"wordCount\":145,\"publisher\":{\"@id\":\"https:\\\/\\\/www.laudinella.ch\\\/en\\\/#organization\"},\"image\":{\"@id\":\"https:\\\/\\\/www.laudinella.ch\\\/events\\\/festival-da-jazz-klaus-doldingers-passport-2\\\/#primaryimage\"},\"thumbnailUrl\":\"https:\\\/\\\/www.laudinella.ch\\\/wp-content\\\/uploads\\\/2020\\\/06\\\/klaus-doldingers_webformat.jpg\",\"inLanguage\":\"en-GB\"},{\"@type\":[\"WebPage\",\"ItemPage\"],\"@id\":\"https:\\\/\\\/www.laudinella.ch\\\/events\\\/festival-da-jazz-klaus-doldingers-passport-2\\\/\",\"url\":\"https:\\\/\\\/www.laudinella.ch\\\/events\\\/festival-da-jazz-klaus-doldingers-passport-2\\\/\",\"name\":\"Festival da Jazz: Klaus Doldinger's Passport - Laudinella Group St. Moritz\",\"isPartOf\":{\"@id\":\"https:\\\/\\\/www.laudinella.ch\\\/en\\\/#website\"},\"primaryImageOfPage\":{\"@id\":\"https:\\\/\\\/www.laudinella.ch\\\/events\\\/festival-da-jazz-klaus-doldingers-passport-2\\\/#primaryimage\"},\"image\":{\"@id\":\"https:\\\/\\\/www.laudinella.ch\\\/events\\\/festival-da-jazz-klaus-doldingers-passport-2\\\/#primaryimage\"},\"thumbnailUrl\":\"https:\\\/\\\/www.laudinella.ch\\\/wp-content\\\/uploads\\\/2020\\\/06\\\/klaus-doldingers_webformat.jpg\",\"datePublished\":\"2020-06-09T15:13:14+00:00\",\"dateModified\":\"2020-07-09T12:05:49+00:00\",\"breadcrumb\":{\"@id\":\"https:\\\/\\\/www.laudinella.ch\\\/events\\\/festival-da-jazz-klaus-doldingers-passport-2\\\/#breadcrumb\"},\"inLanguage\":\"en-GB\",\"potentialAction\":[{\"@type\":\"ReadAction\",\"target\":[\"https:\\\/\\\/www.laudinella.ch\\\/events\\\/festival-da-jazz-klaus-doldingers-passport-2\\\/\"]}]},{\"@type\":\"ImageObject\",\"inLanguage\":\"en-GB\",\"@id\":\"https:\\\/\\\/www.laudinella.ch\\\/events\\\/festival-da-jazz-klaus-doldingers-passport-2\\\/#primaryimage\",\"url\":\"https:\\\/\\\/www.laudinella.ch\\\/wp-content\\\/uploads\\\/2020\\\/06\\\/klaus-doldingers_webformat.jpg\",\"contentUrl\":\"https:\\\/\\\/www.laudinella.ch\\\/wp-content\\\/uploads\\\/2020\\\/06\\\/klaus-doldingers_webformat.jpg\",\"width\":1920,\"height\":1200},{\"@type\":\"BreadcrumbList\",\"@id\":\"https:\\\/\\\/www.laudinella.ch\\\/events\\\/festival-da-jazz-klaus-doldingers-passport-2\\\/#breadcrumb\",\"itemListElement\":[{\"@type\":\"ListItem\",\"position\":1,\"name\":\"Startseite\",\"item\":\"https:\\\/\\\/www.laudinella.ch\\\/\"},{\"@type\":\"ListItem\",\"position\":2,\"name\":\"Events\",\"item\":\"https:\\\/\\\/www.laudinella.ch\\\/events\\\/\"},{\"@type\":\"ListItem\",\"position\":3,\"name\":\"Hotel Reine Victoria\",\"item\":\"https:\\\/\\\/www.laudinella.ch\\\/event-location\\\/hotel-reine-victoria\\\/\"},{\"@type\":\"ListItem\",\"position\":4,\"name\":\"Festival da Jazz: Klaus Doldinger&#8217;s Passport\"}]},{\"@type\":\"WebSite\",\"@id\":\"https:\\\/\\\/www.laudinella.ch\\\/en\\\/#website\",\"url\":\"https:\\\/\\\/www.laudinella.ch\\\/en\\\/\",\"name\":\"Laudinella St. Moritz\",\"description\":\"Sport, Kultur, Kulinarik, Kongresse, Kurse und Natur erleben.\",\"publisher\":{\"@id\":\"https:\\\/\\\/www.laudinella.ch\\\/en\\\/#organization\"},\"potentialAction\":[{\"@type\":\"SearchAction\",\"target\":{\"@type\":\"EntryPoint\",\"urlTemplate\":\"https:\\\/\\\/www.laudinella.ch\\\/en\\\/?s={search_term_string}\"},\"query-input\":{\"@type\":\"PropertyValueSpecification\",\"valueRequired\":true,\"valueName\":\"search_term_string\"}}],\"inLanguage\":\"en-GB\"},{\"@type\":\"Organization\",\"@id\":\"https:\\\/\\\/www.laudinella.ch\\\/en\\\/#organization\",\"name\":\"Laudinella St. Moritz\",\"url\":\"https:\\\/\\\/www.laudinella.ch\\\/en\\\/\",\"logo\":{\"@type\":\"ImageObject\",\"inLanguage\":\"en-GB\",\"@id\":\"https:\\\/\\\/www.laudinella.ch\\\/en\\\/#\\\/schema\\\/logo\\\/image\\\/\",\"url\":\"https:\\\/\\\/www.laudinella.ch\\\/wp-content\\\/uploads\\\/2021\\\/10\\\/laudinella_hotel-group_fav-icon.png\",\"contentUrl\":\"https:\\\/\\\/www.laudinella.ch\\\/wp-content\\\/uploads\\\/2021\\\/10\\\/laudinella_hotel-group_fav-icon.png\",\"width\":512,\"height\":512,\"caption\":\"Laudinella St. Moritz\"},\"image\":{\"@id\":\"https:\\\/\\\/www.laudinella.ch\\\/en\\\/#\\\/schema\\\/logo\\\/image\\\/\"}},{\"@type\":\"Person\",\"@id\":\"https:\\\/\\\/www.laudinella.ch\\\/en\\\/#\\\/schema\\\/person\\\/8569af0b77879b92e2025ff32181c929\",\"name\":\"Nathalie Hanslin\",\"image\":{\"@type\":\"ImageObject\",\"inLanguage\":\"en-GB\",\"@id\":\"https:\\\/\\\/secure.gravatar.com\\\/avatar\\\/026026d755167daa4175498d7a4c71ef1bcfad3a454c2fd3f70377f51a6b80bd?s=96&d=mm&r=g\",\"url\":\"https:\\\/\\\/secure.gravatar.com\\\/avatar\\\/026026d755167daa4175498d7a4c71ef1bcfad3a454c2fd3f70377f51a6b80bd?s=96&d=mm&r=g\",\"contentUrl\":\"https:\\\/\\\/secure.gravatar.com\\\/avatar\\\/026026d755167daa4175498d7a4c71ef1bcfad3a454c2fd3f70377f51a6b80bd?s=96&d=mm&r=g\",\"caption\":\"Nathalie Hanslin\"}}]}<\/script>\n<!-- \/ Yoast SEO plugin. -->","yoast_head_json":{"title":"Festival da Jazz: Klaus Doldinger&#039;s Passport - Laudinella Group St. Moritz","robots":{"index":"index","follow":"follow","max-snippet":"max-snippet:-1","max-image-preview":"max-image-preview:large","max-video-preview":"max-video-preview:-1"},"canonical":"https:\/\/www.laudinella.ch\/en\/events\/festival-da-jazz-klaus-doldingers-passport-2\/","og_locale":"en_GB","og_type":"article","og_title":"Festival da Jazz: Klaus Doldinger's Passport - Laudinella Group St. Moritz","og_description":"Vor einem halben Jahrhundert rief Klaus Doldinger die Band The Motherhood ins Leben, die als Blaupause f\u00fcr seine legend\u00e4re Jazzrock-Formation Passport gelten darf. Nun l\u00e4sst Doldinger die Motherhood-St\u00fccke in zeitgem\u00e4sser Manier im aktuellen Passport-Stil wieder aufleben. \u00dcber die kurze, aber wichtige Motherhood-Phase berichtet Doldinger: \u00abEs war eine spannende Zeit. Die [...]","og_url":"https:\/\/www.laudinella.ch\/en\/events\/festival-da-jazz-klaus-doldingers-passport-2\/","og_site_name":"Laudinella Group St. Moritz","article_modified_time":"2020-07-09T12:05:49+00:00","og_image":[{"width":1920,"height":1200,"url":"https:\/\/www.laudinella.ch\/wp-content\/uploads\/2020\/06\/klaus-doldingers_webformat.jpg","type":"image\/jpeg"}],"twitter_card":"summary_large_image","schema":{"@context":"https:\/\/schema.org","@graph":[{"@type":"NewsArticle","@id":"https:\/\/www.laudinella.ch\/events\/festival-da-jazz-klaus-doldingers-passport-2\/#article","isPartOf":{"@id":"https:\/\/www.laudinella.ch\/events\/festival-da-jazz-klaus-doldingers-passport-2\/"},"author":{"name":"Nathalie Hanslin","@id":"https:\/\/www.laudinella.ch\/en\/#\/schema\/person\/8569af0b77879b92e2025ff32181c929"},"headline":"Festival da Jazz: Klaus Doldinger&#8217;s Passport","datePublished":"2020-06-09T15:13:14+00:00","dateModified":"2020-07-09T12:05:49+00:00","mainEntityOfPage":{"@id":"https:\/\/www.laudinella.ch\/events\/festival-da-jazz-klaus-doldingers-passport-2\/"},"wordCount":145,"publisher":{"@id":"https:\/\/www.laudinella.ch\/en\/#organization"},"image":{"@id":"https:\/\/www.laudinella.ch\/events\/festival-da-jazz-klaus-doldingers-passport-2\/#primaryimage"},"thumbnailUrl":"https:\/\/www.laudinella.ch\/wp-content\/uploads\/2020\/06\/klaus-doldingers_webformat.jpg","inLanguage":"en-GB"},{"@type":["WebPage","ItemPage"],"@id":"https:\/\/www.laudinella.ch\/events\/festival-da-jazz-klaus-doldingers-passport-2\/","url":"https:\/\/www.laudinella.ch\/events\/festival-da-jazz-klaus-doldingers-passport-2\/","name":"Festival da Jazz: Klaus Doldinger&#039;s Passport - Laudinella Group St. Moritz","isPartOf":{"@id":"https:\/\/www.laudinella.ch\/en\/#website"},"primaryImageOfPage":{"@id":"https:\/\/www.laudinella.ch\/events\/festival-da-jazz-klaus-doldingers-passport-2\/#primaryimage"},"image":{"@id":"https:\/\/www.laudinella.ch\/events\/festival-da-jazz-klaus-doldingers-passport-2\/#primaryimage"},"thumbnailUrl":"https:\/\/www.laudinella.ch\/wp-content\/uploads\/2020\/06\/klaus-doldingers_webformat.jpg","datePublished":"2020-06-09T15:13:14+00:00","dateModified":"2020-07-09T12:05:49+00:00","breadcrumb":{"@id":"https:\/\/www.laudinella.ch\/events\/festival-da-jazz-klaus-doldingers-passport-2\/#breadcrumb"},"inLanguage":"en-GB","potentialAction":[{"@type":"ReadAction","target":["https:\/\/www.laudinella.ch\/events\/festival-da-jazz-klaus-doldingers-passport-2\/"]}]},{"@type":"ImageObject","inLanguage":"en-GB","@id":"https:\/\/www.laudinella.ch\/events\/festival-da-jazz-klaus-doldingers-passport-2\/#primaryimage","url":"https:\/\/www.laudinella.ch\/wp-content\/uploads\/2020\/06\/klaus-doldingers_webformat.jpg","contentUrl":"https:\/\/www.laudinella.ch\/wp-content\/uploads\/2020\/06\/klaus-doldingers_webformat.jpg","width":1920,"height":1200},{"@type":"BreadcrumbList","@id":"https:\/\/www.laudinella.ch\/events\/festival-da-jazz-klaus-doldingers-passport-2\/#breadcrumb","itemListElement":[{"@type":"ListItem","position":1,"name":"Startseite","item":"https:\/\/www.laudinella.ch\/"},{"@type":"ListItem","position":2,"name":"Events","item":"https:\/\/www.laudinella.ch\/events\/"},{"@type":"ListItem","position":3,"name":"Hotel Reine Victoria","item":"https:\/\/www.laudinella.ch\/event-location\/hotel-reine-victoria\/"},{"@type":"ListItem","position":4,"name":"Festival da Jazz: Klaus Doldinger&#8217;s Passport"}]},{"@type":"WebSite","@id":"https:\/\/www.laudinella.ch\/en\/#website","url":"https:\/\/www.laudinella.ch\/en\/","name":"Laudinella St. Moritz","description":"Experience sport, culture, cuisine, congresses, courses and nature.","publisher":{"@id":"https:\/\/www.laudinella.ch\/en\/#organization"},"potentialAction":[{"@type":"SearchAction","target":{"@type":"EntryPoint","urlTemplate":"https:\/\/www.laudinella.ch\/en\/?s={search_term_string}"},"query-input":{"@type":"PropertyValueSpecification","valueRequired":true,"valueName":"search_term_string"}}],"inLanguage":"en-GB"},{"@type":"Organization","@id":"https:\/\/www.laudinella.ch\/en\/#organization","name":"Laudinella St. Moritz","url":"https:\/\/www.laudinella.ch\/en\/","logo":{"@type":"ImageObject","inLanguage":"en-GB","@id":"https:\/\/www.laudinella.ch\/en\/#\/schema\/logo\/image\/","url":"https:\/\/www.laudinella.ch\/wp-content\/uploads\/2021\/10\/laudinella_hotel-group_fav-icon.png","contentUrl":"https:\/\/www.laudinella.ch\/wp-content\/uploads\/2021\/10\/laudinella_hotel-group_fav-icon.png","width":512,"height":512,"caption":"Laudinella St. Moritz"},"image":{"@id":"https:\/\/www.laudinella.ch\/en\/#\/schema\/logo\/image\/"}},{"@type":"Person","@id":"https:\/\/www.laudinella.ch\/en\/#\/schema\/person\/8569af0b77879b92e2025ff32181c929","name":"Nathalie Hanslin","image":{"@type":"ImageObject","inLanguage":"en-GB","@id":"https:\/\/secure.gravatar.com\/avatar\/026026d755167daa4175498d7a4c71ef1bcfad3a454c2fd3f70377f51a6b80bd?s=96&d=mm&r=g","url":"https:\/\/secure.gravatar.com\/avatar\/026026d755167daa4175498d7a4c71ef1bcfad3a454c2fd3f70377f51a6b80bd?s=96&d=mm&r=g","contentUrl":"https:\/\/secure.gravatar.com\/avatar\/026026d755167daa4175498d7a4c71ef1bcfad3a454c2fd3f70377f51a6b80bd?s=96&d=mm&r=g","caption":"Nathalie Hanslin"}}]}},"_links":{"self":[{"href":"https:\/\/www.laudinella.ch\/en\/wp-json\/wp\/v2\/ajde_events\/9790","targetHints":{"allow":["GET"]}}],"collection":[{"href":"https:\/\/www.laudinella.ch\/en\/wp-json\/wp\/v2\/ajde_events"}],"about":[{"href":"https:\/\/www.laudinella.ch\/en\/wp-json\/wp\/v2\/types\/ajde_events"}],"author":[{"embeddable":true,"href":"https:\/\/www.laudinella.ch\/en\/wp-json\/wp\/v2\/users\/12"}],"replies":[{"embeddable":true,"href":"https:\/\/www.laudinella.ch\/en\/wp-json\/wp\/v2\/comments?post=9790"}],"wp:featuredmedia":[{"embeddable":true,"href":"https:\/\/www.laudinella.ch\/en\/wp-json\/wp\/v2\/media\/9786"}],"wp:attachment":[{"href":"https:\/\/www.laudinella.ch\/en\/wp-json\/wp\/v2\/media?parent=9790"}],"wp:term":[{"taxonomy":"post_tag","embeddable":true,"href":"https:\/\/www.laudinella.ch\/en\/wp-json\/wp\/v2\/tags?post=9790"},{"taxonomy":"event_type","embeddable":true,"href":"https:\/\/www.laudinella.ch\/en\/wp-json\/wp\/v2\/event_type?post=9790"},{"taxonomy":"event_type_2","embeddable":true,"href":"https:\/\/www.laudinella.ch\/en\/wp-json\/wp\/v2\/event_type_2?post=9790"}],"curies":[{"name":"wp","href":"https:\/\/api.w.org\/{rel}","templated":true}]}}