{"id":9780,"date":"2020-06-09T16:53:30","date_gmt":"2020-06-09T14:53:30","guid":{"rendered":"https:\/\/www.laudinella.ch\/events\/festival-da-jazz-james-gruntz\/"},"modified":"2020-07-09T14:00:44","modified_gmt":"2020-07-09T12:00:44","slug":"festival-da-jazz-james-gruntz","status":"publish","type":"ajde_events","link":"https:\/\/www.laudinella.ch\/en\/events\/festival-da-jazz-james-gruntz\/","title":{"rendered":"Festival da Jazz: James Gruntz"},"content":{"rendered":"<div class=\"field field--name-jf-preamble field--type-entity-reference-revisions field--label-hidden\">\n<div class=\"field__items\">\n<div class=\"field__item\">\n<div class=\"paragraph paragraph--type--text paragraph--view-mode--default\">\n<div class=\"field field--name-field-text field--type-text-long field--label-hidden container rhythm--double\">\n<div class=\"row\">\n<div class=\"field__items col-md-8 col-md-offset-2 nomargin--last-p\">\n<div class=\"field__item\">\n<p>For the Festival da Jazz 2020, James Gruntz is serving with the big trowel this year. He travels to the Engadin with a five-piece formation that he put together especially for this occasion, reinterprets his own song material with this five-piece band, combines heavy grooves with light-footed scat singing and spices everything up with a good portion of improvisation. You will get to know the songs (\u201cWaves\u201d, \u201cHeart Keeps Dancing\u201d, \u201cYou\u201d\u2026) oscillating between euphoria and melancholy from a completely new perspective by the singer-songwriter who has won several Swissmusic Awards.<\/p>\n<p>Admission: CHF 175.00, <a href=\"https:\/\/festivaldajazz2020.ticketino.com\/en\/shopbasket\" target=\"_blank\" rel=\"noopener noreferrer\"><strong>buy tickets<\/strong><\/a><\/p>\n<\/div>\n<p><strong>L.<\/strong><strong>a brasserie: <\/strong>Let yourself be enchanted by international creations, seasoned with creative swing and prepared from fine regional ingredients. From a snack to a multi-course menu, there is something for every (jazz) lover. Reservation: events @ laudinella, T +41 81 836 06 10<\/p>\n<p><img decoding=\"async\" class=\"alignnone wp-image-10107\" src=\"https:\/\/www.laudinella.ch\/wp-content\/uploads\/2020\/06\/labrasserie.jpg\" alt=\"\" width=\"98\" height=\"98\" \/><\/p>\n<p>&nbsp;<\/p>\n<\/div>\n<\/div>\n<\/div>\n<\/div>\n<\/div>\n<\/div>\n<\/div>","protected":false},"author":12,"featured_media":9781,"menu_order":0,"comment_status":"closed","ping_status":"closed","template":"","meta":[],"tags":[],"event_type":[43],"event_type_2":[],"class_list":["post-9780","ajde_events","type-ajde_events","status-publish","has-post-thumbnail","hentry","event_location-hotel-reine-victoria","event_type-veranstaltung"],"yoast_head":"<!-- This site is optimized with the Yoast SEO plugin v27.5 - https:\/\/yoast.com\/product\/yoast-seo-wordpress\/ -->\n<title>Festival da Jazz: James Gruntz - Laudinella Group St. Moritz<\/title>\n<meta name=\"robots\" content=\"index, follow, max-snippet:-1, max-image-preview:large, max-video-preview:-1\" \/>\n<link rel=\"canonical\" href=\"https:\/\/www.laudinella.ch\/en\/events\/festival-da-jazz-james-gruntz\/\" \/>\n<meta property=\"og:locale\" content=\"en_GB\" \/>\n<meta property=\"og:type\" content=\"article\" \/>\n<meta property=\"og:title\" content=\"Festival da Jazz: James Gruntz - Laudinella Group St. Moritz\" \/>\n<meta property=\"og:description\" content=\"F\u00fcrs Festival da Jazz 2020 richtet James Gruntz heuer mit der grossen Kelle an. So reist er mit einer f\u00fcnfk\u00f6pfigen Formation ins Engadin, die er eigens f\u00fcr diesen Anlass zusammengestellt hat, interpretiert mit dieser f\u00fcnfk\u00f6pfigen Band sein eigenes Songmaterial neu, verbindet schwere Grooves mit leichtf\u00fcssigem Scatgesang und w\u00fcrzt alles mit [...]\" \/>\n<meta property=\"og:url\" content=\"https:\/\/www.laudinella.ch\/en\/events\/festival-da-jazz-james-gruntz\/\" \/>\n<meta property=\"og:site_name\" content=\"Laudinella Group St. Moritz\" \/>\n<meta property=\"article:modified_time\" content=\"2020-07-09T12:00:44+00:00\" \/>\n<meta property=\"og:image\" content=\"https:\/\/www.laudinella.ch\/wp-content\/uploads\/2020\/06\/james-gruntz_webformat.jpg\" \/>\n\t<meta property=\"og:image:width\" content=\"1920\" \/>\n\t<meta property=\"og:image:height\" content=\"1200\" \/>\n\t<meta property=\"og:image:type\" content=\"image\/jpeg\" \/>\n<meta name=\"twitter:card\" content=\"summary_large_image\" \/>\n<script type=\"application\/ld+json\" class=\"yoast-schema-graph\">{\"@context\":\"https:\\\/\\\/schema.org\",\"@graph\":[{\"@type\":\"NewsArticle\",\"@id\":\"https:\\\/\\\/www.laudinella.ch\\\/events\\\/festival-da-jazz-james-gruntz\\\/#article\",\"isPartOf\":{\"@id\":\"https:\\\/\\\/www.laudinella.ch\\\/events\\\/festival-da-jazz-james-gruntz\\\/\"},\"author\":{\"name\":\"Nathalie Hanslin\",\"@id\":\"https:\\\/\\\/www.laudinella.ch\\\/en\\\/#\\\/schema\\\/person\\\/8569af0b77879b92e2025ff32181c929\"},\"headline\":\"Festival da Jazz: James Gruntz\",\"datePublished\":\"2020-06-09T14:53:30+00:00\",\"dateModified\":\"2020-07-09T12:00:44+00:00\",\"mainEntityOfPage\":{\"@id\":\"https:\\\/\\\/www.laudinella.ch\\\/events\\\/festival-da-jazz-james-gruntz\\\/\"},\"wordCount\":140,\"publisher\":{\"@id\":\"https:\\\/\\\/www.laudinella.ch\\\/en\\\/#organization\"},\"image\":{\"@id\":\"https:\\\/\\\/www.laudinella.ch\\\/events\\\/festival-da-jazz-james-gruntz\\\/#primaryimage\"},\"thumbnailUrl\":\"https:\\\/\\\/www.laudinella.ch\\\/wp-content\\\/uploads\\\/2020\\\/06\\\/james-gruntz_webformat.jpg\",\"inLanguage\":\"en-GB\"},{\"@type\":[\"WebPage\",\"ItemPage\"],\"@id\":\"https:\\\/\\\/www.laudinella.ch\\\/events\\\/festival-da-jazz-james-gruntz\\\/\",\"url\":\"https:\\\/\\\/www.laudinella.ch\\\/events\\\/festival-da-jazz-james-gruntz\\\/\",\"name\":\"Festival da Jazz: James Gruntz - Laudinella Group St. Moritz\",\"isPartOf\":{\"@id\":\"https:\\\/\\\/www.laudinella.ch\\\/en\\\/#website\"},\"primaryImageOfPage\":{\"@id\":\"https:\\\/\\\/www.laudinella.ch\\\/events\\\/festival-da-jazz-james-gruntz\\\/#primaryimage\"},\"image\":{\"@id\":\"https:\\\/\\\/www.laudinella.ch\\\/events\\\/festival-da-jazz-james-gruntz\\\/#primaryimage\"},\"thumbnailUrl\":\"https:\\\/\\\/www.laudinella.ch\\\/wp-content\\\/uploads\\\/2020\\\/06\\\/james-gruntz_webformat.jpg\",\"datePublished\":\"2020-06-09T14:53:30+00:00\",\"dateModified\":\"2020-07-09T12:00:44+00:00\",\"breadcrumb\":{\"@id\":\"https:\\\/\\\/www.laudinella.ch\\\/events\\\/festival-da-jazz-james-gruntz\\\/#breadcrumb\"},\"inLanguage\":\"en-GB\",\"potentialAction\":[{\"@type\":\"ReadAction\",\"target\":[\"https:\\\/\\\/www.laudinella.ch\\\/events\\\/festival-da-jazz-james-gruntz\\\/\"]}]},{\"@type\":\"ImageObject\",\"inLanguage\":\"en-GB\",\"@id\":\"https:\\\/\\\/www.laudinella.ch\\\/events\\\/festival-da-jazz-james-gruntz\\\/#primaryimage\",\"url\":\"https:\\\/\\\/www.laudinella.ch\\\/wp-content\\\/uploads\\\/2020\\\/06\\\/james-gruntz_webformat.jpg\",\"contentUrl\":\"https:\\\/\\\/www.laudinella.ch\\\/wp-content\\\/uploads\\\/2020\\\/06\\\/james-gruntz_webformat.jpg\",\"width\":1920,\"height\":1200},{\"@type\":\"BreadcrumbList\",\"@id\":\"https:\\\/\\\/www.laudinella.ch\\\/events\\\/festival-da-jazz-james-gruntz\\\/#breadcrumb\",\"itemListElement\":[{\"@type\":\"ListItem\",\"position\":1,\"name\":\"Startseite\",\"item\":\"https:\\\/\\\/www.laudinella.ch\\\/\"},{\"@type\":\"ListItem\",\"position\":2,\"name\":\"Events\",\"item\":\"https:\\\/\\\/www.laudinella.ch\\\/events\\\/\"},{\"@type\":\"ListItem\",\"position\":3,\"name\":\"Hotel Reine Victoria\",\"item\":\"https:\\\/\\\/www.laudinella.ch\\\/event-location\\\/hotel-reine-victoria\\\/\"},{\"@type\":\"ListItem\",\"position\":4,\"name\":\"Festival da Jazz: James Gruntz\"}]},{\"@type\":\"WebSite\",\"@id\":\"https:\\\/\\\/www.laudinella.ch\\\/en\\\/#website\",\"url\":\"https:\\\/\\\/www.laudinella.ch\\\/en\\\/\",\"name\":\"Laudinella St. Moritz\",\"description\":\"Sport, Kultur, Kulinarik, Kongresse, Kurse und Natur erleben.\",\"publisher\":{\"@id\":\"https:\\\/\\\/www.laudinella.ch\\\/en\\\/#organization\"},\"potentialAction\":[{\"@type\":\"SearchAction\",\"target\":{\"@type\":\"EntryPoint\",\"urlTemplate\":\"https:\\\/\\\/www.laudinella.ch\\\/en\\\/?s={search_term_string}\"},\"query-input\":{\"@type\":\"PropertyValueSpecification\",\"valueRequired\":true,\"valueName\":\"search_term_string\"}}],\"inLanguage\":\"en-GB\"},{\"@type\":\"Organization\",\"@id\":\"https:\\\/\\\/www.laudinella.ch\\\/en\\\/#organization\",\"name\":\"Laudinella St. Moritz\",\"url\":\"https:\\\/\\\/www.laudinella.ch\\\/en\\\/\",\"logo\":{\"@type\":\"ImageObject\",\"inLanguage\":\"en-GB\",\"@id\":\"https:\\\/\\\/www.laudinella.ch\\\/en\\\/#\\\/schema\\\/logo\\\/image\\\/\",\"url\":\"https:\\\/\\\/www.laudinella.ch\\\/wp-content\\\/uploads\\\/2021\\\/10\\\/laudinella_hotel-group_fav-icon.png\",\"contentUrl\":\"https:\\\/\\\/www.laudinella.ch\\\/wp-content\\\/uploads\\\/2021\\\/10\\\/laudinella_hotel-group_fav-icon.png\",\"width\":512,\"height\":512,\"caption\":\"Laudinella St. Moritz\"},\"image\":{\"@id\":\"https:\\\/\\\/www.laudinella.ch\\\/en\\\/#\\\/schema\\\/logo\\\/image\\\/\"}},{\"@type\":\"Person\",\"@id\":\"https:\\\/\\\/www.laudinella.ch\\\/en\\\/#\\\/schema\\\/person\\\/8569af0b77879b92e2025ff32181c929\",\"name\":\"Nathalie Hanslin\",\"image\":{\"@type\":\"ImageObject\",\"inLanguage\":\"en-GB\",\"@id\":\"https:\\\/\\\/secure.gravatar.com\\\/avatar\\\/026026d755167daa4175498d7a4c71ef1bcfad3a454c2fd3f70377f51a6b80bd?s=96&d=mm&r=g\",\"url\":\"https:\\\/\\\/secure.gravatar.com\\\/avatar\\\/026026d755167daa4175498d7a4c71ef1bcfad3a454c2fd3f70377f51a6b80bd?s=96&d=mm&r=g\",\"contentUrl\":\"https:\\\/\\\/secure.gravatar.com\\\/avatar\\\/026026d755167daa4175498d7a4c71ef1bcfad3a454c2fd3f70377f51a6b80bd?s=96&d=mm&r=g\",\"caption\":\"Nathalie Hanslin\"}}]}<\/script>\n<!-- \/ Yoast SEO plugin. -->","yoast_head_json":{"title":"Festival da Jazz: James Gruntz - Laudinella Group St. Moritz","robots":{"index":"index","follow":"follow","max-snippet":"max-snippet:-1","max-image-preview":"max-image-preview:large","max-video-preview":"max-video-preview:-1"},"canonical":"https:\/\/www.laudinella.ch\/en\/events\/festival-da-jazz-james-gruntz\/","og_locale":"en_GB","og_type":"article","og_title":"Festival da Jazz: James Gruntz - Laudinella Group St. Moritz","og_description":"F\u00fcrs Festival da Jazz 2020 richtet James Gruntz heuer mit der grossen Kelle an. So reist er mit einer f\u00fcnfk\u00f6pfigen Formation ins Engadin, die er eigens f\u00fcr diesen Anlass zusammengestellt hat, interpretiert mit dieser f\u00fcnfk\u00f6pfigen Band sein eigenes Songmaterial neu, verbindet schwere Grooves mit leichtf\u00fcssigem Scatgesang und w\u00fcrzt alles mit [...]","og_url":"https:\/\/www.laudinella.ch\/en\/events\/festival-da-jazz-james-gruntz\/","og_site_name":"Laudinella Group St. Moritz","article_modified_time":"2020-07-09T12:00:44+00:00","og_image":[{"width":1920,"height":1200,"url":"https:\/\/www.laudinella.ch\/wp-content\/uploads\/2020\/06\/james-gruntz_webformat.jpg","type":"image\/jpeg"}],"twitter_card":"summary_large_image","schema":{"@context":"https:\/\/schema.org","@graph":[{"@type":"NewsArticle","@id":"https:\/\/www.laudinella.ch\/events\/festival-da-jazz-james-gruntz\/#article","isPartOf":{"@id":"https:\/\/www.laudinella.ch\/events\/festival-da-jazz-james-gruntz\/"},"author":{"name":"Nathalie Hanslin","@id":"https:\/\/www.laudinella.ch\/en\/#\/schema\/person\/8569af0b77879b92e2025ff32181c929"},"headline":"Festival da Jazz: James Gruntz","datePublished":"2020-06-09T14:53:30+00:00","dateModified":"2020-07-09T12:00:44+00:00","mainEntityOfPage":{"@id":"https:\/\/www.laudinella.ch\/events\/festival-da-jazz-james-gruntz\/"},"wordCount":140,"publisher":{"@id":"https:\/\/www.laudinella.ch\/en\/#organization"},"image":{"@id":"https:\/\/www.laudinella.ch\/events\/festival-da-jazz-james-gruntz\/#primaryimage"},"thumbnailUrl":"https:\/\/www.laudinella.ch\/wp-content\/uploads\/2020\/06\/james-gruntz_webformat.jpg","inLanguage":"en-GB"},{"@type":["WebPage","ItemPage"],"@id":"https:\/\/www.laudinella.ch\/events\/festival-da-jazz-james-gruntz\/","url":"https:\/\/www.laudinella.ch\/events\/festival-da-jazz-james-gruntz\/","name":"Festival da Jazz: James Gruntz - Laudinella Group St. Moritz","isPartOf":{"@id":"https:\/\/www.laudinella.ch\/en\/#website"},"primaryImageOfPage":{"@id":"https:\/\/www.laudinella.ch\/events\/festival-da-jazz-james-gruntz\/#primaryimage"},"image":{"@id":"https:\/\/www.laudinella.ch\/events\/festival-da-jazz-james-gruntz\/#primaryimage"},"thumbnailUrl":"https:\/\/www.laudinella.ch\/wp-content\/uploads\/2020\/06\/james-gruntz_webformat.jpg","datePublished":"2020-06-09T14:53:30+00:00","dateModified":"2020-07-09T12:00:44+00:00","breadcrumb":{"@id":"https:\/\/www.laudinella.ch\/events\/festival-da-jazz-james-gruntz\/#breadcrumb"},"inLanguage":"en-GB","potentialAction":[{"@type":"ReadAction","target":["https:\/\/www.laudinella.ch\/events\/festival-da-jazz-james-gruntz\/"]}]},{"@type":"ImageObject","inLanguage":"en-GB","@id":"https:\/\/www.laudinella.ch\/events\/festival-da-jazz-james-gruntz\/#primaryimage","url":"https:\/\/www.laudinella.ch\/wp-content\/uploads\/2020\/06\/james-gruntz_webformat.jpg","contentUrl":"https:\/\/www.laudinella.ch\/wp-content\/uploads\/2020\/06\/james-gruntz_webformat.jpg","width":1920,"height":1200},{"@type":"BreadcrumbList","@id":"https:\/\/www.laudinella.ch\/events\/festival-da-jazz-james-gruntz\/#breadcrumb","itemListElement":[{"@type":"ListItem","position":1,"name":"Startseite","item":"https:\/\/www.laudinella.ch\/"},{"@type":"ListItem","position":2,"name":"Events","item":"https:\/\/www.laudinella.ch\/events\/"},{"@type":"ListItem","position":3,"name":"Hotel Reine Victoria","item":"https:\/\/www.laudinella.ch\/event-location\/hotel-reine-victoria\/"},{"@type":"ListItem","position":4,"name":"Festival da Jazz: James Gruntz"}]},{"@type":"WebSite","@id":"https:\/\/www.laudinella.ch\/en\/#website","url":"https:\/\/www.laudinella.ch\/en\/","name":"Laudinella St. Moritz","description":"Experience sport, culture, cuisine, congresses, courses and nature.","publisher":{"@id":"https:\/\/www.laudinella.ch\/en\/#organization"},"potentialAction":[{"@type":"SearchAction","target":{"@type":"EntryPoint","urlTemplate":"https:\/\/www.laudinella.ch\/en\/?s={search_term_string}"},"query-input":{"@type":"PropertyValueSpecification","valueRequired":true,"valueName":"search_term_string"}}],"inLanguage":"en-GB"},{"@type":"Organization","@id":"https:\/\/www.laudinella.ch\/en\/#organization","name":"Laudinella St. Moritz","url":"https:\/\/www.laudinella.ch\/en\/","logo":{"@type":"ImageObject","inLanguage":"en-GB","@id":"https:\/\/www.laudinella.ch\/en\/#\/schema\/logo\/image\/","url":"https:\/\/www.laudinella.ch\/wp-content\/uploads\/2021\/10\/laudinella_hotel-group_fav-icon.png","contentUrl":"https:\/\/www.laudinella.ch\/wp-content\/uploads\/2021\/10\/laudinella_hotel-group_fav-icon.png","width":512,"height":512,"caption":"Laudinella St. Moritz"},"image":{"@id":"https:\/\/www.laudinella.ch\/en\/#\/schema\/logo\/image\/"}},{"@type":"Person","@id":"https:\/\/www.laudinella.ch\/en\/#\/schema\/person\/8569af0b77879b92e2025ff32181c929","name":"Nathalie Hanslin","image":{"@type":"ImageObject","inLanguage":"en-GB","@id":"https:\/\/secure.gravatar.com\/avatar\/026026d755167daa4175498d7a4c71ef1bcfad3a454c2fd3f70377f51a6b80bd?s=96&d=mm&r=g","url":"https:\/\/secure.gravatar.com\/avatar\/026026d755167daa4175498d7a4c71ef1bcfad3a454c2fd3f70377f51a6b80bd?s=96&d=mm&r=g","contentUrl":"https:\/\/secure.gravatar.com\/avatar\/026026d755167daa4175498d7a4c71ef1bcfad3a454c2fd3f70377f51a6b80bd?s=96&d=mm&r=g","caption":"Nathalie Hanslin"}}]}},"_links":{"self":[{"href":"https:\/\/www.laudinella.ch\/en\/wp-json\/wp\/v2\/ajde_events\/9780","targetHints":{"allow":["GET"]}}],"collection":[{"href":"https:\/\/www.laudinella.ch\/en\/wp-json\/wp\/v2\/ajde_events"}],"about":[{"href":"https:\/\/www.laudinella.ch\/en\/wp-json\/wp\/v2\/types\/ajde_events"}],"author":[{"embeddable":true,"href":"https:\/\/www.laudinella.ch\/en\/wp-json\/wp\/v2\/users\/12"}],"replies":[{"embeddable":true,"href":"https:\/\/www.laudinella.ch\/en\/wp-json\/wp\/v2\/comments?post=9780"}],"wp:featuredmedia":[{"embeddable":true,"href":"https:\/\/www.laudinella.ch\/en\/wp-json\/wp\/v2\/media\/9781"}],"wp:attachment":[{"href":"https:\/\/www.laudinella.ch\/en\/wp-json\/wp\/v2\/media?parent=9780"}],"wp:term":[{"taxonomy":"post_tag","embeddable":true,"href":"https:\/\/www.laudinella.ch\/en\/wp-json\/wp\/v2\/tags?post=9780"},{"taxonomy":"event_type","embeddable":true,"href":"https:\/\/www.laudinella.ch\/en\/wp-json\/wp\/v2\/event_type?post=9780"},{"taxonomy":"event_type_2","embeddable":true,"href":"https:\/\/www.laudinella.ch\/en\/wp-json\/wp\/v2\/event_type_2?post=9780"}],"curies":[{"name":"wp","href":"https:\/\/api.w.org\/{rel}","templated":true}]}}