{"id":8541,"date":"2020-02-27T18:36:20","date_gmt":"2020-02-27T17:36:20","guid":{"rendered":"https:\/\/www.laudinella.ch\/?post_type=ajde_events&#038;p=8541"},"modified":"2020-09-15T12:43:46","modified_gmt":"2020-09-15T10:43:46","slug":"vico-torriani-gala","status":"publish","type":"ajde_events","link":"https:\/\/www.laudinella.ch\/en\/events\/vico-torriani-gala\/","title":{"rendered":"Vico Torriani Gala"},"content":{"rendered":"<p>Companions, family and friends celebrate with a lot of music, songs and stories by and about Vico Torriani as well as the handover of his archive material to the Upper Engadine cultural archive <span style=\"font-family: georgia, palatino, serif;\">big birthday of the most successful entertainer, artist and interpreter in Switzerland.<\/span><\/p>\n<p style=\"margin: 0cm; margin-bottom: .0001pt; line-height: 13.65pt; background: #FDFDFD; vertical-align: baseline;\"><span style=\"font-family: georgia, palatino, serif; color: #333333;\">Due to the Covid-19 measures, this evening can only be offered to invited guests. <\/span><\/p>\n<p style=\"margin: 0cm; margin-bottom: .0001pt; line-height: 13.65pt; background: #FDFDFD; vertical-align: baseline;\"><span style=\"font-family: georgia, palatino, serif; color: #333333;\">The live stream is broadcast here: <a href=\"https:\/\/www.vicotorriani.ch\/livestream\" target=\"_blank\" rel=\"noopener noreferrer\">www.vicotorriani.ch\/livestream<\/a><\/span><\/p>\n<p><strong>Program:<\/strong><strong><br \/>\nChristian Jott Jenny<\/strong> (Tenor) and <strong>Samuel Z\u00fcnd<\/strong> (Baritone) perform Vico&#039;s most famous songs together with the \u00ab<strong>Hotel Victoria Musical Orchestra \u00bb<\/strong> under the direction of <strong>Ludger Nowak<\/strong>.<br \/>\nThe actor <strong>Lorenzo Polin<\/strong> reads passages from the by <strong>Barbara T\u00e4nzler<\/strong> and published by NZZ-Verlag <strong>Biography Vico Torriani.<\/strong><strong><br \/>\n<\/strong>The soloist ensemble provides further musical entertainment <strong>La Compagnia Rossini <\/strong>from the B\u00fcndner Surselva with songs like &quot;Silberf\u00e4den&quot;, &quot;Pren da mei gl&#039;engraziament&quot; and &quot;Tu sei mio sogno&quot;.<\/p>\n<p>The presenter leads through the evening <strong>Annina Campell.<\/strong><\/p>\n<p>Vico Torriani&#039;s daughter, Nicole K\u00fcndig-Torriani, initiator and organizer of the anniversary year, thanks the supporters and sponsors who made this celebration and the book possible in the first place:<br \/>\nCulture Promotion Graub\u00fcnden\/Office for Culture<br \/>\nSt Moritz culture<br \/>\nEMS chemistry<br \/>\nGraub\u00fcnden Cantonal Bank<br \/>\nHotel Laudinella with Hotel Reine Victoria<br \/>\nGamer Media<br \/>\nMunicipality of Bregaglia<br \/>\nSwiss Interpreter Foundation<br \/>\nStarvos S.Niarchos Foundation<br \/>\nLia Rumantscha<br \/>\nAnita &amp; Dumeng Clavuot<br \/>\nErika &amp; Nuot Saratz<br \/>\nArthur Mathys<br \/>\nRosy K\u00fcndig<br \/>\nRaoul Bombis, Alsace<br \/>\nStarvos S. Niarchos Foundation, Chur<br \/>\nHermann and Gisela Hammelmann, Zurich<br \/>\nErika Brandenberger<br \/>\nB. Hirt, Winterthur<\/p>","protected":false},"author":12,"featured_media":8542,"menu_order":0,"comment_status":"closed","ping_status":"closed","template":"","meta":[],"tags":[207,206,205],"event_type":[43],"event_type_2":[],"class_list":["post-8541","ajde_events","type-ajde_events","status-publish","has-post-thumbnail","hentry","tag-gala-2","tag-torriani-2","tag-vico-2","event_location-hotel-reine-victoria","event_type-veranstaltung"],"yoast_head":"<!-- This site is optimized with the Yoast SEO plugin v27.5 - https:\/\/yoast.com\/product\/yoast-seo-wordpress\/ -->\n<title>Vico Torriani Gala - Laudinella Group St. Moritz<\/title>\n<meta name=\"robots\" content=\"index, follow, max-snippet:-1, max-image-preview:large, max-video-preview:-1\" \/>\n<link rel=\"canonical\" href=\"https:\/\/www.laudinella.ch\/en\/events\/vico-torriani-gala\/\" \/>\n<meta property=\"og:locale\" content=\"en_GB\" \/>\n<meta property=\"og:type\" content=\"article\" \/>\n<meta property=\"og:title\" content=\"Vico Torriani Gala - Laudinella Group St. Moritz\" \/>\n<meta property=\"og:description\" content=\"Wegbegleiter, Familie und Freunde feiern mit viel Musik, Gesang und Geschichten von und \u00fcber Vico Torriani sowie der \u00dcbergabe seines Archivmaterials an das Kulturarchiv Oberengadin den runden Geburtstag des erfolgreichsten Entertainers, K\u00fcnstlers und Interpreten der Schweiz ausgiebig. Dieser Abend kann aufgrund der Covid-19 Massnahmen nur f\u00fcr geladene G\u00e4ste angeboten werden. Der [...]\" \/>\n<meta property=\"og:url\" content=\"https:\/\/www.laudinella.ch\/en\/events\/vico-torriani-gala\/\" \/>\n<meta property=\"og:site_name\" content=\"Laudinella Group St. Moritz\" \/>\n<meta property=\"article:modified_time\" content=\"2020-09-15T10:43:46+00:00\" \/>\n<meta property=\"og:image\" content=\"https:\/\/www.laudinella.ch\/wp-content\/uploads\/2020\/02\/vico-torriani_bhne_sw_web.jpg\" \/>\n\t<meta property=\"og:image:width\" content=\"1920\" \/>\n\t<meta property=\"og:image:height\" content=\"1153\" \/>\n\t<meta property=\"og:image:type\" content=\"image\/jpeg\" \/>\n<meta name=\"twitter:card\" content=\"summary_large_image\" \/>\n<script type=\"application\/ld+json\" class=\"yoast-schema-graph\">{\"@context\":\"https:\\\/\\\/schema.org\",\"@graph\":[{\"@type\":\"NewsArticle\",\"@id\":\"https:\\\/\\\/www.laudinella.ch\\\/events\\\/vico-torriani-gala\\\/#article\",\"isPartOf\":{\"@id\":\"https:\\\/\\\/www.laudinella.ch\\\/events\\\/vico-torriani-gala\\\/\"},\"author\":{\"name\":\"Nathalie Hanslin\",\"@id\":\"https:\\\/\\\/www.laudinella.ch\\\/en\\\/#\\\/schema\\\/person\\\/8569af0b77879b92e2025ff32181c929\"},\"headline\":\"Vico Torriani Gala\",\"datePublished\":\"2020-02-27T17:36:20+00:00\",\"dateModified\":\"2020-09-15T10:43:46+00:00\",\"mainEntityOfPage\":{\"@id\":\"https:\\\/\\\/www.laudinella.ch\\\/events\\\/vico-torriani-gala\\\/\"},\"wordCount\":249,\"publisher\":{\"@id\":\"https:\\\/\\\/www.laudinella.ch\\\/en\\\/#organization\"},\"image\":{\"@id\":\"https:\\\/\\\/www.laudinella.ch\\\/events\\\/vico-torriani-gala\\\/#primaryimage\"},\"thumbnailUrl\":\"https:\\\/\\\/www.laudinella.ch\\\/wp-content\\\/uploads\\\/2020\\\/02\\\/vico-torriani_bhne_sw_web.jpg\",\"keywords\":[\"gala\",\"torriani\",\"vico\"],\"inLanguage\":\"en-GB\"},{\"@type\":[\"WebPage\",\"ItemPage\"],\"@id\":\"https:\\\/\\\/www.laudinella.ch\\\/events\\\/vico-torriani-gala\\\/\",\"url\":\"https:\\\/\\\/www.laudinella.ch\\\/events\\\/vico-torriani-gala\\\/\",\"name\":\"Vico Torriani Gala - Laudinella Group St. Moritz\",\"isPartOf\":{\"@id\":\"https:\\\/\\\/www.laudinella.ch\\\/en\\\/#website\"},\"primaryImageOfPage\":{\"@id\":\"https:\\\/\\\/www.laudinella.ch\\\/events\\\/vico-torriani-gala\\\/#primaryimage\"},\"image\":{\"@id\":\"https:\\\/\\\/www.laudinella.ch\\\/events\\\/vico-torriani-gala\\\/#primaryimage\"},\"thumbnailUrl\":\"https:\\\/\\\/www.laudinella.ch\\\/wp-content\\\/uploads\\\/2020\\\/02\\\/vico-torriani_bhne_sw_web.jpg\",\"datePublished\":\"2020-02-27T17:36:20+00:00\",\"dateModified\":\"2020-09-15T10:43:46+00:00\",\"breadcrumb\":{\"@id\":\"https:\\\/\\\/www.laudinella.ch\\\/events\\\/vico-torriani-gala\\\/#breadcrumb\"},\"inLanguage\":\"en-GB\",\"potentialAction\":[{\"@type\":\"ReadAction\",\"target\":[\"https:\\\/\\\/www.laudinella.ch\\\/events\\\/vico-torriani-gala\\\/\"]}]},{\"@type\":\"ImageObject\",\"inLanguage\":\"en-GB\",\"@id\":\"https:\\\/\\\/www.laudinella.ch\\\/events\\\/vico-torriani-gala\\\/#primaryimage\",\"url\":\"https:\\\/\\\/www.laudinella.ch\\\/wp-content\\\/uploads\\\/2020\\\/02\\\/vico-torriani_bhne_sw_web.jpg\",\"contentUrl\":\"https:\\\/\\\/www.laudinella.ch\\\/wp-content\\\/uploads\\\/2020\\\/02\\\/vico-torriani_bhne_sw_web.jpg\",\"width\":1920,\"height\":1153},{\"@type\":\"BreadcrumbList\",\"@id\":\"https:\\\/\\\/www.laudinella.ch\\\/events\\\/vico-torriani-gala\\\/#breadcrumb\",\"itemListElement\":[{\"@type\":\"ListItem\",\"position\":1,\"name\":\"Startseite\",\"item\":\"https:\\\/\\\/www.laudinella.ch\\\/\"},{\"@type\":\"ListItem\",\"position\":2,\"name\":\"Events\",\"item\":\"https:\\\/\\\/www.laudinella.ch\\\/events\\\/\"},{\"@type\":\"ListItem\",\"position\":3,\"name\":\"Hotel Reine Victoria\",\"item\":\"https:\\\/\\\/www.laudinella.ch\\\/event-location\\\/hotel-reine-victoria\\\/\"},{\"@type\":\"ListItem\",\"position\":4,\"name\":\"Vico Torriani Gala\"}]},{\"@type\":\"WebSite\",\"@id\":\"https:\\\/\\\/www.laudinella.ch\\\/en\\\/#website\",\"url\":\"https:\\\/\\\/www.laudinella.ch\\\/en\\\/\",\"name\":\"Laudinella St. Moritz\",\"description\":\"Sport, Kultur, Kulinarik, Kongresse, Kurse und Natur erleben.\",\"publisher\":{\"@id\":\"https:\\\/\\\/www.laudinella.ch\\\/en\\\/#organization\"},\"potentialAction\":[{\"@type\":\"SearchAction\",\"target\":{\"@type\":\"EntryPoint\",\"urlTemplate\":\"https:\\\/\\\/www.laudinella.ch\\\/en\\\/?s={search_term_string}\"},\"query-input\":{\"@type\":\"PropertyValueSpecification\",\"valueRequired\":true,\"valueName\":\"search_term_string\"}}],\"inLanguage\":\"en-GB\"},{\"@type\":\"Organization\",\"@id\":\"https:\\\/\\\/www.laudinella.ch\\\/en\\\/#organization\",\"name\":\"Laudinella St. Moritz\",\"url\":\"https:\\\/\\\/www.laudinella.ch\\\/en\\\/\",\"logo\":{\"@type\":\"ImageObject\",\"inLanguage\":\"en-GB\",\"@id\":\"https:\\\/\\\/www.laudinella.ch\\\/en\\\/#\\\/schema\\\/logo\\\/image\\\/\",\"url\":\"https:\\\/\\\/www.laudinella.ch\\\/wp-content\\\/uploads\\\/2021\\\/10\\\/laudinella_hotel-group_fav-icon.png\",\"contentUrl\":\"https:\\\/\\\/www.laudinella.ch\\\/wp-content\\\/uploads\\\/2021\\\/10\\\/laudinella_hotel-group_fav-icon.png\",\"width\":512,\"height\":512,\"caption\":\"Laudinella St. Moritz\"},\"image\":{\"@id\":\"https:\\\/\\\/www.laudinella.ch\\\/en\\\/#\\\/schema\\\/logo\\\/image\\\/\"}},{\"@type\":\"Person\",\"@id\":\"https:\\\/\\\/www.laudinella.ch\\\/en\\\/#\\\/schema\\\/person\\\/8569af0b77879b92e2025ff32181c929\",\"name\":\"Nathalie Hanslin\",\"image\":{\"@type\":\"ImageObject\",\"inLanguage\":\"en-GB\",\"@id\":\"https:\\\/\\\/secure.gravatar.com\\\/avatar\\\/026026d755167daa4175498d7a4c71ef1bcfad3a454c2fd3f70377f51a6b80bd?s=96&d=mm&r=g\",\"url\":\"https:\\\/\\\/secure.gravatar.com\\\/avatar\\\/026026d755167daa4175498d7a4c71ef1bcfad3a454c2fd3f70377f51a6b80bd?s=96&d=mm&r=g\",\"contentUrl\":\"https:\\\/\\\/secure.gravatar.com\\\/avatar\\\/026026d755167daa4175498d7a4c71ef1bcfad3a454c2fd3f70377f51a6b80bd?s=96&d=mm&r=g\",\"caption\":\"Nathalie Hanslin\"}}]}<\/script>\n<!-- \/ Yoast SEO plugin. -->","yoast_head_json":{"title":"Vico Torriani Gala - Laudinella Group St. Moritz","robots":{"index":"index","follow":"follow","max-snippet":"max-snippet:-1","max-image-preview":"max-image-preview:large","max-video-preview":"max-video-preview:-1"},"canonical":"https:\/\/www.laudinella.ch\/en\/events\/vico-torriani-gala\/","og_locale":"en_GB","og_type":"article","og_title":"Vico Torriani Gala - Laudinella Group St. Moritz","og_description":"Wegbegleiter, Familie und Freunde feiern mit viel Musik, Gesang und Geschichten von und \u00fcber Vico Torriani sowie der \u00dcbergabe seines Archivmaterials an das Kulturarchiv Oberengadin den runden Geburtstag des erfolgreichsten Entertainers, K\u00fcnstlers und Interpreten der Schweiz ausgiebig. Dieser Abend kann aufgrund der Covid-19 Massnahmen nur f\u00fcr geladene G\u00e4ste angeboten werden. Der [...]","og_url":"https:\/\/www.laudinella.ch\/en\/events\/vico-torriani-gala\/","og_site_name":"Laudinella Group St. Moritz","article_modified_time":"2020-09-15T10:43:46+00:00","og_image":[{"width":1920,"height":1153,"url":"https:\/\/www.laudinella.ch\/wp-content\/uploads\/2020\/02\/vico-torriani_bhne_sw_web.jpg","type":"image\/jpeg"}],"twitter_card":"summary_large_image","schema":{"@context":"https:\/\/schema.org","@graph":[{"@type":"NewsArticle","@id":"https:\/\/www.laudinella.ch\/events\/vico-torriani-gala\/#article","isPartOf":{"@id":"https:\/\/www.laudinella.ch\/events\/vico-torriani-gala\/"},"author":{"name":"Nathalie Hanslin","@id":"https:\/\/www.laudinella.ch\/en\/#\/schema\/person\/8569af0b77879b92e2025ff32181c929"},"headline":"Vico Torriani Gala","datePublished":"2020-02-27T17:36:20+00:00","dateModified":"2020-09-15T10:43:46+00:00","mainEntityOfPage":{"@id":"https:\/\/www.laudinella.ch\/events\/vico-torriani-gala\/"},"wordCount":249,"publisher":{"@id":"https:\/\/www.laudinella.ch\/en\/#organization"},"image":{"@id":"https:\/\/www.laudinella.ch\/events\/vico-torriani-gala\/#primaryimage"},"thumbnailUrl":"https:\/\/www.laudinella.ch\/wp-content\/uploads\/2020\/02\/vico-torriani_bhne_sw_web.jpg","keywords":["gala","torriani","vico"],"inLanguage":"en-GB"},{"@type":["WebPage","ItemPage"],"@id":"https:\/\/www.laudinella.ch\/events\/vico-torriani-gala\/","url":"https:\/\/www.laudinella.ch\/events\/vico-torriani-gala\/","name":"Vico Torriani Gala - Laudinella Group St. Moritz","isPartOf":{"@id":"https:\/\/www.laudinella.ch\/en\/#website"},"primaryImageOfPage":{"@id":"https:\/\/www.laudinella.ch\/events\/vico-torriani-gala\/#primaryimage"},"image":{"@id":"https:\/\/www.laudinella.ch\/events\/vico-torriani-gala\/#primaryimage"},"thumbnailUrl":"https:\/\/www.laudinella.ch\/wp-content\/uploads\/2020\/02\/vico-torriani_bhne_sw_web.jpg","datePublished":"2020-02-27T17:36:20+00:00","dateModified":"2020-09-15T10:43:46+00:00","breadcrumb":{"@id":"https:\/\/www.laudinella.ch\/events\/vico-torriani-gala\/#breadcrumb"},"inLanguage":"en-GB","potentialAction":[{"@type":"ReadAction","target":["https:\/\/www.laudinella.ch\/events\/vico-torriani-gala\/"]}]},{"@type":"ImageObject","inLanguage":"en-GB","@id":"https:\/\/www.laudinella.ch\/events\/vico-torriani-gala\/#primaryimage","url":"https:\/\/www.laudinella.ch\/wp-content\/uploads\/2020\/02\/vico-torriani_bhne_sw_web.jpg","contentUrl":"https:\/\/www.laudinella.ch\/wp-content\/uploads\/2020\/02\/vico-torriani_bhne_sw_web.jpg","width":1920,"height":1153},{"@type":"BreadcrumbList","@id":"https:\/\/www.laudinella.ch\/events\/vico-torriani-gala\/#breadcrumb","itemListElement":[{"@type":"ListItem","position":1,"name":"Startseite","item":"https:\/\/www.laudinella.ch\/"},{"@type":"ListItem","position":2,"name":"Events","item":"https:\/\/www.laudinella.ch\/events\/"},{"@type":"ListItem","position":3,"name":"Hotel Reine Victoria","item":"https:\/\/www.laudinella.ch\/event-location\/hotel-reine-victoria\/"},{"@type":"ListItem","position":4,"name":"Vico Torriani Gala"}]},{"@type":"WebSite","@id":"https:\/\/www.laudinella.ch\/en\/#website","url":"https:\/\/www.laudinella.ch\/en\/","name":"Laudinella St. Moritz","description":"Experience sport, culture, cuisine, congresses, courses and nature.","publisher":{"@id":"https:\/\/www.laudinella.ch\/en\/#organization"},"potentialAction":[{"@type":"SearchAction","target":{"@type":"EntryPoint","urlTemplate":"https:\/\/www.laudinella.ch\/en\/?s={search_term_string}"},"query-input":{"@type":"PropertyValueSpecification","valueRequired":true,"valueName":"search_term_string"}}],"inLanguage":"en-GB"},{"@type":"Organization","@id":"https:\/\/www.laudinella.ch\/en\/#organization","name":"Laudinella St. Moritz","url":"https:\/\/www.laudinella.ch\/en\/","logo":{"@type":"ImageObject","inLanguage":"en-GB","@id":"https:\/\/www.laudinella.ch\/en\/#\/schema\/logo\/image\/","url":"https:\/\/www.laudinella.ch\/wp-content\/uploads\/2021\/10\/laudinella_hotel-group_fav-icon.png","contentUrl":"https:\/\/www.laudinella.ch\/wp-content\/uploads\/2021\/10\/laudinella_hotel-group_fav-icon.png","width":512,"height":512,"caption":"Laudinella St. Moritz"},"image":{"@id":"https:\/\/www.laudinella.ch\/en\/#\/schema\/logo\/image\/"}},{"@type":"Person","@id":"https:\/\/www.laudinella.ch\/en\/#\/schema\/person\/8569af0b77879b92e2025ff32181c929","name":"Nathalie Hanslin","image":{"@type":"ImageObject","inLanguage":"en-GB","@id":"https:\/\/secure.gravatar.com\/avatar\/026026d755167daa4175498d7a4c71ef1bcfad3a454c2fd3f70377f51a6b80bd?s=96&d=mm&r=g","url":"https:\/\/secure.gravatar.com\/avatar\/026026d755167daa4175498d7a4c71ef1bcfad3a454c2fd3f70377f51a6b80bd?s=96&d=mm&r=g","contentUrl":"https:\/\/secure.gravatar.com\/avatar\/026026d755167daa4175498d7a4c71ef1bcfad3a454c2fd3f70377f51a6b80bd?s=96&d=mm&r=g","caption":"Nathalie Hanslin"}}]}},"_links":{"self":[{"href":"https:\/\/www.laudinella.ch\/en\/wp-json\/wp\/v2\/ajde_events\/8541","targetHints":{"allow":["GET"]}}],"collection":[{"href":"https:\/\/www.laudinella.ch\/en\/wp-json\/wp\/v2\/ajde_events"}],"about":[{"href":"https:\/\/www.laudinella.ch\/en\/wp-json\/wp\/v2\/types\/ajde_events"}],"author":[{"embeddable":true,"href":"https:\/\/www.laudinella.ch\/en\/wp-json\/wp\/v2\/users\/12"}],"replies":[{"embeddable":true,"href":"https:\/\/www.laudinella.ch\/en\/wp-json\/wp\/v2\/comments?post=8541"}],"wp:featuredmedia":[{"embeddable":true,"href":"https:\/\/www.laudinella.ch\/en\/wp-json\/wp\/v2\/media\/8542"}],"wp:attachment":[{"href":"https:\/\/www.laudinella.ch\/en\/wp-json\/wp\/v2\/media?parent=8541"}],"wp:term":[{"taxonomy":"post_tag","embeddable":true,"href":"https:\/\/www.laudinella.ch\/en\/wp-json\/wp\/v2\/tags?post=8541"},{"taxonomy":"event_type","embeddable":true,"href":"https:\/\/www.laudinella.ch\/en\/wp-json\/wp\/v2\/event_type?post=8541"},{"taxonomy":"event_type_2","embeddable":true,"href":"https:\/\/www.laudinella.ch\/en\/wp-json\/wp\/v2\/event_type_2?post=8541"}],"curies":[{"name":"wp","href":"https:\/\/api.w.org\/{rel}","templated":true}]}}