{"id":8331,"date":"2020-01-31T17:48:19","date_gmt":"2020-01-31T16:48:19","guid":{"rendered":"https:\/\/www.laudinella.ch\/events\/philosophieren-mit-blick-auf-die-berge\/"},"modified":"2021-09-01T17:16:14","modified_gmt":"2021-09-01T15:16:14","slug":"philosophizing-with-a-view-of-the-mountains","status":"publish","type":"ajde_events","link":"https:\/\/www.laudinella.ch\/en\/events\/philosophieren-mit-blick-auf-die-berge\/","title":{"rendered":"Philosophize with a view of the mountains"},"content":{"rendered":"<p>We call those who are indifferent stoic, those who enjoy themselves epicurean or hedonistic. If we travel in the Mediterranean region, ancient ruins, porticoes or cities are reminiscent of the Epicureans and Stoics, two philosophical schools that arose in the fourth century BC. At first glance, not much seems to have remained. During these philosophy days we will get to know Epicurus and Lucretius as well as representatives of the Stoa such as Epictetus and Seneca and their numerous successors and will discuss to what extent they can continue to help us to deal with the big questions of life.<\/p>\n<p><strong>Course leader<br \/>\n<\/strong>After studying natural sciences, Suzann-Viola Renninger received her doctorate in philosophy from the University of Munich. She currently teaches philosophy, ethics and philosophy of science at the University of Zurich and heads the department of philosophy at the adult education center in Zurich. For several years she has been traveling to the sea for various philosophy weeks. So now also: philosophizing with a view of the mountains. Here, too, a wide view is guaranteed.<\/p>\n<p><strong>target group<\/strong><br \/>\nWould you like to get to know philosophy? Already experienced but want to learn more about the Stoics and Epicureanism? Then this event offers what you are looking for.<\/p>\n<p><strong>Course fee<\/strong><br \/>\nCHF 450.-<\/p>\n<p><strong>Course start:<\/strong> October 7th, 3 p.m<br \/>\n<strong>End of course:<\/strong> October 10, 12 p.m<\/p>\n<p><strong>Registration deadline<\/strong><br \/>\nOctober 06, 2021<\/p>\n<p>If you have any questions about the content, please feel free to contact suzann-viola.renninger@vhszh.ch.<br \/>\nThis course takes place in cooperation with the Adult Education Center in Zurich.<\/p>\n<p><img decoding=\"async\" class=\"alignnone wp-image-11239\" src=\"https:\/\/www.laudinella.ch\/wp-content\/uploads\/2020\/01\/vhszh_logo_text-300x85.png\" alt=\"\" width=\"201\" height=\"57\" srcset=\"https:\/\/www.laudinella.ch\/wp-content\/uploads\/2020\/01\/vhszh_logo_text-300x85.png 300w, https:\/\/www.laudinella.ch\/wp-content\/uploads\/2020\/01\/vhszh_logo_text-768x218.png 768w, https:\/\/www.laudinella.ch\/wp-content\/uploads\/2020\/01\/vhszh_logo_text-700x199.png 700w, https:\/\/www.laudinella.ch\/wp-content\/uploads\/2020\/01\/vhszh_logo_text.png 985w\" sizes=\"(max-width: 201px) 100vw, 201px\" \/><\/p>\n<p><a href=\"https:\/\/www.laudinella.ch\/wp-content\/uploads\/2020\/01\/philosophieren-mit-blick-auf-die-berge-4.pdf\" target=\"_blank\" rel=\"noopener\">Course flyer including room prices<\/a><\/p>\n<p><a href=\"https:\/\/www.laudinella.ch\/en\/workshops\/sign-up\/?kurs=Philosophieren%20mit%20Blick%20auf%20die%20Berge&amp;isMusic=no\"><button class=\"button\">Book<\/button><\/a><\/p>\n<p>Photo: Christof Sonderegger<\/p>","protected":false},"author":12,"featured_media":0,"menu_order":0,"comment_status":"closed","ping_status":"closed","template":"","meta":[],"tags":[120,116,119,122,121],"event_type":[37],"event_type_2":[],"class_list":["post-8331","ajde_events","type-ajde_events","status-publish","hentry","tag-kurs","tag-laudinella-2","tag-philosophie","tag-renninger","tag-workshop","event_location-hotel-reine-victoria","event_type-workshop"],"yoast_head":"<!-- This site is optimized with the Yoast SEO plugin v27.5 - https:\/\/yoast.com\/product\/yoast-seo-wordpress\/ -->\n<title>Philosophieren mit Blick auf die Berge - Laudinella Group St. Moritz<\/title>\n<meta name=\"robots\" content=\"index, follow, max-snippet:-1, max-image-preview:large, max-video-preview:-1\" \/>\n<link rel=\"canonical\" href=\"https:\/\/www.laudinella.ch\/en\/events\/philosophizing-with-a-view-of-the-mountains\/\" \/>\n<meta property=\"og:locale\" content=\"en_GB\" \/>\n<meta property=\"og:type\" content=\"article\" \/>\n<meta property=\"og:title\" content=\"Philosophieren mit Blick auf die Berge - Laudinella Group St. Moritz\" \/>\n<meta property=\"og:description\" content=\"Wer gleichm\u00fctig ist, den nennen wir stoisch, den Genussmenschen epikureisch oder hedonistisch. Reisen wir im Mittelmeerraum, dann erinnern antike Tr\u00fcmmer, S\u00e4ulenhallen oder St\u00e4dte an die Epikureer und Stoiker, zwei philosophische Schulen, die im vierten Jahrhundert vor unserer Zeitrechnung entstanden. Viel scheint auf den ersten Blick nicht geblieben. W\u00e4hrend dieser Philosophietage [...]\" \/>\n<meta property=\"og:url\" content=\"https:\/\/www.laudinella.ch\/en\/events\/philosophizing-with-a-view-of-the-mountains\/\" \/>\n<meta property=\"og:site_name\" content=\"Laudinella Group St. Moritz\" \/>\n<meta property=\"article:modified_time\" content=\"2021-09-01T15:16:14+00:00\" \/>\n<meta property=\"og:image\" content=\"https:\/\/www.laudinella.ch\/wp-content\/uploads\/2020\/01\/copyright-by-engadin-st.-moritz-by-lineswiss-image.chchristof-sonderegger_web.jpg\" \/>\n\t<meta property=\"og:image:width\" content=\"1900\" \/>\n\t<meta property=\"og:image:height\" content=\"1218\" \/>\n\t<meta property=\"og:image:type\" content=\"image\/jpeg\" \/>\n<meta name=\"twitter:card\" content=\"summary_large_image\" \/>\n<script type=\"application\/ld+json\" class=\"yoast-schema-graph\">{\"@context\":\"https:\\\/\\\/schema.org\",\"@graph\":[{\"@type\":\"NewsArticle\",\"@id\":\"https:\\\/\\\/www.laudinella.ch\\\/events\\\/philosophieren-mit-blick-auf-die-berge\\\/#article\",\"isPartOf\":{\"@id\":\"https:\\\/\\\/www.laudinella.ch\\\/events\\\/philosophieren-mit-blick-auf-die-berge\\\/\"},\"author\":{\"name\":\"Nathalie Hanslin\",\"@id\":\"https:\\\/\\\/www.laudinella.ch\\\/en\\\/#\\\/schema\\\/person\\\/8569af0b77879b92e2025ff32181c929\"},\"headline\":\"Philosophieren mit Blick auf die Berge\",\"datePublished\":\"2020-01-31T16:48:19+00:00\",\"dateModified\":\"2021-09-01T15:16:14+00:00\",\"mainEntityOfPage\":{\"@id\":\"https:\\\/\\\/www.laudinella.ch\\\/events\\\/philosophieren-mit-blick-auf-die-berge\\\/\"},\"wordCount\":232,\"publisher\":{\"@id\":\"https:\\\/\\\/www.laudinella.ch\\\/en\\\/#organization\"},\"image\":{\"@id\":\"https:\\\/\\\/www.laudinella.ch\\\/events\\\/philosophieren-mit-blick-auf-die-berge\\\/#primaryimage\"},\"thumbnailUrl\":\"https:\\\/\\\/www.laudinella.ch\\\/wp-content\\\/uploads\\\/2020\\\/01\\\/vhszh_logo_text-300x85.png\",\"keywords\":[\"Kurs\",\"Laudinella\",\"Philosophie\",\"Renninger\",\"Workshop\"],\"inLanguage\":\"en-GB\"},{\"@type\":[\"WebPage\",\"ItemPage\"],\"@id\":\"https:\\\/\\\/www.laudinella.ch\\\/events\\\/philosophieren-mit-blick-auf-die-berge\\\/\",\"url\":\"https:\\\/\\\/www.laudinella.ch\\\/events\\\/philosophieren-mit-blick-auf-die-berge\\\/\",\"name\":\"Philosophieren mit Blick auf die Berge - Laudinella Group St. Moritz\",\"isPartOf\":{\"@id\":\"https:\\\/\\\/www.laudinella.ch\\\/en\\\/#website\"},\"primaryImageOfPage\":{\"@id\":\"https:\\\/\\\/www.laudinella.ch\\\/events\\\/philosophieren-mit-blick-auf-die-berge\\\/#primaryimage\"},\"image\":{\"@id\":\"https:\\\/\\\/www.laudinella.ch\\\/events\\\/philosophieren-mit-blick-auf-die-berge\\\/#primaryimage\"},\"thumbnailUrl\":\"https:\\\/\\\/www.laudinella.ch\\\/wp-content\\\/uploads\\\/2020\\\/01\\\/vhszh_logo_text-300x85.png\",\"datePublished\":\"2020-01-31T16:48:19+00:00\",\"dateModified\":\"2021-09-01T15:16:14+00:00\",\"breadcrumb\":{\"@id\":\"https:\\\/\\\/www.laudinella.ch\\\/events\\\/philosophieren-mit-blick-auf-die-berge\\\/#breadcrumb\"},\"inLanguage\":\"en-GB\",\"potentialAction\":[{\"@type\":\"ReadAction\",\"target\":[\"https:\\\/\\\/www.laudinella.ch\\\/events\\\/philosophieren-mit-blick-auf-die-berge\\\/\"]}]},{\"@type\":\"ImageObject\",\"inLanguage\":\"en-GB\",\"@id\":\"https:\\\/\\\/www.laudinella.ch\\\/events\\\/philosophieren-mit-blick-auf-die-berge\\\/#primaryimage\",\"url\":\"https:\\\/\\\/www.laudinella.ch\\\/wp-content\\\/uploads\\\/2020\\\/01\\\/vhszh_logo_text-300x85.png\",\"contentUrl\":\"https:\\\/\\\/www.laudinella.ch\\\/wp-content\\\/uploads\\\/2020\\\/01\\\/vhszh_logo_text-300x85.png\"},{\"@type\":\"BreadcrumbList\",\"@id\":\"https:\\\/\\\/www.laudinella.ch\\\/events\\\/philosophieren-mit-blick-auf-die-berge\\\/#breadcrumb\",\"itemListElement\":[{\"@type\":\"ListItem\",\"position\":1,\"name\":\"Startseite\",\"item\":\"https:\\\/\\\/www.laudinella.ch\\\/\"},{\"@type\":\"ListItem\",\"position\":2,\"name\":\"Events\",\"item\":\"https:\\\/\\\/www.laudinella.ch\\\/events\\\/\"},{\"@type\":\"ListItem\",\"position\":3,\"name\":\"Hotel Reine Victoria\",\"item\":\"https:\\\/\\\/www.laudinella.ch\\\/event-location\\\/hotel-reine-victoria\\\/\"},{\"@type\":\"ListItem\",\"position\":4,\"name\":\"Philosophieren mit Blick auf die Berge\"}]},{\"@type\":\"WebSite\",\"@id\":\"https:\\\/\\\/www.laudinella.ch\\\/en\\\/#website\",\"url\":\"https:\\\/\\\/www.laudinella.ch\\\/en\\\/\",\"name\":\"Laudinella St. Moritz\",\"description\":\"Sport, Kultur, Kulinarik, Kongresse, Kurse und Natur erleben.\",\"publisher\":{\"@id\":\"https:\\\/\\\/www.laudinella.ch\\\/en\\\/#organization\"},\"potentialAction\":[{\"@type\":\"SearchAction\",\"target\":{\"@type\":\"EntryPoint\",\"urlTemplate\":\"https:\\\/\\\/www.laudinella.ch\\\/en\\\/?s={search_term_string}\"},\"query-input\":{\"@type\":\"PropertyValueSpecification\",\"valueRequired\":true,\"valueName\":\"search_term_string\"}}],\"inLanguage\":\"en-GB\"},{\"@type\":\"Organization\",\"@id\":\"https:\\\/\\\/www.laudinella.ch\\\/en\\\/#organization\",\"name\":\"Laudinella St. Moritz\",\"url\":\"https:\\\/\\\/www.laudinella.ch\\\/en\\\/\",\"logo\":{\"@type\":\"ImageObject\",\"inLanguage\":\"en-GB\",\"@id\":\"https:\\\/\\\/www.laudinella.ch\\\/en\\\/#\\\/schema\\\/logo\\\/image\\\/\",\"url\":\"https:\\\/\\\/www.laudinella.ch\\\/wp-content\\\/uploads\\\/2021\\\/10\\\/laudinella_hotel-group_fav-icon.png\",\"contentUrl\":\"https:\\\/\\\/www.laudinella.ch\\\/wp-content\\\/uploads\\\/2021\\\/10\\\/laudinella_hotel-group_fav-icon.png\",\"width\":512,\"height\":512,\"caption\":\"Laudinella St. Moritz\"},\"image\":{\"@id\":\"https:\\\/\\\/www.laudinella.ch\\\/en\\\/#\\\/schema\\\/logo\\\/image\\\/\"}},{\"@type\":\"Person\",\"@id\":\"https:\\\/\\\/www.laudinella.ch\\\/en\\\/#\\\/schema\\\/person\\\/8569af0b77879b92e2025ff32181c929\",\"name\":\"Nathalie Hanslin\",\"image\":{\"@type\":\"ImageObject\",\"inLanguage\":\"en-GB\",\"@id\":\"https:\\\/\\\/secure.gravatar.com\\\/avatar\\\/026026d755167daa4175498d7a4c71ef1bcfad3a454c2fd3f70377f51a6b80bd?s=96&d=mm&r=g\",\"url\":\"https:\\\/\\\/secure.gravatar.com\\\/avatar\\\/026026d755167daa4175498d7a4c71ef1bcfad3a454c2fd3f70377f51a6b80bd?s=96&d=mm&r=g\",\"contentUrl\":\"https:\\\/\\\/secure.gravatar.com\\\/avatar\\\/026026d755167daa4175498d7a4c71ef1bcfad3a454c2fd3f70377f51a6b80bd?s=96&d=mm&r=g\",\"caption\":\"Nathalie Hanslin\"}}]}<\/script>\n<!-- \/ Yoast SEO plugin. -->","yoast_head_json":{"title":"Philosophizing with a view of the mountains - Laudinella Group St. Moritz","robots":{"index":"index","follow":"follow","max-snippet":"max-snippet:-1","max-image-preview":"max-image-preview:large","max-video-preview":"max-video-preview:-1"},"canonical":"https:\/\/www.laudinella.ch\/en\/events\/philosophizing-with-a-view-of-the-mountains\/","og_locale":"en_GB","og_type":"article","og_title":"Philosophieren mit Blick auf die Berge - Laudinella Group St. Moritz","og_description":"Wer gleichm\u00fctig ist, den nennen wir stoisch, den Genussmenschen epikureisch oder hedonistisch. Reisen wir im Mittelmeerraum, dann erinnern antike Tr\u00fcmmer, S\u00e4ulenhallen oder St\u00e4dte an die Epikureer und Stoiker, zwei philosophische Schulen, die im vierten Jahrhundert vor unserer Zeitrechnung entstanden. Viel scheint auf den ersten Blick nicht geblieben. W\u00e4hrend dieser Philosophietage [...]","og_url":"https:\/\/www.laudinella.ch\/en\/events\/philosophizing-with-a-view-of-the-mountains\/","og_site_name":"Laudinella Group St. Moritz","article_modified_time":"2021-09-01T15:16:14+00:00","og_image":[{"width":1900,"height":1218,"url":"https:\/\/www.laudinella.ch\/wp-content\/uploads\/2020\/01\/copyright-by-engadin-st.-moritz-by-lineswiss-image.chchristof-sonderegger_web.jpg","type":"image\/jpeg"}],"twitter_card":"summary_large_image","schema":{"@context":"https:\/\/schema.org","@graph":[{"@type":"NewsArticle","@id":"https:\/\/www.laudinella.ch\/events\/philosophieren-mit-blick-auf-die-berge\/#article","isPartOf":{"@id":"https:\/\/www.laudinella.ch\/events\/philosophieren-mit-blick-auf-die-berge\/"},"author":{"name":"Nathalie Hanslin","@id":"https:\/\/www.laudinella.ch\/en\/#\/schema\/person\/8569af0b77879b92e2025ff32181c929"},"headline":"Philosophieren mit Blick auf die Berge","datePublished":"2020-01-31T16:48:19+00:00","dateModified":"2021-09-01T15:16:14+00:00","mainEntityOfPage":{"@id":"https:\/\/www.laudinella.ch\/events\/philosophieren-mit-blick-auf-die-berge\/"},"wordCount":232,"publisher":{"@id":"https:\/\/www.laudinella.ch\/en\/#organization"},"image":{"@id":"https:\/\/www.laudinella.ch\/events\/philosophieren-mit-blick-auf-die-berge\/#primaryimage"},"thumbnailUrl":"https:\/\/www.laudinella.ch\/wp-content\/uploads\/2020\/01\/vhszh_logo_text-300x85.png","keywords":["Kurs","Laudinella","Philosophie","Renninger","Workshop"],"inLanguage":"en-GB"},{"@type":["WebPage","ItemPage"],"@id":"https:\/\/www.laudinella.ch\/events\/philosophieren-mit-blick-auf-die-berge\/","url":"https:\/\/www.laudinella.ch\/events\/philosophieren-mit-blick-auf-die-berge\/","name":"Philosophizing with a view of the mountains - Laudinella Group St. Moritz","isPartOf":{"@id":"https:\/\/www.laudinella.ch\/en\/#website"},"primaryImageOfPage":{"@id":"https:\/\/www.laudinella.ch\/events\/philosophieren-mit-blick-auf-die-berge\/#primaryimage"},"image":{"@id":"https:\/\/www.laudinella.ch\/events\/philosophieren-mit-blick-auf-die-berge\/#primaryimage"},"thumbnailUrl":"https:\/\/www.laudinella.ch\/wp-content\/uploads\/2020\/01\/vhszh_logo_text-300x85.png","datePublished":"2020-01-31T16:48:19+00:00","dateModified":"2021-09-01T15:16:14+00:00","breadcrumb":{"@id":"https:\/\/www.laudinella.ch\/events\/philosophieren-mit-blick-auf-die-berge\/#breadcrumb"},"inLanguage":"en-GB","potentialAction":[{"@type":"ReadAction","target":["https:\/\/www.laudinella.ch\/events\/philosophieren-mit-blick-auf-die-berge\/"]}]},{"@type":"ImageObject","inLanguage":"en-GB","@id":"https:\/\/www.laudinella.ch\/events\/philosophieren-mit-blick-auf-die-berge\/#primaryimage","url":"https:\/\/www.laudinella.ch\/wp-content\/uploads\/2020\/01\/vhszh_logo_text-300x85.png","contentUrl":"https:\/\/www.laudinella.ch\/wp-content\/uploads\/2020\/01\/vhszh_logo_text-300x85.png"},{"@type":"BreadcrumbList","@id":"https:\/\/www.laudinella.ch\/events\/philosophieren-mit-blick-auf-die-berge\/#breadcrumb","itemListElement":[{"@type":"ListItem","position":1,"name":"Startseite","item":"https:\/\/www.laudinella.ch\/"},{"@type":"ListItem","position":2,"name":"Events","item":"https:\/\/www.laudinella.ch\/events\/"},{"@type":"ListItem","position":3,"name":"Hotel Reine Victoria","item":"https:\/\/www.laudinella.ch\/event-location\/hotel-reine-victoria\/"},{"@type":"ListItem","position":4,"name":"Philosophieren mit Blick auf die Berge"}]},{"@type":"WebSite","@id":"https:\/\/www.laudinella.ch\/en\/#website","url":"https:\/\/www.laudinella.ch\/en\/","name":"Laudinella St. Moritz","description":"Experience sport, culture, cuisine, congresses, courses and nature.","publisher":{"@id":"https:\/\/www.laudinella.ch\/en\/#organization"},"potentialAction":[{"@type":"SearchAction","target":{"@type":"EntryPoint","urlTemplate":"https:\/\/www.laudinella.ch\/en\/?s={search_term_string}"},"query-input":{"@type":"PropertyValueSpecification","valueRequired":true,"valueName":"search_term_string"}}],"inLanguage":"en-GB"},{"@type":"Organization","@id":"https:\/\/www.laudinella.ch\/en\/#organization","name":"Laudinella St. Moritz","url":"https:\/\/www.laudinella.ch\/en\/","logo":{"@type":"ImageObject","inLanguage":"en-GB","@id":"https:\/\/www.laudinella.ch\/en\/#\/schema\/logo\/image\/","url":"https:\/\/www.laudinella.ch\/wp-content\/uploads\/2021\/10\/laudinella_hotel-group_fav-icon.png","contentUrl":"https:\/\/www.laudinella.ch\/wp-content\/uploads\/2021\/10\/laudinella_hotel-group_fav-icon.png","width":512,"height":512,"caption":"Laudinella St. Moritz"},"image":{"@id":"https:\/\/www.laudinella.ch\/en\/#\/schema\/logo\/image\/"}},{"@type":"Person","@id":"https:\/\/www.laudinella.ch\/en\/#\/schema\/person\/8569af0b77879b92e2025ff32181c929","name":"Nathalie Hanslin","image":{"@type":"ImageObject","inLanguage":"en-GB","@id":"https:\/\/secure.gravatar.com\/avatar\/026026d755167daa4175498d7a4c71ef1bcfad3a454c2fd3f70377f51a6b80bd?s=96&d=mm&r=g","url":"https:\/\/secure.gravatar.com\/avatar\/026026d755167daa4175498d7a4c71ef1bcfad3a454c2fd3f70377f51a6b80bd?s=96&d=mm&r=g","contentUrl":"https:\/\/secure.gravatar.com\/avatar\/026026d755167daa4175498d7a4c71ef1bcfad3a454c2fd3f70377f51a6b80bd?s=96&d=mm&r=g","caption":"Nathalie Hanslin"}}]}},"_links":{"self":[{"href":"https:\/\/www.laudinella.ch\/en\/wp-json\/wp\/v2\/ajde_events\/8331","targetHints":{"allow":["GET"]}}],"collection":[{"href":"https:\/\/www.laudinella.ch\/en\/wp-json\/wp\/v2\/ajde_events"}],"about":[{"href":"https:\/\/www.laudinella.ch\/en\/wp-json\/wp\/v2\/types\/ajde_events"}],"author":[{"embeddable":true,"href":"https:\/\/www.laudinella.ch\/en\/wp-json\/wp\/v2\/users\/12"}],"replies":[{"embeddable":true,"href":"https:\/\/www.laudinella.ch\/en\/wp-json\/wp\/v2\/comments?post=8331"}],"wp:attachment":[{"href":"https:\/\/www.laudinella.ch\/en\/wp-json\/wp\/v2\/media?parent=8331"}],"wp:term":[{"taxonomy":"post_tag","embeddable":true,"href":"https:\/\/www.laudinella.ch\/en\/wp-json\/wp\/v2\/tags?post=8331"},{"taxonomy":"event_type","embeddable":true,"href":"https:\/\/www.laudinella.ch\/en\/wp-json\/wp\/v2\/event_type?post=8331"},{"taxonomy":"event_type_2","embeddable":true,"href":"https:\/\/www.laudinella.ch\/en\/wp-json\/wp\/v2\/event_type_2?post=8331"}],"curies":[{"name":"wp","href":"https:\/\/api.w.org\/{rel}","templated":true}]}}