{"id":38169,"date":"2026-09-01T10:35:51","date_gmt":"2026-09-01T08:35:51","guid":{"rendered":"https:\/\/www.laudinella.ch\/events\/richard-reich-liest-aus-das-falkenschloss\/"},"modified":"2026-09-01T10:46:35","modified_gmt":"2026-09-01T08:46:35","slug":"richard-reich-reads-from-the-falcon-castle","status":"publish","type":"ajde_events","link":"https:\/\/www.laudinella.ch\/en\/events\/richard-reich-liest-aus-das-falkenschloss\/","title":{"rendered":"\u00ab&quot;The Falcon Castle&quot;\u00bb"},"content":{"rendered":"<p class=\"wp-block-paragraph\">Richard Reich was for many years an editor at the Neue Z\u00fcrcher Zeitung (NZZ), a columnist for several NZZ publications as well as for other magazines and Swiss radio. In 1999, he founded and became the first director of the Literaturhaus Z\u00fcrich (Zurich Literature House), and since 2015 he has been co-director of the JULL Young Literature Lab. Richard Reich is also the founder and chairman of the jury for the Over-70s Writing Competition, whose winners spend a week each autumn at the Laudinella Hotel, culminating in a public reading.<\/p>\n\n\n\n<p class=\"wp-block-paragraph\">Following &quot;Ovoland,&quot; &quot;The Garden Center,&quot; &quot;Life Is a Gym,&quot; &quot;Codeword Laudinella,&quot; and &quot;Country Stories,&quot; &quot;The Falcon Castle&quot; is Richard Reich&#039;s sixth book. The novel is set around 1980 in a venerable newspaper building on Falkenstrasse in Zurich. The titular &quot;Falcon Castle&quot; is a fortress of integrity and a bastion of correct spelling. The deeper the city and the world outside\u2014this being the year of the Zurich youth riots\u2014sink into unrest and lawlessness, the more strictly the people at the Falcon Castle insist on correct grammar and good style. This is especially true when chaos also takes hold within the castle walls: The editor-in-chief has died, department heads are missing, interns from reputable families are disappearing without explanation and have to be replaced at short notice, for example by the enigmatic Vola, who writes acceptably but whom no one really knows and no one wants to hire. Luckily, there&#039;s still the Chief Proofreader! In his corner tower, he not only corrects erroneous articles, but also the novel &quot;The Falcon Castle&quot; while you read it\u2026<\/p>\n\n\n\n<p class=\"wp-block-paragraph\"><em>\u00ab&quot;Richard Reich&#039;s novel &#039;The Falcon Castle&#039; is a brilliantly written portrait of the &#039;old aunt&#039; NZZ newspaper in a time when editors still sat like little kings in private offices, dictating their letters and waiting for the mail to be delivered. It&#039;s hard to know what to admire more about the work: the atmospheric density or the well-crafted dialogue, the precise characterization or the slyly comfortable style, the masterful interplay of fact and fiction or the warm humor.&quot;\u2018<\/em> <br>Manfred Papst<\/p>\n\n\n\n<p class=\"wp-block-paragraph\">\u00a0\u00a0\u00a0\u00a0\u00a0\u00a0\u00a0\u00a0\u00a0\u00a0\u00a0\u00a0\u00a0\u00a0\u00a0\u00a0\u00a0\u00a0\u00a0\u00a0\u00a0\u00a0\u00a0\u00a0\u00a0\u00a0\u00a0\u00a0\u00a0\u00a0\u00a0\u00a0\u00a0\u00a0\u00a0\u00a0\u00a0<\/p>\n\n\n\n<p class=\"wp-block-paragraph\">free entry<\/p>\n\n\n\n<p class=\"wp-block-paragraph\"><\/p>\n\n\n\n<p class=\"wp-block-paragraph\"><span style=\"font-family: MetaPlusNormal-Roman;\"> <\/span><\/p>\n\n\n\n<p class=\"wp-block-paragraph\">&nbsp;<\/p>","protected":false},"author":28,"featured_media":38170,"menu_order":0,"comment_status":"closed","ping_status":"closed","template":"","meta":[],"tags":[],"event_type":[43],"event_type_2":[],"class_list":["post-38169","ajde_events","type-ajde_events","status-publish","has-post-thumbnail","hentry","event_location-saal-languard-hotel-laudinella","event_type-veranstaltung"],"yoast_head":"<!-- This site is optimized with the Yoast SEO plugin v28.3 - https:\/\/yoast.com\/product\/yoast-seo-wordpress\/ -->\n<title>\u00abDas Falkenschloss\u00bb - Laudinella Group St. Moritz<\/title>\n<meta name=\"robots\" content=\"index, follow, max-snippet:-1, max-image-preview:large, max-video-preview:-1\" \/>\n<link rel=\"canonical\" href=\"https:\/\/www.laudinella.ch\/en\/events\/richard-reich-reads-from-the-falcon-castle\/\" \/>\n<meta property=\"og:locale\" content=\"en_GB\" \/>\n<meta property=\"og:type\" content=\"article\" \/>\n<meta property=\"og:title\" content=\"\u00abDas Falkenschloss\u00bb - Laudinella Group St. Moritz\" \/>\n<meta property=\"og:description\" content=\"Richard Reich war lange Jahre Redaktor der \u00abNeuen Z\u00fcrcher Zeitung\u00bb, Kolumnist mehrerer NZZ-Titel sowie f\u00fcr weitere Magazine und das Schweizer Radio. 1999 war er Gr\u00fcnder und erster Leiter des Literaturhauses Z\u00fcrich, seit 2015 ist er Co-Leiter des Jungen Literaturlabors JULL. Und Richard Reich ist Gr\u00fcnder und Jury-Vorsitzender des Schreibwettbewerbs \u00dc70, [...]\" \/>\n<meta property=\"og:url\" content=\"https:\/\/www.laudinella.ch\/en\/events\/richard-reich-reads-from-the-falcon-castle\/\" \/>\n<meta property=\"og:site_name\" content=\"Laudinella Group St. Moritz\" \/>\n<meta property=\"article:modified_time\" content=\"2026-09-01T08:46:35+00:00\" \/>\n<meta property=\"og:image\" content=\"https:\/\/www.laudinella.ch\/wp-content\/uploads\/2026\/09\/RR_byLeaDellaZassa_quer-scaled.jpg\" \/>\n\t<meta property=\"og:image:width\" content=\"2560\" \/>\n\t<meta property=\"og:image:height\" content=\"1752\" \/>\n\t<meta property=\"og:image:type\" content=\"image\/jpeg\" \/>\n<meta name=\"twitter:card\" content=\"summary_large_image\" \/>\n<script type=\"application\/ld+json\" class=\"yoast-schema-graph\">{\"@context\":\"https:\\\/\\\/schema.org\",\"@graph\":[{\"@type\":\"NewsArticle\",\"@id\":\"https:\\\/\\\/www.laudinella.ch\\\/events\\\/richard-reich-liest-aus-das-falkenschloss\\\/#article\",\"isPartOf\":{\"@id\":\"https:\\\/\\\/www.laudinella.ch\\\/events\\\/richard-reich-liest-aus-das-falkenschloss\\\/\"},\"author\":{\"name\":\"Franca Chiesa\",\"@id\":\"https:\\\/\\\/www.laudinella.ch\\\/en\\\/#\\\/schema\\\/person\\\/f1a5b9ec6f06452e4887178809bcae03\"},\"headline\":\"\u00abDas Falkenschloss\u00bb\",\"datePublished\":\"2026-09-01T08:35:51+00:00\",\"dateModified\":\"2026-09-01T08:46:35+00:00\",\"mainEntityOfPage\":{\"@id\":\"https:\\\/\\\/www.laudinella.ch\\\/events\\\/richard-reich-liest-aus-das-falkenschloss\\\/\"},\"wordCount\":328,\"publisher\":{\"@id\":\"https:\\\/\\\/www.laudinella.ch\\\/en\\\/#organization\"},\"image\":{\"@id\":\"https:\\\/\\\/www.laudinella.ch\\\/events\\\/richard-reich-liest-aus-das-falkenschloss\\\/#primaryimage\"},\"thumbnailUrl\":\"https:\\\/\\\/www.laudinella.ch\\\/wp-content\\\/uploads\\\/2026\\\/09\\\/RR_byLeaDellaZassa_quer-scaled.jpg\",\"inLanguage\":\"en-GB\"},{\"@type\":[\"WebPage\",\"ItemPage\"],\"@id\":\"https:\\\/\\\/www.laudinella.ch\\\/events\\\/richard-reich-liest-aus-das-falkenschloss\\\/\",\"url\":\"https:\\\/\\\/www.laudinella.ch\\\/events\\\/richard-reich-liest-aus-das-falkenschloss\\\/\",\"name\":\"\u00abDas Falkenschloss\u00bb - Laudinella Group St. Moritz\",\"isPartOf\":{\"@id\":\"https:\\\/\\\/www.laudinella.ch\\\/en\\\/#website\"},\"primaryImageOfPage\":{\"@id\":\"https:\\\/\\\/www.laudinella.ch\\\/events\\\/richard-reich-liest-aus-das-falkenschloss\\\/#primaryimage\"},\"image\":{\"@id\":\"https:\\\/\\\/www.laudinella.ch\\\/events\\\/richard-reich-liest-aus-das-falkenschloss\\\/#primaryimage\"},\"thumbnailUrl\":\"https:\\\/\\\/www.laudinella.ch\\\/wp-content\\\/uploads\\\/2026\\\/09\\\/RR_byLeaDellaZassa_quer-scaled.jpg\",\"datePublished\":\"2026-09-01T08:35:51+00:00\",\"dateModified\":\"2026-09-01T08:46:35+00:00\",\"breadcrumb\":{\"@id\":\"https:\\\/\\\/www.laudinella.ch\\\/events\\\/richard-reich-liest-aus-das-falkenschloss\\\/#breadcrumb\"},\"inLanguage\":\"en-GB\",\"potentialAction\":[{\"@type\":\"ReadAction\",\"target\":[\"https:\\\/\\\/www.laudinella.ch\\\/events\\\/richard-reich-liest-aus-das-falkenschloss\\\/\"]}]},{\"@type\":\"ImageObject\",\"inLanguage\":\"en-GB\",\"@id\":\"https:\\\/\\\/www.laudinella.ch\\\/events\\\/richard-reich-liest-aus-das-falkenschloss\\\/#primaryimage\",\"url\":\"https:\\\/\\\/www.laudinella.ch\\\/wp-content\\\/uploads\\\/2026\\\/09\\\/RR_byLeaDellaZassa_quer-scaled.jpg\",\"contentUrl\":\"https:\\\/\\\/www.laudinella.ch\\\/wp-content\\\/uploads\\\/2026\\\/09\\\/RR_byLeaDellaZassa_quer-scaled.jpg\",\"width\":2560,\"height\":1752},{\"@type\":\"BreadcrumbList\",\"@id\":\"https:\\\/\\\/www.laudinella.ch\\\/events\\\/richard-reich-liest-aus-das-falkenschloss\\\/#breadcrumb\",\"itemListElement\":[{\"@type\":\"ListItem\",\"position\":1,\"name\":\"Startseite\",\"item\":\"https:\\\/\\\/www.laudinella.ch\\\/\"},{\"@type\":\"ListItem\",\"position\":2,\"name\":\"Events\",\"item\":\"https:\\\/\\\/www.laudinella.ch\\\/events\\\/\"},{\"@type\":\"ListItem\",\"position\":3,\"name\":\"Saal Languard, Hotel Laudinella\",\"item\":\"https:\\\/\\\/www.laudinella.ch\\\/event-location\\\/saal-languard-hotel-laudinella\\\/\"},{\"@type\":\"ListItem\",\"position\":4,\"name\":\"\u00abDas Falkenschloss\u00bb\"}]},{\"@type\":\"WebSite\",\"@id\":\"https:\\\/\\\/www.laudinella.ch\\\/en\\\/#website\",\"url\":\"https:\\\/\\\/www.laudinella.ch\\\/en\\\/\",\"name\":\"Laudinella St. Moritz\",\"description\":\"Sport, Kultur, Kulinarik, Kongresse, Kurse und Natur erleben.\",\"publisher\":{\"@id\":\"https:\\\/\\\/www.laudinella.ch\\\/en\\\/#organization\"},\"potentialAction\":[{\"@type\":\"SearchAction\",\"target\":{\"@type\":\"EntryPoint\",\"urlTemplate\":\"https:\\\/\\\/www.laudinella.ch\\\/en\\\/?s={search_term_string}\"},\"query-input\":{\"@type\":\"PropertyValueSpecification\",\"valueRequired\":true,\"valueName\":\"search_term_string\"}}],\"inLanguage\":\"en-GB\"},{\"@type\":\"Organization\",\"@id\":\"https:\\\/\\\/www.laudinella.ch\\\/en\\\/#organization\",\"name\":\"Laudinella St. Moritz\",\"url\":\"https:\\\/\\\/www.laudinella.ch\\\/en\\\/\",\"logo\":{\"@type\":\"ImageObject\",\"inLanguage\":\"en-GB\",\"@id\":\"https:\\\/\\\/www.laudinella.ch\\\/en\\\/#\\\/schema\\\/logo\\\/image\\\/\",\"url\":\"https:\\\/\\\/www.laudinella.ch\\\/wp-content\\\/uploads\\\/2021\\\/10\\\/laudinella_hotel-group_fav-icon.png\",\"contentUrl\":\"https:\\\/\\\/www.laudinella.ch\\\/wp-content\\\/uploads\\\/2021\\\/10\\\/laudinella_hotel-group_fav-icon.png\",\"width\":512,\"height\":512,\"caption\":\"Laudinella St. Moritz\"},\"image\":{\"@id\":\"https:\\\/\\\/www.laudinella.ch\\\/en\\\/#\\\/schema\\\/logo\\\/image\\\/\"}},{\"@type\":\"Person\",\"@id\":\"https:\\\/\\\/www.laudinella.ch\\\/en\\\/#\\\/schema\\\/person\\\/f1a5b9ec6f06452e4887178809bcae03\",\"name\":\"Franca Chiesa\",\"image\":{\"@type\":\"ImageObject\",\"inLanguage\":\"en-GB\",\"@id\":\"https:\\\/\\\/secure.gravatar.com\\\/avatar\\\/69026dcfb209806eaeb8e18ffe48cb8ef626ac89da75292a7e3c97a1f1ec1ca6?s=96&d=mm&r=g\",\"url\":\"https:\\\/\\\/secure.gravatar.com\\\/avatar\\\/69026dcfb209806eaeb8e18ffe48cb8ef626ac89da75292a7e3c97a1f1ec1ca6?s=96&d=mm&r=g\",\"contentUrl\":\"https:\\\/\\\/secure.gravatar.com\\\/avatar\\\/69026dcfb209806eaeb8e18ffe48cb8ef626ac89da75292a7e3c97a1f1ec1ca6?s=96&d=mm&r=g\",\"caption\":\"Franca Chiesa\"}}]}<\/script>\n<!-- \/ Yoast SEO plugin. -->","yoast_head_json":{"title":"\u00ab&quot;The Falcon Castle&quot; - Laudinella Group St. Moritz","robots":{"index":"index","follow":"follow","max-snippet":"max-snippet:-1","max-image-preview":"max-image-preview:large","max-video-preview":"max-video-preview:-1"},"canonical":"https:\/\/www.laudinella.ch\/en\/events\/richard-reich-reads-from-the-falcon-castle\/","og_locale":"en_GB","og_type":"article","og_title":"\u00abDas Falkenschloss\u00bb - Laudinella Group St. Moritz","og_description":"Richard Reich war lange Jahre Redaktor der \u00abNeuen Z\u00fcrcher Zeitung\u00bb, Kolumnist mehrerer NZZ-Titel sowie f\u00fcr weitere Magazine und das Schweizer Radio. 1999 war er Gr\u00fcnder und erster Leiter des Literaturhauses Z\u00fcrich, seit 2015 ist er Co-Leiter des Jungen Literaturlabors JULL. Und Richard Reich ist Gr\u00fcnder und Jury-Vorsitzender des Schreibwettbewerbs \u00dc70, [...]","og_url":"https:\/\/www.laudinella.ch\/en\/events\/richard-reich-reads-from-the-falcon-castle\/","og_site_name":"Laudinella Group St. Moritz","article_modified_time":"2026-09-01T08:46:35+00:00","og_image":[{"width":2560,"height":1752,"url":"https:\/\/www.laudinella.ch\/wp-content\/uploads\/2026\/09\/RR_byLeaDellaZassa_quer-scaled.jpg","type":"image\/jpeg"}],"twitter_card":"summary_large_image","schema":{"@context":"https:\/\/schema.org","@graph":[{"@type":"NewsArticle","@id":"https:\/\/www.laudinella.ch\/events\/richard-reich-liest-aus-das-falkenschloss\/#article","isPartOf":{"@id":"https:\/\/www.laudinella.ch\/events\/richard-reich-liest-aus-das-falkenschloss\/"},"author":{"name":"Franca Chiesa","@id":"https:\/\/www.laudinella.ch\/en\/#\/schema\/person\/f1a5b9ec6f06452e4887178809bcae03"},"headline":"\u00abDas Falkenschloss\u00bb","datePublished":"2026-09-01T08:35:51+00:00","dateModified":"2026-09-01T08:46:35+00:00","mainEntityOfPage":{"@id":"https:\/\/www.laudinella.ch\/events\/richard-reich-liest-aus-das-falkenschloss\/"},"wordCount":328,"publisher":{"@id":"https:\/\/www.laudinella.ch\/en\/#organization"},"image":{"@id":"https:\/\/www.laudinella.ch\/events\/richard-reich-liest-aus-das-falkenschloss\/#primaryimage"},"thumbnailUrl":"https:\/\/www.laudinella.ch\/wp-content\/uploads\/2026\/09\/RR_byLeaDellaZassa_quer-scaled.jpg","inLanguage":"en-GB"},{"@type":["WebPage","ItemPage"],"@id":"https:\/\/www.laudinella.ch\/events\/richard-reich-liest-aus-das-falkenschloss\/","url":"https:\/\/www.laudinella.ch\/events\/richard-reich-liest-aus-das-falkenschloss\/","name":"\u00ab&quot;The Falcon Castle&quot; - Laudinella Group St. Moritz","isPartOf":{"@id":"https:\/\/www.laudinella.ch\/en\/#website"},"primaryImageOfPage":{"@id":"https:\/\/www.laudinella.ch\/events\/richard-reich-liest-aus-das-falkenschloss\/#primaryimage"},"image":{"@id":"https:\/\/www.laudinella.ch\/events\/richard-reich-liest-aus-das-falkenschloss\/#primaryimage"},"thumbnailUrl":"https:\/\/www.laudinella.ch\/wp-content\/uploads\/2026\/09\/RR_byLeaDellaZassa_quer-scaled.jpg","datePublished":"2026-09-01T08:35:51+00:00","dateModified":"2026-09-01T08:46:35+00:00","breadcrumb":{"@id":"https:\/\/www.laudinella.ch\/events\/richard-reich-liest-aus-das-falkenschloss\/#breadcrumb"},"inLanguage":"en-GB","potentialAction":[{"@type":"ReadAction","target":["https:\/\/www.laudinella.ch\/events\/richard-reich-liest-aus-das-falkenschloss\/"]}]},{"@type":"ImageObject","inLanguage":"en-GB","@id":"https:\/\/www.laudinella.ch\/events\/richard-reich-liest-aus-das-falkenschloss\/#primaryimage","url":"https:\/\/www.laudinella.ch\/wp-content\/uploads\/2026\/09\/RR_byLeaDellaZassa_quer-scaled.jpg","contentUrl":"https:\/\/www.laudinella.ch\/wp-content\/uploads\/2026\/09\/RR_byLeaDellaZassa_quer-scaled.jpg","width":2560,"height":1752},{"@type":"BreadcrumbList","@id":"https:\/\/www.laudinella.ch\/events\/richard-reich-liest-aus-das-falkenschloss\/#breadcrumb","itemListElement":[{"@type":"ListItem","position":1,"name":"Startseite","item":"https:\/\/www.laudinella.ch\/"},{"@type":"ListItem","position":2,"name":"Events","item":"https:\/\/www.laudinella.ch\/events\/"},{"@type":"ListItem","position":3,"name":"Saal Languard, Hotel Laudinella","item":"https:\/\/www.laudinella.ch\/event-location\/saal-languard-hotel-laudinella\/"},{"@type":"ListItem","position":4,"name":"\u00abDas Falkenschloss\u00bb"}]},{"@type":"WebSite","@id":"https:\/\/www.laudinella.ch\/en\/#website","url":"https:\/\/www.laudinella.ch\/en\/","name":"Laudinella St. Moritz","description":"Experience sport, culture, cuisine, congresses, courses and nature.","publisher":{"@id":"https:\/\/www.laudinella.ch\/en\/#organization"},"potentialAction":[{"@type":"SearchAction","target":{"@type":"EntryPoint","urlTemplate":"https:\/\/www.laudinella.ch\/en\/?s={search_term_string}"},"query-input":{"@type":"PropertyValueSpecification","valueRequired":true,"valueName":"search_term_string"}}],"inLanguage":"en-GB"},{"@type":"Organization","@id":"https:\/\/www.laudinella.ch\/en\/#organization","name":"Laudinella St. Moritz","url":"https:\/\/www.laudinella.ch\/en\/","logo":{"@type":"ImageObject","inLanguage":"en-GB","@id":"https:\/\/www.laudinella.ch\/en\/#\/schema\/logo\/image\/","url":"https:\/\/www.laudinella.ch\/wp-content\/uploads\/2021\/10\/laudinella_hotel-group_fav-icon.png","contentUrl":"https:\/\/www.laudinella.ch\/wp-content\/uploads\/2021\/10\/laudinella_hotel-group_fav-icon.png","width":512,"height":512,"caption":"Laudinella St. Moritz"},"image":{"@id":"https:\/\/www.laudinella.ch\/en\/#\/schema\/logo\/image\/"}},{"@type":"Person","@id":"https:\/\/www.laudinella.ch\/en\/#\/schema\/person\/f1a5b9ec6f06452e4887178809bcae03","name":"Franca Chiesa","image":{"@type":"ImageObject","inLanguage":"en-GB","@id":"https:\/\/secure.gravatar.com\/avatar\/69026dcfb209806eaeb8e18ffe48cb8ef626ac89da75292a7e3c97a1f1ec1ca6?s=96&d=mm&r=g","url":"https:\/\/secure.gravatar.com\/avatar\/69026dcfb209806eaeb8e18ffe48cb8ef626ac89da75292a7e3c97a1f1ec1ca6?s=96&d=mm&r=g","contentUrl":"https:\/\/secure.gravatar.com\/avatar\/69026dcfb209806eaeb8e18ffe48cb8ef626ac89da75292a7e3c97a1f1ec1ca6?s=96&d=mm&r=g","caption":"Franca Chiesa"}}]}},"_links":{"self":[{"href":"https:\/\/www.laudinella.ch\/en\/wp-json\/wp\/v2\/ajde_events\/38169","targetHints":{"allow":["GET"]}}],"collection":[{"href":"https:\/\/www.laudinella.ch\/en\/wp-json\/wp\/v2\/ajde_events"}],"about":[{"href":"https:\/\/www.laudinella.ch\/en\/wp-json\/wp\/v2\/types\/ajde_events"}],"author":[{"embeddable":true,"href":"https:\/\/www.laudinella.ch\/en\/wp-json\/wp\/v2\/users\/28"}],"replies":[{"embeddable":true,"href":"https:\/\/www.laudinella.ch\/en\/wp-json\/wp\/v2\/comments?post=38169"}],"wp:featuredmedia":[{"embeddable":true,"href":"https:\/\/www.laudinella.ch\/en\/wp-json\/wp\/v2\/media\/38170"}],"wp:attachment":[{"href":"https:\/\/www.laudinella.ch\/en\/wp-json\/wp\/v2\/media?parent=38169"}],"wp:term":[{"taxonomy":"post_tag","embeddable":true,"href":"https:\/\/www.laudinella.ch\/en\/wp-json\/wp\/v2\/tags?post=38169"},{"taxonomy":"event_type","embeddable":true,"href":"https:\/\/www.laudinella.ch\/en\/wp-json\/wp\/v2\/event_type?post=38169"},{"taxonomy":"event_type_2","embeddable":true,"href":"https:\/\/www.laudinella.ch\/en\/wp-json\/wp\/v2\/event_type_2?post=38169"}],"curies":[{"name":"wp","href":"https:\/\/api.w.org\/{rel}","templated":true}]}}