{"id":37375,"date":"2026-03-13T18:18:49","date_gmt":"2026-03-13T17:18:49","guid":{"rendered":"https:\/\/www.laudinella.ch\/?post_type=ajde_events&#038;p=37375"},"modified":"2026-03-13T18:29:18","modified_gmt":"2026-03-13T17:29:18","slug":"open-doors-engadin-hotel-reine-victoria","status":"publish","type":"ajde_events","link":"https:\/\/www.laudinella.ch\/en\/events\/open-doors-engadin-hotel-reine-victoria\/","title":{"rendered":"Open Doors Engadin \u2013 Hotel Reine Victoria"},"content":{"rendered":"<p>The historical\u00a0<strong>Hotel Reine Victoria<\/strong>\u00a0opens as part of\u00a0<strong>Open Doors Engadin<\/strong>\u00a0its doors to visitors. Between\u00a0<strong>10:00 and 16:00<\/strong>\u00a0The house is accessible and guided tours take place regularly, organized by Open Doors with Franca Chiesa, the cultural manager of the Laudinella Group.<\/p>\n\n\n\n<p>The tour covers numerous areas of the hotel, including the public spaces such as\u00a0<strong>Vic&#039;s Bar, Brasserie, Lobby<\/strong>.<\/p>\n\n\n\n<p><strong>Guided tours each<\/strong>Saturday and Sunday<br>10:00 a.m.<br>11:00 AM<br>2 p.m.<br>3 p.m.<\/p>\n\n\n\n<p><strong>Participation is only possible with registration via Open Doors. <a href=\"https:\/\/opendoors-engadin.org\/orte\/hotel-reine-victoria-st-moritz-2025\/\">Website<\/a>.<\/strong><\/p>\n\n\n\n<p>Free admission<\/p>\n\n\n\n<p><\/p>\n\n\n\n<p><\/p>","protected":false},"author":29,"featured_media":383,"menu_order":0,"comment_status":"closed","ping_status":"closed","template":"","meta":[],"tags":[471,470],"event_type":[43],"event_type_2":[],"class_list":["post-37375","ajde_events","type-ajde_events","status-publish","has-post-thumbnail","hentry","tag-hotel-reine-victoria","tag-open-doors-engadin","event_location-hotel-reine-victoria","event_type-veranstaltung"],"yoast_head":"<!-- This site is optimized with the Yoast SEO plugin v27.5 - https:\/\/yoast.com\/product\/yoast-seo-wordpress\/ -->\n<title>Open Doors Engadin - Hotel Reine Victoria - Laudinella Group St. Moritz<\/title>\n<meta name=\"robots\" content=\"index, follow, max-snippet:-1, max-image-preview:large, max-video-preview:-1\" \/>\n<link rel=\"canonical\" href=\"https:\/\/www.laudinella.ch\/en\/events\/open-doors-engadin-hotel-reine-victoria\/\" \/>\n<meta property=\"og:locale\" content=\"en_GB\" \/>\n<meta property=\"og:type\" content=\"article\" \/>\n<meta property=\"og:title\" content=\"Open Doors Engadin - Hotel Reine Victoria - Laudinella Group St. Moritz\" \/>\n<meta property=\"og:description\" content=\"Das historische\u00a0Hotel Reine Victoria\u00a0\u00f6ffnet im Rahmen von\u00a0Open Doors Engadin\u00a0seine T\u00fcren f\u00fcr Besucherinnen und Besucher. Zwischen\u00a010.00 und 16.00 Uhr\u00a0ist das Haus zug\u00e4nglich und es finden regelm\u00e4ssig gef\u00fchrte Rundg\u00e4nge statt, organisiert von Open Doors mit der Kulturverantwortlichen der Laudinella Group Franca Chiesa.  Die Besichtigung umfasst zahlreiche Bereiche des Hotels, darunter die \u00f6ffentlichen R\u00e4ume [...]\" \/>\n<meta property=\"og:url\" content=\"https:\/\/www.laudinella.ch\/en\/events\/open-doors-engadin-hotel-reine-victoria\/\" \/>\n<meta property=\"og:site_name\" content=\"Laudinella Group St. Moritz\" \/>\n<meta property=\"article:modified_time\" content=\"2026-03-13T17:29:18+00:00\" \/>\n<meta property=\"og:image\" content=\"https:\/\/www.laudinella.ch\/wp-content\/uploads\/2018\/09\/hot_spot_hotel-reine-victoria.jpg\" \/>\n\t<meta property=\"og:image:width\" content=\"500\" \/>\n\t<meta property=\"og:image:height\" content=\"300\" \/>\n\t<meta property=\"og:image:type\" content=\"image\/jpeg\" \/>\n<meta name=\"twitter:card\" content=\"summary_large_image\" \/>\n<script type=\"application\/ld+json\" class=\"yoast-schema-graph\">{\"@context\":\"https:\\\/\\\/schema.org\",\"@graph\":[{\"@type\":\"NewsArticle\",\"@id\":\"https:\\\/\\\/www.laudinella.ch\\\/events\\\/open-doors-engadin-hotel-reine-victoria\\\/#article\",\"isPartOf\":{\"@id\":\"https:\\\/\\\/www.laudinella.ch\\\/events\\\/open-doors-engadin-hotel-reine-victoria\\\/\"},\"author\":{\"name\":\"Cinzia Regensburger\",\"@id\":\"https:\\\/\\\/www.laudinella.ch\\\/en\\\/#\\\/schema\\\/person\\\/b24e0e8273c171952238119e765d7de2\"},\"headline\":\"Open Doors Engadin &#8211; Hotel Reine Victoria\",\"datePublished\":\"2026-03-13T17:18:49+00:00\",\"dateModified\":\"2026-03-13T17:29:18+00:00\",\"mainEntityOfPage\":{\"@id\":\"https:\\\/\\\/www.laudinella.ch\\\/events\\\/open-doors-engadin-hotel-reine-victoria\\\/\"},\"wordCount\":96,\"publisher\":{\"@id\":\"https:\\\/\\\/www.laudinella.ch\\\/en\\\/#organization\"},\"image\":{\"@id\":\"https:\\\/\\\/www.laudinella.ch\\\/events\\\/open-doors-engadin-hotel-reine-victoria\\\/#primaryimage\"},\"thumbnailUrl\":\"https:\\\/\\\/www.laudinella.ch\\\/wp-content\\\/uploads\\\/2018\\\/09\\\/hot_spot_hotel-reine-victoria.jpg\",\"keywords\":[\"Hotel Reine Victoria\",\"Open Doors Engadin\"],\"inLanguage\":\"en-GB\"},{\"@type\":[\"WebPage\",\"ItemPage\"],\"@id\":\"https:\\\/\\\/www.laudinella.ch\\\/events\\\/open-doors-engadin-hotel-reine-victoria\\\/\",\"url\":\"https:\\\/\\\/www.laudinella.ch\\\/events\\\/open-doors-engadin-hotel-reine-victoria\\\/\",\"name\":\"Open Doors Engadin - Hotel Reine Victoria - Laudinella Group St. Moritz\",\"isPartOf\":{\"@id\":\"https:\\\/\\\/www.laudinella.ch\\\/en\\\/#website\"},\"primaryImageOfPage\":{\"@id\":\"https:\\\/\\\/www.laudinella.ch\\\/events\\\/open-doors-engadin-hotel-reine-victoria\\\/#primaryimage\"},\"image\":{\"@id\":\"https:\\\/\\\/www.laudinella.ch\\\/events\\\/open-doors-engadin-hotel-reine-victoria\\\/#primaryimage\"},\"thumbnailUrl\":\"https:\\\/\\\/www.laudinella.ch\\\/wp-content\\\/uploads\\\/2018\\\/09\\\/hot_spot_hotel-reine-victoria.jpg\",\"datePublished\":\"2026-03-13T17:18:49+00:00\",\"dateModified\":\"2026-03-13T17:29:18+00:00\",\"breadcrumb\":{\"@id\":\"https:\\\/\\\/www.laudinella.ch\\\/events\\\/open-doors-engadin-hotel-reine-victoria\\\/#breadcrumb\"},\"inLanguage\":\"en-GB\",\"potentialAction\":[{\"@type\":\"ReadAction\",\"target\":[\"https:\\\/\\\/www.laudinella.ch\\\/events\\\/open-doors-engadin-hotel-reine-victoria\\\/\"]}]},{\"@type\":\"ImageObject\",\"inLanguage\":\"en-GB\",\"@id\":\"https:\\\/\\\/www.laudinella.ch\\\/events\\\/open-doors-engadin-hotel-reine-victoria\\\/#primaryimage\",\"url\":\"https:\\\/\\\/www.laudinella.ch\\\/wp-content\\\/uploads\\\/2018\\\/09\\\/hot_spot_hotel-reine-victoria.jpg\",\"contentUrl\":\"https:\\\/\\\/www.laudinella.ch\\\/wp-content\\\/uploads\\\/2018\\\/09\\\/hot_spot_hotel-reine-victoria.jpg\",\"width\":500,\"height\":300},{\"@type\":\"BreadcrumbList\",\"@id\":\"https:\\\/\\\/www.laudinella.ch\\\/events\\\/open-doors-engadin-hotel-reine-victoria\\\/#breadcrumb\",\"itemListElement\":[{\"@type\":\"ListItem\",\"position\":1,\"name\":\"Startseite\",\"item\":\"https:\\\/\\\/www.laudinella.ch\\\/\"},{\"@type\":\"ListItem\",\"position\":2,\"name\":\"Events\",\"item\":\"https:\\\/\\\/www.laudinella.ch\\\/events\\\/\"},{\"@type\":\"ListItem\",\"position\":3,\"name\":\"Hotel Reine Victoria\",\"item\":\"https:\\\/\\\/www.laudinella.ch\\\/event-location\\\/hotel-reine-victoria\\\/\"},{\"@type\":\"ListItem\",\"position\":4,\"name\":\"Open Doors Engadin &#8211; Hotel Reine Victoria\"}]},{\"@type\":\"WebSite\",\"@id\":\"https:\\\/\\\/www.laudinella.ch\\\/en\\\/#website\",\"url\":\"https:\\\/\\\/www.laudinella.ch\\\/en\\\/\",\"name\":\"Laudinella St. Moritz\",\"description\":\"Sport, Kultur, Kulinarik, Kongresse, Kurse und Natur erleben.\",\"publisher\":{\"@id\":\"https:\\\/\\\/www.laudinella.ch\\\/en\\\/#organization\"},\"potentialAction\":[{\"@type\":\"SearchAction\",\"target\":{\"@type\":\"EntryPoint\",\"urlTemplate\":\"https:\\\/\\\/www.laudinella.ch\\\/en\\\/?s={search_term_string}\"},\"query-input\":{\"@type\":\"PropertyValueSpecification\",\"valueRequired\":true,\"valueName\":\"search_term_string\"}}],\"inLanguage\":\"en-GB\"},{\"@type\":\"Organization\",\"@id\":\"https:\\\/\\\/www.laudinella.ch\\\/en\\\/#organization\",\"name\":\"Laudinella St. Moritz\",\"url\":\"https:\\\/\\\/www.laudinella.ch\\\/en\\\/\",\"logo\":{\"@type\":\"ImageObject\",\"inLanguage\":\"en-GB\",\"@id\":\"https:\\\/\\\/www.laudinella.ch\\\/en\\\/#\\\/schema\\\/logo\\\/image\\\/\",\"url\":\"https:\\\/\\\/www.laudinella.ch\\\/wp-content\\\/uploads\\\/2021\\\/10\\\/laudinella_hotel-group_fav-icon.png\",\"contentUrl\":\"https:\\\/\\\/www.laudinella.ch\\\/wp-content\\\/uploads\\\/2021\\\/10\\\/laudinella_hotel-group_fav-icon.png\",\"width\":512,\"height\":512,\"caption\":\"Laudinella St. Moritz\"},\"image\":{\"@id\":\"https:\\\/\\\/www.laudinella.ch\\\/en\\\/#\\\/schema\\\/logo\\\/image\\\/\"}},{\"@type\":\"Person\",\"@id\":\"https:\\\/\\\/www.laudinella.ch\\\/en\\\/#\\\/schema\\\/person\\\/b24e0e8273c171952238119e765d7de2\",\"name\":\"Cinzia Regensburger\",\"image\":{\"@type\":\"ImageObject\",\"inLanguage\":\"en-GB\",\"@id\":\"https:\\\/\\\/secure.gravatar.com\\\/avatar\\\/1dcbac1d07cb5929fe166728ec0044277dfc5a4bb22d93640c6ad28adcd06608?s=96&d=mm&r=g\",\"url\":\"https:\\\/\\\/secure.gravatar.com\\\/avatar\\\/1dcbac1d07cb5929fe166728ec0044277dfc5a4bb22d93640c6ad28adcd06608?s=96&d=mm&r=g\",\"contentUrl\":\"https:\\\/\\\/secure.gravatar.com\\\/avatar\\\/1dcbac1d07cb5929fe166728ec0044277dfc5a4bb22d93640c6ad28adcd06608?s=96&d=mm&r=g\",\"caption\":\"Cinzia Regensburger\"}}]}<\/script>\n<!-- \/ Yoast SEO plugin. -->","yoast_head_json":{"title":"Open Doors Engadin - Hotel Reine Victoria - Laudinella Group St. Moritz","robots":{"index":"index","follow":"follow","max-snippet":"max-snippet:-1","max-image-preview":"max-image-preview:large","max-video-preview":"max-video-preview:-1"},"canonical":"https:\/\/www.laudinella.ch\/en\/events\/open-doors-engadin-hotel-reine-victoria\/","og_locale":"en_GB","og_type":"article","og_title":"Open Doors Engadin - Hotel Reine Victoria - Laudinella Group St. Moritz","og_description":"Das historische\u00a0Hotel Reine Victoria\u00a0\u00f6ffnet im Rahmen von\u00a0Open Doors Engadin\u00a0seine T\u00fcren f\u00fcr Besucherinnen und Besucher. Zwischen\u00a010.00 und 16.00 Uhr\u00a0ist das Haus zug\u00e4nglich und es finden regelm\u00e4ssig gef\u00fchrte Rundg\u00e4nge statt, organisiert von Open Doors mit der Kulturverantwortlichen der Laudinella Group Franca Chiesa.  Die Besichtigung umfasst zahlreiche Bereiche des Hotels, darunter die \u00f6ffentlichen R\u00e4ume [...]","og_url":"https:\/\/www.laudinella.ch\/en\/events\/open-doors-engadin-hotel-reine-victoria\/","og_site_name":"Laudinella Group St. Moritz","article_modified_time":"2026-03-13T17:29:18+00:00","og_image":[{"width":500,"height":300,"url":"https:\/\/www.laudinella.ch\/wp-content\/uploads\/2018\/09\/hot_spot_hotel-reine-victoria.jpg","type":"image\/jpeg"}],"twitter_card":"summary_large_image","schema":{"@context":"https:\/\/schema.org","@graph":[{"@type":"NewsArticle","@id":"https:\/\/www.laudinella.ch\/events\/open-doors-engadin-hotel-reine-victoria\/#article","isPartOf":{"@id":"https:\/\/www.laudinella.ch\/events\/open-doors-engadin-hotel-reine-victoria\/"},"author":{"name":"Cinzia Regensburger","@id":"https:\/\/www.laudinella.ch\/en\/#\/schema\/person\/b24e0e8273c171952238119e765d7de2"},"headline":"Open Doors Engadin &#8211; Hotel Reine Victoria","datePublished":"2026-03-13T17:18:49+00:00","dateModified":"2026-03-13T17:29:18+00:00","mainEntityOfPage":{"@id":"https:\/\/www.laudinella.ch\/events\/open-doors-engadin-hotel-reine-victoria\/"},"wordCount":96,"publisher":{"@id":"https:\/\/www.laudinella.ch\/en\/#organization"},"image":{"@id":"https:\/\/www.laudinella.ch\/events\/open-doors-engadin-hotel-reine-victoria\/#primaryimage"},"thumbnailUrl":"https:\/\/www.laudinella.ch\/wp-content\/uploads\/2018\/09\/hot_spot_hotel-reine-victoria.jpg","keywords":["Hotel Reine Victoria","Open Doors Engadin"],"inLanguage":"en-GB"},{"@type":["WebPage","ItemPage"],"@id":"https:\/\/www.laudinella.ch\/events\/open-doors-engadin-hotel-reine-victoria\/","url":"https:\/\/www.laudinella.ch\/events\/open-doors-engadin-hotel-reine-victoria\/","name":"Open Doors Engadin - Hotel Reine Victoria - Laudinella Group St. Moritz","isPartOf":{"@id":"https:\/\/www.laudinella.ch\/en\/#website"},"primaryImageOfPage":{"@id":"https:\/\/www.laudinella.ch\/events\/open-doors-engadin-hotel-reine-victoria\/#primaryimage"},"image":{"@id":"https:\/\/www.laudinella.ch\/events\/open-doors-engadin-hotel-reine-victoria\/#primaryimage"},"thumbnailUrl":"https:\/\/www.laudinella.ch\/wp-content\/uploads\/2018\/09\/hot_spot_hotel-reine-victoria.jpg","datePublished":"2026-03-13T17:18:49+00:00","dateModified":"2026-03-13T17:29:18+00:00","breadcrumb":{"@id":"https:\/\/www.laudinella.ch\/events\/open-doors-engadin-hotel-reine-victoria\/#breadcrumb"},"inLanguage":"en-GB","potentialAction":[{"@type":"ReadAction","target":["https:\/\/www.laudinella.ch\/events\/open-doors-engadin-hotel-reine-victoria\/"]}]},{"@type":"ImageObject","inLanguage":"en-GB","@id":"https:\/\/www.laudinella.ch\/events\/open-doors-engadin-hotel-reine-victoria\/#primaryimage","url":"https:\/\/www.laudinella.ch\/wp-content\/uploads\/2018\/09\/hot_spot_hotel-reine-victoria.jpg","contentUrl":"https:\/\/www.laudinella.ch\/wp-content\/uploads\/2018\/09\/hot_spot_hotel-reine-victoria.jpg","width":500,"height":300},{"@type":"BreadcrumbList","@id":"https:\/\/www.laudinella.ch\/events\/open-doors-engadin-hotel-reine-victoria\/#breadcrumb","itemListElement":[{"@type":"ListItem","position":1,"name":"Startseite","item":"https:\/\/www.laudinella.ch\/"},{"@type":"ListItem","position":2,"name":"Events","item":"https:\/\/www.laudinella.ch\/events\/"},{"@type":"ListItem","position":3,"name":"Hotel Reine Victoria","item":"https:\/\/www.laudinella.ch\/event-location\/hotel-reine-victoria\/"},{"@type":"ListItem","position":4,"name":"Open Doors Engadin &#8211; Hotel Reine Victoria"}]},{"@type":"WebSite","@id":"https:\/\/www.laudinella.ch\/en\/#website","url":"https:\/\/www.laudinella.ch\/en\/","name":"Laudinella St. Moritz","description":"Experience sport, culture, cuisine, congresses, courses and nature.","publisher":{"@id":"https:\/\/www.laudinella.ch\/en\/#organization"},"potentialAction":[{"@type":"SearchAction","target":{"@type":"EntryPoint","urlTemplate":"https:\/\/www.laudinella.ch\/en\/?s={search_term_string}"},"query-input":{"@type":"PropertyValueSpecification","valueRequired":true,"valueName":"search_term_string"}}],"inLanguage":"en-GB"},{"@type":"Organization","@id":"https:\/\/www.laudinella.ch\/en\/#organization","name":"Laudinella St. Moritz","url":"https:\/\/www.laudinella.ch\/en\/","logo":{"@type":"ImageObject","inLanguage":"en-GB","@id":"https:\/\/www.laudinella.ch\/en\/#\/schema\/logo\/image\/","url":"https:\/\/www.laudinella.ch\/wp-content\/uploads\/2021\/10\/laudinella_hotel-group_fav-icon.png","contentUrl":"https:\/\/www.laudinella.ch\/wp-content\/uploads\/2021\/10\/laudinella_hotel-group_fav-icon.png","width":512,"height":512,"caption":"Laudinella St. Moritz"},"image":{"@id":"https:\/\/www.laudinella.ch\/en\/#\/schema\/logo\/image\/"}},{"@type":"Person","@id":"https:\/\/www.laudinella.ch\/en\/#\/schema\/person\/b24e0e8273c171952238119e765d7de2","name":"Cinzia Regensburger","image":{"@type":"ImageObject","inLanguage":"en-GB","@id":"https:\/\/secure.gravatar.com\/avatar\/1dcbac1d07cb5929fe166728ec0044277dfc5a4bb22d93640c6ad28adcd06608?s=96&d=mm&r=g","url":"https:\/\/secure.gravatar.com\/avatar\/1dcbac1d07cb5929fe166728ec0044277dfc5a4bb22d93640c6ad28adcd06608?s=96&d=mm&r=g","contentUrl":"https:\/\/secure.gravatar.com\/avatar\/1dcbac1d07cb5929fe166728ec0044277dfc5a4bb22d93640c6ad28adcd06608?s=96&d=mm&r=g","caption":"Cinzia Regensburger"}}]}},"_links":{"self":[{"href":"https:\/\/www.laudinella.ch\/en\/wp-json\/wp\/v2\/ajde_events\/37375","targetHints":{"allow":["GET"]}}],"collection":[{"href":"https:\/\/www.laudinella.ch\/en\/wp-json\/wp\/v2\/ajde_events"}],"about":[{"href":"https:\/\/www.laudinella.ch\/en\/wp-json\/wp\/v2\/types\/ajde_events"}],"author":[{"embeddable":true,"href":"https:\/\/www.laudinella.ch\/en\/wp-json\/wp\/v2\/users\/29"}],"replies":[{"embeddable":true,"href":"https:\/\/www.laudinella.ch\/en\/wp-json\/wp\/v2\/comments?post=37375"}],"wp:featuredmedia":[{"embeddable":true,"href":"https:\/\/www.laudinella.ch\/en\/wp-json\/wp\/v2\/media\/383"}],"wp:attachment":[{"href":"https:\/\/www.laudinella.ch\/en\/wp-json\/wp\/v2\/media?parent=37375"}],"wp:term":[{"taxonomy":"post_tag","embeddable":true,"href":"https:\/\/www.laudinella.ch\/en\/wp-json\/wp\/v2\/tags?post=37375"},{"taxonomy":"event_type","embeddable":true,"href":"https:\/\/www.laudinella.ch\/en\/wp-json\/wp\/v2\/event_type?post=37375"},{"taxonomy":"event_type_2","embeddable":true,"href":"https:\/\/www.laudinella.ch\/en\/wp-json\/wp\/v2\/event_type_2?post=37375"}],"curies":[{"name":"wp","href":"https:\/\/api.w.org\/{rel}","templated":true}]}}