{"id":37366,"date":"2026-03-13T15:40:40","date_gmt":"2026-03-13T14:40:40","guid":{"rendered":"https:\/\/www.laudinella.ch\/?post_type=ajde_events&#038;p=37366"},"modified":"2026-03-13T15:56:52","modified_gmt":"2026-03-13T14:56:52","slug":"the-legendary-mountain-guide-and-the-king","status":"publish","type":"ajde_events","link":"https:\/\/www.laudinella.ch\/en\/events\/die-legendaere-bergfuehrerin-und-der-koenig\/","title":{"rendered":"The legendary mountain guide and the king"},"content":{"rendered":"<p>Paula Wiesinger was one of the most outstanding female alpinists of her time. She was one of the first women to master challenging climbing routes of the sixth difficulty grade and won gold at the 1932 Ski World Championships.<\/p>\n\n\n\n<p>The book tells the extraordinary story of an unusual climbing partnership from their perspective: the friendship between South Tyrolean mountain guide Paula Wiesinger and King Albert I of Belgium, a passionate mountaineer. Together with her husband, Hans Steger, she guided the Belgian king on challenging routes in the Dolomites, Switzerland, and South Tyrol.<\/p>\n\n\n\n<p>Based on research in five countries and richly illustrated with historical photographs, the book depicts<strong>&nbsp;Mark Sebille&nbsp;<\/strong>The portrait of a pioneer of alpinism \u2013 and of a special friendship that transcended social boundaries.<\/p>\n\n\n\n<p>After the presentation, the audience is invited to an aperitif in the Laudinella Lobby for further discussion with the author.<\/p>\n\n\n\n<p>Reading with free admission.<\/p>\n\n\n\n<p><\/p>","protected":false},"author":29,"featured_media":37367,"menu_order":0,"comment_status":"closed","ping_status":"closed","template":"","meta":[],"tags":[],"event_type":[43],"event_type_2":[],"class_list":["post-37366","ajde_events","type-ajde_events","status-publish","has-post-thumbnail","hentry","event_location-saal-roseg-hotel-laudinella","event_type-veranstaltung"],"yoast_head":"<!-- This site is optimized with the Yoast SEO plugin v27.5 - https:\/\/yoast.com\/product\/yoast-seo-wordpress\/ -->\n<title>Die legend\u00e4re Bergf\u00fchrerin und der K\u00f6nig - Laudinella Group St. Moritz<\/title>\n<meta name=\"robots\" content=\"index, follow, max-snippet:-1, max-image-preview:large, max-video-preview:-1\" \/>\n<link rel=\"canonical\" href=\"https:\/\/www.laudinella.ch\/en\/events\/the-legendary-mountain-guide-and-the-king\/\" \/>\n<meta property=\"og:locale\" content=\"en_GB\" \/>\n<meta property=\"og:type\" content=\"article\" \/>\n<meta property=\"og:title\" content=\"Die legend\u00e4re Bergf\u00fchrerin und der K\u00f6nig - Laudinella Group St. Moritz\" \/>\n<meta property=\"og:description\" content=\"Paula&nbsp;Wiesinger&nbsp;geh\u00f6rte&nbsp;zu&nbsp;den&nbsp;herausragendsten&nbsp;Alpinistinnen&nbsp;ihrer&nbsp;Zeit.&nbsp;Sie&nbsp;war&nbsp;eine&nbsp;der&nbsp;ersten&nbsp;Frauen,&nbsp;die&nbsp;anspruchsvolle&nbsp;Kletterrouten&nbsp;im&nbsp;sechsten&nbsp;Schwierigkeitsgrad&nbsp;meisterte,&nbsp;und&nbsp;gewann 1932&nbsp;Gold&nbsp;bei&nbsp;den&nbsp;Ski-Weltmeisterschaften.  Das&nbsp;Buch&nbsp;erz\u00e4hlt&nbsp;aus&nbsp;ihrer&nbsp;Perspektive&nbsp;die&nbsp;au\u00dfergew\u00f6hnliche&nbsp;Geschichte&nbsp;einer&nbsp;ungew\u00f6hnlichen&nbsp;Seilschaft:&nbsp;der&nbsp;Freundschaft&nbsp;zwischen&nbsp;der&nbsp;S\u00fcdtiroler&nbsp;Bergf\u00fchrerin&nbsp;Paula&nbsp;Wiesinger&nbsp;und&nbsp;K\u00f6nig&nbsp;Albert&nbsp;I.&nbsp;von&nbsp;Belgien,&nbsp;einem&nbsp;leidenschaftlichen&nbsp;Bergsteiger.&nbsp;Gemeinsam&nbsp;mit&nbsp;ihrem&nbsp;Mann&nbsp;Hans&nbsp;Steger&nbsp;f\u00fchrte&nbsp;sie&nbsp;den&nbsp;belgischen&nbsp;K\u00f6nig&nbsp;auf&nbsp;anspruchsvollen&nbsp;Routen&nbsp;in&nbsp;den&nbsp;Dolomiten,&nbsp;der&nbsp;Schweiz&nbsp;und&nbsp;S\u00fcdtirol.  Basierend&nbsp;auf&nbsp;Recherchen&nbsp;in&nbsp;f\u00fcnf&nbsp;L\u00e4ndern&nbsp;und&nbsp;reich&nbsp;bebildert&nbsp;mit&nbsp;historischen&nbsp;Fotografien&nbsp;zeichnet&nbsp;Mark&nbsp;Sebille&nbsp;das&nbsp;Portr\u00e4t&nbsp;einer&nbsp;Pionierin&nbsp;des&nbsp;Alpinismus \u2013&nbsp;und&nbsp;einer&nbsp;besonderen&nbsp;Freundschaft,&nbsp;die&nbsp;\u00fcber&nbsp;gesellschaftliche&nbsp;Grenzen&nbsp;hinweg&nbsp;entstand.  Nach der Pr\u00e4sentation ist das Publikum zu einem Ap\u00e9ro in der Laudinella Lobby eingeladen zum weiteren Austausch mit dem Autor.  Lesung mit freiem Eintritt.\" \/>\n<meta property=\"og:url\" content=\"https:\/\/www.laudinella.ch\/en\/events\/the-legendary-mountain-guide-and-the-king\/\" \/>\n<meta property=\"og:site_name\" content=\"Laudinella Group St. Moritz\" \/>\n<meta property=\"article:modified_time\" content=\"2026-03-13T14:56:52+00:00\" \/>\n<meta property=\"og:image\" content=\"https:\/\/www.laudinella.ch\/wp-content\/uploads\/2026\/03\/Mark-Sebille_c_Thibaut-Debelle.jpg\" \/>\n\t<meta property=\"og:image:width\" content=\"1575\" \/>\n\t<meta property=\"og:image:height\" content=\"2362\" \/>\n\t<meta property=\"og:image:type\" content=\"image\/jpeg\" \/>\n<meta name=\"twitter:card\" content=\"summary_large_image\" \/>\n<script type=\"application\/ld+json\" class=\"yoast-schema-graph\">{\"@context\":\"https:\\\/\\\/schema.org\",\"@graph\":[{\"@type\":\"NewsArticle\",\"@id\":\"https:\\\/\\\/www.laudinella.ch\\\/events\\\/die-legendaere-bergfuehrerin-und-der-koenig\\\/#article\",\"isPartOf\":{\"@id\":\"https:\\\/\\\/www.laudinella.ch\\\/events\\\/die-legendaere-bergfuehrerin-und-der-koenig\\\/\"},\"author\":{\"name\":\"Cinzia Regensburger\",\"@id\":\"https:\\\/\\\/www.laudinella.ch\\\/en\\\/#\\\/schema\\\/person\\\/b24e0e8273c171952238119e765d7de2\"},\"headline\":\"Die legend\u00e4re Bergf\u00fchrerin und der K\u00f6nig\",\"datePublished\":\"2026-03-13T14:40:40+00:00\",\"dateModified\":\"2026-03-13T14:56:52+00:00\",\"mainEntityOfPage\":{\"@id\":\"https:\\\/\\\/www.laudinella.ch\\\/events\\\/die-legendaere-bergfuehrerin-und-der-koenig\\\/\"},\"wordCount\":264,\"publisher\":{\"@id\":\"https:\\\/\\\/www.laudinella.ch\\\/en\\\/#organization\"},\"image\":{\"@id\":\"https:\\\/\\\/www.laudinella.ch\\\/events\\\/die-legendaere-bergfuehrerin-und-der-koenig\\\/#primaryimage\"},\"thumbnailUrl\":\"https:\\\/\\\/www.laudinella.ch\\\/wp-content\\\/uploads\\\/2026\\\/03\\\/Mark-Sebille_c_Thibaut-Debelle.jpg\",\"inLanguage\":\"en-GB\"},{\"@type\":[\"WebPage\",\"ItemPage\"],\"@id\":\"https:\\\/\\\/www.laudinella.ch\\\/events\\\/die-legendaere-bergfuehrerin-und-der-koenig\\\/\",\"url\":\"https:\\\/\\\/www.laudinella.ch\\\/events\\\/die-legendaere-bergfuehrerin-und-der-koenig\\\/\",\"name\":\"Die legend\u00e4re Bergf\u00fchrerin und der K\u00f6nig - Laudinella Group St. Moritz\",\"isPartOf\":{\"@id\":\"https:\\\/\\\/www.laudinella.ch\\\/en\\\/#website\"},\"primaryImageOfPage\":{\"@id\":\"https:\\\/\\\/www.laudinella.ch\\\/events\\\/die-legendaere-bergfuehrerin-und-der-koenig\\\/#primaryimage\"},\"image\":{\"@id\":\"https:\\\/\\\/www.laudinella.ch\\\/events\\\/die-legendaere-bergfuehrerin-und-der-koenig\\\/#primaryimage\"},\"thumbnailUrl\":\"https:\\\/\\\/www.laudinella.ch\\\/wp-content\\\/uploads\\\/2026\\\/03\\\/Mark-Sebille_c_Thibaut-Debelle.jpg\",\"datePublished\":\"2026-03-13T14:40:40+00:00\",\"dateModified\":\"2026-03-13T14:56:52+00:00\",\"breadcrumb\":{\"@id\":\"https:\\\/\\\/www.laudinella.ch\\\/events\\\/die-legendaere-bergfuehrerin-und-der-koenig\\\/#breadcrumb\"},\"inLanguage\":\"en-GB\",\"potentialAction\":[{\"@type\":\"ReadAction\",\"target\":[\"https:\\\/\\\/www.laudinella.ch\\\/events\\\/die-legendaere-bergfuehrerin-und-der-koenig\\\/\"]}]},{\"@type\":\"ImageObject\",\"inLanguage\":\"en-GB\",\"@id\":\"https:\\\/\\\/www.laudinella.ch\\\/events\\\/die-legendaere-bergfuehrerin-und-der-koenig\\\/#primaryimage\",\"url\":\"https:\\\/\\\/www.laudinella.ch\\\/wp-content\\\/uploads\\\/2026\\\/03\\\/Mark-Sebille_c_Thibaut-Debelle.jpg\",\"contentUrl\":\"https:\\\/\\\/www.laudinella.ch\\\/wp-content\\\/uploads\\\/2026\\\/03\\\/Mark-Sebille_c_Thibaut-Debelle.jpg\",\"width\":1575,\"height\":2362},{\"@type\":\"BreadcrumbList\",\"@id\":\"https:\\\/\\\/www.laudinella.ch\\\/events\\\/die-legendaere-bergfuehrerin-und-der-koenig\\\/#breadcrumb\",\"itemListElement\":[{\"@type\":\"ListItem\",\"position\":1,\"name\":\"Startseite\",\"item\":\"https:\\\/\\\/www.laudinella.ch\\\/\"},{\"@type\":\"ListItem\",\"position\":2,\"name\":\"Events\",\"item\":\"https:\\\/\\\/www.laudinella.ch\\\/events\\\/\"},{\"@type\":\"ListItem\",\"position\":3,\"name\":\"Saal Roseg, Hotel Laudinella\",\"item\":\"https:\\\/\\\/www.laudinella.ch\\\/event-location\\\/saal-roseg-hotel-laudinella\\\/\"},{\"@type\":\"ListItem\",\"position\":4,\"name\":\"Die legend\u00e4re Bergf\u00fchrerin und der K\u00f6nig\"}]},{\"@type\":\"WebSite\",\"@id\":\"https:\\\/\\\/www.laudinella.ch\\\/en\\\/#website\",\"url\":\"https:\\\/\\\/www.laudinella.ch\\\/en\\\/\",\"name\":\"Laudinella St. Moritz\",\"description\":\"Sport, Kultur, Kulinarik, Kongresse, Kurse und Natur erleben.\",\"publisher\":{\"@id\":\"https:\\\/\\\/www.laudinella.ch\\\/en\\\/#organization\"},\"potentialAction\":[{\"@type\":\"SearchAction\",\"target\":{\"@type\":\"EntryPoint\",\"urlTemplate\":\"https:\\\/\\\/www.laudinella.ch\\\/en\\\/?s={search_term_string}\"},\"query-input\":{\"@type\":\"PropertyValueSpecification\",\"valueRequired\":true,\"valueName\":\"search_term_string\"}}],\"inLanguage\":\"en-GB\"},{\"@type\":\"Organization\",\"@id\":\"https:\\\/\\\/www.laudinella.ch\\\/en\\\/#organization\",\"name\":\"Laudinella St. Moritz\",\"url\":\"https:\\\/\\\/www.laudinella.ch\\\/en\\\/\",\"logo\":{\"@type\":\"ImageObject\",\"inLanguage\":\"en-GB\",\"@id\":\"https:\\\/\\\/www.laudinella.ch\\\/en\\\/#\\\/schema\\\/logo\\\/image\\\/\",\"url\":\"https:\\\/\\\/www.laudinella.ch\\\/wp-content\\\/uploads\\\/2021\\\/10\\\/laudinella_hotel-group_fav-icon.png\",\"contentUrl\":\"https:\\\/\\\/www.laudinella.ch\\\/wp-content\\\/uploads\\\/2021\\\/10\\\/laudinella_hotel-group_fav-icon.png\",\"width\":512,\"height\":512,\"caption\":\"Laudinella St. Moritz\"},\"image\":{\"@id\":\"https:\\\/\\\/www.laudinella.ch\\\/en\\\/#\\\/schema\\\/logo\\\/image\\\/\"}},{\"@type\":\"Person\",\"@id\":\"https:\\\/\\\/www.laudinella.ch\\\/en\\\/#\\\/schema\\\/person\\\/b24e0e8273c171952238119e765d7de2\",\"name\":\"Cinzia Regensburger\",\"image\":{\"@type\":\"ImageObject\",\"inLanguage\":\"en-GB\",\"@id\":\"https:\\\/\\\/secure.gravatar.com\\\/avatar\\\/1dcbac1d07cb5929fe166728ec0044277dfc5a4bb22d93640c6ad28adcd06608?s=96&d=mm&r=g\",\"url\":\"https:\\\/\\\/secure.gravatar.com\\\/avatar\\\/1dcbac1d07cb5929fe166728ec0044277dfc5a4bb22d93640c6ad28adcd06608?s=96&d=mm&r=g\",\"contentUrl\":\"https:\\\/\\\/secure.gravatar.com\\\/avatar\\\/1dcbac1d07cb5929fe166728ec0044277dfc5a4bb22d93640c6ad28adcd06608?s=96&d=mm&r=g\",\"caption\":\"Cinzia Regensburger\"}}]}<\/script>\n<!-- \/ Yoast SEO plugin. -->","yoast_head_json":{"title":"The legendary mountain guide and the king - Laudinella Group St. Moritz","robots":{"index":"index","follow":"follow","max-snippet":"max-snippet:-1","max-image-preview":"max-image-preview:large","max-video-preview":"max-video-preview:-1"},"canonical":"https:\/\/www.laudinella.ch\/en\/events\/the-legendary-mountain-guide-and-the-king\/","og_locale":"en_GB","og_type":"article","og_title":"Die legend\u00e4re Bergf\u00fchrerin und der K\u00f6nig - Laudinella Group St. Moritz","og_description":"Paula&nbsp;Wiesinger&nbsp;geh\u00f6rte&nbsp;zu&nbsp;den&nbsp;herausragendsten&nbsp;Alpinistinnen&nbsp;ihrer&nbsp;Zeit.&nbsp;Sie&nbsp;war&nbsp;eine&nbsp;der&nbsp;ersten&nbsp;Frauen,&nbsp;die&nbsp;anspruchsvolle&nbsp;Kletterrouten&nbsp;im&nbsp;sechsten&nbsp;Schwierigkeitsgrad&nbsp;meisterte,&nbsp;und&nbsp;gewann 1932&nbsp;Gold&nbsp;bei&nbsp;den&nbsp;Ski-Weltmeisterschaften.  Das&nbsp;Buch&nbsp;erz\u00e4hlt&nbsp;aus&nbsp;ihrer&nbsp;Perspektive&nbsp;die&nbsp;au\u00dfergew\u00f6hnliche&nbsp;Geschichte&nbsp;einer&nbsp;ungew\u00f6hnlichen&nbsp;Seilschaft:&nbsp;der&nbsp;Freundschaft&nbsp;zwischen&nbsp;der&nbsp;S\u00fcdtiroler&nbsp;Bergf\u00fchrerin&nbsp;Paula&nbsp;Wiesinger&nbsp;und&nbsp;K\u00f6nig&nbsp;Albert&nbsp;I.&nbsp;von&nbsp;Belgien,&nbsp;einem&nbsp;leidenschaftlichen&nbsp;Bergsteiger.&nbsp;Gemeinsam&nbsp;mit&nbsp;ihrem&nbsp;Mann&nbsp;Hans&nbsp;Steger&nbsp;f\u00fchrte&nbsp;sie&nbsp;den&nbsp;belgischen&nbsp;K\u00f6nig&nbsp;auf&nbsp;anspruchsvollen&nbsp;Routen&nbsp;in&nbsp;den&nbsp;Dolomiten,&nbsp;der&nbsp;Schweiz&nbsp;und&nbsp;S\u00fcdtirol.  Basierend&nbsp;auf&nbsp;Recherchen&nbsp;in&nbsp;f\u00fcnf&nbsp;L\u00e4ndern&nbsp;und&nbsp;reich&nbsp;bebildert&nbsp;mit&nbsp;historischen&nbsp;Fotografien&nbsp;zeichnet&nbsp;Mark&nbsp;Sebille&nbsp;das&nbsp;Portr\u00e4t&nbsp;einer&nbsp;Pionierin&nbsp;des&nbsp;Alpinismus \u2013&nbsp;und&nbsp;einer&nbsp;besonderen&nbsp;Freundschaft,&nbsp;die&nbsp;\u00fcber&nbsp;gesellschaftliche&nbsp;Grenzen&nbsp;hinweg&nbsp;entstand.  Nach der Pr\u00e4sentation ist das Publikum zu einem Ap\u00e9ro in der Laudinella Lobby eingeladen zum weiteren Austausch mit dem Autor.  Lesung mit freiem Eintritt.","og_url":"https:\/\/www.laudinella.ch\/en\/events\/the-legendary-mountain-guide-and-the-king\/","og_site_name":"Laudinella Group St. Moritz","article_modified_time":"2026-03-13T14:56:52+00:00","og_image":[{"width":1575,"height":2362,"url":"https:\/\/www.laudinella.ch\/wp-content\/uploads\/2026\/03\/Mark-Sebille_c_Thibaut-Debelle.jpg","type":"image\/jpeg"}],"twitter_card":"summary_large_image","schema":{"@context":"https:\/\/schema.org","@graph":[{"@type":"NewsArticle","@id":"https:\/\/www.laudinella.ch\/events\/die-legendaere-bergfuehrerin-und-der-koenig\/#article","isPartOf":{"@id":"https:\/\/www.laudinella.ch\/events\/die-legendaere-bergfuehrerin-und-der-koenig\/"},"author":{"name":"Cinzia Regensburger","@id":"https:\/\/www.laudinella.ch\/en\/#\/schema\/person\/b24e0e8273c171952238119e765d7de2"},"headline":"Die legend\u00e4re Bergf\u00fchrerin und der K\u00f6nig","datePublished":"2026-03-13T14:40:40+00:00","dateModified":"2026-03-13T14:56:52+00:00","mainEntityOfPage":{"@id":"https:\/\/www.laudinella.ch\/events\/die-legendaere-bergfuehrerin-und-der-koenig\/"},"wordCount":264,"publisher":{"@id":"https:\/\/www.laudinella.ch\/en\/#organization"},"image":{"@id":"https:\/\/www.laudinella.ch\/events\/die-legendaere-bergfuehrerin-und-der-koenig\/#primaryimage"},"thumbnailUrl":"https:\/\/www.laudinella.ch\/wp-content\/uploads\/2026\/03\/Mark-Sebille_c_Thibaut-Debelle.jpg","inLanguage":"en-GB"},{"@type":["WebPage","ItemPage"],"@id":"https:\/\/www.laudinella.ch\/events\/die-legendaere-bergfuehrerin-und-der-koenig\/","url":"https:\/\/www.laudinella.ch\/events\/die-legendaere-bergfuehrerin-und-der-koenig\/","name":"The legendary mountain guide and the king - Laudinella Group St. Moritz","isPartOf":{"@id":"https:\/\/www.laudinella.ch\/en\/#website"},"primaryImageOfPage":{"@id":"https:\/\/www.laudinella.ch\/events\/die-legendaere-bergfuehrerin-und-der-koenig\/#primaryimage"},"image":{"@id":"https:\/\/www.laudinella.ch\/events\/die-legendaere-bergfuehrerin-und-der-koenig\/#primaryimage"},"thumbnailUrl":"https:\/\/www.laudinella.ch\/wp-content\/uploads\/2026\/03\/Mark-Sebille_c_Thibaut-Debelle.jpg","datePublished":"2026-03-13T14:40:40+00:00","dateModified":"2026-03-13T14:56:52+00:00","breadcrumb":{"@id":"https:\/\/www.laudinella.ch\/events\/die-legendaere-bergfuehrerin-und-der-koenig\/#breadcrumb"},"inLanguage":"en-GB","potentialAction":[{"@type":"ReadAction","target":["https:\/\/www.laudinella.ch\/events\/die-legendaere-bergfuehrerin-und-der-koenig\/"]}]},{"@type":"ImageObject","inLanguage":"en-GB","@id":"https:\/\/www.laudinella.ch\/events\/die-legendaere-bergfuehrerin-und-der-koenig\/#primaryimage","url":"https:\/\/www.laudinella.ch\/wp-content\/uploads\/2026\/03\/Mark-Sebille_c_Thibaut-Debelle.jpg","contentUrl":"https:\/\/www.laudinella.ch\/wp-content\/uploads\/2026\/03\/Mark-Sebille_c_Thibaut-Debelle.jpg","width":1575,"height":2362},{"@type":"BreadcrumbList","@id":"https:\/\/www.laudinella.ch\/events\/die-legendaere-bergfuehrerin-und-der-koenig\/#breadcrumb","itemListElement":[{"@type":"ListItem","position":1,"name":"Startseite","item":"https:\/\/www.laudinella.ch\/"},{"@type":"ListItem","position":2,"name":"Events","item":"https:\/\/www.laudinella.ch\/events\/"},{"@type":"ListItem","position":3,"name":"Saal Roseg, Hotel Laudinella","item":"https:\/\/www.laudinella.ch\/event-location\/saal-roseg-hotel-laudinella\/"},{"@type":"ListItem","position":4,"name":"Die legend\u00e4re Bergf\u00fchrerin und der K\u00f6nig"}]},{"@type":"WebSite","@id":"https:\/\/www.laudinella.ch\/en\/#website","url":"https:\/\/www.laudinella.ch\/en\/","name":"Laudinella St. Moritz","description":"Experience sport, culture, cuisine, congresses, courses and nature.","publisher":{"@id":"https:\/\/www.laudinella.ch\/en\/#organization"},"potentialAction":[{"@type":"SearchAction","target":{"@type":"EntryPoint","urlTemplate":"https:\/\/www.laudinella.ch\/en\/?s={search_term_string}"},"query-input":{"@type":"PropertyValueSpecification","valueRequired":true,"valueName":"search_term_string"}}],"inLanguage":"en-GB"},{"@type":"Organization","@id":"https:\/\/www.laudinella.ch\/en\/#organization","name":"Laudinella St. Moritz","url":"https:\/\/www.laudinella.ch\/en\/","logo":{"@type":"ImageObject","inLanguage":"en-GB","@id":"https:\/\/www.laudinella.ch\/en\/#\/schema\/logo\/image\/","url":"https:\/\/www.laudinella.ch\/wp-content\/uploads\/2021\/10\/laudinella_hotel-group_fav-icon.png","contentUrl":"https:\/\/www.laudinella.ch\/wp-content\/uploads\/2021\/10\/laudinella_hotel-group_fav-icon.png","width":512,"height":512,"caption":"Laudinella St. Moritz"},"image":{"@id":"https:\/\/www.laudinella.ch\/en\/#\/schema\/logo\/image\/"}},{"@type":"Person","@id":"https:\/\/www.laudinella.ch\/en\/#\/schema\/person\/b24e0e8273c171952238119e765d7de2","name":"Cinzia Regensburger","image":{"@type":"ImageObject","inLanguage":"en-GB","@id":"https:\/\/secure.gravatar.com\/avatar\/1dcbac1d07cb5929fe166728ec0044277dfc5a4bb22d93640c6ad28adcd06608?s=96&d=mm&r=g","url":"https:\/\/secure.gravatar.com\/avatar\/1dcbac1d07cb5929fe166728ec0044277dfc5a4bb22d93640c6ad28adcd06608?s=96&d=mm&r=g","contentUrl":"https:\/\/secure.gravatar.com\/avatar\/1dcbac1d07cb5929fe166728ec0044277dfc5a4bb22d93640c6ad28adcd06608?s=96&d=mm&r=g","caption":"Cinzia Regensburger"}}]}},"_links":{"self":[{"href":"https:\/\/www.laudinella.ch\/en\/wp-json\/wp\/v2\/ajde_events\/37366","targetHints":{"allow":["GET"]}}],"collection":[{"href":"https:\/\/www.laudinella.ch\/en\/wp-json\/wp\/v2\/ajde_events"}],"about":[{"href":"https:\/\/www.laudinella.ch\/en\/wp-json\/wp\/v2\/types\/ajde_events"}],"author":[{"embeddable":true,"href":"https:\/\/www.laudinella.ch\/en\/wp-json\/wp\/v2\/users\/29"}],"replies":[{"embeddable":true,"href":"https:\/\/www.laudinella.ch\/en\/wp-json\/wp\/v2\/comments?post=37366"}],"wp:featuredmedia":[{"embeddable":true,"href":"https:\/\/www.laudinella.ch\/en\/wp-json\/wp\/v2\/media\/37367"}],"wp:attachment":[{"href":"https:\/\/www.laudinella.ch\/en\/wp-json\/wp\/v2\/media?parent=37366"}],"wp:term":[{"taxonomy":"post_tag","embeddable":true,"href":"https:\/\/www.laudinella.ch\/en\/wp-json\/wp\/v2\/tags?post=37366"},{"taxonomy":"event_type","embeddable":true,"href":"https:\/\/www.laudinella.ch\/en\/wp-json\/wp\/v2\/event_type?post=37366"},{"taxonomy":"event_type_2","embeddable":true,"href":"https:\/\/www.laudinella.ch\/en\/wp-json\/wp\/v2\/event_type_2?post=37366"}],"curies":[{"name":"wp","href":"https:\/\/api.w.org\/{rel}","templated":true}]}}