{"id":36829,"date":"2025-12-27T18:25:11","date_gmt":"2025-12-27T17:25:11","guid":{"rendered":"https:\/\/www.laudinella.ch\/events\/fotoausstellung-luce-e-silenzio\/"},"modified":"2025-12-27T18:36:11","modified_gmt":"2025-12-27T17:36:11","slug":"photo-exhibition-luce-e-silenzio","status":"publish","type":"ajde_events","link":"https:\/\/www.laudinella.ch\/en\/events\/fotoausstellung-luce-e-silenzio\/","title":{"rendered":"Photo exhibition \u00abLuce e Silenzio\u00bb"},"content":{"rendered":"<p>In this exhibition, Solari Bozzi presents a series of analog black and white photographs of Greenland in winter, taken during his four expeditions from 2016 to 2022.<\/p>\n\n\n\n<p>Some of these images are featured in his third book (Greenland Into White, Electa, 2017), which follows Zambian Portraits (Skira, 2015) and Namibia Sun Pictures (Tecklenborg, 2013).<\/p>\n\n\n\n<p>All images were taken with analog cameras (Fuji Professional 617 and Mamiya 7) on black and white negative film and printed by the author on silver gelatin baryta paper.<\/p>","protected":false},"author":12,"featured_media":36830,"menu_order":0,"comment_status":"closed","ping_status":"closed","template":"","meta":[],"tags":[],"event_type":[43],"event_type_2":[],"class_list":["post-36829","ajde_events","type-ajde_events","status-publish","has-post-thumbnail","hentry","event_location-hotel-reine-victoria","event_type-veranstaltung"],"yoast_head":"<!-- This site is optimized with the Yoast SEO plugin v27.5 - https:\/\/yoast.com\/product\/yoast-seo-wordpress\/ -->\n<title>Fotoausstellung &quot;Luce e Silenzio&quot; - Laudinella Group St. Moritz<\/title>\n<meta name=\"description\" content=\"In dieser Ausstellung pr\u00e4sentiert Solari Bozzi eine Reihe von analogen Schwarz-Wei\u00df-Fotografien von Gr\u00f6nland im Winter, die er w\u00e4hrend seiner vier Expeditionen von 2016 bis 2022 aufgenommen hat.\" \/>\n<meta name=\"robots\" content=\"index, follow, max-snippet:-1, max-image-preview:large, max-video-preview:-1\" \/>\n<link rel=\"canonical\" href=\"https:\/\/www.laudinella.ch\/en\/events\/photo-exhibition-luce-e-silenzio\/\" \/>\n<meta property=\"og:locale\" content=\"en_GB\" \/>\n<meta property=\"og:type\" content=\"article\" \/>\n<meta property=\"og:title\" content=\"Fotoausstellung &quot;Luce e Silenzio&quot; - Laudinella Group St. Moritz\" \/>\n<meta property=\"og:description\" content=\"In dieser Ausstellung pr\u00e4sentiert Solari Bozzi eine Reihe von analogen Schwarz-Wei\u00df-Fotografien von Gr\u00f6nland im Winter, die er w\u00e4hrend seiner vier Expeditionen von 2016 bis 2022 aufgenommen hat.\" \/>\n<meta property=\"og:url\" content=\"https:\/\/www.laudinella.ch\/en\/events\/photo-exhibition-luce-e-silenzio\/\" \/>\n<meta property=\"og:site_name\" content=\"Laudinella Group St. Moritz\" \/>\n<meta property=\"article:modified_time\" content=\"2025-12-27T17:36:11+00:00\" \/>\n<meta property=\"og:image\" content=\"https:\/\/www.laudinella.ch\/wp-content\/uploads\/2025\/12\/20260102_Ausstellung-Paolo-Solari.jpg\" \/>\n\t<meta property=\"og:image:width\" content=\"1553\" \/>\n\t<meta property=\"og:image:height\" content=\"1280\" \/>\n\t<meta property=\"og:image:type\" content=\"image\/jpeg\" \/>\n<meta name=\"twitter:card\" content=\"summary_large_image\" \/>\n<script type=\"application\/ld+json\" class=\"yoast-schema-graph\">{\"@context\":\"https:\\\/\\\/schema.org\",\"@graph\":[{\"@type\":\"NewsArticle\",\"@id\":\"https:\\\/\\\/www.laudinella.ch\\\/events\\\/fotoausstellung-luce-e-silenzio\\\/#article\",\"isPartOf\":{\"@id\":\"https:\\\/\\\/www.laudinella.ch\\\/events\\\/fotoausstellung-luce-e-silenzio\\\/\"},\"author\":{\"name\":\"Nathalie Hanslin\",\"@id\":\"https:\\\/\\\/www.laudinella.ch\\\/en\\\/#\\\/schema\\\/person\\\/8569af0b77879b92e2025ff32181c929\"},\"headline\":\"Fotoausstellung &#171;Luce e Silenzio&#187;\",\"datePublished\":\"2025-12-27T17:25:11+00:00\",\"dateModified\":\"2025-12-27T17:36:11+00:00\",\"mainEntityOfPage\":{\"@id\":\"https:\\\/\\\/www.laudinella.ch\\\/events\\\/fotoausstellung-luce-e-silenzio\\\/\"},\"wordCount\":77,\"publisher\":{\"@id\":\"https:\\\/\\\/www.laudinella.ch\\\/en\\\/#organization\"},\"image\":{\"@id\":\"https:\\\/\\\/www.laudinella.ch\\\/events\\\/fotoausstellung-luce-e-silenzio\\\/#primaryimage\"},\"thumbnailUrl\":\"https:\\\/\\\/www.laudinella.ch\\\/wp-content\\\/uploads\\\/2025\\\/12\\\/20260102_Ausstellung-Paolo-Solari.jpg\",\"inLanguage\":\"en-GB\"},{\"@type\":[\"WebPage\",\"ItemPage\"],\"@id\":\"https:\\\/\\\/www.laudinella.ch\\\/events\\\/fotoausstellung-luce-e-silenzio\\\/\",\"url\":\"https:\\\/\\\/www.laudinella.ch\\\/events\\\/fotoausstellung-luce-e-silenzio\\\/\",\"name\":\"Fotoausstellung \\\"Luce e Silenzio\\\" - Laudinella Group St. Moritz\",\"isPartOf\":{\"@id\":\"https:\\\/\\\/www.laudinella.ch\\\/en\\\/#website\"},\"primaryImageOfPage\":{\"@id\":\"https:\\\/\\\/www.laudinella.ch\\\/events\\\/fotoausstellung-luce-e-silenzio\\\/#primaryimage\"},\"image\":{\"@id\":\"https:\\\/\\\/www.laudinella.ch\\\/events\\\/fotoausstellung-luce-e-silenzio\\\/#primaryimage\"},\"thumbnailUrl\":\"https:\\\/\\\/www.laudinella.ch\\\/wp-content\\\/uploads\\\/2025\\\/12\\\/20260102_Ausstellung-Paolo-Solari.jpg\",\"datePublished\":\"2025-12-27T17:25:11+00:00\",\"dateModified\":\"2025-12-27T17:36:11+00:00\",\"description\":\"In dieser Ausstellung pr\u00e4sentiert Solari Bozzi eine Reihe von analogen Schwarz-Wei\u00df-Fotografien von Gr\u00f6nland im Winter, die er w\u00e4hrend seiner vier Expeditionen von 2016 bis 2022 aufgenommen hat.\",\"breadcrumb\":{\"@id\":\"https:\\\/\\\/www.laudinella.ch\\\/events\\\/fotoausstellung-luce-e-silenzio\\\/#breadcrumb\"},\"inLanguage\":\"en-GB\",\"potentialAction\":[{\"@type\":\"ReadAction\",\"target\":[\"https:\\\/\\\/www.laudinella.ch\\\/events\\\/fotoausstellung-luce-e-silenzio\\\/\"]}]},{\"@type\":\"ImageObject\",\"inLanguage\":\"en-GB\",\"@id\":\"https:\\\/\\\/www.laudinella.ch\\\/events\\\/fotoausstellung-luce-e-silenzio\\\/#primaryimage\",\"url\":\"https:\\\/\\\/www.laudinella.ch\\\/wp-content\\\/uploads\\\/2025\\\/12\\\/20260102_Ausstellung-Paolo-Solari.jpg\",\"contentUrl\":\"https:\\\/\\\/www.laudinella.ch\\\/wp-content\\\/uploads\\\/2025\\\/12\\\/20260102_Ausstellung-Paolo-Solari.jpg\",\"width\":1553,\"height\":1280},{\"@type\":\"BreadcrumbList\",\"@id\":\"https:\\\/\\\/www.laudinella.ch\\\/events\\\/fotoausstellung-luce-e-silenzio\\\/#breadcrumb\",\"itemListElement\":[{\"@type\":\"ListItem\",\"position\":1,\"name\":\"Startseite\",\"item\":\"https:\\\/\\\/www.laudinella.ch\\\/\"},{\"@type\":\"ListItem\",\"position\":2,\"name\":\"Events\",\"item\":\"https:\\\/\\\/www.laudinella.ch\\\/events\\\/\"},{\"@type\":\"ListItem\",\"position\":3,\"name\":\"Hotel Reine Victoria\",\"item\":\"https:\\\/\\\/www.laudinella.ch\\\/event-location\\\/hotel-reine-victoria\\\/\"},{\"@type\":\"ListItem\",\"position\":4,\"name\":\"Fotoausstellung &#171;Luce e Silenzio&#187;\"}]},{\"@type\":\"WebSite\",\"@id\":\"https:\\\/\\\/www.laudinella.ch\\\/en\\\/#website\",\"url\":\"https:\\\/\\\/www.laudinella.ch\\\/en\\\/\",\"name\":\"Laudinella St. Moritz\",\"description\":\"Sport, Kultur, Kulinarik, Kongresse, Kurse und Natur erleben.\",\"publisher\":{\"@id\":\"https:\\\/\\\/www.laudinella.ch\\\/en\\\/#organization\"},\"potentialAction\":[{\"@type\":\"SearchAction\",\"target\":{\"@type\":\"EntryPoint\",\"urlTemplate\":\"https:\\\/\\\/www.laudinella.ch\\\/en\\\/?s={search_term_string}\"},\"query-input\":{\"@type\":\"PropertyValueSpecification\",\"valueRequired\":true,\"valueName\":\"search_term_string\"}}],\"inLanguage\":\"en-GB\"},{\"@type\":\"Organization\",\"@id\":\"https:\\\/\\\/www.laudinella.ch\\\/en\\\/#organization\",\"name\":\"Laudinella St. Moritz\",\"url\":\"https:\\\/\\\/www.laudinella.ch\\\/en\\\/\",\"logo\":{\"@type\":\"ImageObject\",\"inLanguage\":\"en-GB\",\"@id\":\"https:\\\/\\\/www.laudinella.ch\\\/en\\\/#\\\/schema\\\/logo\\\/image\\\/\",\"url\":\"https:\\\/\\\/www.laudinella.ch\\\/wp-content\\\/uploads\\\/2021\\\/10\\\/laudinella_hotel-group_fav-icon.png\",\"contentUrl\":\"https:\\\/\\\/www.laudinella.ch\\\/wp-content\\\/uploads\\\/2021\\\/10\\\/laudinella_hotel-group_fav-icon.png\",\"width\":512,\"height\":512,\"caption\":\"Laudinella St. Moritz\"},\"image\":{\"@id\":\"https:\\\/\\\/www.laudinella.ch\\\/en\\\/#\\\/schema\\\/logo\\\/image\\\/\"}},{\"@type\":\"Person\",\"@id\":\"https:\\\/\\\/www.laudinella.ch\\\/en\\\/#\\\/schema\\\/person\\\/8569af0b77879b92e2025ff32181c929\",\"name\":\"Nathalie Hanslin\",\"image\":{\"@type\":\"ImageObject\",\"inLanguage\":\"en-GB\",\"@id\":\"https:\\\/\\\/secure.gravatar.com\\\/avatar\\\/026026d755167daa4175498d7a4c71ef1bcfad3a454c2fd3f70377f51a6b80bd?s=96&d=mm&r=g\",\"url\":\"https:\\\/\\\/secure.gravatar.com\\\/avatar\\\/026026d755167daa4175498d7a4c71ef1bcfad3a454c2fd3f70377f51a6b80bd?s=96&d=mm&r=g\",\"contentUrl\":\"https:\\\/\\\/secure.gravatar.com\\\/avatar\\\/026026d755167daa4175498d7a4c71ef1bcfad3a454c2fd3f70377f51a6b80bd?s=96&d=mm&r=g\",\"caption\":\"Nathalie Hanslin\"}}]}<\/script>\n<!-- \/ Yoast SEO plugin. -->","yoast_head_json":{"title":"Photo exhibition &quot;Luce e Silenzio&quot; - Laudinella Group St. Moritz","description":"In this exhibition, Solari Bozzi presents a series of analog black and white photographs of Greenland in winter, taken during his four expeditions from 2016 to 2022.","robots":{"index":"index","follow":"follow","max-snippet":"max-snippet:-1","max-image-preview":"max-image-preview:large","max-video-preview":"max-video-preview:-1"},"canonical":"https:\/\/www.laudinella.ch\/en\/events\/photo-exhibition-luce-e-silenzio\/","og_locale":"en_GB","og_type":"article","og_title":"Fotoausstellung \"Luce e Silenzio\" - Laudinella Group St. Moritz","og_description":"In dieser Ausstellung pr\u00e4sentiert Solari Bozzi eine Reihe von analogen Schwarz-Wei\u00df-Fotografien von Gr\u00f6nland im Winter, die er w\u00e4hrend seiner vier Expeditionen von 2016 bis 2022 aufgenommen hat.","og_url":"https:\/\/www.laudinella.ch\/en\/events\/photo-exhibition-luce-e-silenzio\/","og_site_name":"Laudinella Group St. Moritz","article_modified_time":"2025-12-27T17:36:11+00:00","og_image":[{"width":1553,"height":1280,"url":"https:\/\/www.laudinella.ch\/wp-content\/uploads\/2025\/12\/20260102_Ausstellung-Paolo-Solari.jpg","type":"image\/jpeg"}],"twitter_card":"summary_large_image","schema":{"@context":"https:\/\/schema.org","@graph":[{"@type":"NewsArticle","@id":"https:\/\/www.laudinella.ch\/events\/fotoausstellung-luce-e-silenzio\/#article","isPartOf":{"@id":"https:\/\/www.laudinella.ch\/events\/fotoausstellung-luce-e-silenzio\/"},"author":{"name":"Nathalie Hanslin","@id":"https:\/\/www.laudinella.ch\/en\/#\/schema\/person\/8569af0b77879b92e2025ff32181c929"},"headline":"Fotoausstellung &#171;Luce e Silenzio&#187;","datePublished":"2025-12-27T17:25:11+00:00","dateModified":"2025-12-27T17:36:11+00:00","mainEntityOfPage":{"@id":"https:\/\/www.laudinella.ch\/events\/fotoausstellung-luce-e-silenzio\/"},"wordCount":77,"publisher":{"@id":"https:\/\/www.laudinella.ch\/en\/#organization"},"image":{"@id":"https:\/\/www.laudinella.ch\/events\/fotoausstellung-luce-e-silenzio\/#primaryimage"},"thumbnailUrl":"https:\/\/www.laudinella.ch\/wp-content\/uploads\/2025\/12\/20260102_Ausstellung-Paolo-Solari.jpg","inLanguage":"en-GB"},{"@type":["WebPage","ItemPage"],"@id":"https:\/\/www.laudinella.ch\/events\/fotoausstellung-luce-e-silenzio\/","url":"https:\/\/www.laudinella.ch\/events\/fotoausstellung-luce-e-silenzio\/","name":"Photo exhibition &quot;Luce e Silenzio&quot; - Laudinella Group St. Moritz","isPartOf":{"@id":"https:\/\/www.laudinella.ch\/en\/#website"},"primaryImageOfPage":{"@id":"https:\/\/www.laudinella.ch\/events\/fotoausstellung-luce-e-silenzio\/#primaryimage"},"image":{"@id":"https:\/\/www.laudinella.ch\/events\/fotoausstellung-luce-e-silenzio\/#primaryimage"},"thumbnailUrl":"https:\/\/www.laudinella.ch\/wp-content\/uploads\/2025\/12\/20260102_Ausstellung-Paolo-Solari.jpg","datePublished":"2025-12-27T17:25:11+00:00","dateModified":"2025-12-27T17:36:11+00:00","description":"In this exhibition, Solari Bozzi presents a series of analog black and white photographs of Greenland in winter, taken during his four expeditions from 2016 to 2022.","breadcrumb":{"@id":"https:\/\/www.laudinella.ch\/events\/fotoausstellung-luce-e-silenzio\/#breadcrumb"},"inLanguage":"en-GB","potentialAction":[{"@type":"ReadAction","target":["https:\/\/www.laudinella.ch\/events\/fotoausstellung-luce-e-silenzio\/"]}]},{"@type":"ImageObject","inLanguage":"en-GB","@id":"https:\/\/www.laudinella.ch\/events\/fotoausstellung-luce-e-silenzio\/#primaryimage","url":"https:\/\/www.laudinella.ch\/wp-content\/uploads\/2025\/12\/20260102_Ausstellung-Paolo-Solari.jpg","contentUrl":"https:\/\/www.laudinella.ch\/wp-content\/uploads\/2025\/12\/20260102_Ausstellung-Paolo-Solari.jpg","width":1553,"height":1280},{"@type":"BreadcrumbList","@id":"https:\/\/www.laudinella.ch\/events\/fotoausstellung-luce-e-silenzio\/#breadcrumb","itemListElement":[{"@type":"ListItem","position":1,"name":"Startseite","item":"https:\/\/www.laudinella.ch\/"},{"@type":"ListItem","position":2,"name":"Events","item":"https:\/\/www.laudinella.ch\/events\/"},{"@type":"ListItem","position":3,"name":"Hotel Reine Victoria","item":"https:\/\/www.laudinella.ch\/event-location\/hotel-reine-victoria\/"},{"@type":"ListItem","position":4,"name":"Fotoausstellung &#171;Luce e Silenzio&#187;"}]},{"@type":"WebSite","@id":"https:\/\/www.laudinella.ch\/en\/#website","url":"https:\/\/www.laudinella.ch\/en\/","name":"Laudinella St. Moritz","description":"Experience sport, culture, cuisine, congresses, courses and nature.","publisher":{"@id":"https:\/\/www.laudinella.ch\/en\/#organization"},"potentialAction":[{"@type":"SearchAction","target":{"@type":"EntryPoint","urlTemplate":"https:\/\/www.laudinella.ch\/en\/?s={search_term_string}"},"query-input":{"@type":"PropertyValueSpecification","valueRequired":true,"valueName":"search_term_string"}}],"inLanguage":"en-GB"},{"@type":"Organization","@id":"https:\/\/www.laudinella.ch\/en\/#organization","name":"Laudinella St. Moritz","url":"https:\/\/www.laudinella.ch\/en\/","logo":{"@type":"ImageObject","inLanguage":"en-GB","@id":"https:\/\/www.laudinella.ch\/en\/#\/schema\/logo\/image\/","url":"https:\/\/www.laudinella.ch\/wp-content\/uploads\/2021\/10\/laudinella_hotel-group_fav-icon.png","contentUrl":"https:\/\/www.laudinella.ch\/wp-content\/uploads\/2021\/10\/laudinella_hotel-group_fav-icon.png","width":512,"height":512,"caption":"Laudinella St. Moritz"},"image":{"@id":"https:\/\/www.laudinella.ch\/en\/#\/schema\/logo\/image\/"}},{"@type":"Person","@id":"https:\/\/www.laudinella.ch\/en\/#\/schema\/person\/8569af0b77879b92e2025ff32181c929","name":"Nathalie Hanslin","image":{"@type":"ImageObject","inLanguage":"en-GB","@id":"https:\/\/secure.gravatar.com\/avatar\/026026d755167daa4175498d7a4c71ef1bcfad3a454c2fd3f70377f51a6b80bd?s=96&d=mm&r=g","url":"https:\/\/secure.gravatar.com\/avatar\/026026d755167daa4175498d7a4c71ef1bcfad3a454c2fd3f70377f51a6b80bd?s=96&d=mm&r=g","contentUrl":"https:\/\/secure.gravatar.com\/avatar\/026026d755167daa4175498d7a4c71ef1bcfad3a454c2fd3f70377f51a6b80bd?s=96&d=mm&r=g","caption":"Nathalie Hanslin"}}]}},"_links":{"self":[{"href":"https:\/\/www.laudinella.ch\/en\/wp-json\/wp\/v2\/ajde_events\/36829","targetHints":{"allow":["GET"]}}],"collection":[{"href":"https:\/\/www.laudinella.ch\/en\/wp-json\/wp\/v2\/ajde_events"}],"about":[{"href":"https:\/\/www.laudinella.ch\/en\/wp-json\/wp\/v2\/types\/ajde_events"}],"author":[{"embeddable":true,"href":"https:\/\/www.laudinella.ch\/en\/wp-json\/wp\/v2\/users\/12"}],"replies":[{"embeddable":true,"href":"https:\/\/www.laudinella.ch\/en\/wp-json\/wp\/v2\/comments?post=36829"}],"wp:featuredmedia":[{"embeddable":true,"href":"https:\/\/www.laudinella.ch\/en\/wp-json\/wp\/v2\/media\/36830"}],"wp:attachment":[{"href":"https:\/\/www.laudinella.ch\/en\/wp-json\/wp\/v2\/media?parent=36829"}],"wp:term":[{"taxonomy":"post_tag","embeddable":true,"href":"https:\/\/www.laudinella.ch\/en\/wp-json\/wp\/v2\/tags?post=36829"},{"taxonomy":"event_type","embeddable":true,"href":"https:\/\/www.laudinella.ch\/en\/wp-json\/wp\/v2\/event_type?post=36829"},{"taxonomy":"event_type_2","embeddable":true,"href":"https:\/\/www.laudinella.ch\/en\/wp-json\/wp\/v2\/event_type_2?post=36829"}],"curies":[{"name":"wp","href":"https:\/\/api.w.org\/{rel}","templated":true}]}}