{"id":36719,"date":"2025-12-14T10:07:57","date_gmt":"2025-12-14T09:07:57","guid":{"rendered":"https:\/\/www.laudinella.ch\/events\/orchesterwoche-mit-marianne-schoenbaechler\/"},"modified":"2025-12-14T10:10:06","modified_gmt":"2025-12-14T09:10:06","slug":"orchestra-week-with-marianne-schoenbaechler","status":"publish","type":"ajde_events","link":"https:\/\/www.laudinella.ch\/en\/events\/orchesterwoche-mit-marianne-schoenbaechler\/","title":{"rendered":"Orchestra Week with Marianne Sch\u00f6nb\u00e4chler"},"content":{"rendered":"<p><strong>Course management:<\/strong> Marianne Sch\u00f6nb\u00e4chler<\/p>\n\n\n\n<p><strong>Course content<br><\/strong>The various aspects of orchestral playing are deepened. A homogeneous orchestral sound is the goal of the daily rehearsals. Works from different epochs show the peculiarities of the different tonal languages and their implementation. Technical details are worked out in register samples.<br>Rehearsals take place in the morning, late afternoon and evening. After-work sight-reading is available for the tireless.<\/p>\n\n\n\n<p><strong>target group<br><\/strong>Adult string players with solid musical background who enjoy making music and rehearsing. If you have any questions, the course leader will be happy to answer them (079\/395 37 95 or mariglari@bluewin.ch)<\/p>\n\n\n\n<p><strong>Course leader<br><\/strong>Marianne Sch\u00f6nb\u00e4chler, Lausanne and Glarus<br>Violin studies in Lausanne and La Chaux-de Fonds. Conducting courses at the Zurich University of the Arts. Worked as a violin, viola and chamber music teacher at the Glarner Music School. Conductor of the school orchestra, management of music camps with young people. Member of various chamber music formations. Long-time member of the Glarner Chamber Orchestra<\/p>\n\n\n\n<p><strong>concertmaster<\/strong><br>Agnes Byland<\/p>\n\n\n\n<p><strong>Data<\/strong><br>Course start: Saturday, October 10, 2026, 4:30 PM<br>Course ends: Saturday, October 17, 2026, after breakfast<br><br><strong>Course times<\/strong><br>09.30 \u2013 12.00 rehearsal, also register rehearsals<br>5:00 pm \u2013 6:30 pm Rehearsal, if the weather is good the rehearsal can start a little later, if the weather is bad a little earlier, depending on the needs of the participants<br>6:30 \u2013 8:00 pm Dinner\u00a0\u00a0\u00a0<br>8:15 pm \u2013 9:30 pm rehearsal<\/p>\n\n\n\n<p><strong>Bring along<\/strong><br>Chamber music sheet music for the tireless and your own music stand if you want to practice in your room.<\/p>\n\n\n\n<p><strong>Number of participants<\/strong><br>Min. 23 \/ Max. 40<\/p>\n\n\n\n<p><strong>Final concert<\/strong><br>Friday, October 16, 2026, 8:30 p.m.<\/p>\n\n\n\n<p><strong>Course fee<br><\/strong>CHF 380.-<\/p>\n\n\n\n<p><strong>Registration deadline<br><\/strong>June 30, 2026<\/p>\n\n\n\n<p class=\"has-small-font-size\"><\/p>\n\n\n\n<div class=\"wp-block-buttons is-layout-flex wp-block-buttons-is-layout-flex\">\n<div class=\"wp-block-button has-custom-width wp-block-button__width-25 is-style-outline is-style-outline--1\"><a class=\"wp-block-button__link has-black-color has-cyan-bluish-gray-background-color has-text-color has-background has-link-color has-medium-font-size has-custom-font-size wp-element-button\" href=\"https:\/\/www.laudinella.ch\/en\/workshops\/sign-up\/?kurs=orchesterwoche-mit-marianne-schoenbaechler&amp;isMusic=yes\" style=\"border-radius:99px\"><strong>INQUIRIES<\/strong><\/a><\/div>\n<\/div>\n\n\n\n<p><\/p>","protected":false},"author":12,"featured_media":28891,"menu_order":0,"comment_status":"closed","ping_status":"closed","template":"","meta":[],"tags":[120],"event_type":[37],"event_type_2":[],"class_list":["post-36719","ajde_events","type-ajde_events","status-publish","has-post-thumbnail","hentry","tag-kurs","event_type-workshop"],"yoast_head":"<!-- This site is optimized with the Yoast SEO plugin v27.5 - https:\/\/yoast.com\/product\/yoast-seo-wordpress\/ -->\n<title>Orchesterwoche mit Marianne Sch\u00f6nb\u00e4chler - Laudinella Group St. Moritz<\/title>\n<meta name=\"description\" content=\"Orchesterwoche mit Marianne Sch\u00f6nb\u00e4chler im goldenen Engadiner Herbst\" \/>\n<meta name=\"robots\" content=\"index, follow, max-snippet:-1, max-image-preview:large, max-video-preview:-1\" \/>\n<link rel=\"canonical\" href=\"https:\/\/www.laudinella.ch\/en\/events\/orchestra-week-with-marianne-schoenbaechler\/\" \/>\n<meta property=\"og:locale\" content=\"en_GB\" \/>\n<meta property=\"og:type\" content=\"article\" \/>\n<meta property=\"og:title\" content=\"Orchesterwoche mit Marianne Sch\u00f6nb\u00e4chler - Laudinella Group St. Moritz\" \/>\n<meta property=\"og:description\" content=\"Orchesterwoche mit Marianne Sch\u00f6nb\u00e4chler im goldenen Engadiner Herbst\" \/>\n<meta property=\"og:url\" content=\"https:\/\/www.laudinella.ch\/en\/events\/orchestra-week-with-marianne-schoenbaechler\/\" \/>\n<meta property=\"og:site_name\" content=\"Laudinella Group St. Moritz\" \/>\n<meta property=\"article:modified_time\" content=\"2025-12-14T09:10:06+00:00\" \/>\n<meta property=\"og:image\" content=\"https:\/\/www.laudinella.ch\/wp-content\/uploads\/2024\/11\/2025_Kurs_Orchesterwoche.jpg\" \/>\n\t<meta property=\"og:image:width\" content=\"640\" \/>\n\t<meta property=\"og:image:height\" content=\"350\" \/>\n\t<meta property=\"og:image:type\" content=\"image\/jpeg\" \/>\n<meta name=\"twitter:card\" content=\"summary_large_image\" \/>\n<script type=\"application\/ld+json\" class=\"yoast-schema-graph\">{\"@context\":\"https:\\\/\\\/schema.org\",\"@graph\":[{\"@type\":\"NewsArticle\",\"@id\":\"https:\\\/\\\/www.laudinella.ch\\\/events\\\/orchesterwoche-mit-marianne-schoenbaechler\\\/#article\",\"isPartOf\":{\"@id\":\"https:\\\/\\\/www.laudinella.ch\\\/events\\\/orchesterwoche-mit-marianne-schoenbaechler\\\/\"},\"author\":{\"name\":\"Nathalie Hanslin\",\"@id\":\"https:\\\/\\\/www.laudinella.ch\\\/en\\\/#\\\/schema\\\/person\\\/8569af0b77879b92e2025ff32181c929\"},\"headline\":\"Orchesterwoche mit Marianne Sch\u00f6nb\u00e4chler\",\"datePublished\":\"2025-12-14T09:07:57+00:00\",\"dateModified\":\"2025-12-14T09:10:06+00:00\",\"mainEntityOfPage\":{\"@id\":\"https:\\\/\\\/www.laudinella.ch\\\/events\\\/orchesterwoche-mit-marianne-schoenbaechler\\\/\"},\"wordCount\":231,\"publisher\":{\"@id\":\"https:\\\/\\\/www.laudinella.ch\\\/en\\\/#organization\"},\"image\":{\"@id\":\"https:\\\/\\\/www.laudinella.ch\\\/events\\\/orchesterwoche-mit-marianne-schoenbaechler\\\/#primaryimage\"},\"thumbnailUrl\":\"https:\\\/\\\/www.laudinella.ch\\\/wp-content\\\/uploads\\\/2024\\\/11\\\/2025_Kurs_Orchesterwoche.jpg\",\"keywords\":[\"Kurs\"],\"inLanguage\":\"en-GB\"},{\"@type\":[\"WebPage\",\"ItemPage\"],\"@id\":\"https:\\\/\\\/www.laudinella.ch\\\/events\\\/orchesterwoche-mit-marianne-schoenbaechler\\\/\",\"url\":\"https:\\\/\\\/www.laudinella.ch\\\/events\\\/orchesterwoche-mit-marianne-schoenbaechler\\\/\",\"name\":\"Orchesterwoche mit Marianne Sch\u00f6nb\u00e4chler - Laudinella Group St. Moritz\",\"isPartOf\":{\"@id\":\"https:\\\/\\\/www.laudinella.ch\\\/en\\\/#website\"},\"primaryImageOfPage\":{\"@id\":\"https:\\\/\\\/www.laudinella.ch\\\/events\\\/orchesterwoche-mit-marianne-schoenbaechler\\\/#primaryimage\"},\"image\":{\"@id\":\"https:\\\/\\\/www.laudinella.ch\\\/events\\\/orchesterwoche-mit-marianne-schoenbaechler\\\/#primaryimage\"},\"thumbnailUrl\":\"https:\\\/\\\/www.laudinella.ch\\\/wp-content\\\/uploads\\\/2024\\\/11\\\/2025_Kurs_Orchesterwoche.jpg\",\"datePublished\":\"2025-12-14T09:07:57+00:00\",\"dateModified\":\"2025-12-14T09:10:06+00:00\",\"description\":\"Orchesterwoche mit Marianne Sch\u00f6nb\u00e4chler im goldenen Engadiner Herbst\",\"breadcrumb\":{\"@id\":\"https:\\\/\\\/www.laudinella.ch\\\/events\\\/orchesterwoche-mit-marianne-schoenbaechler\\\/#breadcrumb\"},\"inLanguage\":\"en-GB\",\"potentialAction\":[{\"@type\":\"ReadAction\",\"target\":[\"https:\\\/\\\/www.laudinella.ch\\\/events\\\/orchesterwoche-mit-marianne-schoenbaechler\\\/\"]}]},{\"@type\":\"ImageObject\",\"inLanguage\":\"en-GB\",\"@id\":\"https:\\\/\\\/www.laudinella.ch\\\/events\\\/orchesterwoche-mit-marianne-schoenbaechler\\\/#primaryimage\",\"url\":\"https:\\\/\\\/www.laudinella.ch\\\/wp-content\\\/uploads\\\/2024\\\/11\\\/2025_Kurs_Orchesterwoche.jpg\",\"contentUrl\":\"https:\\\/\\\/www.laudinella.ch\\\/wp-content\\\/uploads\\\/2024\\\/11\\\/2025_Kurs_Orchesterwoche.jpg\",\"width\":640,\"height\":350},{\"@type\":\"BreadcrumbList\",\"@id\":\"https:\\\/\\\/www.laudinella.ch\\\/events\\\/orchesterwoche-mit-marianne-schoenbaechler\\\/#breadcrumb\",\"itemListElement\":[{\"@type\":\"ListItem\",\"position\":1,\"name\":\"Startseite\",\"item\":\"https:\\\/\\\/www.laudinella.ch\\\/\"},{\"@type\":\"ListItem\",\"position\":2,\"name\":\"Events\",\"item\":\"https:\\\/\\\/www.laudinella.ch\\\/events\\\/\"},{\"@type\":\"ListItem\",\"position\":3,\"name\":\"Orchesterwoche mit Marianne Sch\u00f6nb\u00e4chler\"}]},{\"@type\":\"WebSite\",\"@id\":\"https:\\\/\\\/www.laudinella.ch\\\/en\\\/#website\",\"url\":\"https:\\\/\\\/www.laudinella.ch\\\/en\\\/\",\"name\":\"Laudinella St. Moritz\",\"description\":\"Sport, Kultur, Kulinarik, Kongresse, Kurse und Natur erleben.\",\"publisher\":{\"@id\":\"https:\\\/\\\/www.laudinella.ch\\\/en\\\/#organization\"},\"potentialAction\":[{\"@type\":\"SearchAction\",\"target\":{\"@type\":\"EntryPoint\",\"urlTemplate\":\"https:\\\/\\\/www.laudinella.ch\\\/en\\\/?s={search_term_string}\"},\"query-input\":{\"@type\":\"PropertyValueSpecification\",\"valueRequired\":true,\"valueName\":\"search_term_string\"}}],\"inLanguage\":\"en-GB\"},{\"@type\":\"Organization\",\"@id\":\"https:\\\/\\\/www.laudinella.ch\\\/en\\\/#organization\",\"name\":\"Laudinella St. Moritz\",\"url\":\"https:\\\/\\\/www.laudinella.ch\\\/en\\\/\",\"logo\":{\"@type\":\"ImageObject\",\"inLanguage\":\"en-GB\",\"@id\":\"https:\\\/\\\/www.laudinella.ch\\\/en\\\/#\\\/schema\\\/logo\\\/image\\\/\",\"url\":\"https:\\\/\\\/www.laudinella.ch\\\/wp-content\\\/uploads\\\/2021\\\/10\\\/laudinella_hotel-group_fav-icon.png\",\"contentUrl\":\"https:\\\/\\\/www.laudinella.ch\\\/wp-content\\\/uploads\\\/2021\\\/10\\\/laudinella_hotel-group_fav-icon.png\",\"width\":512,\"height\":512,\"caption\":\"Laudinella St. Moritz\"},\"image\":{\"@id\":\"https:\\\/\\\/www.laudinella.ch\\\/en\\\/#\\\/schema\\\/logo\\\/image\\\/\"}},{\"@type\":\"Person\",\"@id\":\"https:\\\/\\\/www.laudinella.ch\\\/en\\\/#\\\/schema\\\/person\\\/8569af0b77879b92e2025ff32181c929\",\"name\":\"Nathalie Hanslin\",\"image\":{\"@type\":\"ImageObject\",\"inLanguage\":\"en-GB\",\"@id\":\"https:\\\/\\\/secure.gravatar.com\\\/avatar\\\/026026d755167daa4175498d7a4c71ef1bcfad3a454c2fd3f70377f51a6b80bd?s=96&d=mm&r=g\",\"url\":\"https:\\\/\\\/secure.gravatar.com\\\/avatar\\\/026026d755167daa4175498d7a4c71ef1bcfad3a454c2fd3f70377f51a6b80bd?s=96&d=mm&r=g\",\"contentUrl\":\"https:\\\/\\\/secure.gravatar.com\\\/avatar\\\/026026d755167daa4175498d7a4c71ef1bcfad3a454c2fd3f70377f51a6b80bd?s=96&d=mm&r=g\",\"caption\":\"Nathalie Hanslin\"}}]}<\/script>\n<!-- \/ Yoast SEO plugin. -->","yoast_head_json":{"title":"Orchestra week with Marianne Sch\u00f6nb\u00e4chler - Laudinella Group St. Moritz","description":"Orchestra week with Marianne Sch\u00f6nb\u00e4chler in the golden Engadine autumn","robots":{"index":"index","follow":"follow","max-snippet":"max-snippet:-1","max-image-preview":"max-image-preview:large","max-video-preview":"max-video-preview:-1"},"canonical":"https:\/\/www.laudinella.ch\/en\/events\/orchestra-week-with-marianne-schoenbaechler\/","og_locale":"en_GB","og_type":"article","og_title":"Orchesterwoche mit Marianne Sch\u00f6nb\u00e4chler - Laudinella Group St. Moritz","og_description":"Orchesterwoche mit Marianne Sch\u00f6nb\u00e4chler im goldenen Engadiner Herbst","og_url":"https:\/\/www.laudinella.ch\/en\/events\/orchestra-week-with-marianne-schoenbaechler\/","og_site_name":"Laudinella Group St. Moritz","article_modified_time":"2025-12-14T09:10:06+00:00","og_image":[{"width":640,"height":350,"url":"https:\/\/www.laudinella.ch\/wp-content\/uploads\/2024\/11\/2025_Kurs_Orchesterwoche.jpg","type":"image\/jpeg"}],"twitter_card":"summary_large_image","schema":{"@context":"https:\/\/schema.org","@graph":[{"@type":"NewsArticle","@id":"https:\/\/www.laudinella.ch\/events\/orchesterwoche-mit-marianne-schoenbaechler\/#article","isPartOf":{"@id":"https:\/\/www.laudinella.ch\/events\/orchesterwoche-mit-marianne-schoenbaechler\/"},"author":{"name":"Nathalie Hanslin","@id":"https:\/\/www.laudinella.ch\/en\/#\/schema\/person\/8569af0b77879b92e2025ff32181c929"},"headline":"Orchesterwoche mit Marianne Sch\u00f6nb\u00e4chler","datePublished":"2025-12-14T09:07:57+00:00","dateModified":"2025-12-14T09:10:06+00:00","mainEntityOfPage":{"@id":"https:\/\/www.laudinella.ch\/events\/orchesterwoche-mit-marianne-schoenbaechler\/"},"wordCount":231,"publisher":{"@id":"https:\/\/www.laudinella.ch\/en\/#organization"},"image":{"@id":"https:\/\/www.laudinella.ch\/events\/orchesterwoche-mit-marianne-schoenbaechler\/#primaryimage"},"thumbnailUrl":"https:\/\/www.laudinella.ch\/wp-content\/uploads\/2024\/11\/2025_Kurs_Orchesterwoche.jpg","keywords":["Kurs"],"inLanguage":"en-GB"},{"@type":["WebPage","ItemPage"],"@id":"https:\/\/www.laudinella.ch\/events\/orchesterwoche-mit-marianne-schoenbaechler\/","url":"https:\/\/www.laudinella.ch\/events\/orchesterwoche-mit-marianne-schoenbaechler\/","name":"Orchestra week with Marianne Sch\u00f6nb\u00e4chler - Laudinella Group St. Moritz","isPartOf":{"@id":"https:\/\/www.laudinella.ch\/en\/#website"},"primaryImageOfPage":{"@id":"https:\/\/www.laudinella.ch\/events\/orchesterwoche-mit-marianne-schoenbaechler\/#primaryimage"},"image":{"@id":"https:\/\/www.laudinella.ch\/events\/orchesterwoche-mit-marianne-schoenbaechler\/#primaryimage"},"thumbnailUrl":"https:\/\/www.laudinella.ch\/wp-content\/uploads\/2024\/11\/2025_Kurs_Orchesterwoche.jpg","datePublished":"2025-12-14T09:07:57+00:00","dateModified":"2025-12-14T09:10:06+00:00","description":"Orchestra week with Marianne Sch\u00f6nb\u00e4chler in the golden Engadine autumn","breadcrumb":{"@id":"https:\/\/www.laudinella.ch\/events\/orchesterwoche-mit-marianne-schoenbaechler\/#breadcrumb"},"inLanguage":"en-GB","potentialAction":[{"@type":"ReadAction","target":["https:\/\/www.laudinella.ch\/events\/orchesterwoche-mit-marianne-schoenbaechler\/"]}]},{"@type":"ImageObject","inLanguage":"en-GB","@id":"https:\/\/www.laudinella.ch\/events\/orchesterwoche-mit-marianne-schoenbaechler\/#primaryimage","url":"https:\/\/www.laudinella.ch\/wp-content\/uploads\/2024\/11\/2025_Kurs_Orchesterwoche.jpg","contentUrl":"https:\/\/www.laudinella.ch\/wp-content\/uploads\/2024\/11\/2025_Kurs_Orchesterwoche.jpg","width":640,"height":350},{"@type":"BreadcrumbList","@id":"https:\/\/www.laudinella.ch\/events\/orchesterwoche-mit-marianne-schoenbaechler\/#breadcrumb","itemListElement":[{"@type":"ListItem","position":1,"name":"Startseite","item":"https:\/\/www.laudinella.ch\/"},{"@type":"ListItem","position":2,"name":"Events","item":"https:\/\/www.laudinella.ch\/events\/"},{"@type":"ListItem","position":3,"name":"Orchesterwoche mit Marianne Sch\u00f6nb\u00e4chler"}]},{"@type":"WebSite","@id":"https:\/\/www.laudinella.ch\/en\/#website","url":"https:\/\/www.laudinella.ch\/en\/","name":"Laudinella St. Moritz","description":"Experience sport, culture, cuisine, congresses, courses and nature.","publisher":{"@id":"https:\/\/www.laudinella.ch\/en\/#organization"},"potentialAction":[{"@type":"SearchAction","target":{"@type":"EntryPoint","urlTemplate":"https:\/\/www.laudinella.ch\/en\/?s={search_term_string}"},"query-input":{"@type":"PropertyValueSpecification","valueRequired":true,"valueName":"search_term_string"}}],"inLanguage":"en-GB"},{"@type":"Organization","@id":"https:\/\/www.laudinella.ch\/en\/#organization","name":"Laudinella St. Moritz","url":"https:\/\/www.laudinella.ch\/en\/","logo":{"@type":"ImageObject","inLanguage":"en-GB","@id":"https:\/\/www.laudinella.ch\/en\/#\/schema\/logo\/image\/","url":"https:\/\/www.laudinella.ch\/wp-content\/uploads\/2021\/10\/laudinella_hotel-group_fav-icon.png","contentUrl":"https:\/\/www.laudinella.ch\/wp-content\/uploads\/2021\/10\/laudinella_hotel-group_fav-icon.png","width":512,"height":512,"caption":"Laudinella St. Moritz"},"image":{"@id":"https:\/\/www.laudinella.ch\/en\/#\/schema\/logo\/image\/"}},{"@type":"Person","@id":"https:\/\/www.laudinella.ch\/en\/#\/schema\/person\/8569af0b77879b92e2025ff32181c929","name":"Nathalie Hanslin","image":{"@type":"ImageObject","inLanguage":"en-GB","@id":"https:\/\/secure.gravatar.com\/avatar\/026026d755167daa4175498d7a4c71ef1bcfad3a454c2fd3f70377f51a6b80bd?s=96&d=mm&r=g","url":"https:\/\/secure.gravatar.com\/avatar\/026026d755167daa4175498d7a4c71ef1bcfad3a454c2fd3f70377f51a6b80bd?s=96&d=mm&r=g","contentUrl":"https:\/\/secure.gravatar.com\/avatar\/026026d755167daa4175498d7a4c71ef1bcfad3a454c2fd3f70377f51a6b80bd?s=96&d=mm&r=g","caption":"Nathalie Hanslin"}}]}},"_links":{"self":[{"href":"https:\/\/www.laudinella.ch\/en\/wp-json\/wp\/v2\/ajde_events\/36719","targetHints":{"allow":["GET"]}}],"collection":[{"href":"https:\/\/www.laudinella.ch\/en\/wp-json\/wp\/v2\/ajde_events"}],"about":[{"href":"https:\/\/www.laudinella.ch\/en\/wp-json\/wp\/v2\/types\/ajde_events"}],"author":[{"embeddable":true,"href":"https:\/\/www.laudinella.ch\/en\/wp-json\/wp\/v2\/users\/12"}],"replies":[{"embeddable":true,"href":"https:\/\/www.laudinella.ch\/en\/wp-json\/wp\/v2\/comments?post=36719"}],"wp:featuredmedia":[{"embeddable":true,"href":"https:\/\/www.laudinella.ch\/en\/wp-json\/wp\/v2\/media\/28891"}],"wp:attachment":[{"href":"https:\/\/www.laudinella.ch\/en\/wp-json\/wp\/v2\/media?parent=36719"}],"wp:term":[{"taxonomy":"post_tag","embeddable":true,"href":"https:\/\/www.laudinella.ch\/en\/wp-json\/wp\/v2\/tags?post=36719"},{"taxonomy":"event_type","embeddable":true,"href":"https:\/\/www.laudinella.ch\/en\/wp-json\/wp\/v2\/event_type?post=36719"},{"taxonomy":"event_type_2","embeddable":true,"href":"https:\/\/www.laudinella.ch\/en\/wp-json\/wp\/v2\/event_type_2?post=36719"}],"curies":[{"name":"wp","href":"https:\/\/api.w.org\/{rel}","templated":true}]}}