{"id":35592,"date":"2025-11-08T16:39:02","date_gmt":"2025-11-08T15:39:02","guid":{"rendered":"https:\/\/www.laudinella.ch\/events\/geigenvirtuose-nikita-koller-mit-pavel-pozdyshev-am-klavier-2\/"},"modified":"2026-01-08T10:42:26","modified_gmt":"2026-01-08T09:42:26","slug":"violin-virtuoso-nikita-koller-with-oxana-shevchenko-on-piano-2","status":"publish","type":"ajde_events","link":"https:\/\/www.laudinella.ch\/en\/events\/geigenvirtuose-nikita-koller-mit-oxana-shevchenko-am-klavier-2\/","title":{"rendered":"VIOLIN VIRTUOSO NIKITA KOLLER WITH OXANA SHEVCHENKO ON PIANO"},"content":{"rendered":"<p><\/p>\n\n\n\n<p>Sixteen-year-old violin virtuoso Nikita Koller is a multiple prize winner of international competitions and is on his way to conquering the world&#039;s stages.<\/p>\n\n\n\n<p>Nikita made his debut as a soloist with a chamber orchestra at the age of 10. Since then, he has performed with various orchestras, including the Zurich Chamber Philharmonic, the Bavarian Philharmonic in Munich, and the Camerata Tchaikovsky in London. His concert appearances have taken him to renowned venues such as the KKL Luzern, the Stadtcasino Basel, the Mozarteum Salzburg, and Carnegie Hall in New York. In the summer of 2024, he performed as part of the prestigious Verbier Festival Soloist Academy, and in the summer of 2025, he appeared in the renowned Jordan Hall at the New England Conservatory in Boston. Nikita is currently studying at the Yehudi Menuhin School in London with Professor Robin Wilson.<\/p>\n\n\n\n<p>Together with pianist Oxana Shevchenko, Nikita will offer a musical journey featuring pieces by Bach, Mozart, Paganini, and Debussy. The highlight of the program will be the fiery rhapsody &quot;Tzigane&quot; by French composer Maurice Ravel, one of the most demanding works in virtuoso violin literature, bringing the fiery emotions of musical Impressionism to St. Moritz. \u00a0\u00a0<\/p>\n\n\n\n<p>Free admission \u2013 collection for the benefit of the artists <\/p>\n\n\n\n<p>Duration approx. 60 minutes<\/p>\n\n\n\n<p><\/p>","protected":false},"author":12,"featured_media":36906,"menu_order":0,"comment_status":"closed","ping_status":"closed","template":"","meta":[],"tags":[134],"event_type":[43],"event_type_2":[],"class_list":["post-35592","ajde_events","type-ajde_events","status-publish","has-post-thumbnail","hentry","tag-konzert","event_location-brigitte-henri-b-meier-concert-hall-hotel-laudinella","event_type-veranstaltung"],"yoast_head":"<!-- This site is optimized with the Yoast SEO plugin v27.5 - https:\/\/yoast.com\/product\/yoast-seo-wordpress\/ -->\n<title>GEIGENVIRTUOSE NIKITA KOLLER MIT OXANA SHEVCHENKO AM KLAVIER - Laudinella Group St. Moritz<\/title>\n<meta name=\"description\" content=\"Der 16-j\u00e4hrige Geigenvirtuose Nikita Koller ist mehrfacher Preistr\u00e4ger internationaler Wettbewerbe und auf dem Weg, die Weltb\u00fchnen zu erobern.\" \/>\n<meta name=\"robots\" content=\"index, follow, max-snippet:-1, max-image-preview:large, max-video-preview:-1\" \/>\n<link rel=\"canonical\" href=\"https:\/\/www.laudinella.ch\/en\/events\/violin-virtuoso-nikita-koller-with-oxana-shevchenko-on-piano-2\/\" \/>\n<meta property=\"og:locale\" content=\"en_GB\" \/>\n<meta property=\"og:type\" content=\"article\" \/>\n<meta property=\"og:title\" content=\"GEIGENVIRTUOSE NIKITA KOLLER MIT OXANA SHEVCHENKO AM KLAVIER - Laudinella Group St. Moritz\" \/>\n<meta property=\"og:description\" content=\"Der 16-j\u00e4hrige Geigenvirtuose Nikita Koller ist mehrfacher Preistr\u00e4ger internationaler Wettbewerbe und auf dem Weg, die Weltb\u00fchnen zu erobern.\" \/>\n<meta property=\"og:url\" content=\"https:\/\/www.laudinella.ch\/en\/events\/violin-virtuoso-nikita-koller-with-oxana-shevchenko-on-piano-2\/\" \/>\n<meta property=\"og:site_name\" content=\"Laudinella Group St. Moritz\" \/>\n<meta property=\"article:modified_time\" content=\"2026-01-08T09:42:26+00:00\" \/>\n<meta property=\"og:image\" content=\"https:\/\/www.laudinella.ch\/wp-content\/uploads\/2025\/11\/NK03TIFF01.jpg\" \/>\n\t<meta property=\"og:image:width\" content=\"1080\" \/>\n\t<meta property=\"og:image:height\" content=\"718\" \/>\n\t<meta property=\"og:image:type\" content=\"image\/jpeg\" \/>\n<meta name=\"twitter:card\" content=\"summary_large_image\" \/>\n<script type=\"application\/ld+json\" class=\"yoast-schema-graph\">{\"@context\":\"https:\\\/\\\/schema.org\",\"@graph\":[{\"@type\":\"NewsArticle\",\"@id\":\"https:\\\/\\\/www.laudinella.ch\\\/events\\\/geigenvirtuose-nikita-koller-mit-oxana-shevchenko-am-klavier-2\\\/#article\",\"isPartOf\":{\"@id\":\"https:\\\/\\\/www.laudinella.ch\\\/events\\\/geigenvirtuose-nikita-koller-mit-oxana-shevchenko-am-klavier-2\\\/\"},\"author\":{\"name\":\"Nathalie Hanslin\",\"@id\":\"https:\\\/\\\/www.laudinella.ch\\\/en\\\/#\\\/schema\\\/person\\\/8569af0b77879b92e2025ff32181c929\"},\"headline\":\"GEIGENVIRTUOSE NIKITA KOLLER MIT OXANA SHEVCHENKO AM KLAVIER\",\"datePublished\":\"2025-11-08T15:39:02+00:00\",\"dateModified\":\"2026-01-08T09:42:26+00:00\",\"mainEntityOfPage\":{\"@id\":\"https:\\\/\\\/www.laudinella.ch\\\/events\\\/geigenvirtuose-nikita-koller-mit-oxana-shevchenko-am-klavier-2\\\/\"},\"wordCount\":191,\"publisher\":{\"@id\":\"https:\\\/\\\/www.laudinella.ch\\\/en\\\/#organization\"},\"image\":{\"@id\":\"https:\\\/\\\/www.laudinella.ch\\\/events\\\/geigenvirtuose-nikita-koller-mit-oxana-shevchenko-am-klavier-2\\\/#primaryimage\"},\"thumbnailUrl\":\"https:\\\/\\\/www.laudinella.ch\\\/wp-content\\\/uploads\\\/2025\\\/11\\\/NK03TIFF01.jpg\",\"keywords\":[\"Konzert\"],\"inLanguage\":\"en-GB\"},{\"@type\":[\"WebPage\",\"ItemPage\"],\"@id\":\"https:\\\/\\\/www.laudinella.ch\\\/events\\\/geigenvirtuose-nikita-koller-mit-oxana-shevchenko-am-klavier-2\\\/\",\"url\":\"https:\\\/\\\/www.laudinella.ch\\\/events\\\/geigenvirtuose-nikita-koller-mit-oxana-shevchenko-am-klavier-2\\\/\",\"name\":\"GEIGENVIRTUOSE NIKITA KOLLER MIT OXANA SHEVCHENKO AM KLAVIER - Laudinella Group St. Moritz\",\"isPartOf\":{\"@id\":\"https:\\\/\\\/www.laudinella.ch\\\/en\\\/#website\"},\"primaryImageOfPage\":{\"@id\":\"https:\\\/\\\/www.laudinella.ch\\\/events\\\/geigenvirtuose-nikita-koller-mit-oxana-shevchenko-am-klavier-2\\\/#primaryimage\"},\"image\":{\"@id\":\"https:\\\/\\\/www.laudinella.ch\\\/events\\\/geigenvirtuose-nikita-koller-mit-oxana-shevchenko-am-klavier-2\\\/#primaryimage\"},\"thumbnailUrl\":\"https:\\\/\\\/www.laudinella.ch\\\/wp-content\\\/uploads\\\/2025\\\/11\\\/NK03TIFF01.jpg\",\"datePublished\":\"2025-11-08T15:39:02+00:00\",\"dateModified\":\"2026-01-08T09:42:26+00:00\",\"description\":\"Der 16-j\u00e4hrige Geigenvirtuose Nikita Koller ist mehrfacher Preistr\u00e4ger internationaler Wettbewerbe und auf dem Weg, die Weltb\u00fchnen zu erobern.\",\"breadcrumb\":{\"@id\":\"https:\\\/\\\/www.laudinella.ch\\\/events\\\/geigenvirtuose-nikita-koller-mit-oxana-shevchenko-am-klavier-2\\\/#breadcrumb\"},\"inLanguage\":\"en-GB\",\"potentialAction\":[{\"@type\":\"ReadAction\",\"target\":[\"https:\\\/\\\/www.laudinella.ch\\\/events\\\/geigenvirtuose-nikita-koller-mit-oxana-shevchenko-am-klavier-2\\\/\"]}]},{\"@type\":\"ImageObject\",\"inLanguage\":\"en-GB\",\"@id\":\"https:\\\/\\\/www.laudinella.ch\\\/events\\\/geigenvirtuose-nikita-koller-mit-oxana-shevchenko-am-klavier-2\\\/#primaryimage\",\"url\":\"https:\\\/\\\/www.laudinella.ch\\\/wp-content\\\/uploads\\\/2025\\\/11\\\/NK03TIFF01.jpg\",\"contentUrl\":\"https:\\\/\\\/www.laudinella.ch\\\/wp-content\\\/uploads\\\/2025\\\/11\\\/NK03TIFF01.jpg\",\"width\":1080,\"height\":718},{\"@type\":\"BreadcrumbList\",\"@id\":\"https:\\\/\\\/www.laudinella.ch\\\/events\\\/geigenvirtuose-nikita-koller-mit-oxana-shevchenko-am-klavier-2\\\/#breadcrumb\",\"itemListElement\":[{\"@type\":\"ListItem\",\"position\":1,\"name\":\"Startseite\",\"item\":\"https:\\\/\\\/www.laudinella.ch\\\/\"},{\"@type\":\"ListItem\",\"position\":2,\"name\":\"Events\",\"item\":\"https:\\\/\\\/www.laudinella.ch\\\/events\\\/\"},{\"@type\":\"ListItem\",\"position\":3,\"name\":\"Brigitte &amp; Henri B. Meier Concert Hall, Hotel Laudinella\",\"item\":\"https:\\\/\\\/www.laudinella.ch\\\/event-location\\\/brigitte-henri-b-meier-concert-hall-hotel-laudinella\\\/\"},{\"@type\":\"ListItem\",\"position\":4,\"name\":\"GEIGENVIRTUOSE NIKITA KOLLER MIT OXANA SHEVCHENKO AM KLAVIER\"}]},{\"@type\":\"WebSite\",\"@id\":\"https:\\\/\\\/www.laudinella.ch\\\/en\\\/#website\",\"url\":\"https:\\\/\\\/www.laudinella.ch\\\/en\\\/\",\"name\":\"Laudinella St. Moritz\",\"description\":\"Sport, Kultur, Kulinarik, Kongresse, Kurse und Natur erleben.\",\"publisher\":{\"@id\":\"https:\\\/\\\/www.laudinella.ch\\\/en\\\/#organization\"},\"potentialAction\":[{\"@type\":\"SearchAction\",\"target\":{\"@type\":\"EntryPoint\",\"urlTemplate\":\"https:\\\/\\\/www.laudinella.ch\\\/en\\\/?s={search_term_string}\"},\"query-input\":{\"@type\":\"PropertyValueSpecification\",\"valueRequired\":true,\"valueName\":\"search_term_string\"}}],\"inLanguage\":\"en-GB\"},{\"@type\":\"Organization\",\"@id\":\"https:\\\/\\\/www.laudinella.ch\\\/en\\\/#organization\",\"name\":\"Laudinella St. Moritz\",\"url\":\"https:\\\/\\\/www.laudinella.ch\\\/en\\\/\",\"logo\":{\"@type\":\"ImageObject\",\"inLanguage\":\"en-GB\",\"@id\":\"https:\\\/\\\/www.laudinella.ch\\\/en\\\/#\\\/schema\\\/logo\\\/image\\\/\",\"url\":\"https:\\\/\\\/www.laudinella.ch\\\/wp-content\\\/uploads\\\/2021\\\/10\\\/laudinella_hotel-group_fav-icon.png\",\"contentUrl\":\"https:\\\/\\\/www.laudinella.ch\\\/wp-content\\\/uploads\\\/2021\\\/10\\\/laudinella_hotel-group_fav-icon.png\",\"width\":512,\"height\":512,\"caption\":\"Laudinella St. Moritz\"},\"image\":{\"@id\":\"https:\\\/\\\/www.laudinella.ch\\\/en\\\/#\\\/schema\\\/logo\\\/image\\\/\"}},{\"@type\":\"Person\",\"@id\":\"https:\\\/\\\/www.laudinella.ch\\\/en\\\/#\\\/schema\\\/person\\\/8569af0b77879b92e2025ff32181c929\",\"name\":\"Nathalie Hanslin\",\"image\":{\"@type\":\"ImageObject\",\"inLanguage\":\"en-GB\",\"@id\":\"https:\\\/\\\/secure.gravatar.com\\\/avatar\\\/026026d755167daa4175498d7a4c71ef1bcfad3a454c2fd3f70377f51a6b80bd?s=96&d=mm&r=g\",\"url\":\"https:\\\/\\\/secure.gravatar.com\\\/avatar\\\/026026d755167daa4175498d7a4c71ef1bcfad3a454c2fd3f70377f51a6b80bd?s=96&d=mm&r=g\",\"contentUrl\":\"https:\\\/\\\/secure.gravatar.com\\\/avatar\\\/026026d755167daa4175498d7a4c71ef1bcfad3a454c2fd3f70377f51a6b80bd?s=96&d=mm&r=g\",\"caption\":\"Nathalie Hanslin\"}}]}<\/script>\n<!-- \/ Yoast SEO plugin. -->","yoast_head_json":{"title":"VIOLIN VIRTUOSO NIKITA KOLLER WITH OXANA SHEVCHENKO ON PIANO - Laudinella Group St. Moritz","description":"Sixteen-year-old violin virtuoso Nikita Koller is a multiple prize winner of international competitions and is on his way to conquering the world&#039;s stages.","robots":{"index":"index","follow":"follow","max-snippet":"max-snippet:-1","max-image-preview":"max-image-preview:large","max-video-preview":"max-video-preview:-1"},"canonical":"https:\/\/www.laudinella.ch\/en\/events\/violin-virtuoso-nikita-koller-with-oxana-shevchenko-on-piano-2\/","og_locale":"en_GB","og_type":"article","og_title":"GEIGENVIRTUOSE NIKITA KOLLER MIT OXANA SHEVCHENKO AM KLAVIER - Laudinella Group St. Moritz","og_description":"Der 16-j\u00e4hrige Geigenvirtuose Nikita Koller ist mehrfacher Preistr\u00e4ger internationaler Wettbewerbe und auf dem Weg, die Weltb\u00fchnen zu erobern.","og_url":"https:\/\/www.laudinella.ch\/en\/events\/violin-virtuoso-nikita-koller-with-oxana-shevchenko-on-piano-2\/","og_site_name":"Laudinella Group St. Moritz","article_modified_time":"2026-01-08T09:42:26+00:00","og_image":[{"width":1080,"height":718,"url":"https:\/\/www.laudinella.ch\/wp-content\/uploads\/2025\/11\/NK03TIFF01.jpg","type":"image\/jpeg"}],"twitter_card":"summary_large_image","schema":{"@context":"https:\/\/schema.org","@graph":[{"@type":"NewsArticle","@id":"https:\/\/www.laudinella.ch\/events\/geigenvirtuose-nikita-koller-mit-oxana-shevchenko-am-klavier-2\/#article","isPartOf":{"@id":"https:\/\/www.laudinella.ch\/events\/geigenvirtuose-nikita-koller-mit-oxana-shevchenko-am-klavier-2\/"},"author":{"name":"Nathalie Hanslin","@id":"https:\/\/www.laudinella.ch\/en\/#\/schema\/person\/8569af0b77879b92e2025ff32181c929"},"headline":"GEIGENVIRTUOSE NIKITA KOLLER MIT OXANA SHEVCHENKO AM KLAVIER","datePublished":"2025-11-08T15:39:02+00:00","dateModified":"2026-01-08T09:42:26+00:00","mainEntityOfPage":{"@id":"https:\/\/www.laudinella.ch\/events\/geigenvirtuose-nikita-koller-mit-oxana-shevchenko-am-klavier-2\/"},"wordCount":191,"publisher":{"@id":"https:\/\/www.laudinella.ch\/en\/#organization"},"image":{"@id":"https:\/\/www.laudinella.ch\/events\/geigenvirtuose-nikita-koller-mit-oxana-shevchenko-am-klavier-2\/#primaryimage"},"thumbnailUrl":"https:\/\/www.laudinella.ch\/wp-content\/uploads\/2025\/11\/NK03TIFF01.jpg","keywords":["Konzert"],"inLanguage":"en-GB"},{"@type":["WebPage","ItemPage"],"@id":"https:\/\/www.laudinella.ch\/events\/geigenvirtuose-nikita-koller-mit-oxana-shevchenko-am-klavier-2\/","url":"https:\/\/www.laudinella.ch\/events\/geigenvirtuose-nikita-koller-mit-oxana-shevchenko-am-klavier-2\/","name":"VIOLIN VIRTUOSO NIKITA KOLLER WITH OXANA SHEVCHENKO ON PIANO - Laudinella Group St. Moritz","isPartOf":{"@id":"https:\/\/www.laudinella.ch\/en\/#website"},"primaryImageOfPage":{"@id":"https:\/\/www.laudinella.ch\/events\/geigenvirtuose-nikita-koller-mit-oxana-shevchenko-am-klavier-2\/#primaryimage"},"image":{"@id":"https:\/\/www.laudinella.ch\/events\/geigenvirtuose-nikita-koller-mit-oxana-shevchenko-am-klavier-2\/#primaryimage"},"thumbnailUrl":"https:\/\/www.laudinella.ch\/wp-content\/uploads\/2025\/11\/NK03TIFF01.jpg","datePublished":"2025-11-08T15:39:02+00:00","dateModified":"2026-01-08T09:42:26+00:00","description":"Sixteen-year-old violin virtuoso Nikita Koller is a multiple prize winner of international competitions and is on his way to conquering the world&#039;s stages.","breadcrumb":{"@id":"https:\/\/www.laudinella.ch\/events\/geigenvirtuose-nikita-koller-mit-oxana-shevchenko-am-klavier-2\/#breadcrumb"},"inLanguage":"en-GB","potentialAction":[{"@type":"ReadAction","target":["https:\/\/www.laudinella.ch\/events\/geigenvirtuose-nikita-koller-mit-oxana-shevchenko-am-klavier-2\/"]}]},{"@type":"ImageObject","inLanguage":"en-GB","@id":"https:\/\/www.laudinella.ch\/events\/geigenvirtuose-nikita-koller-mit-oxana-shevchenko-am-klavier-2\/#primaryimage","url":"https:\/\/www.laudinella.ch\/wp-content\/uploads\/2025\/11\/NK03TIFF01.jpg","contentUrl":"https:\/\/www.laudinella.ch\/wp-content\/uploads\/2025\/11\/NK03TIFF01.jpg","width":1080,"height":718},{"@type":"BreadcrumbList","@id":"https:\/\/www.laudinella.ch\/events\/geigenvirtuose-nikita-koller-mit-oxana-shevchenko-am-klavier-2\/#breadcrumb","itemListElement":[{"@type":"ListItem","position":1,"name":"Startseite","item":"https:\/\/www.laudinella.ch\/"},{"@type":"ListItem","position":2,"name":"Events","item":"https:\/\/www.laudinella.ch\/events\/"},{"@type":"ListItem","position":3,"name":"Brigitte &amp; Henri B. Meier Concert Hall, Hotel Laudinella","item":"https:\/\/www.laudinella.ch\/event-location\/brigitte-henri-b-meier-concert-hall-hotel-laudinella\/"},{"@type":"ListItem","position":4,"name":"GEIGENVIRTUOSE NIKITA KOLLER MIT OXANA SHEVCHENKO AM KLAVIER"}]},{"@type":"WebSite","@id":"https:\/\/www.laudinella.ch\/en\/#website","url":"https:\/\/www.laudinella.ch\/en\/","name":"Laudinella St. Moritz","description":"Experience sport, culture, cuisine, congresses, courses and nature.","publisher":{"@id":"https:\/\/www.laudinella.ch\/en\/#organization"},"potentialAction":[{"@type":"SearchAction","target":{"@type":"EntryPoint","urlTemplate":"https:\/\/www.laudinella.ch\/en\/?s={search_term_string}"},"query-input":{"@type":"PropertyValueSpecification","valueRequired":true,"valueName":"search_term_string"}}],"inLanguage":"en-GB"},{"@type":"Organization","@id":"https:\/\/www.laudinella.ch\/en\/#organization","name":"Laudinella St. Moritz","url":"https:\/\/www.laudinella.ch\/en\/","logo":{"@type":"ImageObject","inLanguage":"en-GB","@id":"https:\/\/www.laudinella.ch\/en\/#\/schema\/logo\/image\/","url":"https:\/\/www.laudinella.ch\/wp-content\/uploads\/2021\/10\/laudinella_hotel-group_fav-icon.png","contentUrl":"https:\/\/www.laudinella.ch\/wp-content\/uploads\/2021\/10\/laudinella_hotel-group_fav-icon.png","width":512,"height":512,"caption":"Laudinella St. Moritz"},"image":{"@id":"https:\/\/www.laudinella.ch\/en\/#\/schema\/logo\/image\/"}},{"@type":"Person","@id":"https:\/\/www.laudinella.ch\/en\/#\/schema\/person\/8569af0b77879b92e2025ff32181c929","name":"Nathalie Hanslin","image":{"@type":"ImageObject","inLanguage":"en-GB","@id":"https:\/\/secure.gravatar.com\/avatar\/026026d755167daa4175498d7a4c71ef1bcfad3a454c2fd3f70377f51a6b80bd?s=96&d=mm&r=g","url":"https:\/\/secure.gravatar.com\/avatar\/026026d755167daa4175498d7a4c71ef1bcfad3a454c2fd3f70377f51a6b80bd?s=96&d=mm&r=g","contentUrl":"https:\/\/secure.gravatar.com\/avatar\/026026d755167daa4175498d7a4c71ef1bcfad3a454c2fd3f70377f51a6b80bd?s=96&d=mm&r=g","caption":"Nathalie Hanslin"}}]}},"_links":{"self":[{"href":"https:\/\/www.laudinella.ch\/en\/wp-json\/wp\/v2\/ajde_events\/35592","targetHints":{"allow":["GET"]}}],"collection":[{"href":"https:\/\/www.laudinella.ch\/en\/wp-json\/wp\/v2\/ajde_events"}],"about":[{"href":"https:\/\/www.laudinella.ch\/en\/wp-json\/wp\/v2\/types\/ajde_events"}],"author":[{"embeddable":true,"href":"https:\/\/www.laudinella.ch\/en\/wp-json\/wp\/v2\/users\/12"}],"replies":[{"embeddable":true,"href":"https:\/\/www.laudinella.ch\/en\/wp-json\/wp\/v2\/comments?post=35592"}],"wp:featuredmedia":[{"embeddable":true,"href":"https:\/\/www.laudinella.ch\/en\/wp-json\/wp\/v2\/media\/36906"}],"wp:attachment":[{"href":"https:\/\/www.laudinella.ch\/en\/wp-json\/wp\/v2\/media?parent=35592"}],"wp:term":[{"taxonomy":"post_tag","embeddable":true,"href":"https:\/\/www.laudinella.ch\/en\/wp-json\/wp\/v2\/tags?post=35592"},{"taxonomy":"event_type","embeddable":true,"href":"https:\/\/www.laudinella.ch\/en\/wp-json\/wp\/v2\/event_type?post=35592"},{"taxonomy":"event_type_2","embeddable":true,"href":"https:\/\/www.laudinella.ch\/en\/wp-json\/wp\/v2\/event_type_2?post=35592"}],"curies":[{"name":"wp","href":"https:\/\/api.w.org\/{rel}","templated":true}]}}