{"id":35078,"date":"2025-09-21T09:01:11","date_gmt":"2025-09-21T07:01:11","guid":{"rendered":"https:\/\/www.laudinella.ch\/events\/the-art-of-the-duo\/"},"modified":"2025-12-04T16:32:30","modified_gmt":"2025-12-04T15:32:30","slug":"the-art-of-the-duo","status":"publish","type":"ajde_events","link":"https:\/\/www.laudinella.ch\/en\/events\/the-art-of-the-duo\/","title":{"rendered":"The Art of the Duo"},"content":{"rendered":"<h2 class=\"wp-block-heading\">Maja Taube &amp; Jan Galega Br\u00f6nnimann<\/h2>\n\n\n\n<p>The Art of the Duo is the new project by Nuremberg harpist Maja Taube and Bernese bass clarinetist Jan Galega Br\u00f6nnimann. Both have won the cultural promotion prize of the Middle Franconia district and the Canton of Bern. Here, the classically trained harpist Maja Taube meets Jan Galega Br\u00f6nnimann, a bass clarinetist well-known in the jazz, world, and electronic music scenes. Their two musical worlds are skillfully blended and interwoven. The music of these two equal duo partners is characterized by the rhythmically precise, shimmering sounds of the harp and the melodic lines, which are sometimes smoky and lyrical, and at other times percussive.<br>the bass clarinet. The fluid transitions between composition, interpretation, and improvisation create tension and variety, resulting in contemporary chamber music. In August 2024, Maja Taube and Jan Galega Br\u00f6nnimann seized the unique opportunity to perform seven concerts in one week at the Kohlenhof in Nuremberg as part of the Metropol Musik Cicadas Festival. Each concert was recorded. From this recording...<br>The duo&#039;s first CD was created: live from the coal yard<\/p>\n\n\n\n<p><strong>Maja Taube <\/strong>Maja Taube was born in Berlin and grew up in Nuremberg, where she received her first harp lessons at the age of eight. She studied as a guest student at the Meistersinger Conservatory in Nuremberg, where she later graduated. She also studied at the Mozarteum in Salzburg. After several years as a harpist in the state orchestras of Nuremberg, Hof, and Coburg, she began to pursue her own projects and explore folk, world music, minimalism, and jazz. In her search for music that emerges from the instrument itself, she has developed her own unique sound on the harp. Her solo projects, Klanggewebe and Treibgut, feature her own compositions. Currently, Maja Taube performs solo, in a duo with the Swiss bass clarinetist Jan Galega Br\u00f6nnimann, and with her band, the Treibgut Ensemble. She is also involved in various jazz, improvisation, and contemporary music projects. In 2023, she received the Cultural Advancement Award from the district of Middle Franconia.<br><br><a href=\"http:\/\/majataube.de\/\">http:\/\/majataube.de\/<\/a><\/p>\n\n\n\n<p><strong>Jan Galega Br\u00f6nnimann<\/strong> wurde in Kamerun geboren. Er ist seit Jahren bekannt als innovativer Grenzg\u00e4nger. Als Komponist und Instrumentalist arbeitete er mit Leuten wie Nils Petter Molvaer, Sidsel Endresen, Pierre Favre, Eivind Aarset, Saadet T\u00fcrk\u00f6z, Eddie Floyd, Round Table Knights, Kenny Werner, Joy Frempong, Michael Zisman, Maja Taube, Aly Ke\u00efta, Lucas Niggli, Werner Hasler, Omri Hason, Moussa Cissokho und vielen mehr. Er hat sich in den letzten 30 Jahren einen Namen gemacht und tourte durch Europa, Afrika, Asien, Amerika und Russland, wo er an internationalen Festivals auftrat. Als Auszeichnung f\u00fcr seine Arbeit erhielt er von ProHelvetia das Artist in Residence Stipendium 2008 in Cape Town S\u00fcdafrika und eine Research Residency von Pro Helvetia in Shanghai 2015 Kulturpreis des Kantons Bern: Anerkennungspreis als &#171;Honorierung von besonders bedeutenden musikalischen Leistungen&#187;. 2004 Gewinner des int. Kompositionswettbewerbes f\u00fcr science et cit\u00e9. Beim 38th annual jazz station award erhielt er eine &#171;nomination for the best bass clarinet player of 2016\u201c.<br><br><a href=\"http:\/\/jangalegabroennimann.ch\/\">http:\/\/jangalegabroennimann.ch\/<\/a><\/p>\n\n\n\n<p><\/p>\n\n\n\n<p>Admission free.<\/p>\n\n\n\n<p><\/p>","protected":false},"author":12,"featured_media":35080,"menu_order":0,"comment_status":"closed","ping_status":"closed","template":"","meta":[],"tags":[134],"event_type":[43],"event_type_2":[],"class_list":["post-35078","ajde_events","type-ajde_events","status-publish","has-post-thumbnail","hentry","tag-konzert","event_location-hotel-reine-victoria-theatersaal","event_type-veranstaltung"],"yoast_head":"<!-- This site is optimized with the Yoast SEO plugin v27.5 - https:\/\/yoast.com\/product\/yoast-seo-wordpress\/ -->\n<title>The Art of the Duo - Laudinella Group St. Moritz<\/title>\n<meta name=\"description\" content=\"The Art of the Duo Maja Taube &amp; Jan Galega Br\u00f6nnimann\" \/>\n<meta name=\"robots\" content=\"index, follow, max-snippet:-1, max-image-preview:large, max-video-preview:-1\" \/>\n<link rel=\"canonical\" href=\"https:\/\/www.laudinella.ch\/en\/events\/the-art-of-the-duo\/\" \/>\n<meta property=\"og:locale\" content=\"en_GB\" \/>\n<meta property=\"og:type\" content=\"article\" \/>\n<meta property=\"og:title\" content=\"The Art of the Duo - Laudinella Group St. Moritz\" \/>\n<meta property=\"og:description\" content=\"The Art of the Duo Maja Taube &amp; Jan Galega Br\u00f6nnimann\" \/>\n<meta property=\"og:url\" content=\"https:\/\/www.laudinella.ch\/en\/events\/the-art-of-the-duo\/\" \/>\n<meta property=\"og:site_name\" content=\"Laudinella Group St. Moritz\" \/>\n<meta property=\"article:modified_time\" content=\"2025-12-04T15:32:30+00:00\" \/>\n<meta property=\"og:image\" content=\"https:\/\/www.laudinella.ch\/wp-content\/uploads\/2025\/09\/Harfe-Bassklarinette-scaled-e1758441034776.jpg\" \/>\n\t<meta property=\"og:image:width\" content=\"900\" \/>\n\t<meta property=\"og:image:height\" content=\"1200\" \/>\n\t<meta property=\"og:image:type\" content=\"image\/jpeg\" \/>\n<meta name=\"twitter:card\" content=\"summary_large_image\" \/>\n<script type=\"application\/ld+json\" class=\"yoast-schema-graph\">{\"@context\":\"https:\\\/\\\/schema.org\",\"@graph\":[{\"@type\":\"NewsArticle\",\"@id\":\"https:\\\/\\\/www.laudinella.ch\\\/events\\\/the-art-of-the-duo\\\/#article\",\"isPartOf\":{\"@id\":\"https:\\\/\\\/www.laudinella.ch\\\/events\\\/the-art-of-the-duo\\\/\"},\"author\":{\"name\":\"Nathalie Hanslin\",\"@id\":\"https:\\\/\\\/www.laudinella.ch\\\/en\\\/#\\\/schema\\\/person\\\/8569af0b77879b92e2025ff32181c929\"},\"headline\":\"The Art of the Duo\",\"datePublished\":\"2025-09-21T07:01:11+00:00\",\"dateModified\":\"2025-12-04T15:32:30+00:00\",\"mainEntityOfPage\":{\"@id\":\"https:\\\/\\\/www.laudinella.ch\\\/events\\\/the-art-of-the-duo\\\/\"},\"wordCount\":500,\"publisher\":{\"@id\":\"https:\\\/\\\/www.laudinella.ch\\\/en\\\/#organization\"},\"image\":{\"@id\":\"https:\\\/\\\/www.laudinella.ch\\\/events\\\/the-art-of-the-duo\\\/#primaryimage\"},\"thumbnailUrl\":\"https:\\\/\\\/www.laudinella.ch\\\/wp-content\\\/uploads\\\/2025\\\/09\\\/Harfe-Bassklarinette-scaled-e1758441034776.jpg\",\"keywords\":[\"Konzert\"],\"inLanguage\":\"en-GB\"},{\"@type\":[\"WebPage\",\"ItemPage\"],\"@id\":\"https:\\\/\\\/www.laudinella.ch\\\/events\\\/the-art-of-the-duo\\\/\",\"url\":\"https:\\\/\\\/www.laudinella.ch\\\/events\\\/the-art-of-the-duo\\\/\",\"name\":\"The Art of the Duo - Laudinella Group St. Moritz\",\"isPartOf\":{\"@id\":\"https:\\\/\\\/www.laudinella.ch\\\/en\\\/#website\"},\"primaryImageOfPage\":{\"@id\":\"https:\\\/\\\/www.laudinella.ch\\\/events\\\/the-art-of-the-duo\\\/#primaryimage\"},\"image\":{\"@id\":\"https:\\\/\\\/www.laudinella.ch\\\/events\\\/the-art-of-the-duo\\\/#primaryimage\"},\"thumbnailUrl\":\"https:\\\/\\\/www.laudinella.ch\\\/wp-content\\\/uploads\\\/2025\\\/09\\\/Harfe-Bassklarinette-scaled-e1758441034776.jpg\",\"datePublished\":\"2025-09-21T07:01:11+00:00\",\"dateModified\":\"2025-12-04T15:32:30+00:00\",\"description\":\"The Art of the Duo Maja Taube & Jan Galega Br\u00f6nnimann\",\"breadcrumb\":{\"@id\":\"https:\\\/\\\/www.laudinella.ch\\\/events\\\/the-art-of-the-duo\\\/#breadcrumb\"},\"inLanguage\":\"en-GB\",\"potentialAction\":[{\"@type\":\"ReadAction\",\"target\":[\"https:\\\/\\\/www.laudinella.ch\\\/events\\\/the-art-of-the-duo\\\/\"]}]},{\"@type\":\"ImageObject\",\"inLanguage\":\"en-GB\",\"@id\":\"https:\\\/\\\/www.laudinella.ch\\\/events\\\/the-art-of-the-duo\\\/#primaryimage\",\"url\":\"https:\\\/\\\/www.laudinella.ch\\\/wp-content\\\/uploads\\\/2025\\\/09\\\/Harfe-Bassklarinette-scaled-e1758441034776.jpg\",\"contentUrl\":\"https:\\\/\\\/www.laudinella.ch\\\/wp-content\\\/uploads\\\/2025\\\/09\\\/Harfe-Bassklarinette-scaled-e1758441034776.jpg\",\"width\":900,\"height\":1200},{\"@type\":\"BreadcrumbList\",\"@id\":\"https:\\\/\\\/www.laudinella.ch\\\/events\\\/the-art-of-the-duo\\\/#breadcrumb\",\"itemListElement\":[{\"@type\":\"ListItem\",\"position\":1,\"name\":\"Startseite\",\"item\":\"https:\\\/\\\/www.laudinella.ch\\\/\"},{\"@type\":\"ListItem\",\"position\":2,\"name\":\"Events\",\"item\":\"https:\\\/\\\/www.laudinella.ch\\\/events\\\/\"},{\"@type\":\"ListItem\",\"position\":3,\"name\":\"Hotel Reine Victoria, Theatersaal\",\"item\":\"https:\\\/\\\/www.laudinella.ch\\\/event-location\\\/hotel-reine-victoria-theatersaal\\\/\"},{\"@type\":\"ListItem\",\"position\":4,\"name\":\"The Art of the Duo\"}]},{\"@type\":\"WebSite\",\"@id\":\"https:\\\/\\\/www.laudinella.ch\\\/en\\\/#website\",\"url\":\"https:\\\/\\\/www.laudinella.ch\\\/en\\\/\",\"name\":\"Laudinella St. Moritz\",\"description\":\"Sport, Kultur, Kulinarik, Kongresse, Kurse und Natur erleben.\",\"publisher\":{\"@id\":\"https:\\\/\\\/www.laudinella.ch\\\/en\\\/#organization\"},\"potentialAction\":[{\"@type\":\"SearchAction\",\"target\":{\"@type\":\"EntryPoint\",\"urlTemplate\":\"https:\\\/\\\/www.laudinella.ch\\\/en\\\/?s={search_term_string}\"},\"query-input\":{\"@type\":\"PropertyValueSpecification\",\"valueRequired\":true,\"valueName\":\"search_term_string\"}}],\"inLanguage\":\"en-GB\"},{\"@type\":\"Organization\",\"@id\":\"https:\\\/\\\/www.laudinella.ch\\\/en\\\/#organization\",\"name\":\"Laudinella St. Moritz\",\"url\":\"https:\\\/\\\/www.laudinella.ch\\\/en\\\/\",\"logo\":{\"@type\":\"ImageObject\",\"inLanguage\":\"en-GB\",\"@id\":\"https:\\\/\\\/www.laudinella.ch\\\/en\\\/#\\\/schema\\\/logo\\\/image\\\/\",\"url\":\"https:\\\/\\\/www.laudinella.ch\\\/wp-content\\\/uploads\\\/2021\\\/10\\\/laudinella_hotel-group_fav-icon.png\",\"contentUrl\":\"https:\\\/\\\/www.laudinella.ch\\\/wp-content\\\/uploads\\\/2021\\\/10\\\/laudinella_hotel-group_fav-icon.png\",\"width\":512,\"height\":512,\"caption\":\"Laudinella St. Moritz\"},\"image\":{\"@id\":\"https:\\\/\\\/www.laudinella.ch\\\/en\\\/#\\\/schema\\\/logo\\\/image\\\/\"}},{\"@type\":\"Person\",\"@id\":\"https:\\\/\\\/www.laudinella.ch\\\/en\\\/#\\\/schema\\\/person\\\/8569af0b77879b92e2025ff32181c929\",\"name\":\"Nathalie Hanslin\",\"image\":{\"@type\":\"ImageObject\",\"inLanguage\":\"en-GB\",\"@id\":\"https:\\\/\\\/secure.gravatar.com\\\/avatar\\\/026026d755167daa4175498d7a4c71ef1bcfad3a454c2fd3f70377f51a6b80bd?s=96&d=mm&r=g\",\"url\":\"https:\\\/\\\/secure.gravatar.com\\\/avatar\\\/026026d755167daa4175498d7a4c71ef1bcfad3a454c2fd3f70377f51a6b80bd?s=96&d=mm&r=g\",\"contentUrl\":\"https:\\\/\\\/secure.gravatar.com\\\/avatar\\\/026026d755167daa4175498d7a4c71ef1bcfad3a454c2fd3f70377f51a6b80bd?s=96&d=mm&r=g\",\"caption\":\"Nathalie Hanslin\"}}]}<\/script>\n<!-- \/ Yoast SEO plugin. -->","yoast_head_json":{"title":"The Art of the Duo - Laudinella Group St. Moritz","description":"The Art of the Duo Maja Taube &amp; Jan Galega Br\u00f6nnimann","robots":{"index":"index","follow":"follow","max-snippet":"max-snippet:-1","max-image-preview":"max-image-preview:large","max-video-preview":"max-video-preview:-1"},"canonical":"https:\/\/www.laudinella.ch\/en\/events\/the-art-of-the-duo\/","og_locale":"en_GB","og_type":"article","og_title":"The Art of the Duo - Laudinella Group St. Moritz","og_description":"The Art of the Duo Maja Taube & Jan Galega Br\u00f6nnimann","og_url":"https:\/\/www.laudinella.ch\/en\/events\/the-art-of-the-duo\/","og_site_name":"Laudinella Group St. Moritz","article_modified_time":"2025-12-04T15:32:30+00:00","og_image":[{"width":900,"height":1200,"url":"https:\/\/www.laudinella.ch\/wp-content\/uploads\/2025\/09\/Harfe-Bassklarinette-scaled-e1758441034776.jpg","type":"image\/jpeg"}],"twitter_card":"summary_large_image","schema":{"@context":"https:\/\/schema.org","@graph":[{"@type":"NewsArticle","@id":"https:\/\/www.laudinella.ch\/events\/the-art-of-the-duo\/#article","isPartOf":{"@id":"https:\/\/www.laudinella.ch\/events\/the-art-of-the-duo\/"},"author":{"name":"Nathalie Hanslin","@id":"https:\/\/www.laudinella.ch\/en\/#\/schema\/person\/8569af0b77879b92e2025ff32181c929"},"headline":"The Art of the Duo","datePublished":"2025-09-21T07:01:11+00:00","dateModified":"2025-12-04T15:32:30+00:00","mainEntityOfPage":{"@id":"https:\/\/www.laudinella.ch\/events\/the-art-of-the-duo\/"},"wordCount":500,"publisher":{"@id":"https:\/\/www.laudinella.ch\/en\/#organization"},"image":{"@id":"https:\/\/www.laudinella.ch\/events\/the-art-of-the-duo\/#primaryimage"},"thumbnailUrl":"https:\/\/www.laudinella.ch\/wp-content\/uploads\/2025\/09\/Harfe-Bassklarinette-scaled-e1758441034776.jpg","keywords":["Konzert"],"inLanguage":"en-GB"},{"@type":["WebPage","ItemPage"],"@id":"https:\/\/www.laudinella.ch\/events\/the-art-of-the-duo\/","url":"https:\/\/www.laudinella.ch\/events\/the-art-of-the-duo\/","name":"The Art of the Duo - Laudinella Group St. Moritz","isPartOf":{"@id":"https:\/\/www.laudinella.ch\/en\/#website"},"primaryImageOfPage":{"@id":"https:\/\/www.laudinella.ch\/events\/the-art-of-the-duo\/#primaryimage"},"image":{"@id":"https:\/\/www.laudinella.ch\/events\/the-art-of-the-duo\/#primaryimage"},"thumbnailUrl":"https:\/\/www.laudinella.ch\/wp-content\/uploads\/2025\/09\/Harfe-Bassklarinette-scaled-e1758441034776.jpg","datePublished":"2025-09-21T07:01:11+00:00","dateModified":"2025-12-04T15:32:30+00:00","description":"The Art of the Duo Maja Taube &amp; Jan Galega Br\u00f6nnimann","breadcrumb":{"@id":"https:\/\/www.laudinella.ch\/events\/the-art-of-the-duo\/#breadcrumb"},"inLanguage":"en-GB","potentialAction":[{"@type":"ReadAction","target":["https:\/\/www.laudinella.ch\/events\/the-art-of-the-duo\/"]}]},{"@type":"ImageObject","inLanguage":"en-GB","@id":"https:\/\/www.laudinella.ch\/events\/the-art-of-the-duo\/#primaryimage","url":"https:\/\/www.laudinella.ch\/wp-content\/uploads\/2025\/09\/Harfe-Bassklarinette-scaled-e1758441034776.jpg","contentUrl":"https:\/\/www.laudinella.ch\/wp-content\/uploads\/2025\/09\/Harfe-Bassklarinette-scaled-e1758441034776.jpg","width":900,"height":1200},{"@type":"BreadcrumbList","@id":"https:\/\/www.laudinella.ch\/events\/the-art-of-the-duo\/#breadcrumb","itemListElement":[{"@type":"ListItem","position":1,"name":"Startseite","item":"https:\/\/www.laudinella.ch\/"},{"@type":"ListItem","position":2,"name":"Events","item":"https:\/\/www.laudinella.ch\/events\/"},{"@type":"ListItem","position":3,"name":"Hotel Reine Victoria, Theatersaal","item":"https:\/\/www.laudinella.ch\/event-location\/hotel-reine-victoria-theatersaal\/"},{"@type":"ListItem","position":4,"name":"The Art of the Duo"}]},{"@type":"WebSite","@id":"https:\/\/www.laudinella.ch\/en\/#website","url":"https:\/\/www.laudinella.ch\/en\/","name":"Laudinella St. Moritz","description":"Experience sport, culture, cuisine, congresses, courses and nature.","publisher":{"@id":"https:\/\/www.laudinella.ch\/en\/#organization"},"potentialAction":[{"@type":"SearchAction","target":{"@type":"EntryPoint","urlTemplate":"https:\/\/www.laudinella.ch\/en\/?s={search_term_string}"},"query-input":{"@type":"PropertyValueSpecification","valueRequired":true,"valueName":"search_term_string"}}],"inLanguage":"en-GB"},{"@type":"Organization","@id":"https:\/\/www.laudinella.ch\/en\/#organization","name":"Laudinella St. Moritz","url":"https:\/\/www.laudinella.ch\/en\/","logo":{"@type":"ImageObject","inLanguage":"en-GB","@id":"https:\/\/www.laudinella.ch\/en\/#\/schema\/logo\/image\/","url":"https:\/\/www.laudinella.ch\/wp-content\/uploads\/2021\/10\/laudinella_hotel-group_fav-icon.png","contentUrl":"https:\/\/www.laudinella.ch\/wp-content\/uploads\/2021\/10\/laudinella_hotel-group_fav-icon.png","width":512,"height":512,"caption":"Laudinella St. Moritz"},"image":{"@id":"https:\/\/www.laudinella.ch\/en\/#\/schema\/logo\/image\/"}},{"@type":"Person","@id":"https:\/\/www.laudinella.ch\/en\/#\/schema\/person\/8569af0b77879b92e2025ff32181c929","name":"Nathalie Hanslin","image":{"@type":"ImageObject","inLanguage":"en-GB","@id":"https:\/\/secure.gravatar.com\/avatar\/026026d755167daa4175498d7a4c71ef1bcfad3a454c2fd3f70377f51a6b80bd?s=96&d=mm&r=g","url":"https:\/\/secure.gravatar.com\/avatar\/026026d755167daa4175498d7a4c71ef1bcfad3a454c2fd3f70377f51a6b80bd?s=96&d=mm&r=g","contentUrl":"https:\/\/secure.gravatar.com\/avatar\/026026d755167daa4175498d7a4c71ef1bcfad3a454c2fd3f70377f51a6b80bd?s=96&d=mm&r=g","caption":"Nathalie Hanslin"}}]}},"_links":{"self":[{"href":"https:\/\/www.laudinella.ch\/en\/wp-json\/wp\/v2\/ajde_events\/35078","targetHints":{"allow":["GET"]}}],"collection":[{"href":"https:\/\/www.laudinella.ch\/en\/wp-json\/wp\/v2\/ajde_events"}],"about":[{"href":"https:\/\/www.laudinella.ch\/en\/wp-json\/wp\/v2\/types\/ajde_events"}],"author":[{"embeddable":true,"href":"https:\/\/www.laudinella.ch\/en\/wp-json\/wp\/v2\/users\/12"}],"replies":[{"embeddable":true,"href":"https:\/\/www.laudinella.ch\/en\/wp-json\/wp\/v2\/comments?post=35078"}],"wp:featuredmedia":[{"embeddable":true,"href":"https:\/\/www.laudinella.ch\/en\/wp-json\/wp\/v2\/media\/35080"}],"wp:attachment":[{"href":"https:\/\/www.laudinella.ch\/en\/wp-json\/wp\/v2\/media?parent=35078"}],"wp:term":[{"taxonomy":"post_tag","embeddable":true,"href":"https:\/\/www.laudinella.ch\/en\/wp-json\/wp\/v2\/tags?post=35078"},{"taxonomy":"event_type","embeddable":true,"href":"https:\/\/www.laudinella.ch\/en\/wp-json\/wp\/v2\/event_type?post=35078"},{"taxonomy":"event_type_2","embeddable":true,"href":"https:\/\/www.laudinella.ch\/en\/wp-json\/wp\/v2\/event_type_2?post=35078"}],"curies":[{"name":"wp","href":"https:\/\/api.w.org\/{rel}","templated":true}]}}