{"id":33857,"date":"2025-07-14T11:46:04","date_gmt":"2025-07-14T09:46:04","guid":{"rendered":"https:\/\/www.laudinella.ch\/?post_type=ajde_events&#038;p=33857"},"modified":"2025-07-31T15:43:19","modified_gmt":"2025-07-31T13:43:19","slug":"the-engadin-life-people-tell-their-personal-story-19","status":"publish","type":"ajde_events","link":"https:\/\/www.laudinella.ch\/en\/events\/das-engadin-leben-menschen-erzaehlen-ihre-persoenliche-geschichte-19\/","title":{"rendered":"Living the Engadine - people tell their personal stories"},"content":{"rendered":"<p>Leta Semadeni grew up in Scuol. Her father was the writer, theater director, and playwright Jon Semadeni. She studied German at the University of Zurich and graduated with a secondary school teaching certificate. As a teacher, she taught for seven years at the Jewish School in Zurich and then for 22 years at the Lyceum Alpinum Zuoz. In 2005, she resigned from this position and has since devoted herself entirely to her passion: writing. Leta Semadeni is a poet and storyteller who writes and publishes bilingually in Vallader and German. She is considered one of the most renowned representatives of contemporary Romansh and German-language poetry and storytelling. She was awarded the Swiss Literature Prize in 2016. In 2023, she received the Grand Prix Literature from the Federal Office of Culture.<\/p>\n\n\n\n<p>The moderator Mirella Carbone is co-director of the Sils branch of the Institute for Cultural Research Graub\u00fcnden (ikg).<\/p>\n\n\n\n<p>The event takes place in cooperation with the Institute for Cultural Research Graub\u00fcnden.<\/p>\n\n\n\n<p>Admission free.<br>Duration approx. 60 minutes<\/p>\n\n\n\n<p><\/p>","protected":false},"author":13,"featured_media":33858,"menu_order":0,"comment_status":"closed","ping_status":"closed","template":"","meta":[],"tags":[],"event_type":[43],"event_type_2":[],"class_list":["post-33857","ajde_events","type-ajde_events","status-publish","has-post-thumbnail","hentry","event_location-saal-roseg-hotel-laudinella","event_type-veranstaltung"],"yoast_head":"<!-- This site is optimized with the Yoast SEO plugin v27.5 - https:\/\/yoast.com\/product\/yoast-seo-wordpress\/ -->\n<title>Das Engadin leben - Menschen erz\u00e4hlen ihre pers\u00f6nliche Geschichte - Laudinella Group St. Moritz<\/title>\n<meta name=\"description\" content=\"Dr. Mirella Carbone im Gespr\u00e4ch mit Leta Semadeni\" \/>\n<meta name=\"robots\" content=\"index, follow, max-snippet:-1, max-image-preview:large, max-video-preview:-1\" \/>\n<link rel=\"canonical\" href=\"https:\/\/www.laudinella.ch\/en\/events\/the-engadin-life-people-tell-their-personal-story-19\/\" \/>\n<meta property=\"og:locale\" content=\"en_GB\" \/>\n<meta property=\"og:type\" content=\"article\" \/>\n<meta property=\"og:title\" content=\"Das Engadin leben - Menschen erz\u00e4hlen ihre pers\u00f6nliche Geschichte - Laudinella Group St. Moritz\" \/>\n<meta property=\"og:description\" content=\"Dr. Mirella Carbone im Gespr\u00e4ch mit Leta Semadeni\" \/>\n<meta property=\"og:url\" content=\"https:\/\/www.laudinella.ch\/en\/events\/the-engadin-life-people-tell-their-personal-story-19\/\" \/>\n<meta property=\"og:site_name\" content=\"Laudinella Group St. Moritz\" \/>\n<meta property=\"article:modified_time\" content=\"2025-07-31T13:43:19+00:00\" \/>\n<meta property=\"og:image\" content=\"https:\/\/www.laudinella.ch\/wp-content\/uploads\/2025\/07\/20250917-Das-Engadin-leben-scaled.jpg\" \/>\n\t<meta property=\"og:image:width\" content=\"2560\" \/>\n\t<meta property=\"og:image:height\" content=\"1440\" \/>\n\t<meta property=\"og:image:type\" content=\"image\/jpeg\" \/>\n<meta name=\"twitter:card\" content=\"summary_large_image\" \/>\n<script type=\"application\/ld+json\" class=\"yoast-schema-graph\">{\"@context\":\"https:\\\/\\\/schema.org\",\"@graph\":[{\"@type\":\"NewsArticle\",\"@id\":\"https:\\\/\\\/www.laudinella.ch\\\/events\\\/das-engadin-leben-menschen-erzaehlen-ihre-persoenliche-geschichte-19\\\/#article\",\"isPartOf\":{\"@id\":\"https:\\\/\\\/www.laudinella.ch\\\/events\\\/das-engadin-leben-menschen-erzaehlen-ihre-persoenliche-geschichte-19\\\/\"},\"author\":{\"name\":\"Ladina Jann\",\"@id\":\"https:\\\/\\\/www.laudinella.ch\\\/en\\\/#\\\/schema\\\/person\\\/974bfc02d2372a78f406fcbf5bf2e823\"},\"headline\":\"Das Engadin leben &#8211; Menschen erz\u00e4hlen ihre pers\u00f6nliche Geschichte\",\"datePublished\":\"2025-07-14T09:46:04+00:00\",\"dateModified\":\"2025-07-31T13:43:19+00:00\",\"mainEntityOfPage\":{\"@id\":\"https:\\\/\\\/www.laudinella.ch\\\/events\\\/das-engadin-leben-menschen-erzaehlen-ihre-persoenliche-geschichte-19\\\/\"},\"wordCount\":170,\"publisher\":{\"@id\":\"https:\\\/\\\/www.laudinella.ch\\\/en\\\/#organization\"},\"image\":{\"@id\":\"https:\\\/\\\/www.laudinella.ch\\\/events\\\/das-engadin-leben-menschen-erzaehlen-ihre-persoenliche-geschichte-19\\\/#primaryimage\"},\"thumbnailUrl\":\"https:\\\/\\\/www.laudinella.ch\\\/wp-content\\\/uploads\\\/2025\\\/07\\\/20250917-Das-Engadin-leben-scaled.jpg\",\"inLanguage\":\"en-GB\"},{\"@type\":[\"WebPage\",\"ItemPage\"],\"@id\":\"https:\\\/\\\/www.laudinella.ch\\\/events\\\/das-engadin-leben-menschen-erzaehlen-ihre-persoenliche-geschichte-19\\\/\",\"url\":\"https:\\\/\\\/www.laudinella.ch\\\/events\\\/das-engadin-leben-menschen-erzaehlen-ihre-persoenliche-geschichte-19\\\/\",\"name\":\"Das Engadin leben - Menschen erz\u00e4hlen ihre pers\u00f6nliche Geschichte - Laudinella Group St. Moritz\",\"isPartOf\":{\"@id\":\"https:\\\/\\\/www.laudinella.ch\\\/en\\\/#website\"},\"primaryImageOfPage\":{\"@id\":\"https:\\\/\\\/www.laudinella.ch\\\/events\\\/das-engadin-leben-menschen-erzaehlen-ihre-persoenliche-geschichte-19\\\/#primaryimage\"},\"image\":{\"@id\":\"https:\\\/\\\/www.laudinella.ch\\\/events\\\/das-engadin-leben-menschen-erzaehlen-ihre-persoenliche-geschichte-19\\\/#primaryimage\"},\"thumbnailUrl\":\"https:\\\/\\\/www.laudinella.ch\\\/wp-content\\\/uploads\\\/2025\\\/07\\\/20250917-Das-Engadin-leben-scaled.jpg\",\"datePublished\":\"2025-07-14T09:46:04+00:00\",\"dateModified\":\"2025-07-31T13:43:19+00:00\",\"description\":\"Dr. Mirella Carbone im Gespr\u00e4ch mit Leta Semadeni\",\"breadcrumb\":{\"@id\":\"https:\\\/\\\/www.laudinella.ch\\\/events\\\/das-engadin-leben-menschen-erzaehlen-ihre-persoenliche-geschichte-19\\\/#breadcrumb\"},\"inLanguage\":\"en-GB\",\"potentialAction\":[{\"@type\":\"ReadAction\",\"target\":[\"https:\\\/\\\/www.laudinella.ch\\\/events\\\/das-engadin-leben-menschen-erzaehlen-ihre-persoenliche-geschichte-19\\\/\"]}]},{\"@type\":\"ImageObject\",\"inLanguage\":\"en-GB\",\"@id\":\"https:\\\/\\\/www.laudinella.ch\\\/events\\\/das-engadin-leben-menschen-erzaehlen-ihre-persoenliche-geschichte-19\\\/#primaryimage\",\"url\":\"https:\\\/\\\/www.laudinella.ch\\\/wp-content\\\/uploads\\\/2025\\\/07\\\/20250917-Das-Engadin-leben-scaled.jpg\",\"contentUrl\":\"https:\\\/\\\/www.laudinella.ch\\\/wp-content\\\/uploads\\\/2025\\\/07\\\/20250917-Das-Engadin-leben-scaled.jpg\",\"width\":2560,\"height\":1440},{\"@type\":\"BreadcrumbList\",\"@id\":\"https:\\\/\\\/www.laudinella.ch\\\/events\\\/das-engadin-leben-menschen-erzaehlen-ihre-persoenliche-geschichte-19\\\/#breadcrumb\",\"itemListElement\":[{\"@type\":\"ListItem\",\"position\":1,\"name\":\"Startseite\",\"item\":\"https:\\\/\\\/www.laudinella.ch\\\/\"},{\"@type\":\"ListItem\",\"position\":2,\"name\":\"Events\",\"item\":\"https:\\\/\\\/www.laudinella.ch\\\/events\\\/\"},{\"@type\":\"ListItem\",\"position\":3,\"name\":\"Saal Roseg, Hotel Laudinella\",\"item\":\"https:\\\/\\\/www.laudinella.ch\\\/event-location\\\/saal-roseg-hotel-laudinella\\\/\"},{\"@type\":\"ListItem\",\"position\":4,\"name\":\"Das Engadin leben &#8211; Menschen erz\u00e4hlen ihre pers\u00f6nliche Geschichte\"}]},{\"@type\":\"WebSite\",\"@id\":\"https:\\\/\\\/www.laudinella.ch\\\/en\\\/#website\",\"url\":\"https:\\\/\\\/www.laudinella.ch\\\/en\\\/\",\"name\":\"Laudinella St. Moritz\",\"description\":\"Sport, Kultur, Kulinarik, Kongresse, Kurse und Natur erleben.\",\"publisher\":{\"@id\":\"https:\\\/\\\/www.laudinella.ch\\\/en\\\/#organization\"},\"potentialAction\":[{\"@type\":\"SearchAction\",\"target\":{\"@type\":\"EntryPoint\",\"urlTemplate\":\"https:\\\/\\\/www.laudinella.ch\\\/en\\\/?s={search_term_string}\"},\"query-input\":{\"@type\":\"PropertyValueSpecification\",\"valueRequired\":true,\"valueName\":\"search_term_string\"}}],\"inLanguage\":\"en-GB\"},{\"@type\":\"Organization\",\"@id\":\"https:\\\/\\\/www.laudinella.ch\\\/en\\\/#organization\",\"name\":\"Laudinella St. Moritz\",\"url\":\"https:\\\/\\\/www.laudinella.ch\\\/en\\\/\",\"logo\":{\"@type\":\"ImageObject\",\"inLanguage\":\"en-GB\",\"@id\":\"https:\\\/\\\/www.laudinella.ch\\\/en\\\/#\\\/schema\\\/logo\\\/image\\\/\",\"url\":\"https:\\\/\\\/www.laudinella.ch\\\/wp-content\\\/uploads\\\/2021\\\/10\\\/laudinella_hotel-group_fav-icon.png\",\"contentUrl\":\"https:\\\/\\\/www.laudinella.ch\\\/wp-content\\\/uploads\\\/2021\\\/10\\\/laudinella_hotel-group_fav-icon.png\",\"width\":512,\"height\":512,\"caption\":\"Laudinella St. Moritz\"},\"image\":{\"@id\":\"https:\\\/\\\/www.laudinella.ch\\\/en\\\/#\\\/schema\\\/logo\\\/image\\\/\"}},{\"@type\":\"Person\",\"@id\":\"https:\\\/\\\/www.laudinella.ch\\\/en\\\/#\\\/schema\\\/person\\\/974bfc02d2372a78f406fcbf5bf2e823\",\"name\":\"Ladina Jann\",\"image\":{\"@type\":\"ImageObject\",\"inLanguage\":\"en-GB\",\"@id\":\"https:\\\/\\\/secure.gravatar.com\\\/avatar\\\/0c6dc7b7dc959552dfb25512e20eaa710e2dcb74a596c983ffdd63df42a50913?s=96&d=mm&r=g\",\"url\":\"https:\\\/\\\/secure.gravatar.com\\\/avatar\\\/0c6dc7b7dc959552dfb25512e20eaa710e2dcb74a596c983ffdd63df42a50913?s=96&d=mm&r=g\",\"contentUrl\":\"https:\\\/\\\/secure.gravatar.com\\\/avatar\\\/0c6dc7b7dc959552dfb25512e20eaa710e2dcb74a596c983ffdd63df42a50913?s=96&d=mm&r=g\",\"caption\":\"Ladina Jann\"},\"sameAs\":[\"https:\\\/\\\/x.com\\\/nhanslin\"]}]}<\/script>\n<!-- \/ Yoast SEO plugin. -->","yoast_head_json":{"title":"Living the Engadine - People tell their personal stories - Laudinella Group St. Moritz","description":"Dr. Mirella Carbone in conversation with Leta Semadeni","robots":{"index":"index","follow":"follow","max-snippet":"max-snippet:-1","max-image-preview":"max-image-preview:large","max-video-preview":"max-video-preview:-1"},"canonical":"https:\/\/www.laudinella.ch\/en\/events\/the-engadin-life-people-tell-their-personal-story-19\/","og_locale":"en_GB","og_type":"article","og_title":"Das Engadin leben - Menschen erz\u00e4hlen ihre pers\u00f6nliche Geschichte - Laudinella Group St. Moritz","og_description":"Dr. Mirella Carbone im Gespr\u00e4ch mit Leta Semadeni","og_url":"https:\/\/www.laudinella.ch\/en\/events\/the-engadin-life-people-tell-their-personal-story-19\/","og_site_name":"Laudinella Group St. Moritz","article_modified_time":"2025-07-31T13:43:19+00:00","og_image":[{"width":2560,"height":1440,"url":"https:\/\/www.laudinella.ch\/wp-content\/uploads\/2025\/07\/20250917-Das-Engadin-leben-scaled.jpg","type":"image\/jpeg"}],"twitter_card":"summary_large_image","schema":{"@context":"https:\/\/schema.org","@graph":[{"@type":"NewsArticle","@id":"https:\/\/www.laudinella.ch\/events\/das-engadin-leben-menschen-erzaehlen-ihre-persoenliche-geschichte-19\/#article","isPartOf":{"@id":"https:\/\/www.laudinella.ch\/events\/das-engadin-leben-menschen-erzaehlen-ihre-persoenliche-geschichte-19\/"},"author":{"name":"Ladina Jann","@id":"https:\/\/www.laudinella.ch\/en\/#\/schema\/person\/974bfc02d2372a78f406fcbf5bf2e823"},"headline":"Das Engadin leben &#8211; Menschen erz\u00e4hlen ihre pers\u00f6nliche Geschichte","datePublished":"2025-07-14T09:46:04+00:00","dateModified":"2025-07-31T13:43:19+00:00","mainEntityOfPage":{"@id":"https:\/\/www.laudinella.ch\/events\/das-engadin-leben-menschen-erzaehlen-ihre-persoenliche-geschichte-19\/"},"wordCount":170,"publisher":{"@id":"https:\/\/www.laudinella.ch\/en\/#organization"},"image":{"@id":"https:\/\/www.laudinella.ch\/events\/das-engadin-leben-menschen-erzaehlen-ihre-persoenliche-geschichte-19\/#primaryimage"},"thumbnailUrl":"https:\/\/www.laudinella.ch\/wp-content\/uploads\/2025\/07\/20250917-Das-Engadin-leben-scaled.jpg","inLanguage":"en-GB"},{"@type":["WebPage","ItemPage"],"@id":"https:\/\/www.laudinella.ch\/events\/das-engadin-leben-menschen-erzaehlen-ihre-persoenliche-geschichte-19\/","url":"https:\/\/www.laudinella.ch\/events\/das-engadin-leben-menschen-erzaehlen-ihre-persoenliche-geschichte-19\/","name":"Living the Engadine - People tell their personal stories - Laudinella Group St. Moritz","isPartOf":{"@id":"https:\/\/www.laudinella.ch\/en\/#website"},"primaryImageOfPage":{"@id":"https:\/\/www.laudinella.ch\/events\/das-engadin-leben-menschen-erzaehlen-ihre-persoenliche-geschichte-19\/#primaryimage"},"image":{"@id":"https:\/\/www.laudinella.ch\/events\/das-engadin-leben-menschen-erzaehlen-ihre-persoenliche-geschichte-19\/#primaryimage"},"thumbnailUrl":"https:\/\/www.laudinella.ch\/wp-content\/uploads\/2025\/07\/20250917-Das-Engadin-leben-scaled.jpg","datePublished":"2025-07-14T09:46:04+00:00","dateModified":"2025-07-31T13:43:19+00:00","description":"Dr. Mirella Carbone in conversation with Leta Semadeni","breadcrumb":{"@id":"https:\/\/www.laudinella.ch\/events\/das-engadin-leben-menschen-erzaehlen-ihre-persoenliche-geschichte-19\/#breadcrumb"},"inLanguage":"en-GB","potentialAction":[{"@type":"ReadAction","target":["https:\/\/www.laudinella.ch\/events\/das-engadin-leben-menschen-erzaehlen-ihre-persoenliche-geschichte-19\/"]}]},{"@type":"ImageObject","inLanguage":"en-GB","@id":"https:\/\/www.laudinella.ch\/events\/das-engadin-leben-menschen-erzaehlen-ihre-persoenliche-geschichte-19\/#primaryimage","url":"https:\/\/www.laudinella.ch\/wp-content\/uploads\/2025\/07\/20250917-Das-Engadin-leben-scaled.jpg","contentUrl":"https:\/\/www.laudinella.ch\/wp-content\/uploads\/2025\/07\/20250917-Das-Engadin-leben-scaled.jpg","width":2560,"height":1440},{"@type":"BreadcrumbList","@id":"https:\/\/www.laudinella.ch\/events\/das-engadin-leben-menschen-erzaehlen-ihre-persoenliche-geschichte-19\/#breadcrumb","itemListElement":[{"@type":"ListItem","position":1,"name":"Startseite","item":"https:\/\/www.laudinella.ch\/"},{"@type":"ListItem","position":2,"name":"Events","item":"https:\/\/www.laudinella.ch\/events\/"},{"@type":"ListItem","position":3,"name":"Saal Roseg, Hotel Laudinella","item":"https:\/\/www.laudinella.ch\/event-location\/saal-roseg-hotel-laudinella\/"},{"@type":"ListItem","position":4,"name":"Das Engadin leben &#8211; Menschen erz\u00e4hlen ihre pers\u00f6nliche Geschichte"}]},{"@type":"WebSite","@id":"https:\/\/www.laudinella.ch\/en\/#website","url":"https:\/\/www.laudinella.ch\/en\/","name":"Laudinella St. Moritz","description":"Experience sport, culture, cuisine, congresses, courses and nature.","publisher":{"@id":"https:\/\/www.laudinella.ch\/en\/#organization"},"potentialAction":[{"@type":"SearchAction","target":{"@type":"EntryPoint","urlTemplate":"https:\/\/www.laudinella.ch\/en\/?s={search_term_string}"},"query-input":{"@type":"PropertyValueSpecification","valueRequired":true,"valueName":"search_term_string"}}],"inLanguage":"en-GB"},{"@type":"Organization","@id":"https:\/\/www.laudinella.ch\/en\/#organization","name":"Laudinella St. Moritz","url":"https:\/\/www.laudinella.ch\/en\/","logo":{"@type":"ImageObject","inLanguage":"en-GB","@id":"https:\/\/www.laudinella.ch\/en\/#\/schema\/logo\/image\/","url":"https:\/\/www.laudinella.ch\/wp-content\/uploads\/2021\/10\/laudinella_hotel-group_fav-icon.png","contentUrl":"https:\/\/www.laudinella.ch\/wp-content\/uploads\/2021\/10\/laudinella_hotel-group_fav-icon.png","width":512,"height":512,"caption":"Laudinella St. Moritz"},"image":{"@id":"https:\/\/www.laudinella.ch\/en\/#\/schema\/logo\/image\/"}},{"@type":"Person","@id":"https:\/\/www.laudinella.ch\/en\/#\/schema\/person\/974bfc02d2372a78f406fcbf5bf2e823","name":"Ladina Jann","image":{"@type":"ImageObject","inLanguage":"en-GB","@id":"https:\/\/secure.gravatar.com\/avatar\/0c6dc7b7dc959552dfb25512e20eaa710e2dcb74a596c983ffdd63df42a50913?s=96&d=mm&r=g","url":"https:\/\/secure.gravatar.com\/avatar\/0c6dc7b7dc959552dfb25512e20eaa710e2dcb74a596c983ffdd63df42a50913?s=96&d=mm&r=g","contentUrl":"https:\/\/secure.gravatar.com\/avatar\/0c6dc7b7dc959552dfb25512e20eaa710e2dcb74a596c983ffdd63df42a50913?s=96&d=mm&r=g","caption":"Ladina Jann"},"sameAs":["https:\/\/x.com\/nhanslin"]}]}},"_links":{"self":[{"href":"https:\/\/www.laudinella.ch\/en\/wp-json\/wp\/v2\/ajde_events\/33857","targetHints":{"allow":["GET"]}}],"collection":[{"href":"https:\/\/www.laudinella.ch\/en\/wp-json\/wp\/v2\/ajde_events"}],"about":[{"href":"https:\/\/www.laudinella.ch\/en\/wp-json\/wp\/v2\/types\/ajde_events"}],"author":[{"embeddable":true,"href":"https:\/\/www.laudinella.ch\/en\/wp-json\/wp\/v2\/users\/13"}],"replies":[{"embeddable":true,"href":"https:\/\/www.laudinella.ch\/en\/wp-json\/wp\/v2\/comments?post=33857"}],"wp:featuredmedia":[{"embeddable":true,"href":"https:\/\/www.laudinella.ch\/en\/wp-json\/wp\/v2\/media\/33858"}],"wp:attachment":[{"href":"https:\/\/www.laudinella.ch\/en\/wp-json\/wp\/v2\/media?parent=33857"}],"wp:term":[{"taxonomy":"post_tag","embeddable":true,"href":"https:\/\/www.laudinella.ch\/en\/wp-json\/wp\/v2\/tags?post=33857"},{"taxonomy":"event_type","embeddable":true,"href":"https:\/\/www.laudinella.ch\/en\/wp-json\/wp\/v2\/event_type?post=33857"},{"taxonomy":"event_type_2","embeddable":true,"href":"https:\/\/www.laudinella.ch\/en\/wp-json\/wp\/v2\/event_type_2?post=33857"}],"curies":[{"name":"wp","href":"https:\/\/api.w.org\/{rel}","templated":true}]}}