{"id":28390,"date":"2024-09-26T13:29:55","date_gmt":"2024-09-26T11:29:55","guid":{"rendered":"https:\/\/www.laudinella.ch\/events\/der-alpenkoenig-und-der-menschenfeind-3\/"},"modified":"2024-10-29T19:11:07","modified_gmt":"2024-10-29T18:11:07","slug":"the-alpine-king-and-the-misanthrope-after-ferdinand-raimund-4","status":"publish","type":"ajde_events","link":"https:\/\/www.laudinella.ch\/en\/events\/der-alpenkoenig-und-der-menschenfeind-3\/","title":{"rendered":"The Alpine King and the Misanthrope"},"content":{"rendered":"<p>The St. Moritz Dramatic Society will present an entertaining stage magic with depth in November 2024: <\/p>\n\n\n\n<p><strong>The Alpine King and the Misanthrope according to Ferdinand Raimund.<\/strong><\/p>\n\n\n\n<p>A forbidden love, a feud between servants, an attempted murder \u2013 or just a misunderstanding? And then there is the magical hand of a mysterious mountain spirit.&nbsp;<\/p>\n\n\n\n<p>The fairytale comedy about the grumpy Mr. Rappelkopf and his encounter with the strict but benevolent King of the Alps is interwoven with highly topical issues: the loss of trust in society, the lostness of the individual, the healing power of nature. All of this is embedded in the majestic Alpine backdrop in which people today more than ever are searching for and finding themselves.&nbsp;<\/p>\n\n\n\n<p>Director Selma Mahlknecht has carefully adapted Ferdinand Raimund&#039;s original text and brought it into the 21st century, while preserving the poetry of the language.&nbsp;<\/p>\n\n\n\n<p>On stage, alongside familiar faces such as Ruedi Maag, Arno Lazzarini, Patrizia M\u00fcller, Lidia Poltera and Corinna Ravo, there are also newcomers Claudia Ennemoser, Gioia M\u00fcller, Christian Schmid, Simon Schwarz and Roman Nendza. Behind the scenes, our creative team is buzzing around Marilyn Giacometti and Eduardo Monteiro. Andrea Biffi and Simon Baumgartner are responsible for the technical aspects.&nbsp;<\/p>\n\n\n\n<p>Premiere:<br>Thursday, November 14, 2024, 8:15 p.m.&nbsp;<\/p>\n\n\n\n<p>Further performances:&nbsp;<br>Friday, 15 November 2024, 8.15 p.m.&nbsp;<br>Saturday, 16 November 2024, 8.15 p.m.&nbsp;<br>Sunday, 17 November 2024, 3:00 p.m.<\/p>\n\n\n\n<p>Cat. I: CHF 35.-, Cat. II: CHF 30.-, Cat. III CHF 20.-<\/p>\n\n\n\n<p><a href=\"https:\/\/www.theater-stmoritz.ch\/vorverkauf\/\" target=\"_blank\" rel=\"noreferrer noopener\">Click here for online ticket reservation<\/a><br><\/p>\n\n\n\n<p><strong>Ticket reservation offline:<\/strong><br>St. Moritz Tourist Information<br>Via Maistra 12<br>7500 St. Moritz<br>081 837 33 33<br><\/p>\n\n\n\n<p><\/p>\n\n\n\n<p><\/p>","protected":false},"author":13,"featured_media":28387,"menu_order":0,"comment_status":"closed","ping_status":"closed","template":"","meta":[],"tags":[385],"event_type":[43],"event_type_2":[],"class_list":["post-28390","ajde_events","type-ajde_events","status-publish","has-post-thumbnail","hentry","tag-theater","event_location-hotel-reine-victoria-theatersaal","event_type-veranstaltung"],"yoast_head":"<!-- This site is optimized with the Yoast SEO plugin v27.5 - https:\/\/yoast.com\/product\/yoast-seo-wordpress\/ -->\n<title>Der Alpenk\u00f6nig und der Menschenfeind - Laudinella Group St. Moritz<\/title>\n<meta name=\"description\" content=\"Der Dramatische Verein St. Moritz pr\u00e4sentiert im November 2024 einen unterhaltsamen B\u00fchnenzauber mit Tiefgang: Der Alpenk\u00f6nig und der Menschenfeind nach Ferdinand Raimund.\" \/>\n<meta name=\"robots\" content=\"index, follow, max-snippet:-1, max-image-preview:large, max-video-preview:-1\" \/>\n<link rel=\"canonical\" href=\"https:\/\/www.laudinella.ch\/en\/events\/the-alpine-king-and-the-misanthrope-after-ferdinand-raimund-4\/\" \/>\n<meta property=\"og:locale\" content=\"en_GB\" \/>\n<meta property=\"og:type\" content=\"article\" \/>\n<meta property=\"og:title\" content=\"Der Alpenk\u00f6nig und der Menschenfeind - Laudinella Group St. Moritz\" \/>\n<meta property=\"og:description\" content=\"Der Dramatische Verein St. Moritz pr\u00e4sentiert im November 2024 einen unterhaltsamen B\u00fchnenzauber mit Tiefgang: Der Alpenk\u00f6nig und der Menschenfeind nach Ferdinand Raimund.\" \/>\n<meta property=\"og:url\" content=\"https:\/\/www.laudinella.ch\/en\/events\/the-alpine-king-and-the-misanthrope-after-ferdinand-raimund-4\/\" \/>\n<meta property=\"og:site_name\" content=\"Laudinella Group St. Moritz\" \/>\n<meta property=\"article:modified_time\" content=\"2024-10-29T18:11:07+00:00\" \/>\n<meta property=\"og:image\" content=\"https:\/\/www.laudinella.ch\/wp-content\/uploads\/2024\/09\/20241114-Dramatischer-Verein-scaled.jpg\" \/>\n\t<meta property=\"og:image:width\" content=\"1707\" \/>\n\t<meta property=\"og:image:height\" content=\"2560\" \/>\n\t<meta property=\"og:image:type\" content=\"image\/jpeg\" \/>\n<meta name=\"twitter:card\" content=\"summary_large_image\" \/>\n<script type=\"application\/ld+json\" class=\"yoast-schema-graph\">{\"@context\":\"https:\\\/\\\/schema.org\",\"@graph\":[{\"@type\":\"NewsArticle\",\"@id\":\"https:\\\/\\\/www.laudinella.ch\\\/events\\\/der-alpenkoenig-und-der-menschenfeind-3\\\/#article\",\"isPartOf\":{\"@id\":\"https:\\\/\\\/www.laudinella.ch\\\/events\\\/der-alpenkoenig-und-der-menschenfeind-3\\\/\"},\"author\":{\"name\":\"Ladina Jann\",\"@id\":\"https:\\\/\\\/www.laudinella.ch\\\/en\\\/#\\\/schema\\\/person\\\/974bfc02d2372a78f406fcbf5bf2e823\"},\"headline\":\"Der Alpenk\u00f6nig und der Menschenfeind\",\"datePublished\":\"2024-09-26T11:29:55+00:00\",\"dateModified\":\"2024-10-29T18:11:07+00:00\",\"mainEntityOfPage\":{\"@id\":\"https:\\\/\\\/www.laudinella.ch\\\/events\\\/der-alpenkoenig-und-der-menschenfeind-3\\\/\"},\"wordCount\":255,\"publisher\":{\"@id\":\"https:\\\/\\\/www.laudinella.ch\\\/en\\\/#organization\"},\"image\":{\"@id\":\"https:\\\/\\\/www.laudinella.ch\\\/events\\\/der-alpenkoenig-und-der-menschenfeind-3\\\/#primaryimage\"},\"thumbnailUrl\":\"https:\\\/\\\/www.laudinella.ch\\\/wp-content\\\/uploads\\\/2024\\\/09\\\/20241114-Dramatischer-Verein-scaled.jpg\",\"keywords\":[\"Theater\"],\"inLanguage\":\"en-GB\"},{\"@type\":[\"WebPage\",\"ItemPage\"],\"@id\":\"https:\\\/\\\/www.laudinella.ch\\\/events\\\/der-alpenkoenig-und-der-menschenfeind-3\\\/\",\"url\":\"https:\\\/\\\/www.laudinella.ch\\\/events\\\/der-alpenkoenig-und-der-menschenfeind-3\\\/\",\"name\":\"Der Alpenk\u00f6nig und der Menschenfeind - Laudinella Group St. Moritz\",\"isPartOf\":{\"@id\":\"https:\\\/\\\/www.laudinella.ch\\\/en\\\/#website\"},\"primaryImageOfPage\":{\"@id\":\"https:\\\/\\\/www.laudinella.ch\\\/events\\\/der-alpenkoenig-und-der-menschenfeind-3\\\/#primaryimage\"},\"image\":{\"@id\":\"https:\\\/\\\/www.laudinella.ch\\\/events\\\/der-alpenkoenig-und-der-menschenfeind-3\\\/#primaryimage\"},\"thumbnailUrl\":\"https:\\\/\\\/www.laudinella.ch\\\/wp-content\\\/uploads\\\/2024\\\/09\\\/20241114-Dramatischer-Verein-scaled.jpg\",\"datePublished\":\"2024-09-26T11:29:55+00:00\",\"dateModified\":\"2024-10-29T18:11:07+00:00\",\"description\":\"Der Dramatische Verein St. Moritz pr\u00e4sentiert im November 2024 einen unterhaltsamen B\u00fchnenzauber mit Tiefgang: Der Alpenk\u00f6nig und der Menschenfeind nach Ferdinand Raimund.\",\"breadcrumb\":{\"@id\":\"https:\\\/\\\/www.laudinella.ch\\\/events\\\/der-alpenkoenig-und-der-menschenfeind-3\\\/#breadcrumb\"},\"inLanguage\":\"en-GB\",\"potentialAction\":[{\"@type\":\"ReadAction\",\"target\":[\"https:\\\/\\\/www.laudinella.ch\\\/events\\\/der-alpenkoenig-und-der-menschenfeind-3\\\/\"]}]},{\"@type\":\"ImageObject\",\"inLanguage\":\"en-GB\",\"@id\":\"https:\\\/\\\/www.laudinella.ch\\\/events\\\/der-alpenkoenig-und-der-menschenfeind-3\\\/#primaryimage\",\"url\":\"https:\\\/\\\/www.laudinella.ch\\\/wp-content\\\/uploads\\\/2024\\\/09\\\/20241114-Dramatischer-Verein-scaled.jpg\",\"contentUrl\":\"https:\\\/\\\/www.laudinella.ch\\\/wp-content\\\/uploads\\\/2024\\\/09\\\/20241114-Dramatischer-Verein-scaled.jpg\",\"width\":1707,\"height\":2560},{\"@type\":\"BreadcrumbList\",\"@id\":\"https:\\\/\\\/www.laudinella.ch\\\/events\\\/der-alpenkoenig-und-der-menschenfeind-3\\\/#breadcrumb\",\"itemListElement\":[{\"@type\":\"ListItem\",\"position\":1,\"name\":\"Startseite\",\"item\":\"https:\\\/\\\/www.laudinella.ch\\\/\"},{\"@type\":\"ListItem\",\"position\":2,\"name\":\"Events\",\"item\":\"https:\\\/\\\/www.laudinella.ch\\\/events\\\/\"},{\"@type\":\"ListItem\",\"position\":3,\"name\":\"Hotel Reine Victoria, Theatersaal\",\"item\":\"https:\\\/\\\/www.laudinella.ch\\\/event-location\\\/hotel-reine-victoria-theatersaal\\\/\"},{\"@type\":\"ListItem\",\"position\":4,\"name\":\"Der Alpenk\u00f6nig und der Menschenfeind\"}]},{\"@type\":\"WebSite\",\"@id\":\"https:\\\/\\\/www.laudinella.ch\\\/en\\\/#website\",\"url\":\"https:\\\/\\\/www.laudinella.ch\\\/en\\\/\",\"name\":\"Laudinella St. Moritz\",\"description\":\"Sport, Kultur, Kulinarik, Kongresse, Kurse und Natur erleben.\",\"publisher\":{\"@id\":\"https:\\\/\\\/www.laudinella.ch\\\/en\\\/#organization\"},\"potentialAction\":[{\"@type\":\"SearchAction\",\"target\":{\"@type\":\"EntryPoint\",\"urlTemplate\":\"https:\\\/\\\/www.laudinella.ch\\\/en\\\/?s={search_term_string}\"},\"query-input\":{\"@type\":\"PropertyValueSpecification\",\"valueRequired\":true,\"valueName\":\"search_term_string\"}}],\"inLanguage\":\"en-GB\"},{\"@type\":\"Organization\",\"@id\":\"https:\\\/\\\/www.laudinella.ch\\\/en\\\/#organization\",\"name\":\"Laudinella St. Moritz\",\"url\":\"https:\\\/\\\/www.laudinella.ch\\\/en\\\/\",\"logo\":{\"@type\":\"ImageObject\",\"inLanguage\":\"en-GB\",\"@id\":\"https:\\\/\\\/www.laudinella.ch\\\/en\\\/#\\\/schema\\\/logo\\\/image\\\/\",\"url\":\"https:\\\/\\\/www.laudinella.ch\\\/wp-content\\\/uploads\\\/2021\\\/10\\\/laudinella_hotel-group_fav-icon.png\",\"contentUrl\":\"https:\\\/\\\/www.laudinella.ch\\\/wp-content\\\/uploads\\\/2021\\\/10\\\/laudinella_hotel-group_fav-icon.png\",\"width\":512,\"height\":512,\"caption\":\"Laudinella St. Moritz\"},\"image\":{\"@id\":\"https:\\\/\\\/www.laudinella.ch\\\/en\\\/#\\\/schema\\\/logo\\\/image\\\/\"}},{\"@type\":\"Person\",\"@id\":\"https:\\\/\\\/www.laudinella.ch\\\/en\\\/#\\\/schema\\\/person\\\/974bfc02d2372a78f406fcbf5bf2e823\",\"name\":\"Ladina Jann\",\"image\":{\"@type\":\"ImageObject\",\"inLanguage\":\"en-GB\",\"@id\":\"https:\\\/\\\/secure.gravatar.com\\\/avatar\\\/0c6dc7b7dc959552dfb25512e20eaa710e2dcb74a596c983ffdd63df42a50913?s=96&d=mm&r=g\",\"url\":\"https:\\\/\\\/secure.gravatar.com\\\/avatar\\\/0c6dc7b7dc959552dfb25512e20eaa710e2dcb74a596c983ffdd63df42a50913?s=96&d=mm&r=g\",\"contentUrl\":\"https:\\\/\\\/secure.gravatar.com\\\/avatar\\\/0c6dc7b7dc959552dfb25512e20eaa710e2dcb74a596c983ffdd63df42a50913?s=96&d=mm&r=g\",\"caption\":\"Ladina Jann\"},\"sameAs\":[\"https:\\\/\\\/x.com\\\/nhanslin\"]}]}<\/script>\n<!-- \/ Yoast SEO plugin. -->","yoast_head_json":{"title":"The King of the Alps and the Misanthrope - Laudinella Group St. Moritz","description":"In November 2024, the St. Moritz Dramatic Society will present an entertaining stage magic with depth: The Alpine King and the Misanthrope based on Ferdinand Raimund.","robots":{"index":"index","follow":"follow","max-snippet":"max-snippet:-1","max-image-preview":"max-image-preview:large","max-video-preview":"max-video-preview:-1"},"canonical":"https:\/\/www.laudinella.ch\/en\/events\/the-alpine-king-and-the-misanthrope-after-ferdinand-raimund-4\/","og_locale":"en_GB","og_type":"article","og_title":"Der Alpenk\u00f6nig und der Menschenfeind - Laudinella Group St. Moritz","og_description":"Der Dramatische Verein St. Moritz pr\u00e4sentiert im November 2024 einen unterhaltsamen B\u00fchnenzauber mit Tiefgang: Der Alpenk\u00f6nig und der Menschenfeind nach Ferdinand Raimund.","og_url":"https:\/\/www.laudinella.ch\/en\/events\/the-alpine-king-and-the-misanthrope-after-ferdinand-raimund-4\/","og_site_name":"Laudinella Group St. Moritz","article_modified_time":"2024-10-29T18:11:07+00:00","og_image":[{"width":1707,"height":2560,"url":"https:\/\/www.laudinella.ch\/wp-content\/uploads\/2024\/09\/20241114-Dramatischer-Verein-scaled.jpg","type":"image\/jpeg"}],"twitter_card":"summary_large_image","schema":{"@context":"https:\/\/schema.org","@graph":[{"@type":"NewsArticle","@id":"https:\/\/www.laudinella.ch\/events\/der-alpenkoenig-und-der-menschenfeind-3\/#article","isPartOf":{"@id":"https:\/\/www.laudinella.ch\/events\/der-alpenkoenig-und-der-menschenfeind-3\/"},"author":{"name":"Ladina Jann","@id":"https:\/\/www.laudinella.ch\/en\/#\/schema\/person\/974bfc02d2372a78f406fcbf5bf2e823"},"headline":"Der Alpenk\u00f6nig und der Menschenfeind","datePublished":"2024-09-26T11:29:55+00:00","dateModified":"2024-10-29T18:11:07+00:00","mainEntityOfPage":{"@id":"https:\/\/www.laudinella.ch\/events\/der-alpenkoenig-und-der-menschenfeind-3\/"},"wordCount":255,"publisher":{"@id":"https:\/\/www.laudinella.ch\/en\/#organization"},"image":{"@id":"https:\/\/www.laudinella.ch\/events\/der-alpenkoenig-und-der-menschenfeind-3\/#primaryimage"},"thumbnailUrl":"https:\/\/www.laudinella.ch\/wp-content\/uploads\/2024\/09\/20241114-Dramatischer-Verein-scaled.jpg","keywords":["Theater"],"inLanguage":"en-GB"},{"@type":["WebPage","ItemPage"],"@id":"https:\/\/www.laudinella.ch\/events\/der-alpenkoenig-und-der-menschenfeind-3\/","url":"https:\/\/www.laudinella.ch\/events\/der-alpenkoenig-und-der-menschenfeind-3\/","name":"The King of the Alps and the Misanthrope - Laudinella Group St. Moritz","isPartOf":{"@id":"https:\/\/www.laudinella.ch\/en\/#website"},"primaryImageOfPage":{"@id":"https:\/\/www.laudinella.ch\/events\/der-alpenkoenig-und-der-menschenfeind-3\/#primaryimage"},"image":{"@id":"https:\/\/www.laudinella.ch\/events\/der-alpenkoenig-und-der-menschenfeind-3\/#primaryimage"},"thumbnailUrl":"https:\/\/www.laudinella.ch\/wp-content\/uploads\/2024\/09\/20241114-Dramatischer-Verein-scaled.jpg","datePublished":"2024-09-26T11:29:55+00:00","dateModified":"2024-10-29T18:11:07+00:00","description":"In November 2024, the St. Moritz Dramatic Society will present an entertaining stage magic with depth: The Alpine King and the Misanthrope based on Ferdinand Raimund.","breadcrumb":{"@id":"https:\/\/www.laudinella.ch\/events\/der-alpenkoenig-und-der-menschenfeind-3\/#breadcrumb"},"inLanguage":"en-GB","potentialAction":[{"@type":"ReadAction","target":["https:\/\/www.laudinella.ch\/events\/der-alpenkoenig-und-der-menschenfeind-3\/"]}]},{"@type":"ImageObject","inLanguage":"en-GB","@id":"https:\/\/www.laudinella.ch\/events\/der-alpenkoenig-und-der-menschenfeind-3\/#primaryimage","url":"https:\/\/www.laudinella.ch\/wp-content\/uploads\/2024\/09\/20241114-Dramatischer-Verein-scaled.jpg","contentUrl":"https:\/\/www.laudinella.ch\/wp-content\/uploads\/2024\/09\/20241114-Dramatischer-Verein-scaled.jpg","width":1707,"height":2560},{"@type":"BreadcrumbList","@id":"https:\/\/www.laudinella.ch\/events\/der-alpenkoenig-und-der-menschenfeind-3\/#breadcrumb","itemListElement":[{"@type":"ListItem","position":1,"name":"Startseite","item":"https:\/\/www.laudinella.ch\/"},{"@type":"ListItem","position":2,"name":"Events","item":"https:\/\/www.laudinella.ch\/events\/"},{"@type":"ListItem","position":3,"name":"Hotel Reine Victoria, Theatersaal","item":"https:\/\/www.laudinella.ch\/event-location\/hotel-reine-victoria-theatersaal\/"},{"@type":"ListItem","position":4,"name":"Der Alpenk\u00f6nig und der Menschenfeind"}]},{"@type":"WebSite","@id":"https:\/\/www.laudinella.ch\/en\/#website","url":"https:\/\/www.laudinella.ch\/en\/","name":"Laudinella St. Moritz","description":"Experience sport, culture, cuisine, congresses, courses and nature.","publisher":{"@id":"https:\/\/www.laudinella.ch\/en\/#organization"},"potentialAction":[{"@type":"SearchAction","target":{"@type":"EntryPoint","urlTemplate":"https:\/\/www.laudinella.ch\/en\/?s={search_term_string}"},"query-input":{"@type":"PropertyValueSpecification","valueRequired":true,"valueName":"search_term_string"}}],"inLanguage":"en-GB"},{"@type":"Organization","@id":"https:\/\/www.laudinella.ch\/en\/#organization","name":"Laudinella St. Moritz","url":"https:\/\/www.laudinella.ch\/en\/","logo":{"@type":"ImageObject","inLanguage":"en-GB","@id":"https:\/\/www.laudinella.ch\/en\/#\/schema\/logo\/image\/","url":"https:\/\/www.laudinella.ch\/wp-content\/uploads\/2021\/10\/laudinella_hotel-group_fav-icon.png","contentUrl":"https:\/\/www.laudinella.ch\/wp-content\/uploads\/2021\/10\/laudinella_hotel-group_fav-icon.png","width":512,"height":512,"caption":"Laudinella St. Moritz"},"image":{"@id":"https:\/\/www.laudinella.ch\/en\/#\/schema\/logo\/image\/"}},{"@type":"Person","@id":"https:\/\/www.laudinella.ch\/en\/#\/schema\/person\/974bfc02d2372a78f406fcbf5bf2e823","name":"Ladina Jann","image":{"@type":"ImageObject","inLanguage":"en-GB","@id":"https:\/\/secure.gravatar.com\/avatar\/0c6dc7b7dc959552dfb25512e20eaa710e2dcb74a596c983ffdd63df42a50913?s=96&d=mm&r=g","url":"https:\/\/secure.gravatar.com\/avatar\/0c6dc7b7dc959552dfb25512e20eaa710e2dcb74a596c983ffdd63df42a50913?s=96&d=mm&r=g","contentUrl":"https:\/\/secure.gravatar.com\/avatar\/0c6dc7b7dc959552dfb25512e20eaa710e2dcb74a596c983ffdd63df42a50913?s=96&d=mm&r=g","caption":"Ladina Jann"},"sameAs":["https:\/\/x.com\/nhanslin"]}]}},"_links":{"self":[{"href":"https:\/\/www.laudinella.ch\/en\/wp-json\/wp\/v2\/ajde_events\/28390","targetHints":{"allow":["GET"]}}],"collection":[{"href":"https:\/\/www.laudinella.ch\/en\/wp-json\/wp\/v2\/ajde_events"}],"about":[{"href":"https:\/\/www.laudinella.ch\/en\/wp-json\/wp\/v2\/types\/ajde_events"}],"author":[{"embeddable":true,"href":"https:\/\/www.laudinella.ch\/en\/wp-json\/wp\/v2\/users\/13"}],"replies":[{"embeddable":true,"href":"https:\/\/www.laudinella.ch\/en\/wp-json\/wp\/v2\/comments?post=28390"}],"wp:featuredmedia":[{"embeddable":true,"href":"https:\/\/www.laudinella.ch\/en\/wp-json\/wp\/v2\/media\/28387"}],"wp:attachment":[{"href":"https:\/\/www.laudinella.ch\/en\/wp-json\/wp\/v2\/media?parent=28390"}],"wp:term":[{"taxonomy":"post_tag","embeddable":true,"href":"https:\/\/www.laudinella.ch\/en\/wp-json\/wp\/v2\/tags?post=28390"},{"taxonomy":"event_type","embeddable":true,"href":"https:\/\/www.laudinella.ch\/en\/wp-json\/wp\/v2\/event_type?post=28390"},{"taxonomy":"event_type_2","embeddable":true,"href":"https:\/\/www.laudinella.ch\/en\/wp-json\/wp\/v2\/event_type_2?post=28390"}],"curies":[{"name":"wp","href":"https:\/\/api.w.org\/{rel}","templated":true}]}}