{"id":27597,"date":"2024-06-07T09:43:15","date_gmt":"2024-06-07T07:43:15","guid":{"rendered":"https:\/\/www.laudinella.ch\/?post_type=ajde_events&#038;p=27597"},"modified":"2024-10-23T14:52:47","modified_gmt":"2024-10-23T12:52:47","slug":"the-symphony-breaks","status":"publish","type":"ajde_events","link":"https:\/\/www.laudinella.ch\/en\/events\/la-sinfonia-bregagliotta\/","title":{"rendered":"The symphony breaks"},"content":{"rendered":"<p><br>To mark its 25th anniversary, the Scuola di Musica Bregaglia presents two concerts in Maloja and St. Moritz in collaboration with the \u00abOrchestra da Camera Valtellinese\u00bb (3 soloists and 34 musicians).<\/p>\n\n\n\n<p>The symphony describes the journey of a man from Bergell from Soglio via Zurich to Suzhou in China and back home, whereby the journey is also an allegory of life.<\/p>\n\n\n\n<p>On the program, the premiere of \u00abLa sinfonia bregagliotta\u00bb, Bach, Respighi and an exceptional work (with alphorn) by Domenic Janett.<\/p>\n\n\n\n<p>Admission: CHF 40.- (advance booking or box office)<br>Duration: approx. 1h45 including break<\/p>\n\n\n\n<p><strong>ticket presale<\/strong><br>IBAN: CH49 0077 4000 4264 9160 0<br>Scuola di Musica Bregaglia<br>7603 Vicosoprano<br>Please state your last name, first name and concert date (December 21st or December 22nd, 2024) as the reason for payment. Tickets will be handed out on the evening of the concert.<\/p>\n\n\n\n<p><\/p>","protected":false},"author":13,"featured_media":27598,"menu_order":0,"comment_status":"closed","ping_status":"closed","template":"","meta":[],"tags":[134],"event_type":[43],"event_type_2":[],"class_list":["post-27597","ajde_events","type-ajde_events","status-publish","has-post-thumbnail","hentry","tag-konzert","event_location-brigitte-henri-b-meier-concert-hall-hotel-laudinella","event_type-veranstaltung"],"yoast_head":"<!-- This site is optimized with the Yoast SEO plugin v27.5 - https:\/\/yoast.com\/product\/yoast-seo-wordpress\/ -->\n<title>La sinfonia bregagliotta - Laudinella Group St. Moritz<\/title>\n<meta name=\"robots\" content=\"index, follow, max-snippet:-1, max-image-preview:large, max-video-preview:-1\" \/>\n<link rel=\"canonical\" href=\"https:\/\/www.laudinella.ch\/en\/events\/the-symphony-breaks\/\" \/>\n<meta property=\"og:locale\" content=\"en_GB\" \/>\n<meta property=\"og:type\" content=\"article\" \/>\n<meta property=\"og:title\" content=\"La sinfonia bregagliotta - Laudinella Group St. Moritz\" \/>\n<meta property=\"og:description\" content=\"Zum 25-j\u00e4hrigen Jubil\u00e4um pr\u00e4sentiert die Scuola di Musica Bregaglia zwei Konzerte in Maloja und St. Moritz in Zusammenarbeit mit der &#171;Orchestra da Camera Valtellinese&#187; (3 Solisten und 34 Musikern).  Die Sinfonie beschreibt die Reise eines Bergellers von Soglio \u00fcber Z\u00fcrich nach Suzhou in China und zur\u00fcck nach Hause, wobei die Reise [...]\" \/>\n<meta property=\"og:url\" content=\"https:\/\/www.laudinella.ch\/en\/events\/the-symphony-breaks\/\" \/>\n<meta property=\"og:site_name\" content=\"Laudinella Group St. Moritz\" \/>\n<meta property=\"article:modified_time\" content=\"2024-10-23T12:52:47+00:00\" \/>\n<meta property=\"og:image\" content=\"https:\/\/www.laudinella.ch\/wp-content\/uploads\/2024\/05\/20241222-La-sinfonia-bregagliotta-2-scaled.jpg\" \/>\n\t<meta property=\"og:image:width\" content=\"2560\" \/>\n\t<meta property=\"og:image:height\" content=\"1707\" \/>\n\t<meta property=\"og:image:type\" content=\"image\/jpeg\" \/>\n<meta name=\"twitter:card\" content=\"summary_large_image\" \/>\n<script type=\"application\/ld+json\" class=\"yoast-schema-graph\">{\"@context\":\"https:\\\/\\\/schema.org\",\"@graph\":[{\"@type\":\"NewsArticle\",\"@id\":\"https:\\\/\\\/www.laudinella.ch\\\/events\\\/la-sinfonia-bregagliotta\\\/#article\",\"isPartOf\":{\"@id\":\"https:\\\/\\\/www.laudinella.ch\\\/events\\\/la-sinfonia-bregagliotta\\\/\"},\"author\":{\"name\":\"Ladina Jann\",\"@id\":\"https:\\\/\\\/www.laudinella.ch\\\/en\\\/#\\\/schema\\\/person\\\/974bfc02d2372a78f406fcbf5bf2e823\"},\"headline\":\"La sinfonia bregagliotta\",\"datePublished\":\"2024-06-07T07:43:15+00:00\",\"dateModified\":\"2024-10-23T12:52:47+00:00\",\"mainEntityOfPage\":{\"@id\":\"https:\\\/\\\/www.laudinella.ch\\\/events\\\/la-sinfonia-bregagliotta\\\/\"},\"wordCount\":115,\"publisher\":{\"@id\":\"https:\\\/\\\/www.laudinella.ch\\\/en\\\/#organization\"},\"image\":{\"@id\":\"https:\\\/\\\/www.laudinella.ch\\\/events\\\/la-sinfonia-bregagliotta\\\/#primaryimage\"},\"thumbnailUrl\":\"https:\\\/\\\/www.laudinella.ch\\\/wp-content\\\/uploads\\\/2024\\\/05\\\/20241222-La-sinfonia-bregagliotta-2-scaled.jpg\",\"keywords\":[\"Konzert\"],\"inLanguage\":\"en-GB\"},{\"@type\":[\"WebPage\",\"ItemPage\"],\"@id\":\"https:\\\/\\\/www.laudinella.ch\\\/events\\\/la-sinfonia-bregagliotta\\\/\",\"url\":\"https:\\\/\\\/www.laudinella.ch\\\/events\\\/la-sinfonia-bregagliotta\\\/\",\"name\":\"La sinfonia bregagliotta - Laudinella Group St. Moritz\",\"isPartOf\":{\"@id\":\"https:\\\/\\\/www.laudinella.ch\\\/en\\\/#website\"},\"primaryImageOfPage\":{\"@id\":\"https:\\\/\\\/www.laudinella.ch\\\/events\\\/la-sinfonia-bregagliotta\\\/#primaryimage\"},\"image\":{\"@id\":\"https:\\\/\\\/www.laudinella.ch\\\/events\\\/la-sinfonia-bregagliotta\\\/#primaryimage\"},\"thumbnailUrl\":\"https:\\\/\\\/www.laudinella.ch\\\/wp-content\\\/uploads\\\/2024\\\/05\\\/20241222-La-sinfonia-bregagliotta-2-scaled.jpg\",\"datePublished\":\"2024-06-07T07:43:15+00:00\",\"dateModified\":\"2024-10-23T12:52:47+00:00\",\"breadcrumb\":{\"@id\":\"https:\\\/\\\/www.laudinella.ch\\\/events\\\/la-sinfonia-bregagliotta\\\/#breadcrumb\"},\"inLanguage\":\"en-GB\",\"potentialAction\":[{\"@type\":\"ReadAction\",\"target\":[\"https:\\\/\\\/www.laudinella.ch\\\/events\\\/la-sinfonia-bregagliotta\\\/\"]}]},{\"@type\":\"ImageObject\",\"inLanguage\":\"en-GB\",\"@id\":\"https:\\\/\\\/www.laudinella.ch\\\/events\\\/la-sinfonia-bregagliotta\\\/#primaryimage\",\"url\":\"https:\\\/\\\/www.laudinella.ch\\\/wp-content\\\/uploads\\\/2024\\\/05\\\/20241222-La-sinfonia-bregagliotta-2-scaled.jpg\",\"contentUrl\":\"https:\\\/\\\/www.laudinella.ch\\\/wp-content\\\/uploads\\\/2024\\\/05\\\/20241222-La-sinfonia-bregagliotta-2-scaled.jpg\",\"width\":2560,\"height\":1707},{\"@type\":\"BreadcrumbList\",\"@id\":\"https:\\\/\\\/www.laudinella.ch\\\/events\\\/la-sinfonia-bregagliotta\\\/#breadcrumb\",\"itemListElement\":[{\"@type\":\"ListItem\",\"position\":1,\"name\":\"Startseite\",\"item\":\"https:\\\/\\\/www.laudinella.ch\\\/\"},{\"@type\":\"ListItem\",\"position\":2,\"name\":\"Events\",\"item\":\"https:\\\/\\\/www.laudinella.ch\\\/events\\\/\"},{\"@type\":\"ListItem\",\"position\":3,\"name\":\"Brigitte &amp; Henri B. Meier Concert Hall, Hotel Laudinella\",\"item\":\"https:\\\/\\\/www.laudinella.ch\\\/event-location\\\/brigitte-henri-b-meier-concert-hall-hotel-laudinella\\\/\"},{\"@type\":\"ListItem\",\"position\":4,\"name\":\"La sinfonia bregagliotta\"}]},{\"@type\":\"WebSite\",\"@id\":\"https:\\\/\\\/www.laudinella.ch\\\/en\\\/#website\",\"url\":\"https:\\\/\\\/www.laudinella.ch\\\/en\\\/\",\"name\":\"Laudinella St. Moritz\",\"description\":\"Sport, Kultur, Kulinarik, Kongresse, Kurse und Natur erleben.\",\"publisher\":{\"@id\":\"https:\\\/\\\/www.laudinella.ch\\\/en\\\/#organization\"},\"potentialAction\":[{\"@type\":\"SearchAction\",\"target\":{\"@type\":\"EntryPoint\",\"urlTemplate\":\"https:\\\/\\\/www.laudinella.ch\\\/en\\\/?s={search_term_string}\"},\"query-input\":{\"@type\":\"PropertyValueSpecification\",\"valueRequired\":true,\"valueName\":\"search_term_string\"}}],\"inLanguage\":\"en-GB\"},{\"@type\":\"Organization\",\"@id\":\"https:\\\/\\\/www.laudinella.ch\\\/en\\\/#organization\",\"name\":\"Laudinella St. Moritz\",\"url\":\"https:\\\/\\\/www.laudinella.ch\\\/en\\\/\",\"logo\":{\"@type\":\"ImageObject\",\"inLanguage\":\"en-GB\",\"@id\":\"https:\\\/\\\/www.laudinella.ch\\\/en\\\/#\\\/schema\\\/logo\\\/image\\\/\",\"url\":\"https:\\\/\\\/www.laudinella.ch\\\/wp-content\\\/uploads\\\/2021\\\/10\\\/laudinella_hotel-group_fav-icon.png\",\"contentUrl\":\"https:\\\/\\\/www.laudinella.ch\\\/wp-content\\\/uploads\\\/2021\\\/10\\\/laudinella_hotel-group_fav-icon.png\",\"width\":512,\"height\":512,\"caption\":\"Laudinella St. Moritz\"},\"image\":{\"@id\":\"https:\\\/\\\/www.laudinella.ch\\\/en\\\/#\\\/schema\\\/logo\\\/image\\\/\"}},{\"@type\":\"Person\",\"@id\":\"https:\\\/\\\/www.laudinella.ch\\\/en\\\/#\\\/schema\\\/person\\\/974bfc02d2372a78f406fcbf5bf2e823\",\"name\":\"Ladina Jann\",\"image\":{\"@type\":\"ImageObject\",\"inLanguage\":\"en-GB\",\"@id\":\"https:\\\/\\\/secure.gravatar.com\\\/avatar\\\/0c6dc7b7dc959552dfb25512e20eaa710e2dcb74a596c983ffdd63df42a50913?s=96&d=mm&r=g\",\"url\":\"https:\\\/\\\/secure.gravatar.com\\\/avatar\\\/0c6dc7b7dc959552dfb25512e20eaa710e2dcb74a596c983ffdd63df42a50913?s=96&d=mm&r=g\",\"contentUrl\":\"https:\\\/\\\/secure.gravatar.com\\\/avatar\\\/0c6dc7b7dc959552dfb25512e20eaa710e2dcb74a596c983ffdd63df42a50913?s=96&d=mm&r=g\",\"caption\":\"Ladina Jann\"},\"sameAs\":[\"https:\\\/\\\/x.com\\\/nhanslin\"]}]}<\/script>\n<!-- \/ Yoast SEO plugin. -->","yoast_head_json":{"title":"La sinfonia bregagliotta - Laudinella Group St. Moritz","robots":{"index":"index","follow":"follow","max-snippet":"max-snippet:-1","max-image-preview":"max-image-preview:large","max-video-preview":"max-video-preview:-1"},"canonical":"https:\/\/www.laudinella.ch\/en\/events\/the-symphony-breaks\/","og_locale":"en_GB","og_type":"article","og_title":"La sinfonia bregagliotta - Laudinella Group St. Moritz","og_description":"Zum 25-j\u00e4hrigen Jubil\u00e4um pr\u00e4sentiert die Scuola di Musica Bregaglia zwei Konzerte in Maloja und St. Moritz in Zusammenarbeit mit der &#171;Orchestra da Camera Valtellinese&#187; (3 Solisten und 34 Musikern).  Die Sinfonie beschreibt die Reise eines Bergellers von Soglio \u00fcber Z\u00fcrich nach Suzhou in China und zur\u00fcck nach Hause, wobei die Reise [...]","og_url":"https:\/\/www.laudinella.ch\/en\/events\/the-symphony-breaks\/","og_site_name":"Laudinella Group St. Moritz","article_modified_time":"2024-10-23T12:52:47+00:00","og_image":[{"width":2560,"height":1707,"url":"https:\/\/www.laudinella.ch\/wp-content\/uploads\/2024\/05\/20241222-La-sinfonia-bregagliotta-2-scaled.jpg","type":"image\/jpeg"}],"twitter_card":"summary_large_image","schema":{"@context":"https:\/\/schema.org","@graph":[{"@type":"NewsArticle","@id":"https:\/\/www.laudinella.ch\/events\/la-sinfonia-bregagliotta\/#article","isPartOf":{"@id":"https:\/\/www.laudinella.ch\/events\/la-sinfonia-bregagliotta\/"},"author":{"name":"Ladina Jann","@id":"https:\/\/www.laudinella.ch\/en\/#\/schema\/person\/974bfc02d2372a78f406fcbf5bf2e823"},"headline":"La sinfonia bregagliotta","datePublished":"2024-06-07T07:43:15+00:00","dateModified":"2024-10-23T12:52:47+00:00","mainEntityOfPage":{"@id":"https:\/\/www.laudinella.ch\/events\/la-sinfonia-bregagliotta\/"},"wordCount":115,"publisher":{"@id":"https:\/\/www.laudinella.ch\/en\/#organization"},"image":{"@id":"https:\/\/www.laudinella.ch\/events\/la-sinfonia-bregagliotta\/#primaryimage"},"thumbnailUrl":"https:\/\/www.laudinella.ch\/wp-content\/uploads\/2024\/05\/20241222-La-sinfonia-bregagliotta-2-scaled.jpg","keywords":["Konzert"],"inLanguage":"en-GB"},{"@type":["WebPage","ItemPage"],"@id":"https:\/\/www.laudinella.ch\/events\/la-sinfonia-bregagliotta\/","url":"https:\/\/www.laudinella.ch\/events\/la-sinfonia-bregagliotta\/","name":"La sinfonia bregagliotta - Laudinella Group St. Moritz","isPartOf":{"@id":"https:\/\/www.laudinella.ch\/en\/#website"},"primaryImageOfPage":{"@id":"https:\/\/www.laudinella.ch\/events\/la-sinfonia-bregagliotta\/#primaryimage"},"image":{"@id":"https:\/\/www.laudinella.ch\/events\/la-sinfonia-bregagliotta\/#primaryimage"},"thumbnailUrl":"https:\/\/www.laudinella.ch\/wp-content\/uploads\/2024\/05\/20241222-La-sinfonia-bregagliotta-2-scaled.jpg","datePublished":"2024-06-07T07:43:15+00:00","dateModified":"2024-10-23T12:52:47+00:00","breadcrumb":{"@id":"https:\/\/www.laudinella.ch\/events\/la-sinfonia-bregagliotta\/#breadcrumb"},"inLanguage":"en-GB","potentialAction":[{"@type":"ReadAction","target":["https:\/\/www.laudinella.ch\/events\/la-sinfonia-bregagliotta\/"]}]},{"@type":"ImageObject","inLanguage":"en-GB","@id":"https:\/\/www.laudinella.ch\/events\/la-sinfonia-bregagliotta\/#primaryimage","url":"https:\/\/www.laudinella.ch\/wp-content\/uploads\/2024\/05\/20241222-La-sinfonia-bregagliotta-2-scaled.jpg","contentUrl":"https:\/\/www.laudinella.ch\/wp-content\/uploads\/2024\/05\/20241222-La-sinfonia-bregagliotta-2-scaled.jpg","width":2560,"height":1707},{"@type":"BreadcrumbList","@id":"https:\/\/www.laudinella.ch\/events\/la-sinfonia-bregagliotta\/#breadcrumb","itemListElement":[{"@type":"ListItem","position":1,"name":"Startseite","item":"https:\/\/www.laudinella.ch\/"},{"@type":"ListItem","position":2,"name":"Events","item":"https:\/\/www.laudinella.ch\/events\/"},{"@type":"ListItem","position":3,"name":"Brigitte &amp; Henri B. Meier Concert Hall, Hotel Laudinella","item":"https:\/\/www.laudinella.ch\/event-location\/brigitte-henri-b-meier-concert-hall-hotel-laudinella\/"},{"@type":"ListItem","position":4,"name":"La sinfonia bregagliotta"}]},{"@type":"WebSite","@id":"https:\/\/www.laudinella.ch\/en\/#website","url":"https:\/\/www.laudinella.ch\/en\/","name":"Laudinella St. Moritz","description":"Experience sport, culture, cuisine, congresses, courses and nature.","publisher":{"@id":"https:\/\/www.laudinella.ch\/en\/#organization"},"potentialAction":[{"@type":"SearchAction","target":{"@type":"EntryPoint","urlTemplate":"https:\/\/www.laudinella.ch\/en\/?s={search_term_string}"},"query-input":{"@type":"PropertyValueSpecification","valueRequired":true,"valueName":"search_term_string"}}],"inLanguage":"en-GB"},{"@type":"Organization","@id":"https:\/\/www.laudinella.ch\/en\/#organization","name":"Laudinella St. Moritz","url":"https:\/\/www.laudinella.ch\/en\/","logo":{"@type":"ImageObject","inLanguage":"en-GB","@id":"https:\/\/www.laudinella.ch\/en\/#\/schema\/logo\/image\/","url":"https:\/\/www.laudinella.ch\/wp-content\/uploads\/2021\/10\/laudinella_hotel-group_fav-icon.png","contentUrl":"https:\/\/www.laudinella.ch\/wp-content\/uploads\/2021\/10\/laudinella_hotel-group_fav-icon.png","width":512,"height":512,"caption":"Laudinella St. Moritz"},"image":{"@id":"https:\/\/www.laudinella.ch\/en\/#\/schema\/logo\/image\/"}},{"@type":"Person","@id":"https:\/\/www.laudinella.ch\/en\/#\/schema\/person\/974bfc02d2372a78f406fcbf5bf2e823","name":"Ladina Jann","image":{"@type":"ImageObject","inLanguage":"en-GB","@id":"https:\/\/secure.gravatar.com\/avatar\/0c6dc7b7dc959552dfb25512e20eaa710e2dcb74a596c983ffdd63df42a50913?s=96&d=mm&r=g","url":"https:\/\/secure.gravatar.com\/avatar\/0c6dc7b7dc959552dfb25512e20eaa710e2dcb74a596c983ffdd63df42a50913?s=96&d=mm&r=g","contentUrl":"https:\/\/secure.gravatar.com\/avatar\/0c6dc7b7dc959552dfb25512e20eaa710e2dcb74a596c983ffdd63df42a50913?s=96&d=mm&r=g","caption":"Ladina Jann"},"sameAs":["https:\/\/x.com\/nhanslin"]}]}},"_links":{"self":[{"href":"https:\/\/www.laudinella.ch\/en\/wp-json\/wp\/v2\/ajde_events\/27597","targetHints":{"allow":["GET"]}}],"collection":[{"href":"https:\/\/www.laudinella.ch\/en\/wp-json\/wp\/v2\/ajde_events"}],"about":[{"href":"https:\/\/www.laudinella.ch\/en\/wp-json\/wp\/v2\/types\/ajde_events"}],"author":[{"embeddable":true,"href":"https:\/\/www.laudinella.ch\/en\/wp-json\/wp\/v2\/users\/13"}],"replies":[{"embeddable":true,"href":"https:\/\/www.laudinella.ch\/en\/wp-json\/wp\/v2\/comments?post=27597"}],"wp:featuredmedia":[{"embeddable":true,"href":"https:\/\/www.laudinella.ch\/en\/wp-json\/wp\/v2\/media\/27598"}],"wp:attachment":[{"href":"https:\/\/www.laudinella.ch\/en\/wp-json\/wp\/v2\/media?parent=27597"}],"wp:term":[{"taxonomy":"post_tag","embeddable":true,"href":"https:\/\/www.laudinella.ch\/en\/wp-json\/wp\/v2\/tags?post=27597"},{"taxonomy":"event_type","embeddable":true,"href":"https:\/\/www.laudinella.ch\/en\/wp-json\/wp\/v2\/event_type?post=27597"},{"taxonomy":"event_type_2","embeddable":true,"href":"https:\/\/www.laudinella.ch\/en\/wp-json\/wp\/v2\/event_type_2?post=27597"}],"curies":[{"name":"wp","href":"https:\/\/api.w.org\/{rel}","templated":true}]}}