{"id":23261,"date":"2022-12-28T14:20:06","date_gmt":"2022-12-28T12:20:06","guid":{"rendered":"https:\/\/www.laudinella.ch\/?post_type=ajde_events&#038;p=23261"},"modified":"2023-07-11T19:37:49","modified_gmt":"2023-07-11T17:37:49","slug":"culture-research-5","status":"publish","type":"ajde_events","link":"https:\/\/www.laudinella.ch\/en\/events\/kultur-forscht-5\/","title":{"rendered":"culture researches"},"content":{"rendered":"<p>Over the past two decades, the awareness that the territory of today&#039;s canton of Graub\u00fcnden was never an isolated world in itself, but whose history was strongly influenced by the diverse connections to its European environment, has begun to gain acceptance. But what exactly did such relationships look like and how did they work? How did the different relationships influence each other and how were they perceived within Graub\u00fcnden?<\/p>\n\n\n\n<p>The historian Flurina Camenisch tells about the relationships between Count Georg von Werdenberg-Sargans, who lived in Sargans and Domleschg, at the courts of Innsbruck, Munich, Stuttgart and Milan. With reference to her dissertation project &quot;Credits, communication, corruption - cross-border links in late medieval Graub\u00fcnden&quot;, she also reports on the challenges of archival research abroad and on what it is like to deal with a topic that is relevant in Switzerland was very unpopular for a long time: the nobility.<\/p>\n\n\n\n<p><\/p>\n\n\n\n<p><em>Moderator Mirella Carbone, cultural scientist at the Institute for Cultural Research Graub\u00fcnden<\/em><\/p>\n\n\n\n<p>In cooperation with the <a href=\"https:\/\/kulturforschung.ch\/\" target=\"_blank\" rel=\"noreferrer noopener\">Institute for Cultural Research Graub\u00fcnden<\/a><\/p>\n\n\n\n<p><\/p>\n\n\n\n<p><\/p>\n\n\n\n<p>Admission free, reservation not required<\/p>","protected":false},"author":13,"featured_media":23262,"menu_order":0,"comment_status":"closed","ping_status":"closed","template":"","meta":[],"tags":[334],"event_type":[43],"event_type_2":[],"class_list":["post-23261","ajde_events","type-ajde_events","status-publish","has-post-thumbnail","hentry","tag-vortrag","event_location-hotel-reine-victoria","event_type-veranstaltung"],"yoast_head":"<!-- This site is optimized with the Yoast SEO plugin v27.5 - https:\/\/yoast.com\/product\/yoast-seo-wordpress\/ -->\n<title>Kultur forscht - Laudinella Group St. Moritz<\/title>\n<meta name=\"description\" content=\"Kultur forscht Flurina Camenisch Zu den grenz\u00fcberschreitenden Verflechtungen im sp\u00e4tmittelalterlichen Graub\u00fcnden. Moderation Cordula Seger Institut f\u00fcr Kulturforschung Graub\u00fcnden\" \/>\n<meta name=\"robots\" content=\"index, follow, max-snippet:-1, max-image-preview:large, max-video-preview:-1\" \/>\n<link rel=\"canonical\" href=\"https:\/\/www.laudinella.ch\/en\/events\/culture-research-5\/\" \/>\n<meta property=\"og:locale\" content=\"en_GB\" \/>\n<meta property=\"og:type\" content=\"article\" \/>\n<meta property=\"og:title\" content=\"Kultur forscht - Laudinella Group St. Moritz\" \/>\n<meta property=\"og:description\" content=\"Kultur forscht Flurina Camenisch Zu den grenz\u00fcberschreitenden Verflechtungen im sp\u00e4tmittelalterlichen Graub\u00fcnden. Moderation Cordula Seger Institut f\u00fcr Kulturforschung Graub\u00fcnden\" \/>\n<meta property=\"og:url\" content=\"https:\/\/www.laudinella.ch\/en\/events\/culture-research-5\/\" \/>\n<meta property=\"og:site_name\" content=\"Laudinella Group St. Moritz\" \/>\n<meta property=\"article:modified_time\" content=\"2023-07-11T17:37:49+00:00\" \/>\n<meta property=\"og:image\" content=\"https:\/\/www.laudinella.ch\/wp-content\/uploads\/2022\/12\/Flurina-camenisch_verkleinert.jpg\" \/>\n\t<meta property=\"og:image:width\" content=\"1920\" \/>\n\t<meta property=\"og:image:height\" content=\"1280\" \/>\n\t<meta property=\"og:image:type\" content=\"image\/jpeg\" \/>\n<meta name=\"twitter:card\" content=\"summary_large_image\" \/>\n<script type=\"application\/ld+json\" class=\"yoast-schema-graph\">{\"@context\":\"https:\\\/\\\/schema.org\",\"@graph\":[{\"@type\":\"NewsArticle\",\"@id\":\"https:\\\/\\\/www.laudinella.ch\\\/events\\\/kultur-forscht-5\\\/#article\",\"isPartOf\":{\"@id\":\"https:\\\/\\\/www.laudinella.ch\\\/events\\\/kultur-forscht-5\\\/\"},\"author\":{\"name\":\"Ladina Jann\",\"@id\":\"https:\\\/\\\/www.laudinella.ch\\\/en\\\/#\\\/schema\\\/person\\\/974bfc02d2372a78f406fcbf5bf2e823\"},\"headline\":\"Kultur forscht\",\"datePublished\":\"2022-12-28T12:20:06+00:00\",\"dateModified\":\"2023-07-11T17:37:49+00:00\",\"mainEntityOfPage\":{\"@id\":\"https:\\\/\\\/www.laudinella.ch\\\/events\\\/kultur-forscht-5\\\/\"},\"wordCount\":184,\"publisher\":{\"@id\":\"https:\\\/\\\/www.laudinella.ch\\\/en\\\/#organization\"},\"image\":{\"@id\":\"https:\\\/\\\/www.laudinella.ch\\\/events\\\/kultur-forscht-5\\\/#primaryimage\"},\"thumbnailUrl\":\"https:\\\/\\\/www.laudinella.ch\\\/wp-content\\\/uploads\\\/2022\\\/12\\\/Flurina-camenisch_verkleinert.jpg\",\"keywords\":[\"Vortrag\"],\"inLanguage\":\"en-GB\"},{\"@type\":[\"WebPage\",\"ItemPage\"],\"@id\":\"https:\\\/\\\/www.laudinella.ch\\\/events\\\/kultur-forscht-5\\\/\",\"url\":\"https:\\\/\\\/www.laudinella.ch\\\/events\\\/kultur-forscht-5\\\/\",\"name\":\"Kultur forscht - Laudinella Group St. Moritz\",\"isPartOf\":{\"@id\":\"https:\\\/\\\/www.laudinella.ch\\\/en\\\/#website\"},\"primaryImageOfPage\":{\"@id\":\"https:\\\/\\\/www.laudinella.ch\\\/events\\\/kultur-forscht-5\\\/#primaryimage\"},\"image\":{\"@id\":\"https:\\\/\\\/www.laudinella.ch\\\/events\\\/kultur-forscht-5\\\/#primaryimage\"},\"thumbnailUrl\":\"https:\\\/\\\/www.laudinella.ch\\\/wp-content\\\/uploads\\\/2022\\\/12\\\/Flurina-camenisch_verkleinert.jpg\",\"datePublished\":\"2022-12-28T12:20:06+00:00\",\"dateModified\":\"2023-07-11T17:37:49+00:00\",\"description\":\"Kultur forscht Flurina Camenisch Zu den grenz\u00fcberschreitenden Verflechtungen im sp\u00e4tmittelalterlichen Graub\u00fcnden. Moderation Cordula Seger Institut f\u00fcr Kulturforschung Graub\u00fcnden\",\"breadcrumb\":{\"@id\":\"https:\\\/\\\/www.laudinella.ch\\\/events\\\/kultur-forscht-5\\\/#breadcrumb\"},\"inLanguage\":\"en-GB\",\"potentialAction\":[{\"@type\":\"ReadAction\",\"target\":[\"https:\\\/\\\/www.laudinella.ch\\\/events\\\/kultur-forscht-5\\\/\"]}]},{\"@type\":\"ImageObject\",\"inLanguage\":\"en-GB\",\"@id\":\"https:\\\/\\\/www.laudinella.ch\\\/events\\\/kultur-forscht-5\\\/#primaryimage\",\"url\":\"https:\\\/\\\/www.laudinella.ch\\\/wp-content\\\/uploads\\\/2022\\\/12\\\/Flurina-camenisch_verkleinert.jpg\",\"contentUrl\":\"https:\\\/\\\/www.laudinella.ch\\\/wp-content\\\/uploads\\\/2022\\\/12\\\/Flurina-camenisch_verkleinert.jpg\",\"width\":1920,\"height\":1280},{\"@type\":\"BreadcrumbList\",\"@id\":\"https:\\\/\\\/www.laudinella.ch\\\/events\\\/kultur-forscht-5\\\/#breadcrumb\",\"itemListElement\":[{\"@type\":\"ListItem\",\"position\":1,\"name\":\"Startseite\",\"item\":\"https:\\\/\\\/www.laudinella.ch\\\/\"},{\"@type\":\"ListItem\",\"position\":2,\"name\":\"Events\",\"item\":\"https:\\\/\\\/www.laudinella.ch\\\/events\\\/\"},{\"@type\":\"ListItem\",\"position\":3,\"name\":\"Hotel Reine Victoria\",\"item\":\"https:\\\/\\\/www.laudinella.ch\\\/event-location\\\/hotel-reine-victoria\\\/\"},{\"@type\":\"ListItem\",\"position\":4,\"name\":\"Kultur forscht\"}]},{\"@type\":\"WebSite\",\"@id\":\"https:\\\/\\\/www.laudinella.ch\\\/en\\\/#website\",\"url\":\"https:\\\/\\\/www.laudinella.ch\\\/en\\\/\",\"name\":\"Laudinella St. Moritz\",\"description\":\"Sport, Kultur, Kulinarik, Kongresse, Kurse und Natur erleben.\",\"publisher\":{\"@id\":\"https:\\\/\\\/www.laudinella.ch\\\/en\\\/#organization\"},\"potentialAction\":[{\"@type\":\"SearchAction\",\"target\":{\"@type\":\"EntryPoint\",\"urlTemplate\":\"https:\\\/\\\/www.laudinella.ch\\\/en\\\/?s={search_term_string}\"},\"query-input\":{\"@type\":\"PropertyValueSpecification\",\"valueRequired\":true,\"valueName\":\"search_term_string\"}}],\"inLanguage\":\"en-GB\"},{\"@type\":\"Organization\",\"@id\":\"https:\\\/\\\/www.laudinella.ch\\\/en\\\/#organization\",\"name\":\"Laudinella St. Moritz\",\"url\":\"https:\\\/\\\/www.laudinella.ch\\\/en\\\/\",\"logo\":{\"@type\":\"ImageObject\",\"inLanguage\":\"en-GB\",\"@id\":\"https:\\\/\\\/www.laudinella.ch\\\/en\\\/#\\\/schema\\\/logo\\\/image\\\/\",\"url\":\"https:\\\/\\\/www.laudinella.ch\\\/wp-content\\\/uploads\\\/2021\\\/10\\\/laudinella_hotel-group_fav-icon.png\",\"contentUrl\":\"https:\\\/\\\/www.laudinella.ch\\\/wp-content\\\/uploads\\\/2021\\\/10\\\/laudinella_hotel-group_fav-icon.png\",\"width\":512,\"height\":512,\"caption\":\"Laudinella St. Moritz\"},\"image\":{\"@id\":\"https:\\\/\\\/www.laudinella.ch\\\/en\\\/#\\\/schema\\\/logo\\\/image\\\/\"}},{\"@type\":\"Person\",\"@id\":\"https:\\\/\\\/www.laudinella.ch\\\/en\\\/#\\\/schema\\\/person\\\/974bfc02d2372a78f406fcbf5bf2e823\",\"name\":\"Ladina Jann\",\"image\":{\"@type\":\"ImageObject\",\"inLanguage\":\"en-GB\",\"@id\":\"https:\\\/\\\/secure.gravatar.com\\\/avatar\\\/0c6dc7b7dc959552dfb25512e20eaa710e2dcb74a596c983ffdd63df42a50913?s=96&d=mm&r=g\",\"url\":\"https:\\\/\\\/secure.gravatar.com\\\/avatar\\\/0c6dc7b7dc959552dfb25512e20eaa710e2dcb74a596c983ffdd63df42a50913?s=96&d=mm&r=g\",\"contentUrl\":\"https:\\\/\\\/secure.gravatar.com\\\/avatar\\\/0c6dc7b7dc959552dfb25512e20eaa710e2dcb74a596c983ffdd63df42a50913?s=96&d=mm&r=g\",\"caption\":\"Ladina Jann\"},\"sameAs\":[\"https:\\\/\\\/x.com\\\/nhanslin\"]}]}<\/script>\n<!-- \/ Yoast SEO plugin. -->","yoast_head_json":{"title":"Culture researches - Laudinella Group St. Moritz","description":"Kultur researches Flurina Camenisch On the cross-border relationships in late medieval Graub\u00fcnden. Moderation Cordula Seger Institute for Cultural Research Graub\u00fcnden","robots":{"index":"index","follow":"follow","max-snippet":"max-snippet:-1","max-image-preview":"max-image-preview:large","max-video-preview":"max-video-preview:-1"},"canonical":"https:\/\/www.laudinella.ch\/en\/events\/culture-research-5\/","og_locale":"en_GB","og_type":"article","og_title":"Kultur forscht - Laudinella Group St. Moritz","og_description":"Kultur forscht Flurina Camenisch Zu den grenz\u00fcberschreitenden Verflechtungen im sp\u00e4tmittelalterlichen Graub\u00fcnden. Moderation Cordula Seger Institut f\u00fcr Kulturforschung Graub\u00fcnden","og_url":"https:\/\/www.laudinella.ch\/en\/events\/culture-research-5\/","og_site_name":"Laudinella Group St. Moritz","article_modified_time":"2023-07-11T17:37:49+00:00","og_image":[{"width":1920,"height":1280,"url":"https:\/\/www.laudinella.ch\/wp-content\/uploads\/2022\/12\/Flurina-camenisch_verkleinert.jpg","type":"image\/jpeg"}],"twitter_card":"summary_large_image","schema":{"@context":"https:\/\/schema.org","@graph":[{"@type":"NewsArticle","@id":"https:\/\/www.laudinella.ch\/events\/kultur-forscht-5\/#article","isPartOf":{"@id":"https:\/\/www.laudinella.ch\/events\/kultur-forscht-5\/"},"author":{"name":"Ladina Jann","@id":"https:\/\/www.laudinella.ch\/en\/#\/schema\/person\/974bfc02d2372a78f406fcbf5bf2e823"},"headline":"Kultur forscht","datePublished":"2022-12-28T12:20:06+00:00","dateModified":"2023-07-11T17:37:49+00:00","mainEntityOfPage":{"@id":"https:\/\/www.laudinella.ch\/events\/kultur-forscht-5\/"},"wordCount":184,"publisher":{"@id":"https:\/\/www.laudinella.ch\/en\/#organization"},"image":{"@id":"https:\/\/www.laudinella.ch\/events\/kultur-forscht-5\/#primaryimage"},"thumbnailUrl":"https:\/\/www.laudinella.ch\/wp-content\/uploads\/2022\/12\/Flurina-camenisch_verkleinert.jpg","keywords":["Vortrag"],"inLanguage":"en-GB"},{"@type":["WebPage","ItemPage"],"@id":"https:\/\/www.laudinella.ch\/events\/kultur-forscht-5\/","url":"https:\/\/www.laudinella.ch\/events\/kultur-forscht-5\/","name":"Culture researches - Laudinella Group St. Moritz","isPartOf":{"@id":"https:\/\/www.laudinella.ch\/en\/#website"},"primaryImageOfPage":{"@id":"https:\/\/www.laudinella.ch\/events\/kultur-forscht-5\/#primaryimage"},"image":{"@id":"https:\/\/www.laudinella.ch\/events\/kultur-forscht-5\/#primaryimage"},"thumbnailUrl":"https:\/\/www.laudinella.ch\/wp-content\/uploads\/2022\/12\/Flurina-camenisch_verkleinert.jpg","datePublished":"2022-12-28T12:20:06+00:00","dateModified":"2023-07-11T17:37:49+00:00","description":"Kultur researches Flurina Camenisch On the cross-border relationships in late medieval Graub\u00fcnden. Moderation Cordula Seger Institute for Cultural Research Graub\u00fcnden","breadcrumb":{"@id":"https:\/\/www.laudinella.ch\/events\/kultur-forscht-5\/#breadcrumb"},"inLanguage":"en-GB","potentialAction":[{"@type":"ReadAction","target":["https:\/\/www.laudinella.ch\/events\/kultur-forscht-5\/"]}]},{"@type":"ImageObject","inLanguage":"en-GB","@id":"https:\/\/www.laudinella.ch\/events\/kultur-forscht-5\/#primaryimage","url":"https:\/\/www.laudinella.ch\/wp-content\/uploads\/2022\/12\/Flurina-camenisch_verkleinert.jpg","contentUrl":"https:\/\/www.laudinella.ch\/wp-content\/uploads\/2022\/12\/Flurina-camenisch_verkleinert.jpg","width":1920,"height":1280},{"@type":"BreadcrumbList","@id":"https:\/\/www.laudinella.ch\/events\/kultur-forscht-5\/#breadcrumb","itemListElement":[{"@type":"ListItem","position":1,"name":"Startseite","item":"https:\/\/www.laudinella.ch\/"},{"@type":"ListItem","position":2,"name":"Events","item":"https:\/\/www.laudinella.ch\/events\/"},{"@type":"ListItem","position":3,"name":"Hotel Reine Victoria","item":"https:\/\/www.laudinella.ch\/event-location\/hotel-reine-victoria\/"},{"@type":"ListItem","position":4,"name":"Kultur forscht"}]},{"@type":"WebSite","@id":"https:\/\/www.laudinella.ch\/en\/#website","url":"https:\/\/www.laudinella.ch\/en\/","name":"Laudinella St. Moritz","description":"Experience sport, culture, cuisine, congresses, courses and nature.","publisher":{"@id":"https:\/\/www.laudinella.ch\/en\/#organization"},"potentialAction":[{"@type":"SearchAction","target":{"@type":"EntryPoint","urlTemplate":"https:\/\/www.laudinella.ch\/en\/?s={search_term_string}"},"query-input":{"@type":"PropertyValueSpecification","valueRequired":true,"valueName":"search_term_string"}}],"inLanguage":"en-GB"},{"@type":"Organization","@id":"https:\/\/www.laudinella.ch\/en\/#organization","name":"Laudinella St. Moritz","url":"https:\/\/www.laudinella.ch\/en\/","logo":{"@type":"ImageObject","inLanguage":"en-GB","@id":"https:\/\/www.laudinella.ch\/en\/#\/schema\/logo\/image\/","url":"https:\/\/www.laudinella.ch\/wp-content\/uploads\/2021\/10\/laudinella_hotel-group_fav-icon.png","contentUrl":"https:\/\/www.laudinella.ch\/wp-content\/uploads\/2021\/10\/laudinella_hotel-group_fav-icon.png","width":512,"height":512,"caption":"Laudinella St. Moritz"},"image":{"@id":"https:\/\/www.laudinella.ch\/en\/#\/schema\/logo\/image\/"}},{"@type":"Person","@id":"https:\/\/www.laudinella.ch\/en\/#\/schema\/person\/974bfc02d2372a78f406fcbf5bf2e823","name":"Ladina Jann","image":{"@type":"ImageObject","inLanguage":"en-GB","@id":"https:\/\/secure.gravatar.com\/avatar\/0c6dc7b7dc959552dfb25512e20eaa710e2dcb74a596c983ffdd63df42a50913?s=96&d=mm&r=g","url":"https:\/\/secure.gravatar.com\/avatar\/0c6dc7b7dc959552dfb25512e20eaa710e2dcb74a596c983ffdd63df42a50913?s=96&d=mm&r=g","contentUrl":"https:\/\/secure.gravatar.com\/avatar\/0c6dc7b7dc959552dfb25512e20eaa710e2dcb74a596c983ffdd63df42a50913?s=96&d=mm&r=g","caption":"Ladina Jann"},"sameAs":["https:\/\/x.com\/nhanslin"]}]}},"_links":{"self":[{"href":"https:\/\/www.laudinella.ch\/en\/wp-json\/wp\/v2\/ajde_events\/23261","targetHints":{"allow":["GET"]}}],"collection":[{"href":"https:\/\/www.laudinella.ch\/en\/wp-json\/wp\/v2\/ajde_events"}],"about":[{"href":"https:\/\/www.laudinella.ch\/en\/wp-json\/wp\/v2\/types\/ajde_events"}],"author":[{"embeddable":true,"href":"https:\/\/www.laudinella.ch\/en\/wp-json\/wp\/v2\/users\/13"}],"replies":[{"embeddable":true,"href":"https:\/\/www.laudinella.ch\/en\/wp-json\/wp\/v2\/comments?post=23261"}],"wp:featuredmedia":[{"embeddable":true,"href":"https:\/\/www.laudinella.ch\/en\/wp-json\/wp\/v2\/media\/23262"}],"wp:attachment":[{"href":"https:\/\/www.laudinella.ch\/en\/wp-json\/wp\/v2\/media?parent=23261"}],"wp:term":[{"taxonomy":"post_tag","embeddable":true,"href":"https:\/\/www.laudinella.ch\/en\/wp-json\/wp\/v2\/tags?post=23261"},{"taxonomy":"event_type","embeddable":true,"href":"https:\/\/www.laudinella.ch\/en\/wp-json\/wp\/v2\/event_type?post=23261"},{"taxonomy":"event_type_2","embeddable":true,"href":"https:\/\/www.laudinella.ch\/en\/wp-json\/wp\/v2\/event_type_2?post=23261"}],"curies":[{"name":"wp","href":"https:\/\/api.w.org\/{rel}","templated":true}]}}