{"id":22940,"date":"2022-11-18T13:15:09","date_gmt":"2022-11-18T11:15:09","guid":{"rendered":"https:\/\/www.laudinella.ch\/?post_type=ajde_events&#038;p=22940"},"modified":"2022-11-18T13:15:09","modified_gmt":"2022-11-18T11:15:09","slug":"michael-krueger-2","status":"publish","type":"ajde_events","link":"https:\/\/www.laudinella.ch\/en\/events\/michael-krueger-2\/","title":{"rendered":"Michael Krueger"},"content":{"rendered":"<p>Everyone seems to know him, but nobody knows his name. And those who don&#039;t know him yet definitely want to make his acquaintance. Only the narrator, joined by the bad-mannered gentleman, wants to get rid of him. He forced himself on him at Paris airport, in Munich he is already staying in his apartment, in the artists&#039; agency that the narrator runs, he sits at his desk and prepares a film. Who is this strange guest who suddenly stands in the room like in a Gogol story and confuses everything with his mere presence? In the end, just as people are trying to figure him out, Jonah is gone forever.<\/p>\n\n\n\n<p>Could it be that some are secretly waiting for the arrival of a character that will throw them off? Michael Kr\u00fcger&#039;s adventurous chronicle of current events shows that the certainty with which we lead our thoroughly rationalized lives is a fiction.<\/p>\n\n\n\n<p>Michael Kr\u00fcger was born on December 9, 1943 in Wittgendorf\/Zeitz district. After graduating from a Berlin high school, he completed an apprenticeship as a bookseller and printer. In addition, he attended events of the Faculty of Philosophy as a guest student at the Free University of Berlin. In the years 1962-1965 Michael Kr\u00fcger lived as a bookseller in London. In 1966 he began working as a literary critic. Two years later, in 1968, he took over the position of editor at Carl Hanser Verlag, which he headed from 1986 to 1995. He has been the editor of the literary journal Akzente since 1981.<br>In 1972, Michael Kr\u00fcger first published his poems, and in 1984 he made his debut as a narrator with the volume&nbsp;<em>What to do?<\/em>&nbsp;<em>An old fashioned story.<\/em>&nbsp;Numerous volumes of stories, novels, editions and translations followed. Michael Kr\u00fcger lives in Munich.<\/p>\n\n\n\n<p>Moderator: Mirella Carbone, curator Segantini Museum, cultural scientist<\/p>\n\n\n\n<p>\u00a0\u00a0\u00a0\u00a0\u00a0\u00a0\u00a0\u00a0\u00a0\u00a0\u00a0\u00a0\u00a0\u00a0\u00a0\u00a0\u00a0\u00a0\u00a0\u00a0\u00a0\u00a0\u00a0\u00a0\u00a0\u00a0\u00a0\u00a0\u00a0\u00a0\u00a0\u00a0\u00a0\u00a0\u00a0\u00a0\u00a0\u00a0\u00a0\u00a0\u00a0\u00a0\u00a0\u00a0\u00a0\u00a0 <\/p>\n\n\n\n<p>Admission CHF 10.00, <a href=\"https:\/\/shop.e-guma.ch\/hotel-laudinella\/de\/events\/michael-krueger-was-in-den-zwei-wochen-nach-der-rueckkehr-aus-paris-geschah-1988107\" target=\"_blank\" rel=\"noreferrer noopener\">Tickets online <\/a>or at the evening box office from 7:30 p.m<\/p>","protected":false},"author":13,"featured_media":22939,"menu_order":0,"comment_status":"closed","ping_status":"closed","template":"","meta":[],"tags":[146],"event_type":[43],"event_type_2":[],"class_list":["post-22940","ajde_events","type-ajde_events","status-publish","has-post-thumbnail","hentry","tag-lesung","event_location-hotel-reine-victoria","event_type-veranstaltung"],"yoast_head":"<!-- This site is optimized with the Yoast SEO plugin v27.5 - https:\/\/yoast.com\/product\/yoast-seo-wordpress\/ -->\n<title>Michael Kr\u00fcger - Laudinella Group St. Moritz<\/title>\n<meta name=\"description\" content=\"Michael Kr\u00fcger liest aus der Erz\u00e4hlung Was in den zwei Wochen nach der R\u00fcckkehr aus Paris geschah Moderation: Mirella Carbone, Konservatorin Segantini Museum, Kulturwissenschaftlerin\" \/>\n<meta name=\"robots\" content=\"index, follow, max-snippet:-1, max-image-preview:large, max-video-preview:-1\" \/>\n<link rel=\"canonical\" href=\"https:\/\/www.laudinella.ch\/en\/events\/michael-krueger-2\/\" \/>\n<meta property=\"og:locale\" content=\"en_GB\" \/>\n<meta property=\"og:type\" content=\"article\" \/>\n<meta property=\"og:title\" content=\"Michael Kr\u00fcger - Laudinella Group St. Moritz\" \/>\n<meta property=\"og:description\" content=\"Michael Kr\u00fcger liest aus der Erz\u00e4hlung Was in den zwei Wochen nach der R\u00fcckkehr aus Paris geschah Moderation: Mirella Carbone, Konservatorin Segantini Museum, Kulturwissenschaftlerin\" \/>\n<meta property=\"og:url\" content=\"https:\/\/www.laudinella.ch\/en\/events\/michael-krueger-2\/\" \/>\n<meta property=\"og:site_name\" content=\"Laudinella Group St. Moritz\" \/>\n<meta property=\"og:image\" content=\"https:\/\/www.laudinella.ch\/wp-content\/uploads\/2022\/11\/20230115-Frankfurter-Buchmesse-2013-Michael-Krueger-3.jpg\" \/>\n\t<meta property=\"og:image:width\" content=\"1024\" \/>\n\t<meta property=\"og:image:height\" content=\"736\" \/>\n\t<meta property=\"og:image:type\" content=\"image\/jpeg\" \/>\n<meta name=\"twitter:card\" content=\"summary_large_image\" \/>\n<script type=\"application\/ld+json\" class=\"yoast-schema-graph\">{\"@context\":\"https:\\\/\\\/schema.org\",\"@graph\":[{\"@type\":\"NewsArticle\",\"@id\":\"https:\\\/\\\/www.laudinella.ch\\\/events\\\/michael-krueger-2\\\/#article\",\"isPartOf\":{\"@id\":\"https:\\\/\\\/www.laudinella.ch\\\/events\\\/michael-krueger-2\\\/\"},\"author\":{\"name\":\"Ladina Jann\",\"@id\":\"https:\\\/\\\/www.laudinella.ch\\\/en\\\/#\\\/schema\\\/person\\\/974bfc02d2372a78f406fcbf5bf2e823\"},\"headline\":\"Michael Kr\u00fcger\",\"datePublished\":\"2022-11-18T11:15:09+00:00\",\"mainEntityOfPage\":{\"@id\":\"https:\\\/\\\/www.laudinella.ch\\\/events\\\/michael-krueger-2\\\/\"},\"wordCount\":323,\"publisher\":{\"@id\":\"https:\\\/\\\/www.laudinella.ch\\\/en\\\/#organization\"},\"image\":{\"@id\":\"https:\\\/\\\/www.laudinella.ch\\\/events\\\/michael-krueger-2\\\/#primaryimage\"},\"thumbnailUrl\":\"https:\\\/\\\/www.laudinella.ch\\\/wp-content\\\/uploads\\\/2022\\\/11\\\/20230115-Frankfurter-Buchmesse-2013-Michael-Krueger-3.jpg\",\"keywords\":[\"Lesung\"],\"inLanguage\":\"en-GB\"},{\"@type\":[\"WebPage\",\"ItemPage\"],\"@id\":\"https:\\\/\\\/www.laudinella.ch\\\/events\\\/michael-krueger-2\\\/\",\"url\":\"https:\\\/\\\/www.laudinella.ch\\\/events\\\/michael-krueger-2\\\/\",\"name\":\"Michael Kr\u00fcger - Laudinella Group St. Moritz\",\"isPartOf\":{\"@id\":\"https:\\\/\\\/www.laudinella.ch\\\/en\\\/#website\"},\"primaryImageOfPage\":{\"@id\":\"https:\\\/\\\/www.laudinella.ch\\\/events\\\/michael-krueger-2\\\/#primaryimage\"},\"image\":{\"@id\":\"https:\\\/\\\/www.laudinella.ch\\\/events\\\/michael-krueger-2\\\/#primaryimage\"},\"thumbnailUrl\":\"https:\\\/\\\/www.laudinella.ch\\\/wp-content\\\/uploads\\\/2022\\\/11\\\/20230115-Frankfurter-Buchmesse-2013-Michael-Krueger-3.jpg\",\"datePublished\":\"2022-11-18T11:15:09+00:00\",\"description\":\"Michael Kr\u00fcger liest aus der Erz\u00e4hlung Was in den zwei Wochen nach der R\u00fcckkehr aus Paris geschah Moderation: Mirella Carbone, Konservatorin Segantini Museum, Kulturwissenschaftlerin\",\"breadcrumb\":{\"@id\":\"https:\\\/\\\/www.laudinella.ch\\\/events\\\/michael-krueger-2\\\/#breadcrumb\"},\"inLanguage\":\"en-GB\",\"potentialAction\":[{\"@type\":\"ReadAction\",\"target\":[\"https:\\\/\\\/www.laudinella.ch\\\/events\\\/michael-krueger-2\\\/\"]}]},{\"@type\":\"ImageObject\",\"inLanguage\":\"en-GB\",\"@id\":\"https:\\\/\\\/www.laudinella.ch\\\/events\\\/michael-krueger-2\\\/#primaryimage\",\"url\":\"https:\\\/\\\/www.laudinella.ch\\\/wp-content\\\/uploads\\\/2022\\\/11\\\/20230115-Frankfurter-Buchmesse-2013-Michael-Krueger-3.jpg\",\"contentUrl\":\"https:\\\/\\\/www.laudinella.ch\\\/wp-content\\\/uploads\\\/2022\\\/11\\\/20230115-Frankfurter-Buchmesse-2013-Michael-Krueger-3.jpg\",\"width\":1024,\"height\":736},{\"@type\":\"BreadcrumbList\",\"@id\":\"https:\\\/\\\/www.laudinella.ch\\\/events\\\/michael-krueger-2\\\/#breadcrumb\",\"itemListElement\":[{\"@type\":\"ListItem\",\"position\":1,\"name\":\"Startseite\",\"item\":\"https:\\\/\\\/www.laudinella.ch\\\/\"},{\"@type\":\"ListItem\",\"position\":2,\"name\":\"Events\",\"item\":\"https:\\\/\\\/www.laudinella.ch\\\/events\\\/\"},{\"@type\":\"ListItem\",\"position\":3,\"name\":\"Hotel Reine Victoria\",\"item\":\"https:\\\/\\\/www.laudinella.ch\\\/event-location\\\/hotel-reine-victoria\\\/\"},{\"@type\":\"ListItem\",\"position\":4,\"name\":\"Michael Kr\u00fcger\"}]},{\"@type\":\"WebSite\",\"@id\":\"https:\\\/\\\/www.laudinella.ch\\\/en\\\/#website\",\"url\":\"https:\\\/\\\/www.laudinella.ch\\\/en\\\/\",\"name\":\"Laudinella St. Moritz\",\"description\":\"Sport, Kultur, Kulinarik, Kongresse, Kurse und Natur erleben.\",\"publisher\":{\"@id\":\"https:\\\/\\\/www.laudinella.ch\\\/en\\\/#organization\"},\"potentialAction\":[{\"@type\":\"SearchAction\",\"target\":{\"@type\":\"EntryPoint\",\"urlTemplate\":\"https:\\\/\\\/www.laudinella.ch\\\/en\\\/?s={search_term_string}\"},\"query-input\":{\"@type\":\"PropertyValueSpecification\",\"valueRequired\":true,\"valueName\":\"search_term_string\"}}],\"inLanguage\":\"en-GB\"},{\"@type\":\"Organization\",\"@id\":\"https:\\\/\\\/www.laudinella.ch\\\/en\\\/#organization\",\"name\":\"Laudinella St. Moritz\",\"url\":\"https:\\\/\\\/www.laudinella.ch\\\/en\\\/\",\"logo\":{\"@type\":\"ImageObject\",\"inLanguage\":\"en-GB\",\"@id\":\"https:\\\/\\\/www.laudinella.ch\\\/en\\\/#\\\/schema\\\/logo\\\/image\\\/\",\"url\":\"https:\\\/\\\/www.laudinella.ch\\\/wp-content\\\/uploads\\\/2021\\\/10\\\/laudinella_hotel-group_fav-icon.png\",\"contentUrl\":\"https:\\\/\\\/www.laudinella.ch\\\/wp-content\\\/uploads\\\/2021\\\/10\\\/laudinella_hotel-group_fav-icon.png\",\"width\":512,\"height\":512,\"caption\":\"Laudinella St. Moritz\"},\"image\":{\"@id\":\"https:\\\/\\\/www.laudinella.ch\\\/en\\\/#\\\/schema\\\/logo\\\/image\\\/\"}},{\"@type\":\"Person\",\"@id\":\"https:\\\/\\\/www.laudinella.ch\\\/en\\\/#\\\/schema\\\/person\\\/974bfc02d2372a78f406fcbf5bf2e823\",\"name\":\"Ladina Jann\",\"image\":{\"@type\":\"ImageObject\",\"inLanguage\":\"en-GB\",\"@id\":\"https:\\\/\\\/secure.gravatar.com\\\/avatar\\\/0c6dc7b7dc959552dfb25512e20eaa710e2dcb74a596c983ffdd63df42a50913?s=96&d=mm&r=g\",\"url\":\"https:\\\/\\\/secure.gravatar.com\\\/avatar\\\/0c6dc7b7dc959552dfb25512e20eaa710e2dcb74a596c983ffdd63df42a50913?s=96&d=mm&r=g\",\"contentUrl\":\"https:\\\/\\\/secure.gravatar.com\\\/avatar\\\/0c6dc7b7dc959552dfb25512e20eaa710e2dcb74a596c983ffdd63df42a50913?s=96&d=mm&r=g\",\"caption\":\"Ladina Jann\"},\"sameAs\":[\"https:\\\/\\\/x.com\\\/nhanslin\"]}]}<\/script>\n<!-- \/ Yoast SEO plugin. -->","yoast_head_json":{"title":"Michael Kr\u00fcger - Laudinella Group St. Moritz","description":"Michael Kr\u00fcger reads from the story What happened in the two weeks after returning from Paris Moderation: Mirella Carbone, curator Segantini Museum, cultural scientist","robots":{"index":"index","follow":"follow","max-snippet":"max-snippet:-1","max-image-preview":"max-image-preview:large","max-video-preview":"max-video-preview:-1"},"canonical":"https:\/\/www.laudinella.ch\/en\/events\/michael-krueger-2\/","og_locale":"en_GB","og_type":"article","og_title":"Michael Kr\u00fcger - Laudinella Group St. Moritz","og_description":"Michael Kr\u00fcger liest aus der Erz\u00e4hlung Was in den zwei Wochen nach der R\u00fcckkehr aus Paris geschah Moderation: Mirella Carbone, Konservatorin Segantini Museum, Kulturwissenschaftlerin","og_url":"https:\/\/www.laudinella.ch\/en\/events\/michael-krueger-2\/","og_site_name":"Laudinella Group St. Moritz","og_image":[{"width":1024,"height":736,"url":"https:\/\/www.laudinella.ch\/wp-content\/uploads\/2022\/11\/20230115-Frankfurter-Buchmesse-2013-Michael-Krueger-3.jpg","type":"image\/jpeg"}],"twitter_card":"summary_large_image","schema":{"@context":"https:\/\/schema.org","@graph":[{"@type":"NewsArticle","@id":"https:\/\/www.laudinella.ch\/events\/michael-krueger-2\/#article","isPartOf":{"@id":"https:\/\/www.laudinella.ch\/events\/michael-krueger-2\/"},"author":{"name":"Ladina Jann","@id":"https:\/\/www.laudinella.ch\/en\/#\/schema\/person\/974bfc02d2372a78f406fcbf5bf2e823"},"headline":"Michael Kr\u00fcger","datePublished":"2022-11-18T11:15:09+00:00","mainEntityOfPage":{"@id":"https:\/\/www.laudinella.ch\/events\/michael-krueger-2\/"},"wordCount":323,"publisher":{"@id":"https:\/\/www.laudinella.ch\/en\/#organization"},"image":{"@id":"https:\/\/www.laudinella.ch\/events\/michael-krueger-2\/#primaryimage"},"thumbnailUrl":"https:\/\/www.laudinella.ch\/wp-content\/uploads\/2022\/11\/20230115-Frankfurter-Buchmesse-2013-Michael-Krueger-3.jpg","keywords":["Lesung"],"inLanguage":"en-GB"},{"@type":["WebPage","ItemPage"],"@id":"https:\/\/www.laudinella.ch\/events\/michael-krueger-2\/","url":"https:\/\/www.laudinella.ch\/events\/michael-krueger-2\/","name":"Michael Kr\u00fcger - Laudinella Group St. Moritz","isPartOf":{"@id":"https:\/\/www.laudinella.ch\/en\/#website"},"primaryImageOfPage":{"@id":"https:\/\/www.laudinella.ch\/events\/michael-krueger-2\/#primaryimage"},"image":{"@id":"https:\/\/www.laudinella.ch\/events\/michael-krueger-2\/#primaryimage"},"thumbnailUrl":"https:\/\/www.laudinella.ch\/wp-content\/uploads\/2022\/11\/20230115-Frankfurter-Buchmesse-2013-Michael-Krueger-3.jpg","datePublished":"2022-11-18T11:15:09+00:00","description":"Michael Kr\u00fcger reads from the story What happened in the two weeks after returning from Paris Moderation: Mirella Carbone, curator Segantini Museum, cultural scientist","breadcrumb":{"@id":"https:\/\/www.laudinella.ch\/events\/michael-krueger-2\/#breadcrumb"},"inLanguage":"en-GB","potentialAction":[{"@type":"ReadAction","target":["https:\/\/www.laudinella.ch\/events\/michael-krueger-2\/"]}]},{"@type":"ImageObject","inLanguage":"en-GB","@id":"https:\/\/www.laudinella.ch\/events\/michael-krueger-2\/#primaryimage","url":"https:\/\/www.laudinella.ch\/wp-content\/uploads\/2022\/11\/20230115-Frankfurter-Buchmesse-2013-Michael-Krueger-3.jpg","contentUrl":"https:\/\/www.laudinella.ch\/wp-content\/uploads\/2022\/11\/20230115-Frankfurter-Buchmesse-2013-Michael-Krueger-3.jpg","width":1024,"height":736},{"@type":"BreadcrumbList","@id":"https:\/\/www.laudinella.ch\/events\/michael-krueger-2\/#breadcrumb","itemListElement":[{"@type":"ListItem","position":1,"name":"Startseite","item":"https:\/\/www.laudinella.ch\/"},{"@type":"ListItem","position":2,"name":"Events","item":"https:\/\/www.laudinella.ch\/events\/"},{"@type":"ListItem","position":3,"name":"Hotel Reine Victoria","item":"https:\/\/www.laudinella.ch\/event-location\/hotel-reine-victoria\/"},{"@type":"ListItem","position":4,"name":"Michael Kr\u00fcger"}]},{"@type":"WebSite","@id":"https:\/\/www.laudinella.ch\/en\/#website","url":"https:\/\/www.laudinella.ch\/en\/","name":"Laudinella St. Moritz","description":"Experience sport, culture, cuisine, congresses, courses and nature.","publisher":{"@id":"https:\/\/www.laudinella.ch\/en\/#organization"},"potentialAction":[{"@type":"SearchAction","target":{"@type":"EntryPoint","urlTemplate":"https:\/\/www.laudinella.ch\/en\/?s={search_term_string}"},"query-input":{"@type":"PropertyValueSpecification","valueRequired":true,"valueName":"search_term_string"}}],"inLanguage":"en-GB"},{"@type":"Organization","@id":"https:\/\/www.laudinella.ch\/en\/#organization","name":"Laudinella St. Moritz","url":"https:\/\/www.laudinella.ch\/en\/","logo":{"@type":"ImageObject","inLanguage":"en-GB","@id":"https:\/\/www.laudinella.ch\/en\/#\/schema\/logo\/image\/","url":"https:\/\/www.laudinella.ch\/wp-content\/uploads\/2021\/10\/laudinella_hotel-group_fav-icon.png","contentUrl":"https:\/\/www.laudinella.ch\/wp-content\/uploads\/2021\/10\/laudinella_hotel-group_fav-icon.png","width":512,"height":512,"caption":"Laudinella St. Moritz"},"image":{"@id":"https:\/\/www.laudinella.ch\/en\/#\/schema\/logo\/image\/"}},{"@type":"Person","@id":"https:\/\/www.laudinella.ch\/en\/#\/schema\/person\/974bfc02d2372a78f406fcbf5bf2e823","name":"Ladina Jann","image":{"@type":"ImageObject","inLanguage":"en-GB","@id":"https:\/\/secure.gravatar.com\/avatar\/0c6dc7b7dc959552dfb25512e20eaa710e2dcb74a596c983ffdd63df42a50913?s=96&d=mm&r=g","url":"https:\/\/secure.gravatar.com\/avatar\/0c6dc7b7dc959552dfb25512e20eaa710e2dcb74a596c983ffdd63df42a50913?s=96&d=mm&r=g","contentUrl":"https:\/\/secure.gravatar.com\/avatar\/0c6dc7b7dc959552dfb25512e20eaa710e2dcb74a596c983ffdd63df42a50913?s=96&d=mm&r=g","caption":"Ladina Jann"},"sameAs":["https:\/\/x.com\/nhanslin"]}]}},"_links":{"self":[{"href":"https:\/\/www.laudinella.ch\/en\/wp-json\/wp\/v2\/ajde_events\/22940","targetHints":{"allow":["GET"]}}],"collection":[{"href":"https:\/\/www.laudinella.ch\/en\/wp-json\/wp\/v2\/ajde_events"}],"about":[{"href":"https:\/\/www.laudinella.ch\/en\/wp-json\/wp\/v2\/types\/ajde_events"}],"author":[{"embeddable":true,"href":"https:\/\/www.laudinella.ch\/en\/wp-json\/wp\/v2\/users\/13"}],"replies":[{"embeddable":true,"href":"https:\/\/www.laudinella.ch\/en\/wp-json\/wp\/v2\/comments?post=22940"}],"wp:featuredmedia":[{"embeddable":true,"href":"https:\/\/www.laudinella.ch\/en\/wp-json\/wp\/v2\/media\/22939"}],"wp:attachment":[{"href":"https:\/\/www.laudinella.ch\/en\/wp-json\/wp\/v2\/media?parent=22940"}],"wp:term":[{"taxonomy":"post_tag","embeddable":true,"href":"https:\/\/www.laudinella.ch\/en\/wp-json\/wp\/v2\/tags?post=22940"},{"taxonomy":"event_type","embeddable":true,"href":"https:\/\/www.laudinella.ch\/en\/wp-json\/wp\/v2\/event_type?post=22940"},{"taxonomy":"event_type_2","embeddable":true,"href":"https:\/\/www.laudinella.ch\/en\/wp-json\/wp\/v2\/event_type_2?post=22940"}],"curies":[{"name":"wp","href":"https:\/\/api.w.org\/{rel}","templated":true}]}}