{"id":22477,"date":"2022-08-19T15:40:20","date_gmt":"2022-08-19T13:40:20","guid":{"rendered":"https:\/\/www.laudinella.ch\/events\/dramatischer-verein-st-moritz-praesentiert-die-perle-anna-copy\/"},"modified":"2022-09-02T13:08:02","modified_gmt":"2022-09-02T11:08:02","slug":"dramatic-society-st-moritz-presents-the-pearl-anna-copy","status":"publish","type":"ajde_events","link":"https:\/\/www.laudinella.ch\/en\/events\/dramatischer-verein-st-moritz-praesentiert-die-perle-anna-copy\/","title":{"rendered":"St. Moritz Dramatic Club presents: The Pearl Anna"},"content":{"rendered":"<p>After twenty years of marriage, Bernard and Claudine are out of breath. Therefore, both of them got involved in a flirt: Claudine with the boxer Robert, Bernard with Catherine, who is willing to marry. In order to spend an undisturbed weekend with his love, Bernard claims that he urgently needs to go on a business trip. Claudine pretends to visit her mother. And the maid Anna is also sent to visit the family. But the apartment doesn&#039;t stay empty for long: Anna would rather save the travel money and returns. Shortly thereafter, Claudine and Robert show up - and finally Bernard and Catherine also show up. Anna has her hands full maneuvering the two couples, who don&#039;t know anything about each other, past each other.<\/p>\n\n\n\n<p><\/p>\n\n\n\n<p>A turbulent comedy with some surprising twists, directed by Selma Mahlknecht.<\/p>\n\n\n\n<p>Playing: Arno Lazzarini, Patrizia M\u00fcller, Lidia Poltera, Corinna Ravo and Franco Tram\u00e8r.<\/p>\n\n\n\n<p><\/p>\n\n\n\n<p><\/p>\n\n\n\n<p>Ticket reservation: St. Moritz Tourismus T +41 81 837 33 33<\/p>\n\n\n\n<p>Box office from 7 p.m., tickets can only be paid for in cash.<\/p>\n\n\n\n<p><\/p>\n\n\n\n<p>Category I: CHF 35.-<\/p>\n\n\n\n<p>Category II: CHF 30.-<\/p>\n\n\n\n<p>Category III: CHF 20.- &nbsp;&nbsp;&nbsp;&nbsp;&nbsp;&nbsp;&nbsp;&nbsp;&nbsp;&nbsp;&nbsp;&nbsp;&nbsp;&nbsp;&nbsp;&nbsp;&nbsp;&nbsp;&nbsp;&nbsp;&nbsp;&nbsp;&nbsp;&nbsp;&nbsp;&nbsp;&nbsp;&nbsp;&nbsp;&nbsp;&nbsp;&nbsp;&nbsp;&nbsp;&nbsp;&nbsp;&nbsp;&nbsp;&nbsp;&nbsp;&nbsp;&nbsp;&nbsp;&nbsp;&nbsp;&nbsp; <\/p>\n\n\n\n<p><\/p>\n\n\n\n<p>Further information: <a href=\"http:\/\/www.theater-stmoritz.ch\">www.theater-stmoritz.ch<\/a><\/p>","protected":false},"author":13,"featured_media":22475,"menu_order":0,"comment_status":"closed","ping_status":"closed","template":"","meta":[],"tags":[],"event_type":[43],"event_type_2":[],"class_list":["post-22477","ajde_events","type-ajde_events","status-publish","has-post-thumbnail","hentry","event_location-theatersaal-hotel-reine-victoria","event_type-veranstaltung"],"yoast_head":"<!-- This site is optimized with the Yoast SEO plugin v27.5 - https:\/\/yoast.com\/product\/yoast-seo-wordpress\/ -->\n<title>Dramatischer Verein St. Moritz pr\u00e4sentiert: Die Perle Anna - Laudinella Group St. Moritz<\/title>\n<meta name=\"description\" content=\"Dramatischer Verein St. Moritz pr\u00e4sentiert: Die Perle Anna Kom\u00f6die von Marc Camoletti inszeniert von Selma Mahlknecht\" \/>\n<meta name=\"robots\" content=\"index, follow, max-snippet:-1, max-image-preview:large, max-video-preview:-1\" \/>\n<link rel=\"canonical\" href=\"https:\/\/www.laudinella.ch\/en\/events\/dramatic-society-st-moritz-presents-the-pearl-anna-copy\/\" \/>\n<meta property=\"og:locale\" content=\"en_GB\" \/>\n<meta property=\"og:type\" content=\"article\" \/>\n<meta property=\"og:title\" content=\"Dramatischer Verein St. Moritz pr\u00e4sentiert: Die Perle Anna - Laudinella Group St. Moritz\" \/>\n<meta property=\"og:description\" content=\"Dramatischer Verein St. Moritz pr\u00e4sentiert: Die Perle Anna Kom\u00f6die von Marc Camoletti inszeniert von Selma Mahlknecht\" \/>\n<meta property=\"og:url\" content=\"https:\/\/www.laudinella.ch\/en\/events\/dramatic-society-st-moritz-presents-the-pearl-anna-copy\/\" \/>\n<meta property=\"og:site_name\" content=\"Laudinella Group St. Moritz\" \/>\n<meta property=\"article:modified_time\" content=\"2022-09-02T11:08:02+00:00\" \/>\n<meta property=\"og:image\" content=\"https:\/\/www.laudinella.ch\/wp-content\/uploads\/2022\/08\/20221124-Dramatischer-Verein_image.jpg\" \/>\n\t<meta property=\"og:image:width\" content=\"1505\" \/>\n\t<meta property=\"og:image:height\" content=\"1000\" \/>\n\t<meta property=\"og:image:type\" content=\"image\/jpeg\" \/>\n<meta name=\"twitter:card\" content=\"summary_large_image\" \/>\n<script type=\"application\/ld+json\" class=\"yoast-schema-graph\">{\"@context\":\"https:\\\/\\\/schema.org\",\"@graph\":[{\"@type\":\"NewsArticle\",\"@id\":\"https:\\\/\\\/www.laudinella.ch\\\/events\\\/dramatischer-verein-st-moritz-praesentiert-die-perle-anna-copy\\\/#article\",\"isPartOf\":{\"@id\":\"https:\\\/\\\/www.laudinella.ch\\\/events\\\/dramatischer-verein-st-moritz-praesentiert-die-perle-anna-copy\\\/\"},\"author\":{\"name\":\"Ladina Jann\",\"@id\":\"https:\\\/\\\/www.laudinella.ch\\\/en\\\/#\\\/schema\\\/person\\\/974bfc02d2372a78f406fcbf5bf2e823\"},\"headline\":\"Dramatischer Verein St. Moritz pr\u00e4sentiert: Die Perle Anna\",\"datePublished\":\"2022-08-19T13:40:20+00:00\",\"dateModified\":\"2022-09-02T11:08:02+00:00\",\"mainEntityOfPage\":{\"@id\":\"https:\\\/\\\/www.laudinella.ch\\\/events\\\/dramatischer-verein-st-moritz-praesentiert-die-perle-anna-copy\\\/\"},\"wordCount\":237,\"publisher\":{\"@id\":\"https:\\\/\\\/www.laudinella.ch\\\/en\\\/#organization\"},\"image\":{\"@id\":\"https:\\\/\\\/www.laudinella.ch\\\/events\\\/dramatischer-verein-st-moritz-praesentiert-die-perle-anna-copy\\\/#primaryimage\"},\"thumbnailUrl\":\"https:\\\/\\\/www.laudinella.ch\\\/wp-content\\\/uploads\\\/2022\\\/08\\\/20221124-Dramatischer-Verein_image.jpg\",\"inLanguage\":\"en-GB\"},{\"@type\":[\"WebPage\",\"ItemPage\"],\"@id\":\"https:\\\/\\\/www.laudinella.ch\\\/events\\\/dramatischer-verein-st-moritz-praesentiert-die-perle-anna-copy\\\/\",\"url\":\"https:\\\/\\\/www.laudinella.ch\\\/events\\\/dramatischer-verein-st-moritz-praesentiert-die-perle-anna-copy\\\/\",\"name\":\"Dramatischer Verein St. Moritz pr\u00e4sentiert: Die Perle Anna - Laudinella Group St. Moritz\",\"isPartOf\":{\"@id\":\"https:\\\/\\\/www.laudinella.ch\\\/en\\\/#website\"},\"primaryImageOfPage\":{\"@id\":\"https:\\\/\\\/www.laudinella.ch\\\/events\\\/dramatischer-verein-st-moritz-praesentiert-die-perle-anna-copy\\\/#primaryimage\"},\"image\":{\"@id\":\"https:\\\/\\\/www.laudinella.ch\\\/events\\\/dramatischer-verein-st-moritz-praesentiert-die-perle-anna-copy\\\/#primaryimage\"},\"thumbnailUrl\":\"https:\\\/\\\/www.laudinella.ch\\\/wp-content\\\/uploads\\\/2022\\\/08\\\/20221124-Dramatischer-Verein_image.jpg\",\"datePublished\":\"2022-08-19T13:40:20+00:00\",\"dateModified\":\"2022-09-02T11:08:02+00:00\",\"description\":\"Dramatischer Verein St. Moritz pr\u00e4sentiert: Die Perle Anna Kom\u00f6die von Marc Camoletti inszeniert von Selma Mahlknecht\",\"breadcrumb\":{\"@id\":\"https:\\\/\\\/www.laudinella.ch\\\/events\\\/dramatischer-verein-st-moritz-praesentiert-die-perle-anna-copy\\\/#breadcrumb\"},\"inLanguage\":\"en-GB\",\"potentialAction\":[{\"@type\":\"ReadAction\",\"target\":[\"https:\\\/\\\/www.laudinella.ch\\\/events\\\/dramatischer-verein-st-moritz-praesentiert-die-perle-anna-copy\\\/\"]}]},{\"@type\":\"ImageObject\",\"inLanguage\":\"en-GB\",\"@id\":\"https:\\\/\\\/www.laudinella.ch\\\/events\\\/dramatischer-verein-st-moritz-praesentiert-die-perle-anna-copy\\\/#primaryimage\",\"url\":\"https:\\\/\\\/www.laudinella.ch\\\/wp-content\\\/uploads\\\/2022\\\/08\\\/20221124-Dramatischer-Verein_image.jpg\",\"contentUrl\":\"https:\\\/\\\/www.laudinella.ch\\\/wp-content\\\/uploads\\\/2022\\\/08\\\/20221124-Dramatischer-Verein_image.jpg\",\"width\":1505,\"height\":1000},{\"@type\":\"BreadcrumbList\",\"@id\":\"https:\\\/\\\/www.laudinella.ch\\\/events\\\/dramatischer-verein-st-moritz-praesentiert-die-perle-anna-copy\\\/#breadcrumb\",\"itemListElement\":[{\"@type\":\"ListItem\",\"position\":1,\"name\":\"Startseite\",\"item\":\"https:\\\/\\\/www.laudinella.ch\\\/\"},{\"@type\":\"ListItem\",\"position\":2,\"name\":\"Events\",\"item\":\"https:\\\/\\\/www.laudinella.ch\\\/events\\\/\"},{\"@type\":\"ListItem\",\"position\":3,\"name\":\"Theatersaal Hotel Reine Victoria\",\"item\":\"https:\\\/\\\/www.laudinella.ch\\\/event-location\\\/theatersaal-hotel-reine-victoria\\\/\"},{\"@type\":\"ListItem\",\"position\":4,\"name\":\"Dramatischer Verein St. Moritz pr\u00e4sentiert: Die Perle Anna\"}]},{\"@type\":\"WebSite\",\"@id\":\"https:\\\/\\\/www.laudinella.ch\\\/en\\\/#website\",\"url\":\"https:\\\/\\\/www.laudinella.ch\\\/en\\\/\",\"name\":\"Laudinella St. Moritz\",\"description\":\"Sport, Kultur, Kulinarik, Kongresse, Kurse und Natur erleben.\",\"publisher\":{\"@id\":\"https:\\\/\\\/www.laudinella.ch\\\/en\\\/#organization\"},\"potentialAction\":[{\"@type\":\"SearchAction\",\"target\":{\"@type\":\"EntryPoint\",\"urlTemplate\":\"https:\\\/\\\/www.laudinella.ch\\\/en\\\/?s={search_term_string}\"},\"query-input\":{\"@type\":\"PropertyValueSpecification\",\"valueRequired\":true,\"valueName\":\"search_term_string\"}}],\"inLanguage\":\"en-GB\"},{\"@type\":\"Organization\",\"@id\":\"https:\\\/\\\/www.laudinella.ch\\\/en\\\/#organization\",\"name\":\"Laudinella St. Moritz\",\"url\":\"https:\\\/\\\/www.laudinella.ch\\\/en\\\/\",\"logo\":{\"@type\":\"ImageObject\",\"inLanguage\":\"en-GB\",\"@id\":\"https:\\\/\\\/www.laudinella.ch\\\/en\\\/#\\\/schema\\\/logo\\\/image\\\/\",\"url\":\"https:\\\/\\\/www.laudinella.ch\\\/wp-content\\\/uploads\\\/2021\\\/10\\\/laudinella_hotel-group_fav-icon.png\",\"contentUrl\":\"https:\\\/\\\/www.laudinella.ch\\\/wp-content\\\/uploads\\\/2021\\\/10\\\/laudinella_hotel-group_fav-icon.png\",\"width\":512,\"height\":512,\"caption\":\"Laudinella St. Moritz\"},\"image\":{\"@id\":\"https:\\\/\\\/www.laudinella.ch\\\/en\\\/#\\\/schema\\\/logo\\\/image\\\/\"}},{\"@type\":\"Person\",\"@id\":\"https:\\\/\\\/www.laudinella.ch\\\/en\\\/#\\\/schema\\\/person\\\/974bfc02d2372a78f406fcbf5bf2e823\",\"name\":\"Ladina Jann\",\"image\":{\"@type\":\"ImageObject\",\"inLanguage\":\"en-GB\",\"@id\":\"https:\\\/\\\/secure.gravatar.com\\\/avatar\\\/0c6dc7b7dc959552dfb25512e20eaa710e2dcb74a596c983ffdd63df42a50913?s=96&d=mm&r=g\",\"url\":\"https:\\\/\\\/secure.gravatar.com\\\/avatar\\\/0c6dc7b7dc959552dfb25512e20eaa710e2dcb74a596c983ffdd63df42a50913?s=96&d=mm&r=g\",\"contentUrl\":\"https:\\\/\\\/secure.gravatar.com\\\/avatar\\\/0c6dc7b7dc959552dfb25512e20eaa710e2dcb74a596c983ffdd63df42a50913?s=96&d=mm&r=g\",\"caption\":\"Ladina Jann\"},\"sameAs\":[\"https:\\\/\\\/x.com\\\/nhanslin\"]}]}<\/script>\n<!-- \/ Yoast SEO plugin. -->","yoast_head_json":{"title":"Dramatic Society of St. Moritz presents: The Pearl Anna - Laudinella Group St. Moritz","description":"Dramatic Club St. Moritz presents: The Perle Anna comedy by Marc Camoletti directed by Selma Mahlknecht","robots":{"index":"index","follow":"follow","max-snippet":"max-snippet:-1","max-image-preview":"max-image-preview:large","max-video-preview":"max-video-preview:-1"},"canonical":"https:\/\/www.laudinella.ch\/en\/events\/dramatic-society-st-moritz-presents-the-pearl-anna-copy\/","og_locale":"en_GB","og_type":"article","og_title":"Dramatischer Verein St. Moritz pr\u00e4sentiert: Die Perle Anna - Laudinella Group St. Moritz","og_description":"Dramatischer Verein St. Moritz pr\u00e4sentiert: Die Perle Anna Kom\u00f6die von Marc Camoletti inszeniert von Selma Mahlknecht","og_url":"https:\/\/www.laudinella.ch\/en\/events\/dramatic-society-st-moritz-presents-the-pearl-anna-copy\/","og_site_name":"Laudinella Group St. Moritz","article_modified_time":"2022-09-02T11:08:02+00:00","og_image":[{"width":1505,"height":1000,"url":"https:\/\/www.laudinella.ch\/wp-content\/uploads\/2022\/08\/20221124-Dramatischer-Verein_image.jpg","type":"image\/jpeg"}],"twitter_card":"summary_large_image","schema":{"@context":"https:\/\/schema.org","@graph":[{"@type":"NewsArticle","@id":"https:\/\/www.laudinella.ch\/events\/dramatischer-verein-st-moritz-praesentiert-die-perle-anna-copy\/#article","isPartOf":{"@id":"https:\/\/www.laudinella.ch\/events\/dramatischer-verein-st-moritz-praesentiert-die-perle-anna-copy\/"},"author":{"name":"Ladina Jann","@id":"https:\/\/www.laudinella.ch\/en\/#\/schema\/person\/974bfc02d2372a78f406fcbf5bf2e823"},"headline":"Dramatischer Verein St. Moritz pr\u00e4sentiert: Die Perle Anna","datePublished":"2022-08-19T13:40:20+00:00","dateModified":"2022-09-02T11:08:02+00:00","mainEntityOfPage":{"@id":"https:\/\/www.laudinella.ch\/events\/dramatischer-verein-st-moritz-praesentiert-die-perle-anna-copy\/"},"wordCount":237,"publisher":{"@id":"https:\/\/www.laudinella.ch\/en\/#organization"},"image":{"@id":"https:\/\/www.laudinella.ch\/events\/dramatischer-verein-st-moritz-praesentiert-die-perle-anna-copy\/#primaryimage"},"thumbnailUrl":"https:\/\/www.laudinella.ch\/wp-content\/uploads\/2022\/08\/20221124-Dramatischer-Verein_image.jpg","inLanguage":"en-GB"},{"@type":["WebPage","ItemPage"],"@id":"https:\/\/www.laudinella.ch\/events\/dramatischer-verein-st-moritz-praesentiert-die-perle-anna-copy\/","url":"https:\/\/www.laudinella.ch\/events\/dramatischer-verein-st-moritz-praesentiert-die-perle-anna-copy\/","name":"Dramatic Society of St. Moritz presents: The Pearl Anna - Laudinella Group St. Moritz","isPartOf":{"@id":"https:\/\/www.laudinella.ch\/en\/#website"},"primaryImageOfPage":{"@id":"https:\/\/www.laudinella.ch\/events\/dramatischer-verein-st-moritz-praesentiert-die-perle-anna-copy\/#primaryimage"},"image":{"@id":"https:\/\/www.laudinella.ch\/events\/dramatischer-verein-st-moritz-praesentiert-die-perle-anna-copy\/#primaryimage"},"thumbnailUrl":"https:\/\/www.laudinella.ch\/wp-content\/uploads\/2022\/08\/20221124-Dramatischer-Verein_image.jpg","datePublished":"2022-08-19T13:40:20+00:00","dateModified":"2022-09-02T11:08:02+00:00","description":"Dramatic Club St. Moritz presents: The Perle Anna comedy by Marc Camoletti directed by Selma Mahlknecht","breadcrumb":{"@id":"https:\/\/www.laudinella.ch\/events\/dramatischer-verein-st-moritz-praesentiert-die-perle-anna-copy\/#breadcrumb"},"inLanguage":"en-GB","potentialAction":[{"@type":"ReadAction","target":["https:\/\/www.laudinella.ch\/events\/dramatischer-verein-st-moritz-praesentiert-die-perle-anna-copy\/"]}]},{"@type":"ImageObject","inLanguage":"en-GB","@id":"https:\/\/www.laudinella.ch\/events\/dramatischer-verein-st-moritz-praesentiert-die-perle-anna-copy\/#primaryimage","url":"https:\/\/www.laudinella.ch\/wp-content\/uploads\/2022\/08\/20221124-Dramatischer-Verein_image.jpg","contentUrl":"https:\/\/www.laudinella.ch\/wp-content\/uploads\/2022\/08\/20221124-Dramatischer-Verein_image.jpg","width":1505,"height":1000},{"@type":"BreadcrumbList","@id":"https:\/\/www.laudinella.ch\/events\/dramatischer-verein-st-moritz-praesentiert-die-perle-anna-copy\/#breadcrumb","itemListElement":[{"@type":"ListItem","position":1,"name":"Startseite","item":"https:\/\/www.laudinella.ch\/"},{"@type":"ListItem","position":2,"name":"Events","item":"https:\/\/www.laudinella.ch\/events\/"},{"@type":"ListItem","position":3,"name":"Theatersaal Hotel Reine Victoria","item":"https:\/\/www.laudinella.ch\/event-location\/theatersaal-hotel-reine-victoria\/"},{"@type":"ListItem","position":4,"name":"Dramatischer Verein St. Moritz pr\u00e4sentiert: Die Perle Anna"}]},{"@type":"WebSite","@id":"https:\/\/www.laudinella.ch\/en\/#website","url":"https:\/\/www.laudinella.ch\/en\/","name":"Laudinella St. Moritz","description":"Experience sport, culture, cuisine, congresses, courses and nature.","publisher":{"@id":"https:\/\/www.laudinella.ch\/en\/#organization"},"potentialAction":[{"@type":"SearchAction","target":{"@type":"EntryPoint","urlTemplate":"https:\/\/www.laudinella.ch\/en\/?s={search_term_string}"},"query-input":{"@type":"PropertyValueSpecification","valueRequired":true,"valueName":"search_term_string"}}],"inLanguage":"en-GB"},{"@type":"Organization","@id":"https:\/\/www.laudinella.ch\/en\/#organization","name":"Laudinella St. Moritz","url":"https:\/\/www.laudinella.ch\/en\/","logo":{"@type":"ImageObject","inLanguage":"en-GB","@id":"https:\/\/www.laudinella.ch\/en\/#\/schema\/logo\/image\/","url":"https:\/\/www.laudinella.ch\/wp-content\/uploads\/2021\/10\/laudinella_hotel-group_fav-icon.png","contentUrl":"https:\/\/www.laudinella.ch\/wp-content\/uploads\/2021\/10\/laudinella_hotel-group_fav-icon.png","width":512,"height":512,"caption":"Laudinella St. Moritz"},"image":{"@id":"https:\/\/www.laudinella.ch\/en\/#\/schema\/logo\/image\/"}},{"@type":"Person","@id":"https:\/\/www.laudinella.ch\/en\/#\/schema\/person\/974bfc02d2372a78f406fcbf5bf2e823","name":"Ladina Jann","image":{"@type":"ImageObject","inLanguage":"en-GB","@id":"https:\/\/secure.gravatar.com\/avatar\/0c6dc7b7dc959552dfb25512e20eaa710e2dcb74a596c983ffdd63df42a50913?s=96&d=mm&r=g","url":"https:\/\/secure.gravatar.com\/avatar\/0c6dc7b7dc959552dfb25512e20eaa710e2dcb74a596c983ffdd63df42a50913?s=96&d=mm&r=g","contentUrl":"https:\/\/secure.gravatar.com\/avatar\/0c6dc7b7dc959552dfb25512e20eaa710e2dcb74a596c983ffdd63df42a50913?s=96&d=mm&r=g","caption":"Ladina Jann"},"sameAs":["https:\/\/x.com\/nhanslin"]}]}},"_links":{"self":[{"href":"https:\/\/www.laudinella.ch\/en\/wp-json\/wp\/v2\/ajde_events\/22477","targetHints":{"allow":["GET"]}}],"collection":[{"href":"https:\/\/www.laudinella.ch\/en\/wp-json\/wp\/v2\/ajde_events"}],"about":[{"href":"https:\/\/www.laudinella.ch\/en\/wp-json\/wp\/v2\/types\/ajde_events"}],"author":[{"embeddable":true,"href":"https:\/\/www.laudinella.ch\/en\/wp-json\/wp\/v2\/users\/13"}],"replies":[{"embeddable":true,"href":"https:\/\/www.laudinella.ch\/en\/wp-json\/wp\/v2\/comments?post=22477"}],"wp:featuredmedia":[{"embeddable":true,"href":"https:\/\/www.laudinella.ch\/en\/wp-json\/wp\/v2\/media\/22475"}],"wp:attachment":[{"href":"https:\/\/www.laudinella.ch\/en\/wp-json\/wp\/v2\/media?parent=22477"}],"wp:term":[{"taxonomy":"post_tag","embeddable":true,"href":"https:\/\/www.laudinella.ch\/en\/wp-json\/wp\/v2\/tags?post=22477"},{"taxonomy":"event_type","embeddable":true,"href":"https:\/\/www.laudinella.ch\/en\/wp-json\/wp\/v2\/event_type?post=22477"},{"taxonomy":"event_type_2","embeddable":true,"href":"https:\/\/www.laudinella.ch\/en\/wp-json\/wp\/v2\/event_type_2?post=22477"}],"curies":[{"name":"wp","href":"https:\/\/api.w.org\/{rel}","templated":true}]}}