{"id":20519,"date":"2022-02-05T16:58:32","date_gmt":"2022-02-05T14:58:32","guid":{"rendered":"https:\/\/www.laudinella.ch\/?post_type=ajde_events&#038;p=20519"},"modified":"2022-03-09T12:37:09","modified_gmt":"2022-03-09T10:37:09","slug":"the-engadin-life-people-tell-their-personal-story-12","status":"publish","type":"ajde_events","link":"https:\/\/www.laudinella.ch\/en\/events\/das-engadin-leben-menschen-erzaehlen-ihre-persoenliche-geschichte-12\/","title":{"rendered":"Live the Engadin. People tell their personal story"},"content":{"rendered":"<p>Diane Conrad-Daubrah, who was born in England, came to St. Moritz in 1970 as private secretary for the shipowner, investor and hotel owner Stavros Niarchos, married a local and stayed. At the age of 40 she trained as an English teacher and taught in Samedan for many years. She has been involved in organizing Cricket on Ice for 30 years. In addition, Diane Conrad-Daubrah is a passionate &quot;hobby historian&quot; and deals intensively with the history of English church buildings in the Engadin.<\/p>\n\n\n\n<p>Moderator: Cordula Seger, Head of the Institute for Cultural Research Graub\u00fcnden (ikg)<\/p>\n\n\n\n<p>In cooperation with the Graub\u00fcnden Cultural Research Association.<\/p>\n\n\n\n<p><strong>free entry <\/strong><\/p>\n\n\n\n<p> <\/p>","protected":false},"author":12,"featured_media":20508,"menu_order":0,"comment_status":"closed","ping_status":"closed","template":"","meta":[],"tags":[],"event_type":[43],"event_type_2":[],"class_list":["post-20519","ajde_events","type-ajde_events","status-publish","has-post-thumbnail","hentry","event_location-hotel-reine-victoria","event_type-veranstaltung"],"yoast_head":"<!-- This site is optimized with the Yoast SEO plugin v27.4 - https:\/\/yoast.com\/product\/yoast-seo-wordpress\/ -->\n<title>Das Engadin leben. Menschen erz\u00e4hlen ihre pers\u00f6nliche Geschichte - Laudinella Group St. Moritz<\/title>\n<meta name=\"robots\" content=\"index, follow, max-snippet:-1, max-image-preview:large, max-video-preview:-1\" \/>\n<link rel=\"canonical\" href=\"https:\/\/www.laudinella.ch\/en\/events\/the-engadin-life-people-tell-their-personal-story-12\/\" \/>\n<meta property=\"og:locale\" content=\"en_GB\" \/>\n<meta property=\"og:type\" content=\"article\" \/>\n<meta property=\"og:title\" content=\"Das Engadin leben. Menschen erz\u00e4hlen ihre pers\u00f6nliche Geschichte - Laudinella Group St. Moritz\" \/>\n<meta property=\"og:description\" content=\"Nach St. Moritz kam die geb\u00fcrtige Engl\u00e4nderin Diane Conrad-Daubrah 1970 als Privatsekret\u00e4rin des Reeders, Investors und Hotelbesitzers Stavros Niarchos, heiratete einen Einheimischen und ist geblieben. Mit 40 bildete sie sich zur Englischlehrerin weiter und unterrichtete w\u00e4hrend vieler Jahre in Samedan. Cricket on Ice organisiert sie seit 30 Jahren mit. Zudem [...]\" \/>\n<meta property=\"og:url\" content=\"https:\/\/www.laudinella.ch\/en\/events\/the-engadin-life-people-tell-their-personal-story-12\/\" \/>\n<meta property=\"og:site_name\" content=\"Laudinella Group St. Moritz\" \/>\n<meta property=\"article:modified_time\" content=\"2022-03-09T10:37:09+00:00\" \/>\n<meta property=\"og:image\" content=\"https:\/\/www.laudinella.ch\/wp-content\/uploads\/2022\/02\/20220330-Diane-Conrad-Daubrah_1920x1280.jpg\" \/>\n\t<meta property=\"og:image:width\" content=\"2093\" \/>\n\t<meta property=\"og:image:height\" content=\"1280\" \/>\n\t<meta property=\"og:image:type\" content=\"image\/jpeg\" \/>\n<meta name=\"twitter:card\" content=\"summary_large_image\" \/>\n<script type=\"application\/ld+json\" class=\"yoast-schema-graph\">{\"@context\":\"https:\\\/\\\/schema.org\",\"@graph\":[{\"@type\":\"NewsArticle\",\"@id\":\"https:\\\/\\\/www.laudinella.ch\\\/events\\\/das-engadin-leben-menschen-erzaehlen-ihre-persoenliche-geschichte-12\\\/#article\",\"isPartOf\":{\"@id\":\"https:\\\/\\\/www.laudinella.ch\\\/events\\\/das-engadin-leben-menschen-erzaehlen-ihre-persoenliche-geschichte-12\\\/\"},\"author\":{\"name\":\"Nathalie Hanslin\",\"@id\":\"https:\\\/\\\/www.laudinella.ch\\\/en\\\/#\\\/schema\\\/person\\\/8569af0b77879b92e2025ff32181c929\"},\"headline\":\"Das Engadin leben. Menschen erz\u00e4hlen ihre pers\u00f6nliche Geschichte\",\"datePublished\":\"2022-02-05T14:58:32+00:00\",\"dateModified\":\"2022-03-09T10:37:09+00:00\",\"mainEntityOfPage\":{\"@id\":\"https:\\\/\\\/www.laudinella.ch\\\/events\\\/das-engadin-leben-menschen-erzaehlen-ihre-persoenliche-geschichte-12\\\/\"},\"wordCount\":99,\"publisher\":{\"@id\":\"https:\\\/\\\/www.laudinella.ch\\\/en\\\/#organization\"},\"image\":{\"@id\":\"https:\\\/\\\/www.laudinella.ch\\\/events\\\/das-engadin-leben-menschen-erzaehlen-ihre-persoenliche-geschichte-12\\\/#primaryimage\"},\"thumbnailUrl\":\"https:\\\/\\\/www.laudinella.ch\\\/wp-content\\\/uploads\\\/2022\\\/02\\\/20220330-Diane-Conrad-Daubrah_1920x1280.jpg\",\"inLanguage\":\"en-GB\"},{\"@type\":[\"WebPage\",\"ItemPage\"],\"@id\":\"https:\\\/\\\/www.laudinella.ch\\\/events\\\/das-engadin-leben-menschen-erzaehlen-ihre-persoenliche-geschichte-12\\\/\",\"url\":\"https:\\\/\\\/www.laudinella.ch\\\/events\\\/das-engadin-leben-menschen-erzaehlen-ihre-persoenliche-geschichte-12\\\/\",\"name\":\"Das Engadin leben. Menschen erz\u00e4hlen ihre pers\u00f6nliche Geschichte - Laudinella Group St. Moritz\",\"isPartOf\":{\"@id\":\"https:\\\/\\\/www.laudinella.ch\\\/en\\\/#website\"},\"primaryImageOfPage\":{\"@id\":\"https:\\\/\\\/www.laudinella.ch\\\/events\\\/das-engadin-leben-menschen-erzaehlen-ihre-persoenliche-geschichte-12\\\/#primaryimage\"},\"image\":{\"@id\":\"https:\\\/\\\/www.laudinella.ch\\\/events\\\/das-engadin-leben-menschen-erzaehlen-ihre-persoenliche-geschichte-12\\\/#primaryimage\"},\"thumbnailUrl\":\"https:\\\/\\\/www.laudinella.ch\\\/wp-content\\\/uploads\\\/2022\\\/02\\\/20220330-Diane-Conrad-Daubrah_1920x1280.jpg\",\"datePublished\":\"2022-02-05T14:58:32+00:00\",\"dateModified\":\"2022-03-09T10:37:09+00:00\",\"breadcrumb\":{\"@id\":\"https:\\\/\\\/www.laudinella.ch\\\/events\\\/das-engadin-leben-menschen-erzaehlen-ihre-persoenliche-geschichte-12\\\/#breadcrumb\"},\"inLanguage\":\"en-GB\",\"potentialAction\":[{\"@type\":\"ReadAction\",\"target\":[\"https:\\\/\\\/www.laudinella.ch\\\/events\\\/das-engadin-leben-menschen-erzaehlen-ihre-persoenliche-geschichte-12\\\/\"]}]},{\"@type\":\"ImageObject\",\"inLanguage\":\"en-GB\",\"@id\":\"https:\\\/\\\/www.laudinella.ch\\\/events\\\/das-engadin-leben-menschen-erzaehlen-ihre-persoenliche-geschichte-12\\\/#primaryimage\",\"url\":\"https:\\\/\\\/www.laudinella.ch\\\/wp-content\\\/uploads\\\/2022\\\/02\\\/20220330-Diane-Conrad-Daubrah_1920x1280.jpg\",\"contentUrl\":\"https:\\\/\\\/www.laudinella.ch\\\/wp-content\\\/uploads\\\/2022\\\/02\\\/20220330-Diane-Conrad-Daubrah_1920x1280.jpg\",\"width\":2093,\"height\":1280},{\"@type\":\"BreadcrumbList\",\"@id\":\"https:\\\/\\\/www.laudinella.ch\\\/events\\\/das-engadin-leben-menschen-erzaehlen-ihre-persoenliche-geschichte-12\\\/#breadcrumb\",\"itemListElement\":[{\"@type\":\"ListItem\",\"position\":1,\"name\":\"Startseite\",\"item\":\"https:\\\/\\\/www.laudinella.ch\\\/\"},{\"@type\":\"ListItem\",\"position\":2,\"name\":\"Events\",\"item\":\"https:\\\/\\\/www.laudinella.ch\\\/events\\\/\"},{\"@type\":\"ListItem\",\"position\":3,\"name\":\"Hotel Reine Victoria\",\"item\":\"https:\\\/\\\/www.laudinella.ch\\\/event-location\\\/hotel-reine-victoria\\\/\"},{\"@type\":\"ListItem\",\"position\":4,\"name\":\"Das Engadin leben. Menschen erz\u00e4hlen ihre pers\u00f6nliche Geschichte\"}]},{\"@type\":\"WebSite\",\"@id\":\"https:\\\/\\\/www.laudinella.ch\\\/en\\\/#website\",\"url\":\"https:\\\/\\\/www.laudinella.ch\\\/en\\\/\",\"name\":\"Laudinella St. Moritz\",\"description\":\"Sport, Kultur, Kulinarik, Kongresse, Kurse und Natur erleben.\",\"publisher\":{\"@id\":\"https:\\\/\\\/www.laudinella.ch\\\/en\\\/#organization\"},\"potentialAction\":[{\"@type\":\"SearchAction\",\"target\":{\"@type\":\"EntryPoint\",\"urlTemplate\":\"https:\\\/\\\/www.laudinella.ch\\\/en\\\/?s={search_term_string}\"},\"query-input\":{\"@type\":\"PropertyValueSpecification\",\"valueRequired\":true,\"valueName\":\"search_term_string\"}}],\"inLanguage\":\"en-GB\"},{\"@type\":\"Organization\",\"@id\":\"https:\\\/\\\/www.laudinella.ch\\\/en\\\/#organization\",\"name\":\"Laudinella St. Moritz\",\"url\":\"https:\\\/\\\/www.laudinella.ch\\\/en\\\/\",\"logo\":{\"@type\":\"ImageObject\",\"inLanguage\":\"en-GB\",\"@id\":\"https:\\\/\\\/www.laudinella.ch\\\/en\\\/#\\\/schema\\\/logo\\\/image\\\/\",\"url\":\"https:\\\/\\\/www.laudinella.ch\\\/wp-content\\\/uploads\\\/2021\\\/10\\\/laudinella_hotel-group_fav-icon.png\",\"contentUrl\":\"https:\\\/\\\/www.laudinella.ch\\\/wp-content\\\/uploads\\\/2021\\\/10\\\/laudinella_hotel-group_fav-icon.png\",\"width\":512,\"height\":512,\"caption\":\"Laudinella St. Moritz\"},\"image\":{\"@id\":\"https:\\\/\\\/www.laudinella.ch\\\/en\\\/#\\\/schema\\\/logo\\\/image\\\/\"}},{\"@type\":\"Person\",\"@id\":\"https:\\\/\\\/www.laudinella.ch\\\/en\\\/#\\\/schema\\\/person\\\/8569af0b77879b92e2025ff32181c929\",\"name\":\"Nathalie Hanslin\",\"image\":{\"@type\":\"ImageObject\",\"inLanguage\":\"en-GB\",\"@id\":\"https:\\\/\\\/secure.gravatar.com\\\/avatar\\\/026026d755167daa4175498d7a4c71ef1bcfad3a454c2fd3f70377f51a6b80bd?s=96&d=mm&r=g\",\"url\":\"https:\\\/\\\/secure.gravatar.com\\\/avatar\\\/026026d755167daa4175498d7a4c71ef1bcfad3a454c2fd3f70377f51a6b80bd?s=96&d=mm&r=g\",\"contentUrl\":\"https:\\\/\\\/secure.gravatar.com\\\/avatar\\\/026026d755167daa4175498d7a4c71ef1bcfad3a454c2fd3f70377f51a6b80bd?s=96&d=mm&r=g\",\"caption\":\"Nathalie Hanslin\"}}]}<\/script>\n<!-- \/ Yoast SEO plugin. -->","yoast_head_json":{"title":"Experience the Engadine. People tell their personal stories - Laudinella Group St. Moritz","robots":{"index":"index","follow":"follow","max-snippet":"max-snippet:-1","max-image-preview":"max-image-preview:large","max-video-preview":"max-video-preview:-1"},"canonical":"https:\/\/www.laudinella.ch\/en\/events\/the-engadin-life-people-tell-their-personal-story-12\/","og_locale":"en_GB","og_type":"article","og_title":"Das Engadin leben. Menschen erz\u00e4hlen ihre pers\u00f6nliche Geschichte - Laudinella Group St. Moritz","og_description":"Nach St. Moritz kam die geb\u00fcrtige Engl\u00e4nderin Diane Conrad-Daubrah 1970 als Privatsekret\u00e4rin des Reeders, Investors und Hotelbesitzers Stavros Niarchos, heiratete einen Einheimischen und ist geblieben. Mit 40 bildete sie sich zur Englischlehrerin weiter und unterrichtete w\u00e4hrend vieler Jahre in Samedan. Cricket on Ice organisiert sie seit 30 Jahren mit. Zudem [...]","og_url":"https:\/\/www.laudinella.ch\/en\/events\/the-engadin-life-people-tell-their-personal-story-12\/","og_site_name":"Laudinella Group St. Moritz","article_modified_time":"2022-03-09T10:37:09+00:00","og_image":[{"width":2093,"height":1280,"url":"https:\/\/www.laudinella.ch\/wp-content\/uploads\/2022\/02\/20220330-Diane-Conrad-Daubrah_1920x1280.jpg","type":"image\/jpeg"}],"twitter_card":"summary_large_image","schema":{"@context":"https:\/\/schema.org","@graph":[{"@type":"NewsArticle","@id":"https:\/\/www.laudinella.ch\/events\/das-engadin-leben-menschen-erzaehlen-ihre-persoenliche-geschichte-12\/#article","isPartOf":{"@id":"https:\/\/www.laudinella.ch\/events\/das-engadin-leben-menschen-erzaehlen-ihre-persoenliche-geschichte-12\/"},"author":{"name":"Nathalie Hanslin","@id":"https:\/\/www.laudinella.ch\/en\/#\/schema\/person\/8569af0b77879b92e2025ff32181c929"},"headline":"Das Engadin leben. Menschen erz\u00e4hlen ihre pers\u00f6nliche Geschichte","datePublished":"2022-02-05T14:58:32+00:00","dateModified":"2022-03-09T10:37:09+00:00","mainEntityOfPage":{"@id":"https:\/\/www.laudinella.ch\/events\/das-engadin-leben-menschen-erzaehlen-ihre-persoenliche-geschichte-12\/"},"wordCount":99,"publisher":{"@id":"https:\/\/www.laudinella.ch\/en\/#organization"},"image":{"@id":"https:\/\/www.laudinella.ch\/events\/das-engadin-leben-menschen-erzaehlen-ihre-persoenliche-geschichte-12\/#primaryimage"},"thumbnailUrl":"https:\/\/www.laudinella.ch\/wp-content\/uploads\/2022\/02\/20220330-Diane-Conrad-Daubrah_1920x1280.jpg","inLanguage":"en-GB"},{"@type":["WebPage","ItemPage"],"@id":"https:\/\/www.laudinella.ch\/events\/das-engadin-leben-menschen-erzaehlen-ihre-persoenliche-geschichte-12\/","url":"https:\/\/www.laudinella.ch\/events\/das-engadin-leben-menschen-erzaehlen-ihre-persoenliche-geschichte-12\/","name":"Experience the Engadine. People tell their personal stories - Laudinella Group St. Moritz","isPartOf":{"@id":"https:\/\/www.laudinella.ch\/en\/#website"},"primaryImageOfPage":{"@id":"https:\/\/www.laudinella.ch\/events\/das-engadin-leben-menschen-erzaehlen-ihre-persoenliche-geschichte-12\/#primaryimage"},"image":{"@id":"https:\/\/www.laudinella.ch\/events\/das-engadin-leben-menschen-erzaehlen-ihre-persoenliche-geschichte-12\/#primaryimage"},"thumbnailUrl":"https:\/\/www.laudinella.ch\/wp-content\/uploads\/2022\/02\/20220330-Diane-Conrad-Daubrah_1920x1280.jpg","datePublished":"2022-02-05T14:58:32+00:00","dateModified":"2022-03-09T10:37:09+00:00","breadcrumb":{"@id":"https:\/\/www.laudinella.ch\/events\/das-engadin-leben-menschen-erzaehlen-ihre-persoenliche-geschichte-12\/#breadcrumb"},"inLanguage":"en-GB","potentialAction":[{"@type":"ReadAction","target":["https:\/\/www.laudinella.ch\/events\/das-engadin-leben-menschen-erzaehlen-ihre-persoenliche-geschichte-12\/"]}]},{"@type":"ImageObject","inLanguage":"en-GB","@id":"https:\/\/www.laudinella.ch\/events\/das-engadin-leben-menschen-erzaehlen-ihre-persoenliche-geschichte-12\/#primaryimage","url":"https:\/\/www.laudinella.ch\/wp-content\/uploads\/2022\/02\/20220330-Diane-Conrad-Daubrah_1920x1280.jpg","contentUrl":"https:\/\/www.laudinella.ch\/wp-content\/uploads\/2022\/02\/20220330-Diane-Conrad-Daubrah_1920x1280.jpg","width":2093,"height":1280},{"@type":"BreadcrumbList","@id":"https:\/\/www.laudinella.ch\/events\/das-engadin-leben-menschen-erzaehlen-ihre-persoenliche-geschichte-12\/#breadcrumb","itemListElement":[{"@type":"ListItem","position":1,"name":"Startseite","item":"https:\/\/www.laudinella.ch\/"},{"@type":"ListItem","position":2,"name":"Events","item":"https:\/\/www.laudinella.ch\/events\/"},{"@type":"ListItem","position":3,"name":"Hotel Reine Victoria","item":"https:\/\/www.laudinella.ch\/event-location\/hotel-reine-victoria\/"},{"@type":"ListItem","position":4,"name":"Das Engadin leben. Menschen erz\u00e4hlen ihre pers\u00f6nliche Geschichte"}]},{"@type":"WebSite","@id":"https:\/\/www.laudinella.ch\/en\/#website","url":"https:\/\/www.laudinella.ch\/en\/","name":"Laudinella St. Moritz","description":"Experience sport, culture, cuisine, congresses, courses and nature.","publisher":{"@id":"https:\/\/www.laudinella.ch\/en\/#organization"},"potentialAction":[{"@type":"SearchAction","target":{"@type":"EntryPoint","urlTemplate":"https:\/\/www.laudinella.ch\/en\/?s={search_term_string}"},"query-input":{"@type":"PropertyValueSpecification","valueRequired":true,"valueName":"search_term_string"}}],"inLanguage":"en-GB"},{"@type":"Organization","@id":"https:\/\/www.laudinella.ch\/en\/#organization","name":"Laudinella St. Moritz","url":"https:\/\/www.laudinella.ch\/en\/","logo":{"@type":"ImageObject","inLanguage":"en-GB","@id":"https:\/\/www.laudinella.ch\/en\/#\/schema\/logo\/image\/","url":"https:\/\/www.laudinella.ch\/wp-content\/uploads\/2021\/10\/laudinella_hotel-group_fav-icon.png","contentUrl":"https:\/\/www.laudinella.ch\/wp-content\/uploads\/2021\/10\/laudinella_hotel-group_fav-icon.png","width":512,"height":512,"caption":"Laudinella St. Moritz"},"image":{"@id":"https:\/\/www.laudinella.ch\/en\/#\/schema\/logo\/image\/"}},{"@type":"Person","@id":"https:\/\/www.laudinella.ch\/en\/#\/schema\/person\/8569af0b77879b92e2025ff32181c929","name":"Nathalie Hanslin","image":{"@type":"ImageObject","inLanguage":"en-GB","@id":"https:\/\/secure.gravatar.com\/avatar\/026026d755167daa4175498d7a4c71ef1bcfad3a454c2fd3f70377f51a6b80bd?s=96&d=mm&r=g","url":"https:\/\/secure.gravatar.com\/avatar\/026026d755167daa4175498d7a4c71ef1bcfad3a454c2fd3f70377f51a6b80bd?s=96&d=mm&r=g","contentUrl":"https:\/\/secure.gravatar.com\/avatar\/026026d755167daa4175498d7a4c71ef1bcfad3a454c2fd3f70377f51a6b80bd?s=96&d=mm&r=g","caption":"Nathalie Hanslin"}}]}},"_links":{"self":[{"href":"https:\/\/www.laudinella.ch\/en\/wp-json\/wp\/v2\/ajde_events\/20519","targetHints":{"allow":["GET"]}}],"collection":[{"href":"https:\/\/www.laudinella.ch\/en\/wp-json\/wp\/v2\/ajde_events"}],"about":[{"href":"https:\/\/www.laudinella.ch\/en\/wp-json\/wp\/v2\/types\/ajde_events"}],"author":[{"embeddable":true,"href":"https:\/\/www.laudinella.ch\/en\/wp-json\/wp\/v2\/users\/12"}],"replies":[{"embeddable":true,"href":"https:\/\/www.laudinella.ch\/en\/wp-json\/wp\/v2\/comments?post=20519"}],"wp:featuredmedia":[{"embeddable":true,"href":"https:\/\/www.laudinella.ch\/en\/wp-json\/wp\/v2\/media\/20508"}],"wp:attachment":[{"href":"https:\/\/www.laudinella.ch\/en\/wp-json\/wp\/v2\/media?parent=20519"}],"wp:term":[{"taxonomy":"post_tag","embeddable":true,"href":"https:\/\/www.laudinella.ch\/en\/wp-json\/wp\/v2\/tags?post=20519"},{"taxonomy":"event_type","embeddable":true,"href":"https:\/\/www.laudinella.ch\/en\/wp-json\/wp\/v2\/event_type?post=20519"},{"taxonomy":"event_type_2","embeddable":true,"href":"https:\/\/www.laudinella.ch\/en\/wp-json\/wp\/v2\/event_type_2?post=20519"}],"curies":[{"name":"wp","href":"https:\/\/api.w.org\/{rel}","templated":true}]}}