{"id":12346,"date":"2021-06-02T17:55:25","date_gmt":"2021-06-02T15:55:25","guid":{"rendered":"https:\/\/www.laudinella.ch\/events\/rita-payes\/"},"modified":"2021-06-02T18:03:22","modified_gmt":"2021-06-02T16:03:22","slug":"rita-payes","status":"publish","type":"ajde_events","link":"https:\/\/www.laudinella.ch\/en\/events\/rita-payes\/","title":{"rendered":"Festival da Jazz: Rita Pay\u00e9s"},"content":{"rendered":"<div class=\"field field--name-jf-preamble field--type-entity-reference-revisions field--label-hidden\">\n<div class=\"field field--name-jf-preamble field--type-entity-reference-revisions field--label-hidden\">\n<div class=\"field__items\">\n<div class=\"field__item\">\n<div class=\"paragraph paragraph--type--text paragraph--view-mode--default\">\n<div class=\"field field--name-field-text field--type-text-long field--label-hidden container rhythm--double\">\n<div class=\"row\">\n<div class=\"field__items col-md-8 col-md-offset-2 nomargin--last-p\">\n<div class=\"field__item\">\n<div class=\"field field--name-jf-preamble field--type-entity-reference-revisions field--label-hidden\">\n<div class=\"field__items\">\n<div class=\"field__item\">\n<div class=\"paragraph paragraph--type--text paragraph--view-mode--default\">\n<div class=\"field field--name-field-text field--type-text-long field--label-hidden container rhythm--double\">\n<div class=\"row\">\n<div class=\"field__items col-md-8 col-md-offset-2 nomargin--last-p\">\n<div class=\"field__item\">\n<div class=\"field field--name-jf-preamble field--type-entity-reference-revisions field--label-hidden\">\n<div class=\"field__items\">\n<div class=\"field__item\">\n<div class=\"paragraph paragraph--type--text paragraph--view-mode--default\">\n<div class=\"field field--name-field-text field--type-text-long field--label-hidden container rhythm--double\">\n<div class=\"row\">\n<div class=\"field__items col-md-8 col-md-offset-2 nomargin--last-p\">\n<div class=\"field__item\">\n<div class=\"field field--name-jf-preamble field--type-entity-reference-revisions field--label-hidden\">\n<div class=\"field__items\">\n<div class=\"field__item\">\n<div class=\"paragraph paragraph--type--text paragraph--view-mode--default\">\n<div class=\"field field--name-field-text field--type-text-long field--label-hidden container rhythm--double\">\n<div class=\"row\">\n<div class=\"field__items col-md-8 col-md-offset-2 nomargin--last-p\">\n<div class=\"field__item\">\n<div class=\"field field--name-jf-preamble field--type-entity-reference-revisions field--label-hidden\">\n<div class=\"field__items\">\n<div class=\"field__item\">\n<div class=\"paragraph paragraph--type--text paragraph--view-mode--default\">\n<div class=\"field field--name-field-text field--type-text-long field--label-hidden container rhythm--double\">\n<div class=\"row\">\n<div class=\"field__items col-md-8 col-md-offset-2 nomargin--last-p\">\n<div class=\"field__item\">\n<div class=\"field field--name-jf-preamble field--type-entity-reference-revisions field--label-hidden\">\n<div class=\"field__items\">\n<div class=\"field__item\">\n<div class=\"paragraph paragraph--type--text paragraph--view-mode--default\">\n<div class=\"field field--name-field-text field--type-text-long field--label-hidden container rhythm--double\">\n<div class=\"row\">\n<div class=\"field__items col-md-8 col-md-offset-2 nomargin--last-p\">\n<div class=\"field__item\">\n<p>For her latest project, Catalan singer and trombonist Rita Pay\u00e9s has teamed up with her mother, Elisabeth Roma, who is an excellent classical guitarist. Mother and daughter share many musical preferences, including Catalan lullabies, Portuguese fado, Spanish bolero and Brazilian bossa nova. While the mother on the guitar creates an artfully woven carpet of sound, Rita Pay\u00e9s gives free rein to her joie de vivre in colorful improvisations with her charismatic voice and her characterful trombone playing.<\/p>\n<\/div>\n<\/div>\n<\/div>\n<\/div>\n<\/div>\n<\/div>\n<\/div>\n<\/div>\n<\/div>\n<\/div>\n<\/div>\n<\/div>\n<\/div>\n<\/div>\n<\/div>\n<\/div>\n<\/div>\n<\/div>\n<\/div>\n<\/div>\n<\/div>\n<\/div>\n<\/div>\n<\/div>\n<\/div>\n<\/div>\n<\/div>\n<\/div>\n<\/div>\n<\/div>\n<\/div>\n<\/div>\n<\/div>\n<\/div>\n<\/div>\n<\/div>\n<\/div>\n<\/div>\n<\/div>\n<\/div>\n<p>Entry: CHF 90.00<\/p>\n<p><a href=\"https:\/\/festivaldajazz2021.ticketino.com\/de\/shopbasket\" target=\"_blank\" rel=\"noopener noreferrer\"><strong>buy tickets<\/strong><\/a><\/p>\n<\/div>\n<\/div>\n<\/div>\n<\/div>\n<\/div>\n<\/div>\n<\/div>\n<\/div>\n<\/div>","protected":false},"author":12,"featured_media":12347,"menu_order":0,"comment_status":"closed","ping_status":"closed","template":"","meta":[],"tags":[],"event_type":[43],"event_type_2":[],"class_list":["post-12346","ajde_events","type-ajde_events","status-publish","has-post-thumbnail","hentry","event_location-hotel-reine-victoria","event_type-veranstaltung"],"yoast_head":"<!-- This site is optimized with the Yoast SEO plugin v27.5 - https:\/\/yoast.com\/product\/yoast-seo-wordpress\/ -->\n<title>Festival da Jazz: Rita Pay\u00e9s - Laudinella Group St. Moritz<\/title>\n<meta name=\"robots\" content=\"index, follow, max-snippet:-1, max-image-preview:large, max-video-preview:-1\" \/>\n<link rel=\"canonical\" href=\"https:\/\/www.laudinella.ch\/en\/events\/rita-payes\/\" \/>\n<meta property=\"og:locale\" content=\"en_GB\" \/>\n<meta property=\"og:type\" content=\"article\" \/>\n<meta property=\"og:title\" content=\"Festival da Jazz: Rita Pay\u00e9s - Laudinella Group St. Moritz\" \/>\n<meta property=\"og:description\" content=\"F\u00fcr ihr j\u00fcngstes Projekt hat sich die katalanische S\u00e4ngerin und Posaunistin Rita Pay\u00e9s mit ihrer Mutter Elisabeth Roma zusammengetan, die eine exzellente klassische Gitarristin ist. Mutter und Tochter teilen viele musikalische Vorlieben, wozu katalanische Wiegenlieder ebenso geh\u00f6ren wie der portugiesische Fado, der spanische Bolero ebenso wie der brasilianische Bossa Nova. [...]\" \/>\n<meta property=\"og:url\" content=\"https:\/\/www.laudinella.ch\/en\/events\/rita-payes\/\" \/>\n<meta property=\"og:site_name\" content=\"Laudinella Group St. Moritz\" \/>\n<meta property=\"article:modified_time\" content=\"2021-06-02T16:03:22+00:00\" \/>\n<meta property=\"og:image\" content=\"https:\/\/www.laudinella.ch\/wp-content\/uploads\/2021\/06\/210724_rita_payes_web_jpg_01_dc_web.jpg\" \/>\n\t<meta property=\"og:image:width\" content=\"1920\" \/>\n\t<meta property=\"og:image:height\" content=\"1200\" \/>\n\t<meta property=\"og:image:type\" content=\"image\/jpeg\" \/>\n<meta name=\"twitter:card\" content=\"summary_large_image\" \/>\n<script type=\"application\/ld+json\" class=\"yoast-schema-graph\">{\"@context\":\"https:\\\/\\\/schema.org\",\"@graph\":[{\"@type\":\"NewsArticle\",\"@id\":\"https:\\\/\\\/www.laudinella.ch\\\/events\\\/rita-payes\\\/#article\",\"isPartOf\":{\"@id\":\"https:\\\/\\\/www.laudinella.ch\\\/events\\\/rita-payes\\\/\"},\"author\":{\"name\":\"Nathalie Hanslin\",\"@id\":\"https:\\\/\\\/www.laudinella.ch\\\/en\\\/#\\\/schema\\\/person\\\/8569af0b77879b92e2025ff32181c929\"},\"headline\":\"Festival da Jazz: Rita Pay\u00e9s\",\"datePublished\":\"2021-06-02T15:55:25+00:00\",\"dateModified\":\"2021-06-02T16:03:22+00:00\",\"mainEntityOfPage\":{\"@id\":\"https:\\\/\\\/www.laudinella.ch\\\/events\\\/rita-payes\\\/\"},\"wordCount\":100,\"publisher\":{\"@id\":\"https:\\\/\\\/www.laudinella.ch\\\/en\\\/#organization\"},\"image\":{\"@id\":\"https:\\\/\\\/www.laudinella.ch\\\/events\\\/rita-payes\\\/#primaryimage\"},\"thumbnailUrl\":\"https:\\\/\\\/www.laudinella.ch\\\/wp-content\\\/uploads\\\/2021\\\/06\\\/210724_rita_payes_web_jpg_01_dc_web.jpg\",\"inLanguage\":\"en-GB\"},{\"@type\":[\"WebPage\",\"ItemPage\"],\"@id\":\"https:\\\/\\\/www.laudinella.ch\\\/events\\\/rita-payes\\\/\",\"url\":\"https:\\\/\\\/www.laudinella.ch\\\/events\\\/rita-payes\\\/\",\"name\":\"Festival da Jazz: Rita Pay\u00e9s - Laudinella Group St. Moritz\",\"isPartOf\":{\"@id\":\"https:\\\/\\\/www.laudinella.ch\\\/en\\\/#website\"},\"primaryImageOfPage\":{\"@id\":\"https:\\\/\\\/www.laudinella.ch\\\/events\\\/rita-payes\\\/#primaryimage\"},\"image\":{\"@id\":\"https:\\\/\\\/www.laudinella.ch\\\/events\\\/rita-payes\\\/#primaryimage\"},\"thumbnailUrl\":\"https:\\\/\\\/www.laudinella.ch\\\/wp-content\\\/uploads\\\/2021\\\/06\\\/210724_rita_payes_web_jpg_01_dc_web.jpg\",\"datePublished\":\"2021-06-02T15:55:25+00:00\",\"dateModified\":\"2021-06-02T16:03:22+00:00\",\"breadcrumb\":{\"@id\":\"https:\\\/\\\/www.laudinella.ch\\\/events\\\/rita-payes\\\/#breadcrumb\"},\"inLanguage\":\"en-GB\",\"potentialAction\":[{\"@type\":\"ReadAction\",\"target\":[\"https:\\\/\\\/www.laudinella.ch\\\/events\\\/rita-payes\\\/\"]}]},{\"@type\":\"ImageObject\",\"inLanguage\":\"en-GB\",\"@id\":\"https:\\\/\\\/www.laudinella.ch\\\/events\\\/rita-payes\\\/#primaryimage\",\"url\":\"https:\\\/\\\/www.laudinella.ch\\\/wp-content\\\/uploads\\\/2021\\\/06\\\/210724_rita_payes_web_jpg_01_dc_web.jpg\",\"contentUrl\":\"https:\\\/\\\/www.laudinella.ch\\\/wp-content\\\/uploads\\\/2021\\\/06\\\/210724_rita_payes_web_jpg_01_dc_web.jpg\",\"width\":1920,\"height\":1200},{\"@type\":\"BreadcrumbList\",\"@id\":\"https:\\\/\\\/www.laudinella.ch\\\/events\\\/rita-payes\\\/#breadcrumb\",\"itemListElement\":[{\"@type\":\"ListItem\",\"position\":1,\"name\":\"Startseite\",\"item\":\"https:\\\/\\\/www.laudinella.ch\\\/\"},{\"@type\":\"ListItem\",\"position\":2,\"name\":\"Events\",\"item\":\"https:\\\/\\\/www.laudinella.ch\\\/events\\\/\"},{\"@type\":\"ListItem\",\"position\":3,\"name\":\"Hotel Reine Victoria\",\"item\":\"https:\\\/\\\/www.laudinella.ch\\\/event-location\\\/hotel-reine-victoria\\\/\"},{\"@type\":\"ListItem\",\"position\":4,\"name\":\"Festival da Jazz: Rita Pay\u00e9s\"}]},{\"@type\":\"WebSite\",\"@id\":\"https:\\\/\\\/www.laudinella.ch\\\/en\\\/#website\",\"url\":\"https:\\\/\\\/www.laudinella.ch\\\/en\\\/\",\"name\":\"Laudinella St. Moritz\",\"description\":\"Sport, Kultur, Kulinarik, Kongresse, Kurse und Natur erleben.\",\"publisher\":{\"@id\":\"https:\\\/\\\/www.laudinella.ch\\\/en\\\/#organization\"},\"potentialAction\":[{\"@type\":\"SearchAction\",\"target\":{\"@type\":\"EntryPoint\",\"urlTemplate\":\"https:\\\/\\\/www.laudinella.ch\\\/en\\\/?s={search_term_string}\"},\"query-input\":{\"@type\":\"PropertyValueSpecification\",\"valueRequired\":true,\"valueName\":\"search_term_string\"}}],\"inLanguage\":\"en-GB\"},{\"@type\":\"Organization\",\"@id\":\"https:\\\/\\\/www.laudinella.ch\\\/en\\\/#organization\",\"name\":\"Laudinella St. Moritz\",\"url\":\"https:\\\/\\\/www.laudinella.ch\\\/en\\\/\",\"logo\":{\"@type\":\"ImageObject\",\"inLanguage\":\"en-GB\",\"@id\":\"https:\\\/\\\/www.laudinella.ch\\\/en\\\/#\\\/schema\\\/logo\\\/image\\\/\",\"url\":\"https:\\\/\\\/www.laudinella.ch\\\/wp-content\\\/uploads\\\/2021\\\/10\\\/laudinella_hotel-group_fav-icon.png\",\"contentUrl\":\"https:\\\/\\\/www.laudinella.ch\\\/wp-content\\\/uploads\\\/2021\\\/10\\\/laudinella_hotel-group_fav-icon.png\",\"width\":512,\"height\":512,\"caption\":\"Laudinella St. Moritz\"},\"image\":{\"@id\":\"https:\\\/\\\/www.laudinella.ch\\\/en\\\/#\\\/schema\\\/logo\\\/image\\\/\"}},{\"@type\":\"Person\",\"@id\":\"https:\\\/\\\/www.laudinella.ch\\\/en\\\/#\\\/schema\\\/person\\\/8569af0b77879b92e2025ff32181c929\",\"name\":\"Nathalie Hanslin\",\"image\":{\"@type\":\"ImageObject\",\"inLanguage\":\"en-GB\",\"@id\":\"https:\\\/\\\/secure.gravatar.com\\\/avatar\\\/026026d755167daa4175498d7a4c71ef1bcfad3a454c2fd3f70377f51a6b80bd?s=96&d=mm&r=g\",\"url\":\"https:\\\/\\\/secure.gravatar.com\\\/avatar\\\/026026d755167daa4175498d7a4c71ef1bcfad3a454c2fd3f70377f51a6b80bd?s=96&d=mm&r=g\",\"contentUrl\":\"https:\\\/\\\/secure.gravatar.com\\\/avatar\\\/026026d755167daa4175498d7a4c71ef1bcfad3a454c2fd3f70377f51a6b80bd?s=96&d=mm&r=g\",\"caption\":\"Nathalie Hanslin\"}}]}<\/script>\n<!-- \/ Yoast SEO plugin. -->","yoast_head_json":{"title":"Festival da Jazz: Rita Pay\u00e9s - Laudinella Group St. Moritz","robots":{"index":"index","follow":"follow","max-snippet":"max-snippet:-1","max-image-preview":"max-image-preview:large","max-video-preview":"max-video-preview:-1"},"canonical":"https:\/\/www.laudinella.ch\/en\/events\/rita-payes\/","og_locale":"en_GB","og_type":"article","og_title":"Festival da Jazz: Rita Pay\u00e9s - Laudinella Group St. Moritz","og_description":"F\u00fcr ihr j\u00fcngstes Projekt hat sich die katalanische S\u00e4ngerin und Posaunistin Rita Pay\u00e9s mit ihrer Mutter Elisabeth Roma zusammengetan, die eine exzellente klassische Gitarristin ist. Mutter und Tochter teilen viele musikalische Vorlieben, wozu katalanische Wiegenlieder ebenso geh\u00f6ren wie der portugiesische Fado, der spanische Bolero ebenso wie der brasilianische Bossa Nova. [...]","og_url":"https:\/\/www.laudinella.ch\/en\/events\/rita-payes\/","og_site_name":"Laudinella Group St. Moritz","article_modified_time":"2021-06-02T16:03:22+00:00","og_image":[{"width":1920,"height":1200,"url":"https:\/\/www.laudinella.ch\/wp-content\/uploads\/2021\/06\/210724_rita_payes_web_jpg_01_dc_web.jpg","type":"image\/jpeg"}],"twitter_card":"summary_large_image","schema":{"@context":"https:\/\/schema.org","@graph":[{"@type":"NewsArticle","@id":"https:\/\/www.laudinella.ch\/events\/rita-payes\/#article","isPartOf":{"@id":"https:\/\/www.laudinella.ch\/events\/rita-payes\/"},"author":{"name":"Nathalie Hanslin","@id":"https:\/\/www.laudinella.ch\/en\/#\/schema\/person\/8569af0b77879b92e2025ff32181c929"},"headline":"Festival da Jazz: Rita Pay\u00e9s","datePublished":"2021-06-02T15:55:25+00:00","dateModified":"2021-06-02T16:03:22+00:00","mainEntityOfPage":{"@id":"https:\/\/www.laudinella.ch\/events\/rita-payes\/"},"wordCount":100,"publisher":{"@id":"https:\/\/www.laudinella.ch\/en\/#organization"},"image":{"@id":"https:\/\/www.laudinella.ch\/events\/rita-payes\/#primaryimage"},"thumbnailUrl":"https:\/\/www.laudinella.ch\/wp-content\/uploads\/2021\/06\/210724_rita_payes_web_jpg_01_dc_web.jpg","inLanguage":"en-GB"},{"@type":["WebPage","ItemPage"],"@id":"https:\/\/www.laudinella.ch\/events\/rita-payes\/","url":"https:\/\/www.laudinella.ch\/events\/rita-payes\/","name":"Festival da Jazz: Rita Pay\u00e9s - Laudinella Group St. Moritz","isPartOf":{"@id":"https:\/\/www.laudinella.ch\/en\/#website"},"primaryImageOfPage":{"@id":"https:\/\/www.laudinella.ch\/events\/rita-payes\/#primaryimage"},"image":{"@id":"https:\/\/www.laudinella.ch\/events\/rita-payes\/#primaryimage"},"thumbnailUrl":"https:\/\/www.laudinella.ch\/wp-content\/uploads\/2021\/06\/210724_rita_payes_web_jpg_01_dc_web.jpg","datePublished":"2021-06-02T15:55:25+00:00","dateModified":"2021-06-02T16:03:22+00:00","breadcrumb":{"@id":"https:\/\/www.laudinella.ch\/events\/rita-payes\/#breadcrumb"},"inLanguage":"en-GB","potentialAction":[{"@type":"ReadAction","target":["https:\/\/www.laudinella.ch\/events\/rita-payes\/"]}]},{"@type":"ImageObject","inLanguage":"en-GB","@id":"https:\/\/www.laudinella.ch\/events\/rita-payes\/#primaryimage","url":"https:\/\/www.laudinella.ch\/wp-content\/uploads\/2021\/06\/210724_rita_payes_web_jpg_01_dc_web.jpg","contentUrl":"https:\/\/www.laudinella.ch\/wp-content\/uploads\/2021\/06\/210724_rita_payes_web_jpg_01_dc_web.jpg","width":1920,"height":1200},{"@type":"BreadcrumbList","@id":"https:\/\/www.laudinella.ch\/events\/rita-payes\/#breadcrumb","itemListElement":[{"@type":"ListItem","position":1,"name":"Startseite","item":"https:\/\/www.laudinella.ch\/"},{"@type":"ListItem","position":2,"name":"Events","item":"https:\/\/www.laudinella.ch\/events\/"},{"@type":"ListItem","position":3,"name":"Hotel Reine Victoria","item":"https:\/\/www.laudinella.ch\/event-location\/hotel-reine-victoria\/"},{"@type":"ListItem","position":4,"name":"Festival da Jazz: Rita Pay\u00e9s"}]},{"@type":"WebSite","@id":"https:\/\/www.laudinella.ch\/en\/#website","url":"https:\/\/www.laudinella.ch\/en\/","name":"Laudinella St. Moritz","description":"Experience sport, culture, cuisine, congresses, courses and nature.","publisher":{"@id":"https:\/\/www.laudinella.ch\/en\/#organization"},"potentialAction":[{"@type":"SearchAction","target":{"@type":"EntryPoint","urlTemplate":"https:\/\/www.laudinella.ch\/en\/?s={search_term_string}"},"query-input":{"@type":"PropertyValueSpecification","valueRequired":true,"valueName":"search_term_string"}}],"inLanguage":"en-GB"},{"@type":"Organization","@id":"https:\/\/www.laudinella.ch\/en\/#organization","name":"Laudinella St. Moritz","url":"https:\/\/www.laudinella.ch\/en\/","logo":{"@type":"ImageObject","inLanguage":"en-GB","@id":"https:\/\/www.laudinella.ch\/en\/#\/schema\/logo\/image\/","url":"https:\/\/www.laudinella.ch\/wp-content\/uploads\/2021\/10\/laudinella_hotel-group_fav-icon.png","contentUrl":"https:\/\/www.laudinella.ch\/wp-content\/uploads\/2021\/10\/laudinella_hotel-group_fav-icon.png","width":512,"height":512,"caption":"Laudinella St. Moritz"},"image":{"@id":"https:\/\/www.laudinella.ch\/en\/#\/schema\/logo\/image\/"}},{"@type":"Person","@id":"https:\/\/www.laudinella.ch\/en\/#\/schema\/person\/8569af0b77879b92e2025ff32181c929","name":"Nathalie Hanslin","image":{"@type":"ImageObject","inLanguage":"en-GB","@id":"https:\/\/secure.gravatar.com\/avatar\/026026d755167daa4175498d7a4c71ef1bcfad3a454c2fd3f70377f51a6b80bd?s=96&d=mm&r=g","url":"https:\/\/secure.gravatar.com\/avatar\/026026d755167daa4175498d7a4c71ef1bcfad3a454c2fd3f70377f51a6b80bd?s=96&d=mm&r=g","contentUrl":"https:\/\/secure.gravatar.com\/avatar\/026026d755167daa4175498d7a4c71ef1bcfad3a454c2fd3f70377f51a6b80bd?s=96&d=mm&r=g","caption":"Nathalie Hanslin"}}]}},"_links":{"self":[{"href":"https:\/\/www.laudinella.ch\/en\/wp-json\/wp\/v2\/ajde_events\/12346","targetHints":{"allow":["GET"]}}],"collection":[{"href":"https:\/\/www.laudinella.ch\/en\/wp-json\/wp\/v2\/ajde_events"}],"about":[{"href":"https:\/\/www.laudinella.ch\/en\/wp-json\/wp\/v2\/types\/ajde_events"}],"author":[{"embeddable":true,"href":"https:\/\/www.laudinella.ch\/en\/wp-json\/wp\/v2\/users\/12"}],"replies":[{"embeddable":true,"href":"https:\/\/www.laudinella.ch\/en\/wp-json\/wp\/v2\/comments?post=12346"}],"wp:featuredmedia":[{"embeddable":true,"href":"https:\/\/www.laudinella.ch\/en\/wp-json\/wp\/v2\/media\/12347"}],"wp:attachment":[{"href":"https:\/\/www.laudinella.ch\/en\/wp-json\/wp\/v2\/media?parent=12346"}],"wp:term":[{"taxonomy":"post_tag","embeddable":true,"href":"https:\/\/www.laudinella.ch\/en\/wp-json\/wp\/v2\/tags?post=12346"},{"taxonomy":"event_type","embeddable":true,"href":"https:\/\/www.laudinella.ch\/en\/wp-json\/wp\/v2\/event_type?post=12346"},{"taxonomy":"event_type_2","embeddable":true,"href":"https:\/\/www.laudinella.ch\/en\/wp-json\/wp\/v2\/event_type_2?post=12346"}],"curies":[{"name":"wp","href":"https:\/\/api.w.org\/{rel}","templated":true}]}}