{"id":12307,"date":"2021-06-02T14:46:10","date_gmt":"2021-06-02T12:46:10","guid":{"rendered":"https:\/\/www.laudinella.ch\/events\/festival-da-jazz-ivan-lins-friends-feat-jane-monheit\/"},"modified":"2021-06-02T14:53:10","modified_gmt":"2021-06-02T12:53:10","slug":"festival-da-jazz-ivan-lins-friends-feat-jane-monheit","status":"publish","type":"ajde_events","link":"https:\/\/www.laudinella.ch\/en\/events\/festival-da-jazz-ivan-lins-friends-feat-jane-monheit\/","title":{"rendered":"Festival da Jazz: Ivan Lins &amp; Friends feat. Jane Monheit"},"content":{"rendered":"<div class=\"field field--name-jf-preamble field--type-entity-reference-revisions field--label-hidden\">\n<div class=\"field field--name-jf-preamble field--type-entity-reference-revisions field--label-hidden\">\n<div class=\"field__items\">\n<div class=\"field__item\">\n<div class=\"paragraph paragraph--type--text paragraph--view-mode--default\">\n<div class=\"field field--name-field-text field--type-text-long field--label-hidden container rhythm--double\">\n<div class=\"row\">\n<div class=\"field__items col-md-8 col-md-offset-2 nomargin--last-p\">\n<div class=\"field__item\">\n<div class=\"field field--name-jf-preamble field--type-entity-reference-revisions field--label-hidden\">\n<div class=\"field__items\">\n<div class=\"field__item\">\n<div class=\"paragraph paragraph--type--text paragraph--view-mode--default\">\n<div class=\"field field--name-field-text field--type-text-long field--label-hidden container rhythm--double\">\n<div class=\"row\">\n<div class=\"field__items col-md-8 col-md-offset-2 nomargin--last-p\">\n<div class=\"field__item\">\n<div class=\"field field--name-jf-preamble field--type-entity-reference-revisions field--label-hidden\">\n<div class=\"field__items\">\n<div class=\"field__item\">\n<div class=\"paragraph paragraph--type--text paragraph--view-mode--default\">\n<div class=\"field field--name-field-text field--type-text-long field--label-hidden container rhythm--double\">\n<div class=\"row\">\n<div class=\"field__items col-md-8 col-md-offset-2 nomargin--last-p\">\n<div class=\"field__item\">\n<div class=\"field field--name-jf-preamble field--type-entity-reference-revisions field--label-hidden\">\n<div class=\"field__items\">\n<div class=\"field__item\">\n<div class=\"paragraph paragraph--type--text paragraph--view-mode--default\">\n<div class=\"field field--name-field-text field--type-text-long field--label-hidden container rhythm--double\">\n<div class=\"row\">\n<div class=\"field__items col-md-8 col-md-offset-2 nomargin--last-p\">\n<div class=\"field__item\">\n<p>With her homage to Ella Fitzgerald, Jane Monheit does not want to imitate her singing style. \u201cWhat I take from her is her warmth, her charm and the joy she puts into music. Ella showed us that it&#039;s okay to sing from a very happy seat.&quot; To find that happy place, Jane Monheit hasn&#039;t embarked on a nostalgic journey into the past, but has brought a series of memorable songs associated with Ella Fitzgerald into the present, in collaboration with trumpeter Nicolas Payton. The result sounds contemporary and timeless at the same time.<\/p>\n<\/div>\n<\/div>\n<\/div>\n<\/div>\n<\/div>\n<\/div>\n<\/div>\n<\/div>\n<\/div>\n<\/div>\n<\/div>\n<\/div>\n<\/div>\n<\/div>\n<\/div>\n<\/div>\n<\/div>\n<\/div>\n<\/div>\n<\/div>\n<\/div>\n<\/div>\n<\/div>\n<\/div>\n<p>Entry: CHF 175.00<\/p>\n<p><a href=\"https:\/\/festivaldajazz2021.ticketino.com\/de\/shopbasket\" target=\"_blank\" rel=\"noopener noreferrer\"><strong>buy tickets<\/strong><\/a><\/p>\n<\/div>\n<\/div>\n<\/div>\n<\/div>\n<\/div>\n<\/div>\n<\/div>\n<\/div>\n<\/div>","protected":false},"author":12,"featured_media":12308,"menu_order":0,"comment_status":"closed","ping_status":"closed","template":"","meta":[],"tags":[],"event_type":[43],"event_type_2":[],"class_list":["post-12307","ajde_events","type-ajde_events","status-publish","has-post-thumbnail","hentry","event_location-hotel-reine-victoria","event_type-veranstaltung"],"yoast_head":"<!-- This site is optimized with the Yoast SEO plugin v27.5 - https:\/\/yoast.com\/product\/yoast-seo-wordpress\/ -->\n<title>Festival da Jazz: Ivan Lins &amp; Friends feat. Jane Monheit - Laudinella Group St. Moritz<\/title>\n<meta name=\"robots\" content=\"index, follow, max-snippet:-1, max-image-preview:large, max-video-preview:-1\" \/>\n<link rel=\"canonical\" href=\"https:\/\/www.laudinella.ch\/en\/events\/festival-da-jazz-ivan-lins-friends-feat-jane-monheit\/\" \/>\n<meta property=\"og:locale\" content=\"en_GB\" \/>\n<meta property=\"og:type\" content=\"article\" \/>\n<meta property=\"og:title\" content=\"Festival da Jazz: Ivan Lins &amp; Friends feat. Jane Monheit - Laudinella Group St. Moritz\" \/>\n<meta property=\"og:description\" content=\"Mit ihrer Hommage an Ella Fitzgerald will Jane Monheit nicht deren Gesangsstil imitieren. \u00abWas ich von ihr \u00fcbernehme, ist ihre W\u00e4rme, ihr Charme und ihre Freude, die sie in die Musik steckt. Ella hat uns gezeigt, dass es okay ist, von einem sehr gl\u00fccklichen Platz aus zu singen.\u00bb Um diesen [...]\" \/>\n<meta property=\"og:url\" content=\"https:\/\/www.laudinella.ch\/en\/events\/festival-da-jazz-ivan-lins-friends-feat-jane-monheit\/\" \/>\n<meta property=\"og:site_name\" content=\"Laudinella Group St. Moritz\" \/>\n<meta property=\"article:modified_time\" content=\"2021-06-02T12:53:10+00:00\" \/>\n<meta property=\"og:image\" content=\"https:\/\/www.laudinella.ch\/wp-content\/uploads\/2021\/06\/210709_ivan_lins_web_jpg_01_dc_web.jpg\" \/>\n\t<meta property=\"og:image:width\" content=\"1920\" \/>\n\t<meta property=\"og:image:height\" content=\"1200\" \/>\n\t<meta property=\"og:image:type\" content=\"image\/jpeg\" \/>\n<meta name=\"twitter:card\" content=\"summary_large_image\" \/>\n<script type=\"application\/ld+json\" class=\"yoast-schema-graph\">{\"@context\":\"https:\\\/\\\/schema.org\",\"@graph\":[{\"@type\":\"NewsArticle\",\"@id\":\"https:\\\/\\\/www.laudinella.ch\\\/events\\\/festival-da-jazz-ivan-lins-friends-feat-jane-monheit\\\/#article\",\"isPartOf\":{\"@id\":\"https:\\\/\\\/www.laudinella.ch\\\/events\\\/festival-da-jazz-ivan-lins-friends-feat-jane-monheit\\\/\"},\"author\":{\"name\":\"Nathalie Hanslin\",\"@id\":\"https:\\\/\\\/www.laudinella.ch\\\/en\\\/#\\\/schema\\\/person\\\/8569af0b77879b92e2025ff32181c929\"},\"headline\":\"Festival da Jazz: Ivan Lins &#038; Friends feat. Jane Monheit\",\"datePublished\":\"2021-06-02T12:46:10+00:00\",\"dateModified\":\"2021-06-02T12:53:10+00:00\",\"mainEntityOfPage\":{\"@id\":\"https:\\\/\\\/www.laudinella.ch\\\/events\\\/festival-da-jazz-ivan-lins-friends-feat-jane-monheit\\\/\"},\"wordCount\":118,\"publisher\":{\"@id\":\"https:\\\/\\\/www.laudinella.ch\\\/en\\\/#organization\"},\"image\":{\"@id\":\"https:\\\/\\\/www.laudinella.ch\\\/events\\\/festival-da-jazz-ivan-lins-friends-feat-jane-monheit\\\/#primaryimage\"},\"thumbnailUrl\":\"https:\\\/\\\/www.laudinella.ch\\\/wp-content\\\/uploads\\\/2021\\\/06\\\/210709_ivan_lins_web_jpg_01_dc_web.jpg\",\"inLanguage\":\"en-GB\"},{\"@type\":[\"WebPage\",\"ItemPage\"],\"@id\":\"https:\\\/\\\/www.laudinella.ch\\\/events\\\/festival-da-jazz-ivan-lins-friends-feat-jane-monheit\\\/\",\"url\":\"https:\\\/\\\/www.laudinella.ch\\\/events\\\/festival-da-jazz-ivan-lins-friends-feat-jane-monheit\\\/\",\"name\":\"Festival da Jazz: Ivan Lins & Friends feat. Jane Monheit - Laudinella Group St. Moritz\",\"isPartOf\":{\"@id\":\"https:\\\/\\\/www.laudinella.ch\\\/en\\\/#website\"},\"primaryImageOfPage\":{\"@id\":\"https:\\\/\\\/www.laudinella.ch\\\/events\\\/festival-da-jazz-ivan-lins-friends-feat-jane-monheit\\\/#primaryimage\"},\"image\":{\"@id\":\"https:\\\/\\\/www.laudinella.ch\\\/events\\\/festival-da-jazz-ivan-lins-friends-feat-jane-monheit\\\/#primaryimage\"},\"thumbnailUrl\":\"https:\\\/\\\/www.laudinella.ch\\\/wp-content\\\/uploads\\\/2021\\\/06\\\/210709_ivan_lins_web_jpg_01_dc_web.jpg\",\"datePublished\":\"2021-06-02T12:46:10+00:00\",\"dateModified\":\"2021-06-02T12:53:10+00:00\",\"breadcrumb\":{\"@id\":\"https:\\\/\\\/www.laudinella.ch\\\/events\\\/festival-da-jazz-ivan-lins-friends-feat-jane-monheit\\\/#breadcrumb\"},\"inLanguage\":\"en-GB\",\"potentialAction\":[{\"@type\":\"ReadAction\",\"target\":[\"https:\\\/\\\/www.laudinella.ch\\\/events\\\/festival-da-jazz-ivan-lins-friends-feat-jane-monheit\\\/\"]}]},{\"@type\":\"ImageObject\",\"inLanguage\":\"en-GB\",\"@id\":\"https:\\\/\\\/www.laudinella.ch\\\/events\\\/festival-da-jazz-ivan-lins-friends-feat-jane-monheit\\\/#primaryimage\",\"url\":\"https:\\\/\\\/www.laudinella.ch\\\/wp-content\\\/uploads\\\/2021\\\/06\\\/210709_ivan_lins_web_jpg_01_dc_web.jpg\",\"contentUrl\":\"https:\\\/\\\/www.laudinella.ch\\\/wp-content\\\/uploads\\\/2021\\\/06\\\/210709_ivan_lins_web_jpg_01_dc_web.jpg\",\"width\":1920,\"height\":1200},{\"@type\":\"BreadcrumbList\",\"@id\":\"https:\\\/\\\/www.laudinella.ch\\\/events\\\/festival-da-jazz-ivan-lins-friends-feat-jane-monheit\\\/#breadcrumb\",\"itemListElement\":[{\"@type\":\"ListItem\",\"position\":1,\"name\":\"Startseite\",\"item\":\"https:\\\/\\\/www.laudinella.ch\\\/\"},{\"@type\":\"ListItem\",\"position\":2,\"name\":\"Events\",\"item\":\"https:\\\/\\\/www.laudinella.ch\\\/events\\\/\"},{\"@type\":\"ListItem\",\"position\":3,\"name\":\"Hotel Reine Victoria\",\"item\":\"https:\\\/\\\/www.laudinella.ch\\\/event-location\\\/hotel-reine-victoria\\\/\"},{\"@type\":\"ListItem\",\"position\":4,\"name\":\"Festival da Jazz: Ivan Lins &#038; Friends feat. Jane Monheit\"}]},{\"@type\":\"WebSite\",\"@id\":\"https:\\\/\\\/www.laudinella.ch\\\/en\\\/#website\",\"url\":\"https:\\\/\\\/www.laudinella.ch\\\/en\\\/\",\"name\":\"Laudinella St. Moritz\",\"description\":\"Sport, Kultur, Kulinarik, Kongresse, Kurse und Natur erleben.\",\"publisher\":{\"@id\":\"https:\\\/\\\/www.laudinella.ch\\\/en\\\/#organization\"},\"potentialAction\":[{\"@type\":\"SearchAction\",\"target\":{\"@type\":\"EntryPoint\",\"urlTemplate\":\"https:\\\/\\\/www.laudinella.ch\\\/en\\\/?s={search_term_string}\"},\"query-input\":{\"@type\":\"PropertyValueSpecification\",\"valueRequired\":true,\"valueName\":\"search_term_string\"}}],\"inLanguage\":\"en-GB\"},{\"@type\":\"Organization\",\"@id\":\"https:\\\/\\\/www.laudinella.ch\\\/en\\\/#organization\",\"name\":\"Laudinella St. Moritz\",\"url\":\"https:\\\/\\\/www.laudinella.ch\\\/en\\\/\",\"logo\":{\"@type\":\"ImageObject\",\"inLanguage\":\"en-GB\",\"@id\":\"https:\\\/\\\/www.laudinella.ch\\\/en\\\/#\\\/schema\\\/logo\\\/image\\\/\",\"url\":\"https:\\\/\\\/www.laudinella.ch\\\/wp-content\\\/uploads\\\/2021\\\/10\\\/laudinella_hotel-group_fav-icon.png\",\"contentUrl\":\"https:\\\/\\\/www.laudinella.ch\\\/wp-content\\\/uploads\\\/2021\\\/10\\\/laudinella_hotel-group_fav-icon.png\",\"width\":512,\"height\":512,\"caption\":\"Laudinella St. Moritz\"},\"image\":{\"@id\":\"https:\\\/\\\/www.laudinella.ch\\\/en\\\/#\\\/schema\\\/logo\\\/image\\\/\"}},{\"@type\":\"Person\",\"@id\":\"https:\\\/\\\/www.laudinella.ch\\\/en\\\/#\\\/schema\\\/person\\\/8569af0b77879b92e2025ff32181c929\",\"name\":\"Nathalie Hanslin\",\"image\":{\"@type\":\"ImageObject\",\"inLanguage\":\"en-GB\",\"@id\":\"https:\\\/\\\/secure.gravatar.com\\\/avatar\\\/026026d755167daa4175498d7a4c71ef1bcfad3a454c2fd3f70377f51a6b80bd?s=96&d=mm&r=g\",\"url\":\"https:\\\/\\\/secure.gravatar.com\\\/avatar\\\/026026d755167daa4175498d7a4c71ef1bcfad3a454c2fd3f70377f51a6b80bd?s=96&d=mm&r=g\",\"contentUrl\":\"https:\\\/\\\/secure.gravatar.com\\\/avatar\\\/026026d755167daa4175498d7a4c71ef1bcfad3a454c2fd3f70377f51a6b80bd?s=96&d=mm&r=g\",\"caption\":\"Nathalie Hanslin\"}}]}<\/script>\n<!-- \/ Yoast SEO plugin. -->","yoast_head_json":{"title":"Festival da Jazz: Ivan Lins &amp; Friends feat. Jane Monheit - Laudinella Group St. Moritz","robots":{"index":"index","follow":"follow","max-snippet":"max-snippet:-1","max-image-preview":"max-image-preview:large","max-video-preview":"max-video-preview:-1"},"canonical":"https:\/\/www.laudinella.ch\/en\/events\/festival-da-jazz-ivan-lins-friends-feat-jane-monheit\/","og_locale":"en_GB","og_type":"article","og_title":"Festival da Jazz: Ivan Lins & Friends feat. Jane Monheit - Laudinella Group St. Moritz","og_description":"Mit ihrer Hommage an Ella Fitzgerald will Jane Monheit nicht deren Gesangsstil imitieren. \u00abWas ich von ihr \u00fcbernehme, ist ihre W\u00e4rme, ihr Charme und ihre Freude, die sie in die Musik steckt. Ella hat uns gezeigt, dass es okay ist, von einem sehr gl\u00fccklichen Platz aus zu singen.\u00bb Um diesen [...]","og_url":"https:\/\/www.laudinella.ch\/en\/events\/festival-da-jazz-ivan-lins-friends-feat-jane-monheit\/","og_site_name":"Laudinella Group St. Moritz","article_modified_time":"2021-06-02T12:53:10+00:00","og_image":[{"width":1920,"height":1200,"url":"https:\/\/www.laudinella.ch\/wp-content\/uploads\/2021\/06\/210709_ivan_lins_web_jpg_01_dc_web.jpg","type":"image\/jpeg"}],"twitter_card":"summary_large_image","schema":{"@context":"https:\/\/schema.org","@graph":[{"@type":"NewsArticle","@id":"https:\/\/www.laudinella.ch\/events\/festival-da-jazz-ivan-lins-friends-feat-jane-monheit\/#article","isPartOf":{"@id":"https:\/\/www.laudinella.ch\/events\/festival-da-jazz-ivan-lins-friends-feat-jane-monheit\/"},"author":{"name":"Nathalie Hanslin","@id":"https:\/\/www.laudinella.ch\/en\/#\/schema\/person\/8569af0b77879b92e2025ff32181c929"},"headline":"Festival da Jazz: Ivan Lins &#038; Friends feat. Jane Monheit","datePublished":"2021-06-02T12:46:10+00:00","dateModified":"2021-06-02T12:53:10+00:00","mainEntityOfPage":{"@id":"https:\/\/www.laudinella.ch\/events\/festival-da-jazz-ivan-lins-friends-feat-jane-monheit\/"},"wordCount":118,"publisher":{"@id":"https:\/\/www.laudinella.ch\/en\/#organization"},"image":{"@id":"https:\/\/www.laudinella.ch\/events\/festival-da-jazz-ivan-lins-friends-feat-jane-monheit\/#primaryimage"},"thumbnailUrl":"https:\/\/www.laudinella.ch\/wp-content\/uploads\/2021\/06\/210709_ivan_lins_web_jpg_01_dc_web.jpg","inLanguage":"en-GB"},{"@type":["WebPage","ItemPage"],"@id":"https:\/\/www.laudinella.ch\/events\/festival-da-jazz-ivan-lins-friends-feat-jane-monheit\/","url":"https:\/\/www.laudinella.ch\/events\/festival-da-jazz-ivan-lins-friends-feat-jane-monheit\/","name":"Festival da Jazz: Ivan Lins &amp; Friends feat. Jane Monheit - Laudinella Group St. Moritz","isPartOf":{"@id":"https:\/\/www.laudinella.ch\/en\/#website"},"primaryImageOfPage":{"@id":"https:\/\/www.laudinella.ch\/events\/festival-da-jazz-ivan-lins-friends-feat-jane-monheit\/#primaryimage"},"image":{"@id":"https:\/\/www.laudinella.ch\/events\/festival-da-jazz-ivan-lins-friends-feat-jane-monheit\/#primaryimage"},"thumbnailUrl":"https:\/\/www.laudinella.ch\/wp-content\/uploads\/2021\/06\/210709_ivan_lins_web_jpg_01_dc_web.jpg","datePublished":"2021-06-02T12:46:10+00:00","dateModified":"2021-06-02T12:53:10+00:00","breadcrumb":{"@id":"https:\/\/www.laudinella.ch\/events\/festival-da-jazz-ivan-lins-friends-feat-jane-monheit\/#breadcrumb"},"inLanguage":"en-GB","potentialAction":[{"@type":"ReadAction","target":["https:\/\/www.laudinella.ch\/events\/festival-da-jazz-ivan-lins-friends-feat-jane-monheit\/"]}]},{"@type":"ImageObject","inLanguage":"en-GB","@id":"https:\/\/www.laudinella.ch\/events\/festival-da-jazz-ivan-lins-friends-feat-jane-monheit\/#primaryimage","url":"https:\/\/www.laudinella.ch\/wp-content\/uploads\/2021\/06\/210709_ivan_lins_web_jpg_01_dc_web.jpg","contentUrl":"https:\/\/www.laudinella.ch\/wp-content\/uploads\/2021\/06\/210709_ivan_lins_web_jpg_01_dc_web.jpg","width":1920,"height":1200},{"@type":"BreadcrumbList","@id":"https:\/\/www.laudinella.ch\/events\/festival-da-jazz-ivan-lins-friends-feat-jane-monheit\/#breadcrumb","itemListElement":[{"@type":"ListItem","position":1,"name":"Startseite","item":"https:\/\/www.laudinella.ch\/"},{"@type":"ListItem","position":2,"name":"Events","item":"https:\/\/www.laudinella.ch\/events\/"},{"@type":"ListItem","position":3,"name":"Hotel Reine Victoria","item":"https:\/\/www.laudinella.ch\/event-location\/hotel-reine-victoria\/"},{"@type":"ListItem","position":4,"name":"Festival da Jazz: Ivan Lins &#038; Friends feat. Jane Monheit"}]},{"@type":"WebSite","@id":"https:\/\/www.laudinella.ch\/en\/#website","url":"https:\/\/www.laudinella.ch\/en\/","name":"Laudinella St. Moritz","description":"Experience sport, culture, cuisine, congresses, courses and nature.","publisher":{"@id":"https:\/\/www.laudinella.ch\/en\/#organization"},"potentialAction":[{"@type":"SearchAction","target":{"@type":"EntryPoint","urlTemplate":"https:\/\/www.laudinella.ch\/en\/?s={search_term_string}"},"query-input":{"@type":"PropertyValueSpecification","valueRequired":true,"valueName":"search_term_string"}}],"inLanguage":"en-GB"},{"@type":"Organization","@id":"https:\/\/www.laudinella.ch\/en\/#organization","name":"Laudinella St. Moritz","url":"https:\/\/www.laudinella.ch\/en\/","logo":{"@type":"ImageObject","inLanguage":"en-GB","@id":"https:\/\/www.laudinella.ch\/en\/#\/schema\/logo\/image\/","url":"https:\/\/www.laudinella.ch\/wp-content\/uploads\/2021\/10\/laudinella_hotel-group_fav-icon.png","contentUrl":"https:\/\/www.laudinella.ch\/wp-content\/uploads\/2021\/10\/laudinella_hotel-group_fav-icon.png","width":512,"height":512,"caption":"Laudinella St. Moritz"},"image":{"@id":"https:\/\/www.laudinella.ch\/en\/#\/schema\/logo\/image\/"}},{"@type":"Person","@id":"https:\/\/www.laudinella.ch\/en\/#\/schema\/person\/8569af0b77879b92e2025ff32181c929","name":"Nathalie Hanslin","image":{"@type":"ImageObject","inLanguage":"en-GB","@id":"https:\/\/secure.gravatar.com\/avatar\/026026d755167daa4175498d7a4c71ef1bcfad3a454c2fd3f70377f51a6b80bd?s=96&d=mm&r=g","url":"https:\/\/secure.gravatar.com\/avatar\/026026d755167daa4175498d7a4c71ef1bcfad3a454c2fd3f70377f51a6b80bd?s=96&d=mm&r=g","contentUrl":"https:\/\/secure.gravatar.com\/avatar\/026026d755167daa4175498d7a4c71ef1bcfad3a454c2fd3f70377f51a6b80bd?s=96&d=mm&r=g","caption":"Nathalie Hanslin"}}]}},"_links":{"self":[{"href":"https:\/\/www.laudinella.ch\/en\/wp-json\/wp\/v2\/ajde_events\/12307","targetHints":{"allow":["GET"]}}],"collection":[{"href":"https:\/\/www.laudinella.ch\/en\/wp-json\/wp\/v2\/ajde_events"}],"about":[{"href":"https:\/\/www.laudinella.ch\/en\/wp-json\/wp\/v2\/types\/ajde_events"}],"author":[{"embeddable":true,"href":"https:\/\/www.laudinella.ch\/en\/wp-json\/wp\/v2\/users\/12"}],"replies":[{"embeddable":true,"href":"https:\/\/www.laudinella.ch\/en\/wp-json\/wp\/v2\/comments?post=12307"}],"wp:featuredmedia":[{"embeddable":true,"href":"https:\/\/www.laudinella.ch\/en\/wp-json\/wp\/v2\/media\/12308"}],"wp:attachment":[{"href":"https:\/\/www.laudinella.ch\/en\/wp-json\/wp\/v2\/media?parent=12307"}],"wp:term":[{"taxonomy":"post_tag","embeddable":true,"href":"https:\/\/www.laudinella.ch\/en\/wp-json\/wp\/v2\/tags?post=12307"},{"taxonomy":"event_type","embeddable":true,"href":"https:\/\/www.laudinella.ch\/en\/wp-json\/wp\/v2\/event_type?post=12307"},{"taxonomy":"event_type_2","embeddable":true,"href":"https:\/\/www.laudinella.ch\/en\/wp-json\/wp\/v2\/event_type_2?post=12307"}],"curies":[{"name":"wp","href":"https:\/\/api.w.org\/{rel}","templated":true}]}}