{"id":11401,"date":"2021-01-04T13:20:59","date_gmt":"2021-01-04T11:20:59","guid":{"rendered":"https:\/\/www.laudinella.ch\/events\/jazzreine-victoria-12\/"},"modified":"2021-09-02T11:42:36","modified_gmt":"2021-09-02T09:42:36","slug":"jazzreine-victoria-12","status":"publish","type":"ajde_events","link":"https:\/\/www.laudinella.ch\/en\/events\/jazzreine-victoria-12\/","title":{"rendered":"Jazz @ Pure Victoria"},"content":{"rendered":"<p><strong>Line up<\/strong><\/p>\n<p>Oud, vocals: Fadhel Boubaker<br \/>\nSaxophones, vocals: Niko Seibold<br \/>\nDouble bass, vocals: Jonathan Sell<br \/>\nDrums, vocals: Dominik F\u00fcrstberger<\/p>\n<p>The German-Tunisian group <em>Beyond Borders<\/em> has cultivated a unique sound between European jazz and oriental folklore in its 10-year history.<\/p>\n<p>For two exclusive evenings, the quartet around the Tunisian oud virtuoso Fadhel Boubaker adapted songs from 1960s pop culture from Egypt and Tunisia, as well as selected songs from the most famous western pop band of that era.<\/p>\n<p><u>About Beyond Borders<\/u><\/p>\n<p>Overcoming borders requires courage, creativity and openness to new designs. The four musicians from Beyond Borders combine these characteristics and thus go beyond cultural barriers, defy geographical resistance and social stereotypes. The result is their music, in which they combine the Arabic and Western European worlds. The result is a sensual, sophisticated, captivating whole in which the different from the Orient and the Occident become one in a unique way. From October 2018 to February 2019 the new album &quot;It just happens&quot; was released as part of a large-scale release tour through Germany, Switzerland and Tunisia.<\/p>\n<p>More info on <a href=\"http:\/\/www.beyondborders.band\/\">www.beyondborders.band<\/a><\/p>\n<p>Videos from Beyond Borders<\/p>\n<p><a href=\"https:\/\/beyondborders.band\/de\/video-2\/\">https:\/\/beyondborders.band\/de\/video-2\/<\/a><\/p>\n<p>free entry<br \/>\nReservation recommended due to the limited number of places <a href=\"mailto:kultur@laudinella.ch\">kultur@laudinella.ch<\/a>. or by phone 081 836 06 03<\/p>\n<p>&nbsp;<\/p>","protected":false},"author":12,"featured_media":12970,"menu_order":0,"comment_status":"closed","ping_status":"closed","template":"","meta":[],"tags":[],"event_type":[43],"event_type_2":[],"class_list":["post-11401","ajde_events","type-ajde_events","status-publish","has-post-thumbnail","hentry","event_location-hotel-reine-victoria","event_type-veranstaltung"],"yoast_head":"<!-- This site is optimized with the Yoast SEO plugin v27.5 - https:\/\/yoast.com\/product\/yoast-seo-wordpress\/ -->\n<title>Jazz@Reine Victoria - Laudinella Group St. Moritz<\/title>\n<meta name=\"robots\" content=\"index, follow, max-snippet:-1, max-image-preview:large, max-video-preview:-1\" \/>\n<link rel=\"canonical\" href=\"https:\/\/www.laudinella.ch\/en\/events\/jazzreine-victoria-12\/\" \/>\n<meta property=\"og:locale\" content=\"en_GB\" \/>\n<meta property=\"og:type\" content=\"article\" \/>\n<meta property=\"og:title\" content=\"Jazz@Reine Victoria - Laudinella Group St. Moritz\" \/>\n<meta property=\"og:description\" content=\"Line up Oud, Gesang: Fadhel Boubaker Saxophone, Gesang: Niko Seibold Kontrabass, Gesang: Jonathan Sell Schlagzeug, Gesang: Dominik F\u00fcrstberger Die deutsch-tunesische Gruppe Beyond Borders pflegt in ihrer bereits 10-j\u00e4hrigen Geschichte einen einzigartigen Klang zwischen europ\u00e4ischem Jazz und Orientalischer Folklore. F\u00fcr zwei exklusive Abende adaptiert das Quartett um den Tunesischen Oud-Virtuosen Fadhel Boubaker Songs der [...]\" \/>\n<meta property=\"og:url\" content=\"https:\/\/www.laudinella.ch\/en\/events\/jazzreine-victoria-12\/\" \/>\n<meta property=\"og:site_name\" content=\"Laudinella Group St. Moritz\" \/>\n<meta property=\"article:modified_time\" content=\"2021-09-02T09:42:36+00:00\" \/>\n<meta property=\"og:image\" content=\"https:\/\/www.laudinella.ch\/wp-content\/uploads\/2021\/01\/beyond-borders.jpg\" \/>\n\t<meta property=\"og:image:width\" content=\"2000\" \/>\n\t<meta property=\"og:image:height\" content=\"1500\" \/>\n\t<meta property=\"og:image:type\" content=\"image\/jpeg\" \/>\n<meta name=\"twitter:card\" content=\"summary_large_image\" \/>\n<script type=\"application\/ld+json\" class=\"yoast-schema-graph\">{\"@context\":\"https:\\\/\\\/schema.org\",\"@graph\":[{\"@type\":\"NewsArticle\",\"@id\":\"https:\\\/\\\/www.laudinella.ch\\\/events\\\/jazzreine-victoria-12\\\/#article\",\"isPartOf\":{\"@id\":\"https:\\\/\\\/www.laudinella.ch\\\/events\\\/jazzreine-victoria-12\\\/\"},\"author\":{\"name\":\"Nathalie Hanslin\",\"@id\":\"https:\\\/\\\/www.laudinella.ch\\\/en\\\/#\\\/schema\\\/person\\\/8569af0b77879b92e2025ff32181c929\"},\"headline\":\"Jazz@Reine Victoria\",\"datePublished\":\"2021-01-04T11:20:59+00:00\",\"dateModified\":\"2021-09-02T09:42:36+00:00\",\"mainEntityOfPage\":{\"@id\":\"https:\\\/\\\/www.laudinella.ch\\\/events\\\/jazzreine-victoria-12\\\/\"},\"wordCount\":211,\"publisher\":{\"@id\":\"https:\\\/\\\/www.laudinella.ch\\\/en\\\/#organization\"},\"image\":{\"@id\":\"https:\\\/\\\/www.laudinella.ch\\\/events\\\/jazzreine-victoria-12\\\/#primaryimage\"},\"thumbnailUrl\":\"https:\\\/\\\/www.laudinella.ch\\\/wp-content\\\/uploads\\\/2021\\\/01\\\/beyond-borders.jpg\",\"inLanguage\":\"en-GB\"},{\"@type\":[\"WebPage\",\"ItemPage\"],\"@id\":\"https:\\\/\\\/www.laudinella.ch\\\/events\\\/jazzreine-victoria-12\\\/\",\"url\":\"https:\\\/\\\/www.laudinella.ch\\\/events\\\/jazzreine-victoria-12\\\/\",\"name\":\"Jazz@Reine Victoria - Laudinella Group St. Moritz\",\"isPartOf\":{\"@id\":\"https:\\\/\\\/www.laudinella.ch\\\/en\\\/#website\"},\"primaryImageOfPage\":{\"@id\":\"https:\\\/\\\/www.laudinella.ch\\\/events\\\/jazzreine-victoria-12\\\/#primaryimage\"},\"image\":{\"@id\":\"https:\\\/\\\/www.laudinella.ch\\\/events\\\/jazzreine-victoria-12\\\/#primaryimage\"},\"thumbnailUrl\":\"https:\\\/\\\/www.laudinella.ch\\\/wp-content\\\/uploads\\\/2021\\\/01\\\/beyond-borders.jpg\",\"datePublished\":\"2021-01-04T11:20:59+00:00\",\"dateModified\":\"2021-09-02T09:42:36+00:00\",\"breadcrumb\":{\"@id\":\"https:\\\/\\\/www.laudinella.ch\\\/events\\\/jazzreine-victoria-12\\\/#breadcrumb\"},\"inLanguage\":\"en-GB\",\"potentialAction\":[{\"@type\":\"ReadAction\",\"target\":[\"https:\\\/\\\/www.laudinella.ch\\\/events\\\/jazzreine-victoria-12\\\/\"]}]},{\"@type\":\"ImageObject\",\"inLanguage\":\"en-GB\",\"@id\":\"https:\\\/\\\/www.laudinella.ch\\\/events\\\/jazzreine-victoria-12\\\/#primaryimage\",\"url\":\"https:\\\/\\\/www.laudinella.ch\\\/wp-content\\\/uploads\\\/2021\\\/01\\\/beyond-borders.jpg\",\"contentUrl\":\"https:\\\/\\\/www.laudinella.ch\\\/wp-content\\\/uploads\\\/2021\\\/01\\\/beyond-borders.jpg\",\"width\":2000,\"height\":1500},{\"@type\":\"BreadcrumbList\",\"@id\":\"https:\\\/\\\/www.laudinella.ch\\\/events\\\/jazzreine-victoria-12\\\/#breadcrumb\",\"itemListElement\":[{\"@type\":\"ListItem\",\"position\":1,\"name\":\"Startseite\",\"item\":\"https:\\\/\\\/www.laudinella.ch\\\/\"},{\"@type\":\"ListItem\",\"position\":2,\"name\":\"Events\",\"item\":\"https:\\\/\\\/www.laudinella.ch\\\/events\\\/\"},{\"@type\":\"ListItem\",\"position\":3,\"name\":\"Hotel Reine Victoria\",\"item\":\"https:\\\/\\\/www.laudinella.ch\\\/event-location\\\/hotel-reine-victoria\\\/\"},{\"@type\":\"ListItem\",\"position\":4,\"name\":\"Jazz@Reine Victoria\"}]},{\"@type\":\"WebSite\",\"@id\":\"https:\\\/\\\/www.laudinella.ch\\\/en\\\/#website\",\"url\":\"https:\\\/\\\/www.laudinella.ch\\\/en\\\/\",\"name\":\"Laudinella St. Moritz\",\"description\":\"Sport, Kultur, Kulinarik, Kongresse, Kurse und Natur erleben.\",\"publisher\":{\"@id\":\"https:\\\/\\\/www.laudinella.ch\\\/en\\\/#organization\"},\"potentialAction\":[{\"@type\":\"SearchAction\",\"target\":{\"@type\":\"EntryPoint\",\"urlTemplate\":\"https:\\\/\\\/www.laudinella.ch\\\/en\\\/?s={search_term_string}\"},\"query-input\":{\"@type\":\"PropertyValueSpecification\",\"valueRequired\":true,\"valueName\":\"search_term_string\"}}],\"inLanguage\":\"en-GB\"},{\"@type\":\"Organization\",\"@id\":\"https:\\\/\\\/www.laudinella.ch\\\/en\\\/#organization\",\"name\":\"Laudinella St. Moritz\",\"url\":\"https:\\\/\\\/www.laudinella.ch\\\/en\\\/\",\"logo\":{\"@type\":\"ImageObject\",\"inLanguage\":\"en-GB\",\"@id\":\"https:\\\/\\\/www.laudinella.ch\\\/en\\\/#\\\/schema\\\/logo\\\/image\\\/\",\"url\":\"https:\\\/\\\/www.laudinella.ch\\\/wp-content\\\/uploads\\\/2021\\\/10\\\/laudinella_hotel-group_fav-icon.png\",\"contentUrl\":\"https:\\\/\\\/www.laudinella.ch\\\/wp-content\\\/uploads\\\/2021\\\/10\\\/laudinella_hotel-group_fav-icon.png\",\"width\":512,\"height\":512,\"caption\":\"Laudinella St. Moritz\"},\"image\":{\"@id\":\"https:\\\/\\\/www.laudinella.ch\\\/en\\\/#\\\/schema\\\/logo\\\/image\\\/\"}},{\"@type\":\"Person\",\"@id\":\"https:\\\/\\\/www.laudinella.ch\\\/en\\\/#\\\/schema\\\/person\\\/8569af0b77879b92e2025ff32181c929\",\"name\":\"Nathalie Hanslin\",\"image\":{\"@type\":\"ImageObject\",\"inLanguage\":\"en-GB\",\"@id\":\"https:\\\/\\\/secure.gravatar.com\\\/avatar\\\/026026d755167daa4175498d7a4c71ef1bcfad3a454c2fd3f70377f51a6b80bd?s=96&d=mm&r=g\",\"url\":\"https:\\\/\\\/secure.gravatar.com\\\/avatar\\\/026026d755167daa4175498d7a4c71ef1bcfad3a454c2fd3f70377f51a6b80bd?s=96&d=mm&r=g\",\"contentUrl\":\"https:\\\/\\\/secure.gravatar.com\\\/avatar\\\/026026d755167daa4175498d7a4c71ef1bcfad3a454c2fd3f70377f51a6b80bd?s=96&d=mm&r=g\",\"caption\":\"Nathalie Hanslin\"}}]}<\/script>\n<!-- \/ Yoast SEO plugin. -->","yoast_head_json":{"title":"Jazz@Reine Victoria - Laudinella Group St. Moritz","robots":{"index":"index","follow":"follow","max-snippet":"max-snippet:-1","max-image-preview":"max-image-preview:large","max-video-preview":"max-video-preview:-1"},"canonical":"https:\/\/www.laudinella.ch\/en\/events\/jazzreine-victoria-12\/","og_locale":"en_GB","og_type":"article","og_title":"Jazz@Reine Victoria - Laudinella Group St. Moritz","og_description":"Line up Oud, Gesang: Fadhel Boubaker Saxophone, Gesang: Niko Seibold Kontrabass, Gesang: Jonathan Sell Schlagzeug, Gesang: Dominik F\u00fcrstberger Die deutsch-tunesische Gruppe Beyond Borders pflegt in ihrer bereits 10-j\u00e4hrigen Geschichte einen einzigartigen Klang zwischen europ\u00e4ischem Jazz und Orientalischer Folklore. F\u00fcr zwei exklusive Abende adaptiert das Quartett um den Tunesischen Oud-Virtuosen Fadhel Boubaker Songs der [...]","og_url":"https:\/\/www.laudinella.ch\/en\/events\/jazzreine-victoria-12\/","og_site_name":"Laudinella Group St. Moritz","article_modified_time":"2021-09-02T09:42:36+00:00","og_image":[{"width":2000,"height":1500,"url":"https:\/\/www.laudinella.ch\/wp-content\/uploads\/2021\/01\/beyond-borders.jpg","type":"image\/jpeg"}],"twitter_card":"summary_large_image","schema":{"@context":"https:\/\/schema.org","@graph":[{"@type":"NewsArticle","@id":"https:\/\/www.laudinella.ch\/events\/jazzreine-victoria-12\/#article","isPartOf":{"@id":"https:\/\/www.laudinella.ch\/events\/jazzreine-victoria-12\/"},"author":{"name":"Nathalie Hanslin","@id":"https:\/\/www.laudinella.ch\/en\/#\/schema\/person\/8569af0b77879b92e2025ff32181c929"},"headline":"Jazz@Reine Victoria","datePublished":"2021-01-04T11:20:59+00:00","dateModified":"2021-09-02T09:42:36+00:00","mainEntityOfPage":{"@id":"https:\/\/www.laudinella.ch\/events\/jazzreine-victoria-12\/"},"wordCount":211,"publisher":{"@id":"https:\/\/www.laudinella.ch\/en\/#organization"},"image":{"@id":"https:\/\/www.laudinella.ch\/events\/jazzreine-victoria-12\/#primaryimage"},"thumbnailUrl":"https:\/\/www.laudinella.ch\/wp-content\/uploads\/2021\/01\/beyond-borders.jpg","inLanguage":"en-GB"},{"@type":["WebPage","ItemPage"],"@id":"https:\/\/www.laudinella.ch\/events\/jazzreine-victoria-12\/","url":"https:\/\/www.laudinella.ch\/events\/jazzreine-victoria-12\/","name":"Jazz@Reine Victoria - Laudinella Group St. Moritz","isPartOf":{"@id":"https:\/\/www.laudinella.ch\/en\/#website"},"primaryImageOfPage":{"@id":"https:\/\/www.laudinella.ch\/events\/jazzreine-victoria-12\/#primaryimage"},"image":{"@id":"https:\/\/www.laudinella.ch\/events\/jazzreine-victoria-12\/#primaryimage"},"thumbnailUrl":"https:\/\/www.laudinella.ch\/wp-content\/uploads\/2021\/01\/beyond-borders.jpg","datePublished":"2021-01-04T11:20:59+00:00","dateModified":"2021-09-02T09:42:36+00:00","breadcrumb":{"@id":"https:\/\/www.laudinella.ch\/events\/jazzreine-victoria-12\/#breadcrumb"},"inLanguage":"en-GB","potentialAction":[{"@type":"ReadAction","target":["https:\/\/www.laudinella.ch\/events\/jazzreine-victoria-12\/"]}]},{"@type":"ImageObject","inLanguage":"en-GB","@id":"https:\/\/www.laudinella.ch\/events\/jazzreine-victoria-12\/#primaryimage","url":"https:\/\/www.laudinella.ch\/wp-content\/uploads\/2021\/01\/beyond-borders.jpg","contentUrl":"https:\/\/www.laudinella.ch\/wp-content\/uploads\/2021\/01\/beyond-borders.jpg","width":2000,"height":1500},{"@type":"BreadcrumbList","@id":"https:\/\/www.laudinella.ch\/events\/jazzreine-victoria-12\/#breadcrumb","itemListElement":[{"@type":"ListItem","position":1,"name":"Startseite","item":"https:\/\/www.laudinella.ch\/"},{"@type":"ListItem","position":2,"name":"Events","item":"https:\/\/www.laudinella.ch\/events\/"},{"@type":"ListItem","position":3,"name":"Hotel Reine Victoria","item":"https:\/\/www.laudinella.ch\/event-location\/hotel-reine-victoria\/"},{"@type":"ListItem","position":4,"name":"Jazz@Reine Victoria"}]},{"@type":"WebSite","@id":"https:\/\/www.laudinella.ch\/en\/#website","url":"https:\/\/www.laudinella.ch\/en\/","name":"Laudinella St. Moritz","description":"Experience sport, culture, cuisine, congresses, courses and nature.","publisher":{"@id":"https:\/\/www.laudinella.ch\/en\/#organization"},"potentialAction":[{"@type":"SearchAction","target":{"@type":"EntryPoint","urlTemplate":"https:\/\/www.laudinella.ch\/en\/?s={search_term_string}"},"query-input":{"@type":"PropertyValueSpecification","valueRequired":true,"valueName":"search_term_string"}}],"inLanguage":"en-GB"},{"@type":"Organization","@id":"https:\/\/www.laudinella.ch\/en\/#organization","name":"Laudinella St. Moritz","url":"https:\/\/www.laudinella.ch\/en\/","logo":{"@type":"ImageObject","inLanguage":"en-GB","@id":"https:\/\/www.laudinella.ch\/en\/#\/schema\/logo\/image\/","url":"https:\/\/www.laudinella.ch\/wp-content\/uploads\/2021\/10\/laudinella_hotel-group_fav-icon.png","contentUrl":"https:\/\/www.laudinella.ch\/wp-content\/uploads\/2021\/10\/laudinella_hotel-group_fav-icon.png","width":512,"height":512,"caption":"Laudinella St. Moritz"},"image":{"@id":"https:\/\/www.laudinella.ch\/en\/#\/schema\/logo\/image\/"}},{"@type":"Person","@id":"https:\/\/www.laudinella.ch\/en\/#\/schema\/person\/8569af0b77879b92e2025ff32181c929","name":"Nathalie Hanslin","image":{"@type":"ImageObject","inLanguage":"en-GB","@id":"https:\/\/secure.gravatar.com\/avatar\/026026d755167daa4175498d7a4c71ef1bcfad3a454c2fd3f70377f51a6b80bd?s=96&d=mm&r=g","url":"https:\/\/secure.gravatar.com\/avatar\/026026d755167daa4175498d7a4c71ef1bcfad3a454c2fd3f70377f51a6b80bd?s=96&d=mm&r=g","contentUrl":"https:\/\/secure.gravatar.com\/avatar\/026026d755167daa4175498d7a4c71ef1bcfad3a454c2fd3f70377f51a6b80bd?s=96&d=mm&r=g","caption":"Nathalie Hanslin"}}]}},"_links":{"self":[{"href":"https:\/\/www.laudinella.ch\/en\/wp-json\/wp\/v2\/ajde_events\/11401","targetHints":{"allow":["GET"]}}],"collection":[{"href":"https:\/\/www.laudinella.ch\/en\/wp-json\/wp\/v2\/ajde_events"}],"about":[{"href":"https:\/\/www.laudinella.ch\/en\/wp-json\/wp\/v2\/types\/ajde_events"}],"author":[{"embeddable":true,"href":"https:\/\/www.laudinella.ch\/en\/wp-json\/wp\/v2\/users\/12"}],"replies":[{"embeddable":true,"href":"https:\/\/www.laudinella.ch\/en\/wp-json\/wp\/v2\/comments?post=11401"}],"wp:featuredmedia":[{"embeddable":true,"href":"https:\/\/www.laudinella.ch\/en\/wp-json\/wp\/v2\/media\/12970"}],"wp:attachment":[{"href":"https:\/\/www.laudinella.ch\/en\/wp-json\/wp\/v2\/media?parent=11401"}],"wp:term":[{"taxonomy":"post_tag","embeddable":true,"href":"https:\/\/www.laudinella.ch\/en\/wp-json\/wp\/v2\/tags?post=11401"},{"taxonomy":"event_type","embeddable":true,"href":"https:\/\/www.laudinella.ch\/en\/wp-json\/wp\/v2\/event_type?post=11401"},{"taxonomy":"event_type_2","embeddable":true,"href":"https:\/\/www.laudinella.ch\/en\/wp-json\/wp\/v2\/event_type_2?post=11401"}],"curies":[{"name":"wp","href":"https:\/\/api.w.org\/{rel}","templated":true}]}}